


{"id":1465,"date":"2021-05-20T11:32:36","date_gmt":"2021-05-20T11:32:36","guid":{"rendered":"https:\/\/aktivtuteliv.se\/uppsala\/?page_id=1465"},"modified":"2026-04-10T04:47:48","modified_gmt":"2026-04-10T04:47:48","slug":"kontakt","status":"publish","type":"page","link":"https:\/\/aktivtuteliv.se\/uppsala\/kontakt\/","title":{"rendered":"Om oss"},"content":{"rendered":"\n<div style=\"height:53px\" aria-hidden=\"true\" class=\"wp-block-spacer\"><\/div>\n\n\n\n<p><strong>Mitt i naturen, n\u00e4ra staden&#8230;<\/strong>&nbsp;<\/p>\n\n\n\n<p>Uppt\u00e4ck Aktivt Uteliv Sunnerstastugan &#8211; det perfekta st\u00e4llet f\u00f6r en dag full av \u00e4ventyr i naturen! H\u00e4r kan du prova p\u00e5 paddling, mountainbiking, skid\u00e5kning och andra roliga aktiviteter, och njuta av fantastiska v\u00e5fflor.&nbsp;<\/p>\n\n\n\n<p>Kom och upplev en dag med hela familjen, kompisg\u00e4nget eller f\u00f6retaget!&nbsp;<\/p>\n\n\n\n<h1 class=\"wp-block-heading\">H\u00e4r \u00e4r g\u00e4nget!<\/h1>\n\n\n\n<div class=\"wp-block-media-text alignwide is-stacked-on-mobile\" style=\"grid-template-columns:35% auto\"><figure class=\"wp-block-media-text__media\"><img loading=\"lazy\" decoding=\"async\" width=\"1024\" height=\"1024\" src=\"https:\/\/e5gp8rwuod7.exactdn.com\/uppsala\/wp-content\/uploads\/sites\/3\/2023\/04\/erik_zipline-1024x1024.jpg?strip=all&lossy=1&ssl=1\" alt=\"\" class=\"wp-image-67144 size-full\" srcset=\"https:\/\/e5gp8rwuod7.exactdn.com\/uppsala\/wp-content\/uploads\/sites\/3\/2023\/04\/erik_zipline-1024x1024.jpg?strip=all&amp;lossy=1&amp;ssl=1 1024w, https:\/\/e5gp8rwuod7.exactdn.com\/uppsala\/wp-content\/uploads\/sites\/3\/2023\/04\/erik_zipline-300x300.jpg?strip=all&amp;lossy=1&amp;ssl=1 300w, https:\/\/e5gp8rwuod7.exactdn.com\/uppsala\/wp-content\/uploads\/sites\/3\/2023\/04\/erik_zipline-150x150.jpg?strip=all&amp;lossy=1&amp;ssl=1 150w, https:\/\/e5gp8rwuod7.exactdn.com\/uppsala\/wp-content\/uploads\/sites\/3\/2023\/04\/erik_zipline-768x768.jpg?strip=all&amp;lossy=1&amp;ssl=1 768w, https:\/\/e5gp8rwuod7.exactdn.com\/uppsala\/wp-content\/uploads\/sites\/3\/2023\/04\/erik_zipline-1536x1536.jpg?strip=all&amp;lossy=1&amp;ssl=1 1536w, https:\/\/e5gp8rwuod7.exactdn.com\/uppsala\/wp-content\/uploads\/sites\/3\/2023\/04\/erik_zipline-352x352.jpg?strip=all&amp;lossy=1&amp;ssl=1 352w, https:\/\/e5gp8rwuod7.exactdn.com\/uppsala\/wp-content\/uploads\/sites\/3\/2023\/04\/erik_zipline-240x240.jpg?strip=all&amp;lossy=1&amp;ssl=1 240w, https:\/\/e5gp8rwuod7.exactdn.com\/uppsala\/wp-content\/uploads\/sites\/3\/2023\/04\/erik_zipline-600x600.jpg?strip=all&amp;lossy=1&amp;ssl=1 600w, https:\/\/e5gp8rwuod7.exactdn.com\/uppsala\/wp-content\/uploads\/sites\/3\/2023\/04\/erik_zipline-100x100.jpg?strip=all&amp;lossy=1&amp;ssl=1 100w, https:\/\/e5gp8rwuod7.exactdn.com\/uppsala\/wp-content\/uploads\/sites\/3\/2023\/04\/erik_zipline.jpg?strip=all&amp;lossy=1&amp;ssl=1 1800w, https:\/\/e5gp8rwuod7.exactdn.com\/uppsala\/wp-content\/uploads\/sites\/3\/2023\/04\/erik_zipline.jpg?strip=all&amp;lossy=1&amp;w=1152&amp;ssl=1 1152w\" sizes=\"auto, (max-width: 1024px) 100vw, 1024px\" \/><\/figure><div class=\"wp-block-media-text__content\">\n<h2 class=\"wp-block-heading\">Erik<\/h2>\n\n\n\n<p><strong><strong>\u00c4ventyrskapten<\/strong><\/strong><\/p>\n\n\n\n<p>Hall\u00e5 d\u00e4r! Jag \u00e4r Erik, hj\u00e4rtat och sj\u00e4len bakom Aktivt Uteliv sedan 2015. Inte bara en \u00e4ventyrare och utforskare, utan ocks\u00e5 din personliga gl\u00e4djespridare i det vilda. Jag brinner f\u00f6r att leda folk ut i naturens sk\u00f6nhet, att se deras \u00f6gon lysa upp n\u00e4r de upplever och l\u00e4r sig nytt.<\/p>\n\n\n\n<p>Redo f\u00f6r ditt n\u00e4sta \u00e4ventyr? D\u00e5 ses vi snart!<\/p>\n<\/div><\/div>\n\n\n\n<div class=\"wp-block-media-text alignwide has-media-on-the-right is-stacked-on-mobile\" style=\"grid-template-columns:auto 37%\"><div class=\"wp-block-media-text__content\">\n<h2 class=\"wp-block-heading\">Rebecka<\/h2>\n\n\n\n<p><strong><strong>\u00c4ventyrsguide<\/strong><\/strong><\/p>\n\n\n\n<p>Med ett st\u00e4ndigt leende p\u00e5 l\u00e4pparna och \u00e4ventyr i sinnet \u2013 det \u00e4r v\u00e5r Rebecka det! Hon \u00e4r den d\u00e4r guiden som verkligen g\u00e5r det lilla extra f\u00f6r att din upplevelse ska bli of\u00f6rgl\u00f6mlig. Fr\u00e5n att glida fram p\u00e5 Fyris\u00e5n under en kajaktur till att uppt\u00e4cka b\u00e4verns hemliga liv, hon ser till att varje stund med henne blir minnesv\u00e4rd. Och n\u00e4r det kommer till grupper och f\u00f6retagsevent? Lita p\u00e5 att Rebecka h\u00e5ller i taktpinnen!<\/p>\n\n\n\n<p>P\u00e5 fritiden? Hon tar utmaningen att sprinta genom skogen och f\u00f6rbereder sig f\u00f6r att klara av en svensk klassiker. Och n\u00e4r sn\u00f6n faller finner du henne antingen i pudersn\u00f6 eller p\u00e5 pisten. P\u00e5 sommaren? Hon har siktet inst\u00e4llt p\u00e5 Kebnekaise.<\/p>\n\n\n\n<p>Redo f\u00f6r en of\u00f6rgl\u00f6mlig gruppaktivitet? Rebecka v\u00e4ntar p\u00e5 ditt samtal!<\/p>\n\n\n\n<p><\/p>\n<\/div><figure class=\"wp-block-media-text__media\"><img loading=\"lazy\" decoding=\"async\" width=\"1024\" height=\"1024\" src=\"https:\/\/e5gp8rwuod7.exactdn.com\/uppsala\/wp-content\/uploads\/sites\/3\/2023\/04\/rebecka_sup-1024x1024.jpg?strip=all&lossy=1&ssl=1\" alt=\"\" class=\"wp-image-67145 size-full\" srcset=\"https:\/\/e5gp8rwuod7.exactdn.com\/uppsala\/wp-content\/uploads\/sites\/3\/2023\/04\/rebecka_sup-1024x1024.jpg?strip=all&amp;lossy=1&amp;ssl=1 1024w, https:\/\/e5gp8rwuod7.exactdn.com\/uppsala\/wp-content\/uploads\/sites\/3\/2023\/04\/rebecka_sup-300x300.jpg?strip=all&amp;lossy=1&amp;ssl=1 300w, https:\/\/e5gp8rwuod7.exactdn.com\/uppsala\/wp-content\/uploads\/sites\/3\/2023\/04\/rebecka_sup-150x150.jpg?strip=all&amp;lossy=1&amp;ssl=1 150w, https:\/\/e5gp8rwuod7.exactdn.com\/uppsala\/wp-content\/uploads\/sites\/3\/2023\/04\/rebecka_sup-768x768.jpg?strip=all&amp;lossy=1&amp;ssl=1 768w, https:\/\/e5gp8rwuod7.exactdn.com\/uppsala\/wp-content\/uploads\/sites\/3\/2023\/04\/rebecka_sup-1536x1536.jpg?strip=all&amp;lossy=1&amp;ssl=1 1536w, https:\/\/e5gp8rwuod7.exactdn.com\/uppsala\/wp-content\/uploads\/sites\/3\/2023\/04\/rebecka_sup-352x352.jpg?strip=all&amp;lossy=1&amp;ssl=1 352w, https:\/\/e5gp8rwuod7.exactdn.com\/uppsala\/wp-content\/uploads\/sites\/3\/2023\/04\/rebecka_sup-240x240.jpg?strip=all&amp;lossy=1&amp;ssl=1 240w, https:\/\/e5gp8rwuod7.exactdn.com\/uppsala\/wp-content\/uploads\/sites\/3\/2023\/04\/rebecka_sup-600x600.jpg?strip=all&amp;lossy=1&amp;ssl=1 600w, https:\/\/e5gp8rwuod7.exactdn.com\/uppsala\/wp-content\/uploads\/sites\/3\/2023\/04\/rebecka_sup-100x100.jpg?strip=all&amp;lossy=1&amp;ssl=1 100w, https:\/\/e5gp8rwuod7.exactdn.com\/uppsala\/wp-content\/uploads\/sites\/3\/2023\/04\/rebecka_sup.jpg?strip=all&amp;lossy=1&amp;ssl=1 1800w, https:\/\/e5gp8rwuod7.exactdn.com\/uppsala\/wp-content\/uploads\/sites\/3\/2023\/04\/rebecka_sup.jpg?strip=all&amp;lossy=1&amp;w=1152&amp;ssl=1 1152w\" sizes=\"auto, (max-width: 1024px) 100vw, 1024px\" \/><\/figure><\/div>\n\n\n\n<div class=\"wp-block-media-text alignwide is-stacked-on-mobile\" style=\"grid-template-columns:35% auto\"><figure class=\"wp-block-media-text__media\"><img loading=\"lazy\" decoding=\"async\" width=\"652\" height=\"648\" src=\"https:\/\/e5gp8rwuod7.exactdn.com\/uppsala\/wp-content\/uploads\/sites\/3\/2023\/04\/peterkanmert.jpg?strip=all&lossy=1&ssl=1\" alt=\"\" class=\"wp-image-67150 size-full\" srcset=\"https:\/\/e5gp8rwuod7.exactdn.com\/uppsala\/wp-content\/uploads\/sites\/3\/2023\/04\/peterkanmert.jpg?strip=all&amp;lossy=1&amp;ssl=1 652w, https:\/\/e5gp8rwuod7.exactdn.com\/uppsala\/wp-content\/uploads\/sites\/3\/2023\/04\/peterkanmert-300x298.jpg?strip=all&amp;lossy=1&amp;ssl=1 300w, https:\/\/e5gp8rwuod7.exactdn.com\/uppsala\/wp-content\/uploads\/sites\/3\/2023\/04\/peterkanmert-150x150.jpg?strip=all&amp;lossy=1&amp;ssl=1 150w, https:\/\/e5gp8rwuod7.exactdn.com\/uppsala\/wp-content\/uploads\/sites\/3\/2023\/04\/peterkanmert-354x352.jpg?strip=all&amp;lossy=1&amp;ssl=1 354w, https:\/\/e5gp8rwuod7.exactdn.com\/uppsala\/wp-content\/uploads\/sites\/3\/2023\/04\/peterkanmert-241x240.jpg?strip=all&amp;lossy=1&amp;ssl=1 241w, https:\/\/e5gp8rwuod7.exactdn.com\/uppsala\/wp-content\/uploads\/sites\/3\/2023\/04\/peterkanmert-600x596.jpg?strip=all&amp;lossy=1&amp;ssl=1 600w, https:\/\/e5gp8rwuod7.exactdn.com\/uppsala\/wp-content\/uploads\/sites\/3\/2023\/04\/peterkanmert-100x100.jpg?strip=all&amp;lossy=1&amp;ssl=1 100w\" sizes=\"auto, (max-width: 652px) 100vw, 652px\" \/><\/figure><div class=\"wp-block-media-text__content\">\n<h2 class=\"wp-block-heading\">Peter<\/h2>\n\n\n\n<p><strong><strong>\u00c4ventyrsguide <\/strong><\/strong><\/p>\n\n\n\n<p>N\u00e4r det g\u00e4ller Peter, handlar det om mer \u00e4n bara kajakpaddling &#8211; \u00e4ven om han verkligen \u00e4r en m\u00e4stare med paddeln i handen! Hans mix av erfarenhet, kunskap och ren gl\u00e4dje \u00e4r n\u00e5got som du kommer att m\u00e4rka direkt n\u00e4r du \u00e4r ute p\u00e5 vattnet med honom. Han har f\u00f6rt sina kajakskickligheter fr\u00e5n sin egen verksamhet p\u00e5 Gotland rakt in till oss, och vi \u00e4r superglada f\u00f6r det.<\/p>\n\n\n\n<p>Men med Peter handlar det inte bara om vatten. L\u00e4ngdskid\u00e5kning och cykling fyller upp hans dagar n\u00e4r han inte paddlar. Har du h\u00f6rt hans ber\u00e4ttelse om Narviksfj\u00e4llet med turskidor? \u00c4ventyret slutar aldrig! Och f\u00f6r denna sommar? Han f\u00f6rbereder sig f\u00f6r en tv\u00e5 veckors landsv\u00e4gscykelresa i soliga Nice.<\/p>\n\n\n\n<p>Om du letar efter n\u00e5gon som kan visa dig naturens sk\u00f6nhet p\u00e5 vattnet, \u00e4r Peter din guide. V\u00e4nta inte f\u00f6r l\u00e4nge, boka ett \u00e4ventyr med honom nu!<\/p>\n<\/div><\/div>\n\n\n\n<div class=\"wp-block-media-text alignwide has-media-on-the-right is-stacked-on-mobile\" style=\"grid-template-columns:auto 37%\"><div class=\"wp-block-media-text__content\">\n<h2 class=\"wp-block-heading\">Micke<\/h2>\n\n\n\n<p><strong><strong>MTB-Guru<\/strong><\/strong><\/p>\n\n\n\n<p>Om du n\u00e5gonsin undrat hur det k\u00e4nns att dominera stigar och skogsmarker p\u00e5 tv\u00e5 hjul, \u00e4r Micke din man! Denna MTB-legend har tillbringat mer tid i sadeln \u00e4n de flesta och har till och med t\u00e4vlat p\u00e5 elitniv\u00e5. Det \u00e4r dock inte bara talang som driver honom &#8211; det \u00e4r passion. Uppsala har mycket att erbjuda n\u00e4r det kommer till natursk\u00f6n cykling, och Micke k\u00e4nner till varenda vr\u00e5.<\/p>\n\n\n\n<p>Men f\u00f6r Micke handlar det inte bara om att ratta en cykel; det handlar om att dela den k\u00e4nsla av frihet och upprymdhet som bara en stig kan erbjuda. Han ser mountainbike som en resa, en m\u00f6jlighet att pusha ens gr\u00e4nser och uppt\u00e4cka nya delar av sig sj\u00e4lv. Hans gl\u00e4dje? Att se sina elever blomstra, b\u00e5de p\u00e5 stigarna och i livet.<\/p>\n\n\n\n<p>S\u00e5, om du \u00e4r redo att utforska skogarnas magi och kanske \u00e4ven dig sj\u00e4lv en smula, kan ingen v\u00e4gleda dig b\u00e4ttre \u00e4n Micke.<\/p>\n<\/div><figure class=\"wp-block-media-text__media\"><img loading=\"lazy\" decoding=\"async\" width=\"868\" height=\"868\" src=\"https:\/\/e5gp8rwuod7.exactdn.com\/uppsala\/wp-content\/uploads\/sites\/3\/2023\/04\/micke_mtb.jpg?strip=all&lossy=1&ssl=1\" alt=\"\" class=\"wp-image-67198 size-full\" srcset=\"https:\/\/e5gp8rwuod7.exactdn.com\/uppsala\/wp-content\/uploads\/sites\/3\/2023\/04\/micke_mtb.jpg?strip=all&amp;lossy=1&amp;ssl=1 868w, https:\/\/e5gp8rwuod7.exactdn.com\/uppsala\/wp-content\/uploads\/sites\/3\/2023\/04\/micke_mtb-300x300.jpg?strip=all&amp;lossy=1&amp;ssl=1 300w, https:\/\/e5gp8rwuod7.exactdn.com\/uppsala\/wp-content\/uploads\/sites\/3\/2023\/04\/micke_mtb-150x150.jpg?strip=all&amp;lossy=1&amp;ssl=1 150w, https:\/\/e5gp8rwuod7.exactdn.com\/uppsala\/wp-content\/uploads\/sites\/3\/2023\/04\/micke_mtb-768x768.jpg?strip=all&amp;lossy=1&amp;ssl=1 768w, https:\/\/e5gp8rwuod7.exactdn.com\/uppsala\/wp-content\/uploads\/sites\/3\/2023\/04\/micke_mtb-352x352.jpg?strip=all&amp;lossy=1&amp;ssl=1 352w, https:\/\/e5gp8rwuod7.exactdn.com\/uppsala\/wp-content\/uploads\/sites\/3\/2023\/04\/micke_mtb-240x240.jpg?strip=all&amp;lossy=1&amp;ssl=1 240w, https:\/\/e5gp8rwuod7.exactdn.com\/uppsala\/wp-content\/uploads\/sites\/3\/2023\/04\/micke_mtb-600x600.jpg?strip=all&amp;lossy=1&amp;ssl=1 600w, https:\/\/e5gp8rwuod7.exactdn.com\/uppsala\/wp-content\/uploads\/sites\/3\/2023\/04\/micke_mtb-100x100.jpg?strip=all&amp;lossy=1&amp;ssl=1 100w\" sizes=\"auto, (max-width: 868px) 100vw, 868px\" \/><\/figure><\/div>\n\n\n\n<div class=\"wp-block-media-text alignwide is-stacked-on-mobile\" style=\"grid-template-columns:35% auto\"><figure class=\"wp-block-media-text__media\"><img loading=\"lazy\" decoding=\"async\" width=\"961\" height=\"961\" src=\"https:\/\/e5gp8rwuod7.exactdn.com\/uppsala\/wp-content\/uploads\/sites\/3\/2023\/04\/thomas_mtb.jpg?strip=all&lossy=1&ssl=1\" alt=\"\" class=\"wp-image-67169 size-full\" srcset=\"https:\/\/e5gp8rwuod7.exactdn.com\/uppsala\/wp-content\/uploads\/sites\/3\/2023\/04\/thomas_mtb.jpg?strip=all&amp;lossy=1&amp;ssl=1 961w, https:\/\/e5gp8rwuod7.exactdn.com\/uppsala\/wp-content\/uploads\/sites\/3\/2023\/04\/thomas_mtb-300x300.jpg?strip=all&amp;lossy=1&amp;ssl=1 300w, https:\/\/e5gp8rwuod7.exactdn.com\/uppsala\/wp-content\/uploads\/sites\/3\/2023\/04\/thomas_mtb-150x150.jpg?strip=all&amp;lossy=1&amp;ssl=1 150w, https:\/\/e5gp8rwuod7.exactdn.com\/uppsala\/wp-content\/uploads\/sites\/3\/2023\/04\/thomas_mtb-768x768.jpg?strip=all&amp;lossy=1&amp;ssl=1 768w, https:\/\/e5gp8rwuod7.exactdn.com\/uppsala\/wp-content\/uploads\/sites\/3\/2023\/04\/thomas_mtb-352x352.jpg?strip=all&amp;lossy=1&amp;ssl=1 352w, https:\/\/e5gp8rwuod7.exactdn.com\/uppsala\/wp-content\/uploads\/sites\/3\/2023\/04\/thomas_mtb-240x240.jpg?strip=all&amp;lossy=1&amp;ssl=1 240w, https:\/\/e5gp8rwuod7.exactdn.com\/uppsala\/wp-content\/uploads\/sites\/3\/2023\/04\/thomas_mtb-600x600.jpg?strip=all&amp;lossy=1&amp;ssl=1 600w, https:\/\/e5gp8rwuod7.exactdn.com\/uppsala\/wp-content\/uploads\/sites\/3\/2023\/04\/thomas_mtb-100x100.jpg?strip=all&amp;lossy=1&amp;ssl=1 100w\" sizes=\"auto, (max-width: 961px) 100vw, 961px\" \/><\/figure><div class=\"wp-block-media-text__content\">\n<h2 class=\"wp-block-heading\">Thomas<\/h2>\n\n\n\n<p><strong>Butik, uthyrning och verkstad<\/strong><\/p>\n\n\n\n<p>Tr\u00e4ffa Thomas, v\u00e5r 16-\u00e5riga kraftfulla natur\u00e4lskare! N\u00e4r han inte hj\u00e4lper kunder i butiken eller fixar i verkstaden, hittar du honom ofta p\u00e5 mountainbike-sp\u00e5ren eller pumpandes j\u00e4rn. Vintern? Ja, d\u00e5 byter han landskap f\u00f6r sn\u00f6t\u00e4ckta backar och br\u00e4dan under f\u00f6tterna. Med tv\u00e5 s\u00e4songer hos Aktivt Uteliv under b\u00e4ltet, har Thomas en fantastisk f\u00f6rm\u00e5ga att matcha kunderna med r\u00e4tt utrustning och ge den service de f\u00f6rtj\u00e4nar.<\/p>\n\n\n\n<p>Kom in och l\u00e5t Thomas guida dig till ditt n\u00e4sta utomhus\u00e4ventyr!<\/p>\n<\/div><\/div>\n\n\n\n<div class=\"wp-block-media-text alignwide has-media-on-the-right is-stacked-on-mobile\" style=\"grid-template-columns:auto 37%\"><div class=\"wp-block-media-text__content\">\n<h2 class=\"wp-block-heading\">Waldemar<\/h2>\n\n\n\n<p><strong>Guide &amp; instrukt\u00f6r<\/strong><\/p>\n\n\n\n<p>Waldemar \u00e4r v\u00e5r skidentusiast, han \u00e4r instrukt\u00f6r p\u00e5 v\u00e5ra kurser i l\u00e4ngdskid\u00e5kning och sommartid h\u00e5ller han kurser i rullskidor och SUP. Waldemar gillar \u00e4ventyr och \u00e5kte bla 40 mil rullskidor p\u00e5 24 h, och st\u00e4llde i \u00e5r upp i Vasaloppets elitled i \u00e5r. Han brinner f\u00f6r att se m\u00e4nniskor som aldrig \u00e5kt skidor l\u00e4ra sig och det gl\u00e4der honom extra mycket att sen tr\u00e4ffa personerna i skidsp\u00e5ret och de \u00e4r helt hooked p\u00e5 l\u00e4ngdskid\u00e5kning.&nbsp;&nbsp;<\/p>\n<\/div><figure class=\"wp-block-media-text__media\"><img loading=\"lazy\" decoding=\"async\" width=\"922\" height=\"922\" src=\"https:\/\/e5gp8rwuod7.exactdn.com\/uppsala\/wp-content\/uploads\/sites\/3\/2023\/04\/waldemar_bild.jpg?strip=all&lossy=1&ssl=1\" alt=\"\" class=\"wp-image-67259 size-full\" srcset=\"https:\/\/e5gp8rwuod7.exactdn.com\/uppsala\/wp-content\/uploads\/sites\/3\/2023\/04\/waldemar_bild.jpg?strip=all&amp;lossy=1&amp;ssl=1 922w, https:\/\/e5gp8rwuod7.exactdn.com\/uppsala\/wp-content\/uploads\/sites\/3\/2023\/04\/waldemar_bild-300x300.jpg?strip=all&amp;lossy=1&amp;ssl=1 300w, https:\/\/e5gp8rwuod7.exactdn.com\/uppsala\/wp-content\/uploads\/sites\/3\/2023\/04\/waldemar_bild-150x150.jpg?strip=all&amp;lossy=1&amp;ssl=1 150w, https:\/\/e5gp8rwuod7.exactdn.com\/uppsala\/wp-content\/uploads\/sites\/3\/2023\/04\/waldemar_bild-768x768.jpg?strip=all&amp;lossy=1&amp;ssl=1 768w, https:\/\/e5gp8rwuod7.exactdn.com\/uppsala\/wp-content\/uploads\/sites\/3\/2023\/04\/waldemar_bild-352x352.jpg?strip=all&amp;lossy=1&amp;ssl=1 352w, https:\/\/e5gp8rwuod7.exactdn.com\/uppsala\/wp-content\/uploads\/sites\/3\/2023\/04\/waldemar_bild-240x240.jpg?strip=all&amp;lossy=1&amp;ssl=1 240w, https:\/\/e5gp8rwuod7.exactdn.com\/uppsala\/wp-content\/uploads\/sites\/3\/2023\/04\/waldemar_bild-600x600.jpg?strip=all&amp;lossy=1&amp;ssl=1 600w, https:\/\/e5gp8rwuod7.exactdn.com\/uppsala\/wp-content\/uploads\/sites\/3\/2023\/04\/waldemar_bild-100x100.jpg?strip=all&amp;lossy=1&amp;ssl=1 100w\" sizes=\"auto, (max-width: 922px) 100vw, 922px\" \/><\/figure><\/div>\n\n\n\n<div class=\"wp-block-media-text alignwide is-stacked-on-mobile\" style=\"grid-template-columns:35% auto\"><figure class=\"wp-block-media-text__media\"><img loading=\"lazy\" decoding=\"async\" width=\"293\" height=\"293\" src=\"https:\/\/e5gp8rwuod7.exactdn.com\/uppsala\/wp-content\/uploads\/sites\/3\/2023\/04\/lars_arnemo.jpg?strip=all&lossy=1&ssl=1\" alt=\"\" class=\"wp-image-67257 size-full\" srcset=\"https:\/\/e5gp8rwuod7.exactdn.com\/uppsala\/wp-content\/uploads\/sites\/3\/2023\/04\/lars_arnemo.jpg?strip=all&amp;lossy=1&amp;ssl=1 293w, https:\/\/e5gp8rwuod7.exactdn.com\/uppsala\/wp-content\/uploads\/sites\/3\/2023\/04\/lars_arnemo-150x150.jpg?strip=all&amp;lossy=1&amp;ssl=1 150w, https:\/\/e5gp8rwuod7.exactdn.com\/uppsala\/wp-content\/uploads\/sites\/3\/2023\/04\/lars_arnemo-240x240.jpg?strip=all&amp;lossy=1&amp;ssl=1 240w, https:\/\/e5gp8rwuod7.exactdn.com\/uppsala\/wp-content\/uploads\/sites\/3\/2023\/04\/lars_arnemo-100x100.jpg?strip=all&amp;lossy=1&amp;ssl=1 100w\" sizes=\"auto, (max-width: 293px) 100vw, 293px\" \/><\/figure><div class=\"wp-block-media-text__content\">\n<h2 class=\"wp-block-heading\">Lars<\/h2>\n\n\n\n<p><strong>Guide &amp; instrukt\u00f6r<\/strong><\/p>\n\n\n\n<p>Lars \u00e4r v\u00e5r specialist p\u00e5 l\u00e5ngf\u00e4rdsskridskor, och h\u00e5ller teknikkurser och guidar dig p\u00e5 v\u00e5ra skridskoturer. Lars \u00e4r ocks\u00e5 en inbiten skid\u00e5kare som tog skidl\u00e4rarexamen redan 1979 och jobbade som skidl\u00e4raren m\u00e5nga s\u00e4songer efter det. De senaste 35 \u00e5ren har han fokuserat p\u00e5 Telemark och har bla. drivit Telemarksl\u00e4gret i Fj\u00e4terv\u00e5len. Numera \u00e4r hans passion toppturer och Norge \u00e4r destinationen som g\u00e4ller.&nbsp;&nbsp;&nbsp;<\/p>\n<\/div><\/div>\n\n\n\n<div style=\"height:51px\" aria-hidden=\"true\" class=\"wp-block-spacer\"><\/div>\n\n\n\n<hr class=\"wp-block-separator has-alpha-channel-opacity is-style-default\"\/>\n\n\n\n<h1 class=\"wp-block-heading has-text-align-center has-large-font-size\"><strong>V\u00e4lkommen till Aktivt Uteliv Sunnerstastugan<\/strong><\/h1>\n\n\n\n<div style=\"height:60px\" aria-hidden=\"true\" class=\"wp-block-spacer\"><\/div>\n\n\n\n<div class=\"wp-block-columns is-layout-flex wp-container-core-columns-is-layout-9d6595d7 wp-block-columns-is-layout-flex\">\n<div class=\"wp-block-column is-layout-flow wp-block-column-is-layout-flow\">\n<div class=\"wp-block-columns is-layout-flex wp-container-core-columns-is-layout-9d6595d7 wp-block-columns-is-layout-flex\">\n<div class=\"wp-block-column is-layout-flow wp-block-column-is-layout-flow\"><div class=\"wp-block-image\">\n<figure class=\"aligncenter size-full\"><img loading=\"lazy\" decoding=\"async\" width=\"95\" height=\"95\" src=\"https:\/\/e5gp8rwuod7.exactdn.com\/uppsala\/wp-content\/uploads\/sites\/3\/2021\/12\/telefon.gif?strip=all&lossy=1&resize=95%2C95&ssl=1\" alt=\"\" class=\"wp-image-62906\"\/><\/figure>\n<\/div>\n\n\n<h3 class=\"wp-block-heading has-text-align-center\">Tel: <a href=\"tel:+4618108804\">018-108804<\/a><\/h3>\n<\/div>\n\n\n\n<div class=\"wp-block-column is-layout-flow wp-block-column-is-layout-flow\"><div class=\"wp-block-image\">\n<figure class=\"aligncenter size-full\"><img loading=\"lazy\" decoding=\"async\" width=\"95\" height=\"95\" src=\"https:\/\/e5gp8rwuod7.exactdn.com\/uppsala\/wp-content\/uploads\/sites\/3\/2021\/12\/e-post.gif?strip=all&lossy=1&resize=95%2C95&ssl=1\" alt=\"\" class=\"wp-image-62908\"\/><\/figure>\n<\/div>\n\n\n<h3 class=\"wp-block-heading has-text-align-center\">uppsala@aktivtuteliv.nu<\/h3>\n<\/div>\n\n\n\n<div class=\"wp-block-column is-layout-flow wp-block-column-is-layout-flow\"><div class=\"wp-block-image\">\n<figure class=\"aligncenter size-full\"><img loading=\"lazy\" decoding=\"async\" width=\"95\" height=\"95\" src=\"https:\/\/e5gp8rwuod7.exactdn.com\/uppsala\/wp-content\/uploads\/sites\/3\/2021\/12\/pin_plats.gif?strip=all&lossy=1&resize=95%2C95&ssl=1\" alt=\"\" class=\"wp-image-62912\"\/><\/figure>\n<\/div>\n\n\n<h3 class=\"wp-block-heading has-text-align-center\">Aktivt Uteliv Sunnerstastugan<\/h3>\n\n\n\n<p class=\"has-text-align-center\">Dag Hammarskj\u00f6lds V\u00e4g 270<br>75652 Uppsala<\/p>\n<\/div>\n<\/div>\n<\/div>\n<\/div>\n\n\n\n<div class=\"wp-block-columns is-layout-flex wp-container-core-columns-is-layout-9d6595d7 wp-block-columns-is-layout-flex\">\n<div class=\"wp-block-column is-layout-flow wp-block-column-is-layout-flow\"><div class=\"wp-block-image\">\n<figure class=\"aligncenter size-full\"><img loading=\"lazy\" decoding=\"async\" width=\"95\" height=\"95\" src=\"https:\/\/e5gp8rwuod7.exactdn.com\/uppsala\/wp-content\/uploads\/sites\/3\/2021\/12\/opening.gif?strip=all&lossy=1&resize=95%2C95&ssl=1\" alt=\"\" class=\"wp-image-62909\"\/><\/figure>\n<\/div>\n\n\n<p class=\"has-text-align-center\">\u00d6PPETTIDER APRIL<\/p>\n\n\n\n<p class=\"has-text-align-center\">Telefon vardagar 10.00 &#8211; 18.00<\/p>\n\n\n\n<figure style=\"font-size:15px\" class=\"wp-block-table\"><table class=\"has-fixed-layout\"><tbody><tr><td>M\u00e5ndag<\/td><td>12.00-14.00<\/td><\/tr><tr><td>Tisdag<\/td><td>12.00-14.00<\/td><\/tr><tr><td>Onsdag<\/td><td>12.00-14.00<\/td><\/tr><tr><td>Torsdag<\/td><td>12.00-14.00<\/td><\/tr><tr><td>Fredag<\/td><td>12.00-14.00<\/td><\/tr><tr><td>L\u00f6rdag<\/td><td>10.00-16.00<\/td><\/tr><tr><td>S\u00f6ndag<\/td><td>10.00-16.00<\/td><\/tr><\/tbody><\/table><figcaption class=\"wp-element-caption\">OBS: Utanf\u00f6r v\u00e5ra \u00f6ppettider har vi sk\u00e5p f\u00f6r utl\u00e4mning och retur, h\u00f6r av dig om du vill anv\u00e4nda det alternativet.<\/figcaption><\/figure>\n\n\n\n<h4 class=\"wp-block-heading has-text-align-center\">OSB. Under l\u00e5gs\u00e4songen v\u00e5ren 2026 p\u00e5g\u00e5r b\u00e5de renovering och planering hos oss. D\u00e4rf\u00f6r h\u00e5ller vi begr\u00e4nsade \u00f6ppettider, men tanken \u00e4r att i f\u00f6rsta hand ha lunch\u00f6ppet p\u00e5 vardagar ungef\u00e4r kl. 12\u201314. P\u00e5 helger och fredagskv\u00e4llar har vi \u00f6ppet som vanligt och du \u00e4r varmt v\u00e4lkommen f\u00f6rbi d\u00e5!. Beh\u00f6ver du komma i kontakt med oss ut\u00f6ver det g\u00e5r det bra att ringa. Vi kan ofta l\u00f6sa det med kort varsel, antingen via v\u00e5ra sk\u00e5p eller genom att vi finns p\u00e5 plats.<\/h4>\n\n\n\n<hr class=\"wp-block-separator has-alpha-channel-opacity\"\/>\n<\/div>\n\n\n\n<div class=\"wp-block-column is-layout-flow wp-block-column-is-layout-flow\"><div class=\"wp-block-image\">\n<figure class=\"aligncenter size-full\"><img loading=\"lazy\" decoding=\"async\" width=\"95\" height=\"95\" src=\"https:\/\/e5gp8rwuod7.exactdn.com\/uppsala\/wp-content\/uploads\/sites\/3\/2021\/12\/kalender_red.gif?strip=all&lossy=1&resize=95%2C95&ssl=1\" alt=\"\" class=\"wp-image-62910\"\/><\/figure>\n<\/div>\n\n\n<p class=\"has-text-align-center\">AVVIKANDE \u00d6PPETTIDER<\/p>\n\n\n\n<p><\/p>\n\n\n\n<figure style=\"font-size:15px\" class=\"wp-block-table\"><table class=\"has-fixed-layout\"><tbody><tr><td><\/td><td><\/td><\/tr><tr><td><\/td><td><\/td><\/tr><tr><td><\/td><td><\/td><\/tr><tr><td><\/td><td><\/td><\/tr><tr><td><\/td><td><\/td><\/tr><tr><td><\/td><td><\/td><\/tr><tr><td><\/td><td><\/td><\/tr><\/tbody><\/table><figcaption class=\"wp-element-caption\">OBS: Utanf\u00f6r v\u00e5ra \u00f6ppettider har vi sk\u00e5p f\u00f6r utl\u00e4mning och retur, h\u00f6r av dig om du vill anv\u00e4nda det alternativet.<\/figcaption><\/figure>\n<\/div>\n<\/div>\n\n\n\n<p><\/p>\n\n\n\n<figure class=\"wp-block-image size-full\"><img loading=\"lazy\" decoding=\"async\" width=\"283\" height=\"178\" src=\"https:\/\/e5gp8rwuod7.exactdn.com\/uppsala\/wp-content\/uploads\/sites\/3\/2022\/04\/EU_logga_farg_300dpi.png?strip=all&lossy=1&resize=283%2C178&ssl=1\" alt=\"\" class=\"wp-image-64594\"\/><\/figure>\n","protected":false},"excerpt":{"rendered":"<p>Mitt i naturen, n\u00e4ra staden&#8230;&nbsp; Uppt\u00e4ck Aktivt Uteliv Sunnerstastugan &#8211; det perfekta st\u00e4llet f\u00f6r en dag full av \u00e4ventyr i naturen! H\u00e4r kan du prova p\u00e5 paddling, mountainbiking, skid\u00e5kning och [&hellip;]<\/p>\n","protected":false},"author":7,"featured_media":61121,"parent":0,"menu_order":0,"comment_status":"closed","ping_status":"closed","template":"","meta":{"_acf_changed":false,"footnotes":""},"class_list":["post-1465","page","type-page","status-publish","has-post-thumbnail","hentry"],"acf":[],"yoast_head":"<!-- This site is optimized with the Yoast SEO plugin v23.0 - https:\/\/yoast.com\/wordpress\/plugins\/seo\/ -->\n<title>Om oss - Uppsala<\/title>\n<meta name=\"robots\" content=\"index, follow, max-snippet:-1, max-image-preview:large, max-video-preview:-1\" \/>\n<link rel=\"canonical\" href=\"https:\/\/aktivtuteliv.se\/uppsala\/kontakt\/\" \/>\n<meta property=\"og:locale\" content=\"sv_SE\" \/>\n<meta property=\"og:type\" content=\"article\" \/>\n<meta property=\"og:title\" content=\"Om oss - Uppsala\" \/>\n<meta property=\"og:description\" content=\"Mitt i naturen, n\u00e4ra staden&#8230;&nbsp; Uppt\u00e4ck Aktivt Uteliv Sunnerstastugan &#8211; det perfekta st\u00e4llet f\u00f6r en dag full av \u00e4ventyr i naturen! H\u00e4r kan du prova p\u00e5 paddling, mountainbiking, skid\u00e5kning och [&hellip;]\" \/>\n<meta property=\"og:url\" content=\"https:\/\/aktivtuteliv.se\/uppsala\/kontakt\/\" \/>\n<meta property=\"og:site_name\" content=\"Uppsala\" \/>\n<meta property=\"article:modified_time\" content=\"2026-04-10T04:47:48+00:00\" \/>\n<meta property=\"og:image\" content=\"https:\/\/aktivtuteliv.se\/uppsala\/wp-content\/uploads\/sites\/3\/2021\/07\/FotoJosefinLittmarck-Paddling-webb16.jpg\" \/>\n\t<meta property=\"og:image:width\" content=\"2048\" \/>\n\t<meta property=\"og:image:height\" content=\"1363\" \/>\n\t<meta property=\"og:image:type\" content=\"image\/jpeg\" \/>\n<meta name=\"twitter:card\" content=\"summary_large_image\" \/>\n<meta name=\"twitter:label1\" content=\"Ber\u00e4knad l\u00e4stid\" \/>\n\t<meta name=\"twitter:data1\" content=\"8 minuter\" \/>\n<script type=\"application\/ld+json\" class=\"yoast-schema-graph\">{\"@context\":\"https:\/\/schema.org\",\"@graph\":[{\"@type\":\"WebPage\",\"@id\":\"https:\/\/aktivtuteliv.se\/uppsala\/kontakt\/\",\"url\":\"https:\/\/aktivtuteliv.se\/uppsala\/kontakt\/\",\"name\":\"Om oss - Uppsala\",\"isPartOf\":{\"@id\":\"https:\/\/aktivtuteliv.se\/uppsala\/#website\"},\"primaryImageOfPage\":{\"@id\":\"https:\/\/aktivtuteliv.se\/uppsala\/kontakt\/#primaryimage\"},\"image\":{\"@id\":\"https:\/\/aktivtuteliv.se\/uppsala\/kontakt\/#primaryimage\"},\"thumbnailUrl\":\"https:\/\/e5gp8rwuod7.exactdn.com\/uppsala\/wp-content\/uploads\/sites\/3\/2021\/07\/FotoJosefinLittmarck-Paddling-webb16.jpg?strip=all&lossy=1&ssl=1\",\"datePublished\":\"2021-05-20T11:32:36+00:00\",\"dateModified\":\"2026-04-10T04:47:48+00:00\",\"breadcrumb\":{\"@id\":\"https:\/\/aktivtuteliv.se\/uppsala\/kontakt\/#breadcrumb\"},\"inLanguage\":\"sv-SE\",\"potentialAction\":[{\"@type\":\"ReadAction\",\"target\":[\"https:\/\/aktivtuteliv.se\/uppsala\/kontakt\/\"]}]},{\"@type\":\"ImageObject\",\"inLanguage\":\"sv-SE\",\"@id\":\"https:\/\/aktivtuteliv.se\/uppsala\/kontakt\/#primaryimage\",\"url\":\"https:\/\/e5gp8rwuod7.exactdn.com\/uppsala\/wp-content\/uploads\/sites\/3\/2021\/07\/FotoJosefinLittmarck-Paddling-webb16.jpg?strip=all&lossy=1&ssl=1\",\"contentUrl\":\"https:\/\/e5gp8rwuod7.exactdn.com\/uppsala\/wp-content\/uploads\/sites\/3\/2021\/07\/FotoJosefinLittmarck-Paddling-webb16.jpg?strip=all&lossy=1&ssl=1\",\"width\":2048,\"height\":1363},{\"@type\":\"BreadcrumbList\",\"@id\":\"https:\/\/aktivtuteliv.se\/uppsala\/kontakt\/#breadcrumb\",\"itemListElement\":[{\"@type\":\"ListItem\",\"position\":1,\"name\":\"Home\",\"item\":\"https:\/\/aktivtuteliv.se\/uppsala\/startsida-vinter\/\"},{\"@type\":\"ListItem\",\"position\":2,\"name\":\"Om oss\"}]},{\"@type\":\"WebSite\",\"@id\":\"https:\/\/aktivtuteliv.se\/uppsala\/#website\",\"url\":\"https:\/\/aktivtuteliv.se\/uppsala\/\",\"name\":\"Uppsala\",\"description\":\"Hyr sport- &amp; friluftsutrustning\",\"publisher\":{\"@id\":\"https:\/\/aktivtuteliv.se\/uppsala\/#organization\"},\"potentialAction\":[{\"@type\":\"SearchAction\",\"target\":{\"@type\":\"EntryPoint\",\"urlTemplate\":\"https:\/\/aktivtuteliv.se\/uppsala\/?s={search_term_string}\"},\"query-input\":\"required name=search_term_string\"}],\"inLanguage\":\"sv-SE\"},{\"@type\":\"Organization\",\"@id\":\"https:\/\/aktivtuteliv.se\/uppsala\/#organization\",\"name\":\"Uppsala\",\"url\":\"https:\/\/aktivtuteliv.se\/uppsala\/\",\"logo\":{\"@type\":\"ImageObject\",\"inLanguage\":\"sv-SE\",\"@id\":\"https:\/\/aktivtuteliv.se\/uppsala\/#\/schema\/logo\/image\/\",\"url\":\"https:\/\/e5gp8rwuod7.exactdn.com\/uppsala\/wp-content\/uploads\/sites\/3\/2021\/07\/image-1-2.png?strip=all&lossy=1&ssl=1\",\"contentUrl\":\"https:\/\/e5gp8rwuod7.exactdn.com\/uppsala\/wp-content\/uploads\/sites\/3\/2021\/07\/image-1-2.png?strip=all&lossy=1&ssl=1\",\"width\":200,\"height\":98,\"caption\":\"Uppsala\"},\"image\":{\"@id\":\"https:\/\/aktivtuteliv.se\/uppsala\/#\/schema\/logo\/image\/\"}}]}<\/script>\n<!-- \/ Yoast SEO plugin. -->","yoast_head_json":{"title":"Om oss - Uppsala","robots":{"index":"index","follow":"follow","max-snippet":"max-snippet:-1","max-image-preview":"max-image-preview:large","max-video-preview":"max-video-preview:-1"},"canonical":"https:\/\/aktivtuteliv.se\/uppsala\/kontakt\/","og_locale":"sv_SE","og_type":"article","og_title":"Om oss - Uppsala","og_description":"Mitt i naturen, n\u00e4ra staden&#8230;&nbsp; Uppt\u00e4ck Aktivt Uteliv Sunnerstastugan &#8211; det perfekta st\u00e4llet f\u00f6r en dag full av \u00e4ventyr i naturen! H\u00e4r kan du prova p\u00e5 paddling, mountainbiking, skid\u00e5kning och [&hellip;]","og_url":"https:\/\/aktivtuteliv.se\/uppsala\/kontakt\/","og_site_name":"Uppsala","article_modified_time":"2026-04-10T04:47:48+00:00","og_image":[{"width":2048,"height":1363,"url":"https:\/\/aktivtuteliv.se\/uppsala\/wp-content\/uploads\/sites\/3\/2021\/07\/FotoJosefinLittmarck-Paddling-webb16.jpg","type":"image\/jpeg"}],"twitter_card":"summary_large_image","twitter_misc":{"Ber\u00e4knad l\u00e4stid":"8 minuter"},"schema":{"@context":"https:\/\/schema.org","@graph":[{"@type":"WebPage","@id":"https:\/\/aktivtuteliv.se\/uppsala\/kontakt\/","url":"https:\/\/aktivtuteliv.se\/uppsala\/kontakt\/","name":"Om oss - Uppsala","isPartOf":{"@id":"https:\/\/aktivtuteliv.se\/uppsala\/#website"},"primaryImageOfPage":{"@id":"https:\/\/aktivtuteliv.se\/uppsala\/kontakt\/#primaryimage"},"image":{"@id":"https:\/\/aktivtuteliv.se\/uppsala\/kontakt\/#primaryimage"},"thumbnailUrl":"https:\/\/e5gp8rwuod7.exactdn.com\/uppsala\/wp-content\/uploads\/sites\/3\/2021\/07\/FotoJosefinLittmarck-Paddling-webb16.jpg?strip=all&lossy=1&ssl=1","datePublished":"2021-05-20T11:32:36+00:00","dateModified":"2026-04-10T04:47:48+00:00","breadcrumb":{"@id":"https:\/\/aktivtuteliv.se\/uppsala\/kontakt\/#breadcrumb"},"inLanguage":"sv-SE","potentialAction":[{"@type":"ReadAction","target":["https:\/\/aktivtuteliv.se\/uppsala\/kontakt\/"]}]},{"@type":"ImageObject","inLanguage":"sv-SE","@id":"https:\/\/aktivtuteliv.se\/uppsala\/kontakt\/#primaryimage","url":"https:\/\/e5gp8rwuod7.exactdn.com\/uppsala\/wp-content\/uploads\/sites\/3\/2021\/07\/FotoJosefinLittmarck-Paddling-webb16.jpg?strip=all&lossy=1&ssl=1","contentUrl":"https:\/\/e5gp8rwuod7.exactdn.com\/uppsala\/wp-content\/uploads\/sites\/3\/2021\/07\/FotoJosefinLittmarck-Paddling-webb16.jpg?strip=all&lossy=1&ssl=1","width":2048,"height":1363},{"@type":"BreadcrumbList","@id":"https:\/\/aktivtuteliv.se\/uppsala\/kontakt\/#breadcrumb","itemListElement":[{"@type":"ListItem","position":1,"name":"Home","item":"https:\/\/aktivtuteliv.se\/uppsala\/startsida-vinter\/"},{"@type":"ListItem","position":2,"name":"Om oss"}]},{"@type":"WebSite","@id":"https:\/\/aktivtuteliv.se\/uppsala\/#website","url":"https:\/\/aktivtuteliv.se\/uppsala\/","name":"Uppsala","description":"Hyr sport- &amp; friluftsutrustning","publisher":{"@id":"https:\/\/aktivtuteliv.se\/uppsala\/#organization"},"potentialAction":[{"@type":"SearchAction","target":{"@type":"EntryPoint","urlTemplate":"https:\/\/aktivtuteliv.se\/uppsala\/?s={search_term_string}"},"query-input":"required name=search_term_string"}],"inLanguage":"sv-SE"},{"@type":"Organization","@id":"https:\/\/aktivtuteliv.se\/uppsala\/#organization","name":"Uppsala","url":"https:\/\/aktivtuteliv.se\/uppsala\/","logo":{"@type":"ImageObject","inLanguage":"sv-SE","@id":"https:\/\/aktivtuteliv.se\/uppsala\/#\/schema\/logo\/image\/","url":"https:\/\/e5gp8rwuod7.exactdn.com\/uppsala\/wp-content\/uploads\/sites\/3\/2021\/07\/image-1-2.png?strip=all&lossy=1&ssl=1","contentUrl":"https:\/\/e5gp8rwuod7.exactdn.com\/uppsala\/wp-content\/uploads\/sites\/3\/2021\/07\/image-1-2.png?strip=all&lossy=1&ssl=1","width":200,"height":98,"caption":"Uppsala"},"image":{"@id":"https:\/\/aktivtuteliv.se\/uppsala\/#\/schema\/logo\/image\/"}}]}},"_links":{"self":[{"href":"https:\/\/aktivtuteliv.se\/uppsala\/wp-json\/wp\/v2\/pages\/1465","targetHints":{"allow":["GET"]}}],"collection":[{"href":"https:\/\/aktivtuteliv.se\/uppsala\/wp-json\/wp\/v2\/pages"}],"about":[{"href":"https:\/\/aktivtuteliv.se\/uppsala\/wp-json\/wp\/v2\/types\/page"}],"author":[{"embeddable":true,"href":"https:\/\/aktivtuteliv.se\/uppsala\/wp-json\/wp\/v2\/users\/7"}],"replies":[{"embeddable":true,"href":"https:\/\/aktivtuteliv.se\/uppsala\/wp-json\/wp\/v2\/comments?post=1465"}],"version-history":[{"count":0,"href":"https:\/\/aktivtuteliv.se\/uppsala\/wp-json\/wp\/v2\/pages\/1465\/revisions"}],"wp:featuredmedia":[{"embeddable":true,"href":"https:\/\/aktivtuteliv.se\/uppsala\/wp-json\/wp\/v2\/media\/61121"}],"wp:attachment":[{"href":"https:\/\/aktivtuteliv.se\/uppsala\/wp-json\/wp\/v2\/media?parent=1465"}],"curies":[{"name":"wp","href":"https:\/\/api.w.org\/{rel}","templated":true}]}}