


{"id":62007,"date":"2021-09-02T09:00:06","date_gmt":"2021-09-02T09:00:06","guid":{"rendered":"https:\/\/aktivtuteliv.se\/uppsala\/?page_id=62007"},"modified":"2024-01-04T20:00:41","modified_gmt":"2024-01-04T20:00:41","slug":"friluftsdag","status":"publish","type":"page","link":"https:\/\/aktivtuteliv.se\/uppsala\/friluftsdag\/","title":{"rendered":"Friluftsdag"},"content":{"rendered":"\n<p><\/p>\n\n\n\n<h2 class=\"wp-block-heading\">Boka in en friluftsdag i Sunnerstagropen!<\/h2>\n\n\n\n<p>Friluftsdag i Uppsala. Det \u00e4r m\u00e5nga uppsalabor som f\u00e5r n\u00e5got nostalgiskt i blicken n\u00e4r Sunnerstagropen f\u00f6rs p\u00e5 tal och de minns skoltidens friluftsdagar h\u00e4r ute hos oss. Vi jobbar aktivt med att bygga vidare p\u00e5 den traditionen och skapa nya minnen hos dagens elever genom att erbjuda f\u00f6ruts\u00e4ttningar f\u00f6r roliga och minnesv\u00e4rda friluftsdagar \u00e5ret om.<\/p>\n\n\n\n<p>Mitt i naturen, men n\u00e4ra staden. Det g\u00f6r Sunnerstastugan till den givna platsen att arrangera er friluftsdag p\u00e5. Hit kan ni med l\u00e4tthet \u00e5ka kollektivt eftersom busslinje nummer \u00e5tta har Sunnerstabacken\/stugan som h\u00e5llplats. H\u00e4r finns \u00e4ven faciliteter som offentliga toaletter och fri parkering.<\/p>\n\n\n\n<h2 class=\"wp-block-heading\">S\u00e5 h\u00e4r g\u00e5r det till<\/h2>\n\n\n\n<p>I priserna som \u00e4r angivna nedan ing\u00e5r hyra av utrustning, korv och grillplatser. V\u00e5r personal hj\u00e4lper er ig\u00e5ng genom att f\u00f6rse er med r\u00e4tt grejer och h\u00e5lla en kort instruktion f\u00f6r aktiviteten, men sedan ut\u00f6var ni den sj\u00e4lva under medf\u00f6ljande l\u00e4rares \u00f6verinseende. Efter aktiviteten grillar ni sj\u00e4lva korven d\u00e4r vi f\u00f6rberett eldstaden med bra grillgl\u00f6d under tiden ni varit ute. Det \u00e4r med andra ord ett kostnadseffektivt uppl\u00e4gg f\u00f6r en friluftsdag i Uppsala d\u00e4r vi st\u00e5r f\u00f6r faciliteterna och ni f\u00f6r genomf\u00f6randet och ansvaret.<\/p>\n\n\n\n<p>Om ni inte sj\u00e4lva har tillr\u00e4ckligt med personal, eller r\u00e4tt kunskap, f\u00f6r att h\u00e4nga med eleverna under aktiviteten och ansvara f\u00f6r deras s\u00e4kerhet s\u00e5 kan ni hyra in instrukt\u00f6rer fr\u00e5n oss som g\u00f6r det. Priser \u00e4r 1000 kr per instrukt\u00f6r.<\/p>\n\n\n\n<p class=\"has-medium-font-size\"><strong>F\u00f6rslag p\u00e5 friluftsdagar:<\/strong><br><strong>Sommaraktiviteter<\/strong><br>Kanotpaddling<br>SUP &amp; kakaj-paddling<br>Gropens M\u00e4stare<br>Orientering\/tipsrunda<br>Stigcykling\/MTB<br>Prickskytte<br>Andra lekar s\u00e5som kubb, br\u00e4nnboll, kull osv.<\/p>\n\n\n\n<p class=\"has-medium-font-size\"><strong>Vinteraktiviteter<\/strong><br>Isvakskurs<br>L\u00e5ngf\u00e4rdskidskor p\u00e5 sj\u00f6<br>L\u00e4ngdskidor\/alpinskidor<br>Pulka\u00e5kning<br>Orientering\/tipsrunda<br>Prickskytte<\/p>\n\n\n\n<h2 class=\"wp-block-heading\">Kanotpaddling<\/h2>\n\n\n\n<p>Kanot, eller kanadensare som det egentligen heter, \u00e4r det s\u00e4kraste och mest l\u00e4ttillg\u00e4ngliga s\u00e4ttet att introducera eleverna till paddling p\u00e5. I en kanadensare sitter de tv\u00e5 och tv\u00e5, eller tre och tre, och paddlar p\u00e5 varsin sida med en enbladig paddel. F\u00f6r yngre elever, under 14 \u00e5r rekommenderar vi att de sitter tre och tre, medan \u00e4ldre elever orkar paddla en kanadensare p\u00e5 tv\u00e5.<\/p>\n\n\n\n<p>Nedanf\u00f6r oss i Fyris\u00e5n \u00e4r det oftast vindskyddat och s\u00e4llan n\u00e5gra v\u00e5gor att tala om, b\u00e5ttrafiken \u00e4r ocks\u00e5 minimal. Kort sagt \u00e4r det mycket tryggt och s\u00e4kert att paddla i sundet. Om eleverna f\u00f6ljer v\u00e5ra instruktioner och sitter ner i alla l\u00e4gen s\u00e5 \u00e4r det om\u00f6jigt f\u00f6r en kanadensare att sl\u00e5 runt, den \u00e4r mycket stabil och kan endast v\u00e4lta om eleverna k\u00f6r p\u00e5 varandra eller st\u00e5r upp i kanadensaren.<\/p>\n\n\n\n<p>Ovana elever paddlar max tre kilometer i timmen, d\u00e4rf\u00f6r rekommenderar vi att ni g\u00f6r en kortare tur p\u00e5 cirka fem kilometer. Vi rekommenderar g\u00e4rna en s\u00e4ker tur och visar er p\u00e5 kartan, alternativt guidar er ute p\u00e5 vattnet.<\/p>\n\n\n\n<p><strong>Priser:<\/strong><\/p>\n\n\n\n<ul class=\"wp-block-list\">\n<li>Endast kanadesarpaddling inkl. utrustning, <strong>100 kr\/elev<\/strong>.<\/li>\n\n\n\n<li>En grillad korv med Festis,&nbsp;<strong>30 kr\/elev<\/strong>.<\/li>\n\n\n\n<li>Tv\u00e5 grillade korvar med Festis,&nbsp;<strong>50 kr\/elev<\/strong>.<\/li>\n<\/ul>\n\n\n\n<h2 class=\"wp-block-heading\">SUP- &amp; kajakpaddling<\/h2>\n\n\n\n<p><strong>SUP<\/strong>, eller Stand Up Paddleboarding som det fullst\u00e4ndigt heter, \u00e4r en otroligt popul\u00e4r och tillg\u00e4nglig aktivitet som alla kan njuta av. Det \u00e4r inte sv\u00e5rt att komma ig\u00e5ng, och balansen hittar man oftast snabbt. P\u00e5 en SUP br\u00e4da st\u00e5r du upp och anv\u00e4nder en paddel f\u00f6r att f\u00f6rflytta dig fram\u00e5t. Det \u00e4r inte bara en rolig upplevelse utan \u00e4ven en utm\u00e4rkt tr\u00e4ning f\u00f6r balans och core-styrka. SUP \u00e4r rekommenderat fr\u00e5n 12 \u00e5r och upp\u00e5t.<\/p>\n\n\n\n<p><strong>Kajak<\/strong>: Kajaken erbjuder en n\u00e4rmare k\u00e4nsla till vattnet och kr\u00e4ver lite mer av paddlaren j\u00e4mf\u00f6rt med kanadensare och SUP. Dock, n\u00e4r man v\u00e4l kommer ig\u00e5ng och f\u00e5r grepp om tekniken, blir det en meditativ och behaglig upplevelse att glida fram p\u00e5 vattnets yta. Den smala designen av kajaken g\u00f6r det m\u00f6jligt att navigera genom tr\u00e4ngre passager, vilket tillf\u00f6r ett \u00e4ventyrligt inslag. Kajakpaddling rekommenderas fr\u00e5n ca. 14 \u00e5r.<\/p>\n\n\n\n<p><strong>Priser:<\/strong><\/p>\n\n\n\n<ul class=\"wp-block-list\">\n<li>Kajak\/SUP-paddling inkl. utrustning, <strong>270 kr\/elev<\/strong>.<\/li>\n\n\n\n<li>En grillad korv med Festis,&nbsp;<strong>30 kr\/elev<\/strong>.<\/li>\n\n\n\n<li>Tv\u00e5 grillade korvar med Festis,&nbsp;<strong>50 kr\/elev<\/strong>..<\/li>\n<\/ul>\n\n\n\n<h2 class=\"wp-block-heading\">Gropens M\u00e4stare<\/h2>\n\n\n\n<p>Gropens m\u00e4stare best\u00e5r av \u00e5tta kluriga och roliga samarbets\u00f6vningar som ni l\u00f6ser lagvis i t\u00e4vlan mot de andra lagen. Passar er som s\u00f6ker en l\u00e4ttsam och rolig aktivitet d\u00e4r alla kan vara med och skratt blir en sj\u00e4lvklar ingrediens.<\/p>\n\n\n\n<p>Samtliga i laget deltar i varje \u00f6vning och ett lag kan best\u00e5 av 4-12 personer. Antingen delar ni in er i lag sj\u00e4lva eller s\u00e5 g\u00f6r vi det f\u00f6r att skapa slumpm\u00e4ssigt indelade lag. Vi kan ha upp till sex t\u00e4vlande lag som l\u00f6ser varje uppgift samtidigt.<\/p>\n\n\n\n<p><strong>Detta ing\u00e5r:<br><\/strong>\u2013 Upp till \u00e5tta delmoment i en lagt\u00e4vling<br>\u2013 Lugn aktivitet med l\u00e5g fysisk anstr\u00e4ngning<\/p>\n\n\n\n<p><strong>Priser:<\/strong><\/p>\n\n\n\n<ul class=\"wp-block-list\">\n<li>8-20 elever <strong>350 kr\/elev<\/strong>.<\/li>\n\n\n\n<li>21-50 elever,&nbsp;<strong>300 kr\/elev<\/strong>.<\/li>\n\n\n\n<li>51+ elever,&nbsp;<strong>250 kr\/elev<\/strong>.<\/li>\n\n\n\n<li>En grillad korv med Festis,&nbsp;<strong>30 kr\/elev<\/strong>.<\/li>\n\n\n\n<li>Tv\u00e5 grillade korvar med Festis,&nbsp;<strong>50 kr\/elev<\/strong>.<\/li>\n<\/ul>\n\n\n\n<h2 class=\"wp-block-heading\">Orientering\/tipsrunda<\/h2>\n\n\n\n<p>Utforska v\u00e5r nya orienteringsbana vid Sunnerstagropen! P\u00e5 30-45 minuter leder 7 stationer deltagarna genom l\u00e4tt utmanande fr\u00e5gor om allm\u00e4nbildning, anpassade f\u00f6r b\u00e5de barn och vuxna. En perfekt kombination av l\u00e4rande och r\u00f6relse. Varmt v\u00e4lkomna!<\/p>\n\n\n\n<p><strong>Priser:<\/strong><\/p>\n\n\n\n<ul class=\"wp-block-list\">\n<li>10kr\/elev &#8211; eller gratis som ett kompliment till din Friluftsdag.<\/li>\n\n\n\n<li>En grillad korv med Festis,&nbsp;<strong>30 kr\/elev<\/strong>.<\/li>\n\n\n\n<li>Tv\u00e5 grillade korvar med Festis,&nbsp;<strong>50 kr\/elev<\/strong>.<\/li>\n<\/ul>\n\n\n\n<h2 class=\"wp-block-heading\">Stigcykling\/MTB<\/h2>\n\n\n\n<p>\u00d6verv\u00e4g stigcykling eller mountainbike som en sp\u00e4nnande friluftsdag f\u00f6r era elever! Vare sig ni \u00f6nskar utforska p\u00e5 egen hand eller ha v\u00e5r expertis, s\u00e5 finns vi h\u00e4r f\u00f6r att hj\u00e4lpa till. Vi erbjuder mountainbikes, hj\u00e4lmar och kartor med rekommenderade rutter i omr\u00e5det. En garanterat rolig och aktiv upplevelse v\u00e4ntar!<\/p>\n\n\n\n<p><strong>Priser:<\/strong><\/p>\n\n\n\n<ul class=\"wp-block-list\">\n<li>5-20 elever, <strong>270kr\/elev.<\/strong><\/li>\n\n\n\n<li>En grillad korv med Festis,&nbsp;<strong>30 kr\/elev<\/strong>.<\/li>\n\n\n\n<li>Tv\u00e5 grillade korvar med Festis,&nbsp;<strong>50 kr\/elev<\/strong>.<\/li>\n<\/ul>\n\n\n\n<h2 class=\"wp-block-heading\">Prickskytte<\/h2>\n\n\n\n<p>Uppt\u00e4ck sp\u00e4nningen med Prickskytte eller Springskytte f\u00f6r era elever! Med v\u00e5ra helt ofarliga lasergev\u00e4r \u00e4r s\u00e4kerheten garanterad. Anpassa l\u00f6pdistansen \u2013 fr\u00e5n en snabb 30 meters sprint till l\u00e4ngre str\u00e4ckor, beroende p\u00e5 klassens f\u00f6rm\u00e5ga. Denna aktivitet \u00e4r en hit bland alla elever, oavsett fysisk f\u00f6rm\u00e5ga. Den framkallar skratt, t\u00e4vlingslust, teamk\u00e4nsla och v\u00e4cker nyfikenheten f\u00f6r sporten. Ett minnesv\u00e4rt \u00e4ventyr v\u00e4ntar!<\/p>\n\n\n\n<p><strong>Priser: <\/strong><\/p>\n\n\n\n<ul class=\"wp-block-list\">\n<li>8-20 elever, <strong>300kr\/elev<\/strong><\/li>\n\n\n\n<li>31-50 elever, <strong>250kr\/elev<\/strong><\/li>\n\n\n\n<li>51+ elever, <strong>200kr\/elev<\/strong><\/li>\n\n\n\n<li>En grillad korv med Festis,&nbsp;<strong>30 kr\/elev<\/strong>.<\/li>\n\n\n\n<li>Tv\u00e5 grillade korvar med Festis,&nbsp;<strong>50 kr\/elev<\/strong>.<\/li>\n<\/ul>\n\n\n\n<h2 class=\"wp-block-heading\">Andra lekar s\u00e5som kubb, br\u00e4nnboll, kull osv.<\/h2>\n\n\n\n<p>Sommar, sol och spelgl\u00e4dje! Uppt\u00e4ck gamla klassiker och nya favoriter i v\u00e5r rika samling av lekar vid Sunnerstagropen. Med enkla medel skapar vi stora minnen. Kubb, br\u00e4nnboll, kull och mer \u2013 vi har all utrustning ni beh\u00f6ver f\u00f6r en of\u00f6rgl\u00f6mlig friluftsdag. Med gott om utrymme f\u00f6r aktiviteter som br\u00e4nnboll \u00e4r omr\u00e5det perfekt f\u00f6r r\u00f6relse och skoj. Anv\u00e4nd lekarna som dagens huvudnummer eller som ett perfekt komplement till v\u00e5ra andra erbjudanden. H\u00e4r v\u00e4ntar skratt, motion och ov\u00e4rderliga stunder tillsammans!<\/p>\n\n\n\n<p><strong>Priser:<\/strong><\/p>\n\n\n\n<ul class=\"wp-block-list\">\n<li>5-100 elever, <strong>25 kr\/elev<\/strong><\/li>\n\n\n\n<li>En grillad korv med Festis,&nbsp;<strong>30 kr\/elev<\/strong>.<\/li>\n\n\n\n<li>Tv\u00e5 grillade korvar med Festis,&nbsp;<strong>50 kr\/elev<\/strong>.<\/li>\n<\/ul>\n\n\n\n<div class=\"wpcf7 no-js\" id=\"wpcf7-f67618-o1\" lang=\"sv-SE\" dir=\"ltr\">\n<div class=\"screen-reader-response\"><p role=\"status\" aria-live=\"polite\" aria-atomic=\"true\"><\/p> <ul><\/ul><\/div>\n<form action=\"\/uppsala\/wp-json\/wp\/v2\/pages\/62007#wpcf7-f67618-o1\" method=\"post\" class=\"wpcf7-form init mailchimp-ext-0.5.72\" aria-label=\"Kontaktformul\u00e4r\" novalidate=\"novalidate\" data-status=\"init\">\n<div style=\"display: none;\">\n<input type=\"hidden\" name=\"_wpcf7\" value=\"67618\" \/>\n<input type=\"hidden\" name=\"_wpcf7_version\" value=\"5.9.6\" \/>\n<input type=\"hidden\" name=\"_wpcf7_locale\" value=\"sv_SE\" \/>\n<input type=\"hidden\" name=\"_wpcf7_unit_tag\" value=\"wpcf7-f67618-o1\" \/>\n<input type=\"hidden\" name=\"_wpcf7_container_post\" value=\"0\" \/>\n<input type=\"hidden\" name=\"_wpcf7_posted_data_hash\" value=\"\" \/>\n<input type=\"hidden\" name=\"_wpcf7_recaptcha_response\" value=\"\" \/>\n<\/div>\n<h1 class=\"cf7-form-heading\">Friluftsdag\n<\/h1>\n<p><span class=\"wpcf7-form-control-wrap\" data-name=\"grupp-foretag\"><input size=\"40\" maxlength=\"80\" class=\"wpcf7-form-control wpcf7-text wpcf7-validates-as-required\" aria-required=\"true\" aria-invalid=\"false\" placeholder=\"Skolans namn\" value=\"\" type=\"text\" name=\"grupp-foretag\" \/><\/span><br \/>\n<span class=\"wpcf7-form-control-wrap\" data-name=\"your-name\"><input size=\"40\" maxlength=\"80\" class=\"wpcf7-form-control wpcf7-text wpcf7-validates-as-required\" aria-required=\"true\" aria-invalid=\"false\" placeholder=\"Ditt namn\" value=\"\" type=\"text\" name=\"your-name\" \/><\/span><br \/>\n<span class=\"wpcf7-form-control-wrap\" data-name=\"your-email\"><input size=\"40\" maxlength=\"80\" class=\"wpcf7-form-control wpcf7-email wpcf7-validates-as-required wpcf7-text wpcf7-validates-as-email\" aria-required=\"true\" aria-invalid=\"false\" placeholder=\"Epost\" value=\"\" type=\"email\" name=\"your-email\" \/><\/span><br \/>\n<span class=\"wpcf7-form-control-wrap\" data-name=\"your-phone-number\"><input size=\"40\" maxlength=\"80\" class=\"wpcf7-form-control wpcf7-text wpcf7-validates-as-required\" aria-required=\"true\" aria-invalid=\"false\" placeholder=\"Ditt mobilnummer\" value=\"\" type=\"text\" name=\"your-phone-number\" \/><\/span><br \/>\n<span class=\"wpcf7-form-control-wrap\" data-name=\"date-399\"><input class=\"wpcf7-form-control wpcf7-date wpcf7-validates-as-required wpcf7-validates-as-date\" aria-required=\"true\" aria-invalid=\"false\" placeholder=\"Datum f\u00f6r friluftsdag\" value=\"\" type=\"date\" name=\"date-399\" \/><\/span><br \/>\n<span class=\"wpcf7-form-control-wrap\" data-name=\"antal-personer\"><select class=\"wpcf7-form-control wpcf7-select wpcf7-validates-as-required\" aria-required=\"true\" aria-invalid=\"false\" name=\"antal-personer\"><option value=\"Antal elever\">Antal elever<\/option><option value=\"6-10\">6-10<\/option><option value=\"11-20\">11-20<\/option><option value=\"21-30\">21-30<\/option><option value=\"31-40\">31-40<\/option><option value=\"41-50\">41-50<\/option><option value=\"50+\">50+<\/option><\/select><\/span><br \/>\nVilka aktiviteter vill ni g\u00f6ra<span class=\"wpcf7-form-control-wrap\" data-name=\"checkbox-839\"><span class=\"wpcf7-form-control wpcf7-checkbox wpcf7-validates-as-required\"><span class=\"wpcf7-list-item first\"><label><input type=\"checkbox\" name=\"checkbox-839[]\" value=\"Kanotpaddling\" \/><span class=\"wpcf7-list-item-label\">Kanotpaddling<\/span><\/label><\/span><span class=\"wpcf7-list-item\"><label><input type=\"checkbox\" name=\"checkbox-839[]\" value=\"SUP-paddling\" \/><span class=\"wpcf7-list-item-label\">SUP-paddling<\/span><\/label><\/span><span class=\"wpcf7-list-item\"><label><input type=\"checkbox\" name=\"checkbox-839[]\" value=\"Kajakpaddling\" \/><span class=\"wpcf7-list-item-label\">Kajakpaddling<\/span><\/label><\/span><span class=\"wpcf7-list-item\"><label><input type=\"checkbox\" name=\"checkbox-839[]\" value=\"Gropens M\u00e4stare\" \/><span class=\"wpcf7-list-item-label\">Gropens M\u00e4stare<\/span><\/label><\/span><span class=\"wpcf7-list-item\"><label><input type=\"checkbox\" name=\"checkbox-839[]\" value=\"Orientering\/tipsrunda\" \/><span class=\"wpcf7-list-item-label\">Orientering\/tipsrunda<\/span><\/label><\/span><span class=\"wpcf7-list-item\"><label><input type=\"checkbox\" name=\"checkbox-839[]\" value=\"Stigcykling\/MTB\" \/><span class=\"wpcf7-list-item-label\">Stigcykling\/MTB<\/span><\/label><\/span><span class=\"wpcf7-list-item\"><label><input type=\"checkbox\" name=\"checkbox-839[]\" value=\"Prickskytte\" \/><span class=\"wpcf7-list-item-label\">Prickskytte<\/span><\/label><\/span><span class=\"wpcf7-list-item\"><label><input type=\"checkbox\" name=\"checkbox-839[]\" value=\"Br\u00e4nnboll\" \/><span class=\"wpcf7-list-item-label\">Br\u00e4nnboll<\/span><\/label><\/span><span class=\"wpcf7-list-item\"><label><input type=\"checkbox\" name=\"checkbox-839[]\" value=\"Kubb\" \/><span class=\"wpcf7-list-item-label\">Kubb<\/span><\/label><\/span><span class=\"wpcf7-list-item\"><label><input type=\"checkbox\" name=\"checkbox-839[]\" value=\"Fotboll\" \/><span class=\"wpcf7-list-item-label\">Fotboll<\/span><\/label><\/span><span class=\"wpcf7-list-item last\"><label><input type=\"checkbox\" name=\"checkbox-839[]\" value=\"Kull\" \/><span class=\"wpcf7-list-item-label\">Kull<\/span><\/label><\/span><\/span><\/span><br \/>\n<span class=\"wpcf7-form-control-wrap\" data-name=\"your-message\"><textarea cols=\"40\" rows=\"10\" maxlength=\"400\" class=\"wpcf7-form-control wpcf7-textarea\" aria-invalid=\"false\" placeholder=\"Meddelande\" name=\"your-message\"><\/textarea><\/span>\n<\/p>\n<p><input class=\"wpcf7-form-control wpcf7-submit has-spinner\" type=\"submit\" value=\"Skicka\" \/>\n<\/p><div class=\"wpcf7-response-output\" aria-hidden=\"true\"><\/div><p style=\"display: none !important\"><span class=\"wpcf7-form-control-wrap referer-page\"><input type=\"hidden\" name=\"referer-page\" value=\"http:\/\/Direct%20Visit\" data-value=\"http:\/\/Direct%20Visit\" class=\"wpcf7-form-control wpcf7-text referer-page\" aria-invalid=\"false\"><\/span><\/p>\n<!-- Chimpmatic extension by Renzo Johnson -->\n<\/form>\n<\/div>\n\n\n\n\n<p>eller ring oss p\u00e5 tel 018-108804 alternativt maila p\u00e5 <a href=\"mailto:uppsala@aktiuvtuteliv.se\">uppsala@aktiuvtuteliv.se<\/a><\/p>\n\n\n\n<p class=\"has-large-font-size\"><strong>Vinteraktiviteter<\/strong><\/p>\n\n\n\n<p class=\"has-medium-font-size\"><strong>Vinteraktiviteter<\/strong><br>Isvakskurs<br>L\u00e5ngf\u00e4rdskidskor p\u00e5 sj\u00f6<br>L\u00e4ngdskidor\/alpinskidor<br>Pulka\u00e5kning<br>Orientering\/tipsrunda<br>Prickskytte<\/p>\n\n\n\n<h2 class=\"wp-block-heading\">Isvakskurs<\/h2>\n\n\n\n<p>Bjud in era elever till en isvakslektion hos oss \u2013 en kombination av praktik och teori som kan r\u00e4dda liv. Under \u00f6vervakning f\u00e5r eleverna prova p\u00e5 att ta sig upp ur en isvak, f\u00f6ljt av v\u00e4rmande bastu i Sunnerstastugan. L\u00e4rorikt, minnesv\u00e4rt och livsviktigt!<br><a href=\"https:\/\/aktivtuteliv.se\/uppsala\/event\/isvakskurs-2\/\">L\u00e4s mer om isvakskurs h\u00e4r<\/a>!<\/p>\n\n\n\n<p>Pris:<br>2000kr f\u00f6r en klassomg\u00e5ng &amp; 1000kr varje ytterligare klass samma dag.<\/p>\n\n\n\n<h2 class=\"wp-block-heading\">L\u00e5ngf\u00e4rdskidskor p\u00e5 sj\u00f6<\/h2>\n\n\n\n<p>Bara en kort 10 minuters promenad (1 km) fr\u00e5n Sunnerstastugan ligger Sunnerstaviken, en grund sj\u00f6 som fryser tidigt p\u00e5 s\u00e4songen, samtidigt som Dalkarsk\u00e4rret. H\u00e4r plogas isen f\u00f6r skridsko\u00e5kning i en natursk\u00f6n milj\u00f6. L\u00e5t era elever uppleva den magiska k\u00e4nslan av att \u00e5ka p\u00e5 naturis! Vi bist\u00e5r g\u00e4rna med instruktion eller hj\u00e4lper till med r\u00e4tt utrustning.<\/p>\n\n\n\n<p>Pris:<\/p>\n\n\n\n<ul class=\"wp-block-list\">\n<li>Hockeyr\u00f6r <strong>49k<\/strong>r (inkl. hj\u00e4lm och isdubbar)<\/li>\n\n\n\n<li>L\u00e5ngf\u00e4rdskridskor <strong>200kr<\/strong> (inkl. hj\u00e4lm och isdubbar)<\/li>\n\n\n\n<li>En grillad korv med Festis,&nbsp;<strong>30 kr\/elev<\/strong>.<\/li>\n\n\n\n<li>Tv\u00e5 grillade korvar med Festis,&nbsp;<strong>50 kr\/elev<\/strong>.<\/li>\n<\/ul>\n\n\n\n<h2 class=\"wp-block-heading\">L\u00e4ngdskidor\/alpinskidor<\/h2>\n\n\n\n<p><strong>Alpinutrustning:<\/strong> Genom att hyra alpinutrustning hos oss f\u00f6re skolresan, kan f\u00f6r\u00e4ldrar och barn i lugn och ro prova ut r\u00e4tt utrustning hemma i Uppsala. Det ger alla elever lika f\u00f6ruts\u00e4ttningar vid ankomst till skidorten, oavsett om man \u00e4ger eller hyr. Vi f\u00f6renklar resan genom att m\u00f6ta upp vid skolan vid \u00e5terkomsten efter friluftsdagen. <br>Gl\u00f6m inte heller v\u00e5r mysiga skidbacke i Sunnersta, perfekt f\u00f6r n\u00e4rliggande skidgl\u00e4dje.<\/p>\n\n\n\n<p><strong>L\u00e4ngdutrustning:<\/strong> N\u00e4r sn\u00f6n faller, var redo! Vi har l\u00e4ngdutrustning f\u00f6r alla, s\u00e5 ta chansen att njuta av vintersport direkt.<\/p>\n\n\n\n<p><strong>Priser:<\/strong> <em>(Vi l\u00e4mnar prisgaranti i j\u00e4mf\u00f6relse med alla andra skiduthyrningar)<\/em><\/p>\n\n\n\n<ul class=\"wp-block-list\">\n<li>Alpinutrustning <strong>250k<\/strong>r\/elev (inkl. skidor, pj\u00e4xor, hj\u00e4lm, och stavar)<\/li>\n\n\n\n<li>L\u00e4ndutrusnting <strong>200kr<\/strong>\/elev (inkl. skidor, pj\u00e4xor och stavar)<\/li>\n\n\n\n<li>Observer att vi har \u00f6ver 1000par skidor s\u00e5 vi kan leverera till hela \u00e5rskurser utan problem.<\/li>\n<\/ul>\n\n\n\n<h2 class=\"wp-block-heading\">Pulka\u00e5kning<\/h2>\n\n\n\n<p>Hos oss i Sunnerstabacken finner ni Uppsalas fr\u00e4msta pulkabacke. Med gott om utrymme kan flera hundra elever njuta av pulka\u00e5kning samtidigt. Och f\u00f6r den som \u00f6nskar en paus, st\u00e5r v\u00e5ra mysiga grillplatser redo. Varf\u00f6r inte avsluta dagen med en god korv med br\u00f6d i vinterlandskapet?<\/p>\n\n\n\n<p>Priser:<\/p>\n\n\n\n<ul class=\"wp-block-list\">\n<li>\u00c5kmadrass: <strong>29kr<\/strong> \/\u00e5kmadrass<\/li>\n\n\n\n<li>En grillad korv med Festis,&nbsp;<strong>30 kr\/elev<\/strong>.<\/li>\n\n\n\n<li>Tv\u00e5 grillade korvar med Festis,&nbsp;<strong>50 kr\/elev<\/strong>.<\/li>\n<\/ul>\n\n\n\n<h2 class=\"wp-block-heading\">Orientering\/tipsrunda<\/h2>\n\n\n\n<p>Utforska v\u00e5r nya orienteringsbana vid Sunnerstagropen! P\u00e5 30-45 minuter leder 7 stationer deltagarna genom l\u00e4tt utmanande fr\u00e5gor om allm\u00e4nbildning, anpassade f\u00f6r b\u00e5de barn och vuxna. En perfekt kombination av l\u00e4rande och r\u00f6relse. Varmt v\u00e4lkomna!<\/p>\n\n\n\n<p><strong>Priser:<\/strong><\/p>\n\n\n\n<ul class=\"wp-block-list\">\n<li>10kr\/elev &#8211; eller gratis som ett kompliment till din Friluftsdag.<\/li>\n\n\n\n<li>En grillad korv med Festis,&nbsp;<strong>30 kr\/elev<\/strong>.<\/li>\n\n\n\n<li>Tv\u00e5 grillade korvar med Festis,&nbsp;<strong>50 kr\/elev<\/strong>.<\/li>\n<\/ul>\n\n\n\n<h2 class=\"wp-block-heading\">Prickskytte<\/h2>\n\n\n\n<p>Uppt\u00e4ck sp\u00e4nningen med Prickskytte eller Springskytte f\u00f6r era elever! Med v\u00e5ra helt ofarliga lasergev\u00e4r \u00e4r s\u00e4kerheten garanterad. Anpassa l\u00f6pdistansen \u2013 fr\u00e5n en snabb 30 meters sprint till l\u00e4ngre str\u00e4ckor, beroende p\u00e5 klassens f\u00f6rm\u00e5ga. Denna aktivitet \u00e4r en hit bland alla elever, oavsett fysisk f\u00f6rm\u00e5ga. Den framkallar skratt, t\u00e4vlingslust, teamk\u00e4nsla och v\u00e4cker nyfikenheten f\u00f6r sporten. Ett minnesv\u00e4rt \u00e4ventyr v\u00e4ntar!<\/p>\n\n\n\n<p><strong>Priser:<\/strong><\/p>\n\n\n\n<ul class=\"wp-block-list\">\n<li>8-20 elever, <strong>300kr\/elev<\/strong><\/li>\n\n\n\n<li>31-50 elever, <strong>250kr\/elev<\/strong><\/li>\n\n\n\n<li>51+ elever, <strong>200kr\/elev<\/strong><\/li>\n\n\n\n<li>En grillad korv med Festis,&nbsp;<strong>30 kr\/elev<\/strong>.<\/li>\n\n\n\n<li>Tv\u00e5 grillade korvar med Festis,&nbsp;<strong>50 kr\/elev<\/strong>.<\/li>\n<\/ul>\n\n\n\n<div class=\"wpcf7 no-js\" id=\"wpcf7-f67618-o2\" lang=\"sv-SE\" dir=\"ltr\">\n<div class=\"screen-reader-response\"><p role=\"status\" aria-live=\"polite\" aria-atomic=\"true\"><\/p> <ul><\/ul><\/div>\n<form action=\"\/uppsala\/wp-json\/wp\/v2\/pages\/62007#wpcf7-f67618-o2\" method=\"post\" class=\"wpcf7-form init mailchimp-ext-0.5.72\" aria-label=\"Kontaktformul\u00e4r\" novalidate=\"novalidate\" data-status=\"init\">\n<div style=\"display: none;\">\n<input type=\"hidden\" name=\"_wpcf7\" value=\"67618\" \/>\n<input type=\"hidden\" name=\"_wpcf7_version\" value=\"5.9.6\" \/>\n<input type=\"hidden\" name=\"_wpcf7_locale\" value=\"sv_SE\" \/>\n<input type=\"hidden\" name=\"_wpcf7_unit_tag\" value=\"wpcf7-f67618-o2\" \/>\n<input type=\"hidden\" name=\"_wpcf7_container_post\" value=\"0\" \/>\n<input type=\"hidden\" name=\"_wpcf7_posted_data_hash\" value=\"\" \/>\n<input type=\"hidden\" name=\"_wpcf7_recaptcha_response\" value=\"\" \/>\n<\/div>\n<h1 class=\"cf7-form-heading\">Friluftsdag\n<\/h1>\n<p><span class=\"wpcf7-form-control-wrap\" data-name=\"grupp-foretag\"><input size=\"40\" maxlength=\"80\" class=\"wpcf7-form-control wpcf7-text wpcf7-validates-as-required\" aria-required=\"true\" aria-invalid=\"false\" placeholder=\"Skolans namn\" value=\"\" type=\"text\" name=\"grupp-foretag\" \/><\/span><br \/>\n<span class=\"wpcf7-form-control-wrap\" data-name=\"your-name\"><input size=\"40\" maxlength=\"80\" class=\"wpcf7-form-control wpcf7-text wpcf7-validates-as-required\" aria-required=\"true\" aria-invalid=\"false\" placeholder=\"Ditt namn\" value=\"\" type=\"text\" name=\"your-name\" \/><\/span><br \/>\n<span class=\"wpcf7-form-control-wrap\" data-name=\"your-email\"><input size=\"40\" maxlength=\"80\" class=\"wpcf7-form-control wpcf7-email wpcf7-validates-as-required wpcf7-text wpcf7-validates-as-email\" aria-required=\"true\" aria-invalid=\"false\" placeholder=\"Epost\" value=\"\" type=\"email\" name=\"your-email\" \/><\/span><br \/>\n<span class=\"wpcf7-form-control-wrap\" data-name=\"your-phone-number\"><input size=\"40\" maxlength=\"80\" class=\"wpcf7-form-control wpcf7-text wpcf7-validates-as-required\" aria-required=\"true\" aria-invalid=\"false\" placeholder=\"Ditt mobilnummer\" value=\"\" type=\"text\" name=\"your-phone-number\" \/><\/span><br \/>\n<span class=\"wpcf7-form-control-wrap\" data-name=\"date-399\"><input class=\"wpcf7-form-control wpcf7-date wpcf7-validates-as-required wpcf7-validates-as-date\" aria-required=\"true\" aria-invalid=\"false\" placeholder=\"Datum f\u00f6r friluftsdag\" value=\"\" type=\"date\" name=\"date-399\" \/><\/span><br \/>\n<span class=\"wpcf7-form-control-wrap\" data-name=\"antal-personer\"><select class=\"wpcf7-form-control wpcf7-select wpcf7-validates-as-required\" aria-required=\"true\" aria-invalid=\"false\" name=\"antal-personer\"><option value=\"Antal elever\">Antal elever<\/option><option value=\"6-10\">6-10<\/option><option value=\"11-20\">11-20<\/option><option value=\"21-30\">21-30<\/option><option value=\"31-40\">31-40<\/option><option value=\"41-50\">41-50<\/option><option value=\"50+\">50+<\/option><\/select><\/span><br \/>\nVilka aktiviteter vill ni g\u00f6ra<span class=\"wpcf7-form-control-wrap\" data-name=\"checkbox-839\"><span class=\"wpcf7-form-control wpcf7-checkbox wpcf7-validates-as-required\"><span class=\"wpcf7-list-item first\"><label><input type=\"checkbox\" name=\"checkbox-839[]\" value=\"Kanotpaddling\" \/><span class=\"wpcf7-list-item-label\">Kanotpaddling<\/span><\/label><\/span><span class=\"wpcf7-list-item\"><label><input type=\"checkbox\" name=\"checkbox-839[]\" value=\"SUP-paddling\" \/><span class=\"wpcf7-list-item-label\">SUP-paddling<\/span><\/label><\/span><span class=\"wpcf7-list-item\"><label><input type=\"checkbox\" name=\"checkbox-839[]\" value=\"Kajakpaddling\" \/><span class=\"wpcf7-list-item-label\">Kajakpaddling<\/span><\/label><\/span><span class=\"wpcf7-list-item\"><label><input type=\"checkbox\" name=\"checkbox-839[]\" value=\"Gropens M\u00e4stare\" \/><span class=\"wpcf7-list-item-label\">Gropens M\u00e4stare<\/span><\/label><\/span><span class=\"wpcf7-list-item\"><label><input type=\"checkbox\" name=\"checkbox-839[]\" value=\"Orientering\/tipsrunda\" \/><span class=\"wpcf7-list-item-label\">Orientering\/tipsrunda<\/span><\/label><\/span><span class=\"wpcf7-list-item\"><label><input type=\"checkbox\" name=\"checkbox-839[]\" value=\"Stigcykling\/MTB\" \/><span class=\"wpcf7-list-item-label\">Stigcykling\/MTB<\/span><\/label><\/span><span class=\"wpcf7-list-item\"><label><input type=\"checkbox\" name=\"checkbox-839[]\" value=\"Prickskytte\" \/><span class=\"wpcf7-list-item-label\">Prickskytte<\/span><\/label><\/span><span class=\"wpcf7-list-item\"><label><input type=\"checkbox\" name=\"checkbox-839[]\" value=\"Br\u00e4nnboll\" \/><span class=\"wpcf7-list-item-label\">Br\u00e4nnboll<\/span><\/label><\/span><span class=\"wpcf7-list-item\"><label><input type=\"checkbox\" name=\"checkbox-839[]\" value=\"Kubb\" \/><span class=\"wpcf7-list-item-label\">Kubb<\/span><\/label><\/span><span class=\"wpcf7-list-item\"><label><input type=\"checkbox\" name=\"checkbox-839[]\" value=\"Fotboll\" \/><span class=\"wpcf7-list-item-label\">Fotboll<\/span><\/label><\/span><span class=\"wpcf7-list-item last\"><label><input type=\"checkbox\" name=\"checkbox-839[]\" value=\"Kull\" \/><span class=\"wpcf7-list-item-label\">Kull<\/span><\/label><\/span><\/span><\/span><br \/>\n<span class=\"wpcf7-form-control-wrap\" data-name=\"your-message\"><textarea cols=\"40\" rows=\"10\" maxlength=\"400\" class=\"wpcf7-form-control wpcf7-textarea\" aria-invalid=\"false\" placeholder=\"Meddelande\" name=\"your-message\"><\/textarea><\/span>\n<\/p>\n<p><input class=\"wpcf7-form-control wpcf7-submit has-spinner\" type=\"submit\" value=\"Skicka\" \/>\n<\/p><div class=\"wpcf7-response-output\" aria-hidden=\"true\"><\/div><p style=\"display: none !important\"><span class=\"wpcf7-form-control-wrap referer-page\"><input type=\"hidden\" name=\"referer-page\" value=\"http:\/\/Direct%20Visit\" data-value=\"http:\/\/Direct%20Visit\" class=\"wpcf7-form-control wpcf7-text referer-page\" aria-invalid=\"false\"><\/span><\/p>\n<!-- Chimpmatic extension by Renzo Johnson -->\n<\/form>\n<\/div>\n\n\n\n\n<p>eller ring oss p\u00e5 tel 018-108804 alternativt maila p\u00e5 <a href=\"mailto:uppsala@aktiuvtuteliv.se\">uppsala@aktiuvtuteliv.se<\/a><\/p>\n","protected":false},"excerpt":{"rendered":"<p>Boka in en friluftsdag i Sunnerstagropen! Friluftsdag i Uppsala. Det \u00e4r m\u00e5nga uppsalabor som f\u00e5r n\u00e5got nostalgiskt i blicken n\u00e4r Sunnerstagropen f\u00f6rs p\u00e5 tal och de minns skoltidens friluftsdagar h\u00e4r [&hellip;]<\/p>\n","protected":false},"author":7,"featured_media":67889,"parent":0,"menu_order":0,"comment_status":"closed","ping_status":"closed","template":"","meta":{"_acf_changed":false,"footnotes":""},"class_list":["post-62007","page","type-page","status-publish","has-post-thumbnail","hentry"],"acf":[],"yoast_head":"<!-- This site is optimized with the Yoast SEO plugin v23.0 - https:\/\/yoast.com\/wordpress\/plugins\/seo\/ -->\n<title>Friluftsdag - Uppsala<\/title>\n<meta name=\"robots\" content=\"index, follow, max-snippet:-1, max-image-preview:large, max-video-preview:-1\" \/>\n<link rel=\"canonical\" href=\"https:\/\/aktivtuteliv.se\/uppsala\/friluftsdag\/\" \/>\n<meta property=\"og:locale\" content=\"sv_SE\" \/>\n<meta property=\"og:type\" content=\"article\" \/>\n<meta property=\"og:title\" content=\"Friluftsdag - Uppsala\" \/>\n<meta property=\"og:description\" content=\"Boka in en friluftsdag i Sunnerstagropen! Friluftsdag i Uppsala. Det \u00e4r m\u00e5nga uppsalabor som f\u00e5r n\u00e5got nostalgiskt i blicken n\u00e4r Sunnerstagropen f\u00f6rs p\u00e5 tal och de minns skoltidens friluftsdagar h\u00e4r [&hellip;]\" \/>\n<meta property=\"og:url\" content=\"https:\/\/aktivtuteliv.se\/uppsala\/friluftsdag\/\" \/>\n<meta property=\"og:site_name\" content=\"Uppsala\" \/>\n<meta property=\"article:modified_time\" content=\"2024-01-04T20:00:41+00:00\" \/>\n<meta property=\"og:image\" content=\"https:\/\/aktivtuteliv.se\/uppsala\/wp-content\/uploads\/sites\/3\/2024\/01\/Vinterbacke-scaled.jpg\" \/>\n\t<meta property=\"og:image:width\" content=\"2560\" \/>\n\t<meta property=\"og:image:height\" content=\"1316\" \/>\n\t<meta property=\"og:image:type\" content=\"image\/jpeg\" \/>\n<meta name=\"twitter:card\" content=\"summary_large_image\" \/>\n<meta name=\"twitter:label1\" content=\"Ber\u00e4knad l\u00e4stid\" \/>\n\t<meta name=\"twitter:data1\" content=\"8 minuter\" \/>\n<script type=\"application\/ld+json\" class=\"yoast-schema-graph\">{\"@context\":\"https:\/\/schema.org\",\"@graph\":[{\"@type\":\"WebPage\",\"@id\":\"https:\/\/aktivtuteliv.se\/uppsala\/friluftsdag\/\",\"url\":\"https:\/\/aktivtuteliv.se\/uppsala\/friluftsdag\/\",\"name\":\"Friluftsdag - Uppsala\",\"isPartOf\":{\"@id\":\"https:\/\/aktivtuteliv.se\/uppsala\/#website\"},\"primaryImageOfPage\":{\"@id\":\"https:\/\/aktivtuteliv.se\/uppsala\/friluftsdag\/#primaryimage\"},\"image\":{\"@id\":\"https:\/\/aktivtuteliv.se\/uppsala\/friluftsdag\/#primaryimage\"},\"thumbnailUrl\":\"https:\/\/e5gp8rwuod7.exactdn.com\/uppsala\/wp-content\/uploads\/sites\/3\/2024\/01\/Vinterbacke-scaled.jpg?strip=all&lossy=1&ssl=1\",\"datePublished\":\"2021-09-02T09:00:06+00:00\",\"dateModified\":\"2024-01-04T20:00:41+00:00\",\"breadcrumb\":{\"@id\":\"https:\/\/aktivtuteliv.se\/uppsala\/friluftsdag\/#breadcrumb\"},\"inLanguage\":\"sv-SE\",\"potentialAction\":[{\"@type\":\"ReadAction\",\"target\":[\"https:\/\/aktivtuteliv.se\/uppsala\/friluftsdag\/\"]}]},{\"@type\":\"ImageObject\",\"inLanguage\":\"sv-SE\",\"@id\":\"https:\/\/aktivtuteliv.se\/uppsala\/friluftsdag\/#primaryimage\",\"url\":\"https:\/\/e5gp8rwuod7.exactdn.com\/uppsala\/wp-content\/uploads\/sites\/3\/2024\/01\/Vinterbacke-scaled.jpg?strip=all&lossy=1&ssl=1\",\"contentUrl\":\"https:\/\/e5gp8rwuod7.exactdn.com\/uppsala\/wp-content\/uploads\/sites\/3\/2024\/01\/Vinterbacke-scaled.jpg?strip=all&lossy=1&ssl=1\",\"width\":2560,\"height\":1316},{\"@type\":\"BreadcrumbList\",\"@id\":\"https:\/\/aktivtuteliv.se\/uppsala\/friluftsdag\/#breadcrumb\",\"itemListElement\":[{\"@type\":\"ListItem\",\"position\":1,\"name\":\"Home\",\"item\":\"https:\/\/aktivtuteliv.se\/uppsala\/startsida-vinter\/\"},{\"@type\":\"ListItem\",\"position\":2,\"name\":\"Friluftsdag\"}]},{\"@type\":\"WebSite\",\"@id\":\"https:\/\/aktivtuteliv.se\/uppsala\/#website\",\"url\":\"https:\/\/aktivtuteliv.se\/uppsala\/\",\"name\":\"Uppsala\",\"description\":\"Hyr sport- &amp; friluftsutrustning\",\"publisher\":{\"@id\":\"https:\/\/aktivtuteliv.se\/uppsala\/#organization\"},\"potentialAction\":[{\"@type\":\"SearchAction\",\"target\":{\"@type\":\"EntryPoint\",\"urlTemplate\":\"https:\/\/aktivtuteliv.se\/uppsala\/?s={search_term_string}\"},\"query-input\":\"required name=search_term_string\"}],\"inLanguage\":\"sv-SE\"},{\"@type\":\"Organization\",\"@id\":\"https:\/\/aktivtuteliv.se\/uppsala\/#organization\",\"name\":\"Uppsala\",\"url\":\"https:\/\/aktivtuteliv.se\/uppsala\/\",\"logo\":{\"@type\":\"ImageObject\",\"inLanguage\":\"sv-SE\",\"@id\":\"https:\/\/aktivtuteliv.se\/uppsala\/#\/schema\/logo\/image\/\",\"url\":\"https:\/\/e5gp8rwuod7.exactdn.com\/uppsala\/wp-content\/uploads\/sites\/3\/2021\/07\/image-1-2.png?strip=all&lossy=1&ssl=1\",\"contentUrl\":\"https:\/\/e5gp8rwuod7.exactdn.com\/uppsala\/wp-content\/uploads\/sites\/3\/2021\/07\/image-1-2.png?strip=all&lossy=1&ssl=1\",\"width\":200,\"height\":98,\"caption\":\"Uppsala\"},\"image\":{\"@id\":\"https:\/\/aktivtuteliv.se\/uppsala\/#\/schema\/logo\/image\/\"}}]}<\/script>\n<!-- \/ Yoast SEO plugin. -->","yoast_head_json":{"title":"Friluftsdag - Uppsala","robots":{"index":"index","follow":"follow","max-snippet":"max-snippet:-1","max-image-preview":"max-image-preview:large","max-video-preview":"max-video-preview:-1"},"canonical":"https:\/\/aktivtuteliv.se\/uppsala\/friluftsdag\/","og_locale":"sv_SE","og_type":"article","og_title":"Friluftsdag - Uppsala","og_description":"Boka in en friluftsdag i Sunnerstagropen! Friluftsdag i Uppsala. Det \u00e4r m\u00e5nga uppsalabor som f\u00e5r n\u00e5got nostalgiskt i blicken n\u00e4r Sunnerstagropen f\u00f6rs p\u00e5 tal och de minns skoltidens friluftsdagar h\u00e4r [&hellip;]","og_url":"https:\/\/aktivtuteliv.se\/uppsala\/friluftsdag\/","og_site_name":"Uppsala","article_modified_time":"2024-01-04T20:00:41+00:00","og_image":[{"width":2560,"height":1316,"url":"https:\/\/aktivtuteliv.se\/uppsala\/wp-content\/uploads\/sites\/3\/2024\/01\/Vinterbacke-scaled.jpg","type":"image\/jpeg"}],"twitter_card":"summary_large_image","twitter_misc":{"Ber\u00e4knad l\u00e4stid":"8 minuter"},"schema":{"@context":"https:\/\/schema.org","@graph":[{"@type":"WebPage","@id":"https:\/\/aktivtuteliv.se\/uppsala\/friluftsdag\/","url":"https:\/\/aktivtuteliv.se\/uppsala\/friluftsdag\/","name":"Friluftsdag - Uppsala","isPartOf":{"@id":"https:\/\/aktivtuteliv.se\/uppsala\/#website"},"primaryImageOfPage":{"@id":"https:\/\/aktivtuteliv.se\/uppsala\/friluftsdag\/#primaryimage"},"image":{"@id":"https:\/\/aktivtuteliv.se\/uppsala\/friluftsdag\/#primaryimage"},"thumbnailUrl":"https:\/\/e5gp8rwuod7.exactdn.com\/uppsala\/wp-content\/uploads\/sites\/3\/2024\/01\/Vinterbacke-scaled.jpg?strip=all&lossy=1&ssl=1","datePublished":"2021-09-02T09:00:06+00:00","dateModified":"2024-01-04T20:00:41+00:00","breadcrumb":{"@id":"https:\/\/aktivtuteliv.se\/uppsala\/friluftsdag\/#breadcrumb"},"inLanguage":"sv-SE","potentialAction":[{"@type":"ReadAction","target":["https:\/\/aktivtuteliv.se\/uppsala\/friluftsdag\/"]}]},{"@type":"ImageObject","inLanguage":"sv-SE","@id":"https:\/\/aktivtuteliv.se\/uppsala\/friluftsdag\/#primaryimage","url":"https:\/\/e5gp8rwuod7.exactdn.com\/uppsala\/wp-content\/uploads\/sites\/3\/2024\/01\/Vinterbacke-scaled.jpg?strip=all&lossy=1&ssl=1","contentUrl":"https:\/\/e5gp8rwuod7.exactdn.com\/uppsala\/wp-content\/uploads\/sites\/3\/2024\/01\/Vinterbacke-scaled.jpg?strip=all&lossy=1&ssl=1","width":2560,"height":1316},{"@type":"BreadcrumbList","@id":"https:\/\/aktivtuteliv.se\/uppsala\/friluftsdag\/#breadcrumb","itemListElement":[{"@type":"ListItem","position":1,"name":"Home","item":"https:\/\/aktivtuteliv.se\/uppsala\/startsida-vinter\/"},{"@type":"ListItem","position":2,"name":"Friluftsdag"}]},{"@type":"WebSite","@id":"https:\/\/aktivtuteliv.se\/uppsala\/#website","url":"https:\/\/aktivtuteliv.se\/uppsala\/","name":"Uppsala","description":"Hyr sport- &amp; friluftsutrustning","publisher":{"@id":"https:\/\/aktivtuteliv.se\/uppsala\/#organization"},"potentialAction":[{"@type":"SearchAction","target":{"@type":"EntryPoint","urlTemplate":"https:\/\/aktivtuteliv.se\/uppsala\/?s={search_term_string}"},"query-input":"required name=search_term_string"}],"inLanguage":"sv-SE"},{"@type":"Organization","@id":"https:\/\/aktivtuteliv.se\/uppsala\/#organization","name":"Uppsala","url":"https:\/\/aktivtuteliv.se\/uppsala\/","logo":{"@type":"ImageObject","inLanguage":"sv-SE","@id":"https:\/\/aktivtuteliv.se\/uppsala\/#\/schema\/logo\/image\/","url":"https:\/\/e5gp8rwuod7.exactdn.com\/uppsala\/wp-content\/uploads\/sites\/3\/2021\/07\/image-1-2.png?strip=all&lossy=1&ssl=1","contentUrl":"https:\/\/e5gp8rwuod7.exactdn.com\/uppsala\/wp-content\/uploads\/sites\/3\/2021\/07\/image-1-2.png?strip=all&lossy=1&ssl=1","width":200,"height":98,"caption":"Uppsala"},"image":{"@id":"https:\/\/aktivtuteliv.se\/uppsala\/#\/schema\/logo\/image\/"}}]}},"_links":{"self":[{"href":"https:\/\/aktivtuteliv.se\/uppsala\/wp-json\/wp\/v2\/pages\/62007","targetHints":{"allow":["GET"]}}],"collection":[{"href":"https:\/\/aktivtuteliv.se\/uppsala\/wp-json\/wp\/v2\/pages"}],"about":[{"href":"https:\/\/aktivtuteliv.se\/uppsala\/wp-json\/wp\/v2\/types\/page"}],"author":[{"embeddable":true,"href":"https:\/\/aktivtuteliv.se\/uppsala\/wp-json\/wp\/v2\/users\/7"}],"replies":[{"embeddable":true,"href":"https:\/\/aktivtuteliv.se\/uppsala\/wp-json\/wp\/v2\/comments?post=62007"}],"version-history":[{"count":0,"href":"https:\/\/aktivtuteliv.se\/uppsala\/wp-json\/wp\/v2\/pages\/62007\/revisions"}],"wp:featuredmedia":[{"embeddable":true,"href":"https:\/\/aktivtuteliv.se\/uppsala\/wp-json\/wp\/v2\/media\/67889"}],"wp:attachment":[{"href":"https:\/\/aktivtuteliv.se\/uppsala\/wp-json\/wp\/v2\/media?parent=62007"}],"curies":[{"name":"wp","href":"https:\/\/api.w.org\/{rel}","templated":true}]}}