


{"id":62611,"date":"2021-10-04T21:38:21","date_gmt":"2021-10-04T21:38:21","guid":{"rendered":"https:\/\/aktivtuteliv.se\/uppsala\/?page_id=62611"},"modified":"2025-02-07T06:48:45","modified_gmt":"2025-02-07T06:48:45","slug":"verkstad","status":"publish","type":"page","link":"https:\/\/aktivtuteliv.se\/uppsala\/verkstad\/","title":{"rendered":"Verkstad"},"content":{"rendered":"\n<p><strong>Hinner ni klart innan sportlovet?<\/strong> &#8211; V\u00e4ldigt m\u00e5nga samtal just nu kring om vi hinner inf\u00f6r sportlovet. <strong>Korta svaret \u00e4r ja, vi hinner.<\/strong> Det \u00e4r bara att komma in s\u00e5 ordningar vi i god tid innan din resa med din utrustning. I listan nedan har vi angivet ungef\u00e4r hur l\u00e5ng tid det tar f\u00f6r oss \u00e4ven om vi jobbar igenom n\u00e5got snabbare nu inf\u00f6r lovet.<\/p>\n\n\n\n<h1 class=\"wp-block-heading\">ALPINSKIDOR &amp; SNOWBOARDS<\/h1>\n\n\n\n<h4 class=\"wp-block-heading\">Maskinvallning: 149:-<\/h4>\n\n\n\n<p>Glidvallning med vallamaskin, polering.<br>(F\u00e4rdigt inom 24h)<strong><\/strong><\/p>\n\n\n\n<h4 class=\"wp-block-heading\">Belagsreparation fr\u00e5n: 199:- (per skida)<\/h4>\n\n\n\n<p>Ifyllnad av belag.<br>(F\u00e4rdigt inom 2-3 dagar)<\/p>\n\n\n\n<h4 class=\"wp-block-heading\">Sidokantslipning: 249:-<\/h4>\n\n\n\n<p>Slipning och h\u00e4ngning av st\u00e5lkanter.<br>(F\u00e4rdigt inom 1-2 dagar)<\/p>\n\n\n\n<h4 class=\"wp-block-heading\">Sidokantslipning + maskinvallning: 349:-<\/h4>\n\n\n\n<p>Slipning och h\u00e4ngning av st\u00e5lkanter.<br>(F\u00e4rdigt inom 1-2 dagar)<\/p>\n\n\n\n<h4 class=\"wp-block-heading\">Handvallning: 349:- (Snowboard +100kr)<\/h4>\n\n\n\n<p>Glidvallning med vallaj\u00e4rn, polering.<br>(F\u00e4rdigt inom 2-3 dagar)<strong><\/strong><\/p>\n\n\n\n<h4 class=\"wp-block-heading\">Bindningsmontering: 599 kr<\/h4>\n\n\n\n<p>Montering\/ommontering av bindningar.<br>(V\u00e4ster\u00e5sbutiken: ej tech-bindningar, annars det mesta fr\u00e5n<br>Salomon, Marker, Tyrolia m.fl. Ring g\u00e4rna och fr\u00e5ga!)<\/p>\n\n\n\n<h4 class=\"wp-block-heading\">Standardservice: 549:-<\/h4>\n\n\n\n<p>Stenslipning av belag, kanter, h\u00e4ngning, vallning.<br>(F\u00e4rdigt inom 2-3 dagar)<strong><\/strong><\/p>\n\n\n\n<h4 class=\"wp-block-heading\">Premiumservice: 699:-<\/h4>\n\n\n\n<p>Stenslipning av belag, kanter, h\u00e4ngning, vallning, ifyllning av belag f\u00f6r 1-3 rej\u00e4la skador.<br>(F\u00e4rdigt inom 2-3 dagar)<\/p>\n\n\n\n<h4 class=\"wp-block-heading\">Premiumplusservice: 1299:-<\/h4>\n\n\n\n<p>Stenslipning av belag, kanter, h\u00e4ngning, vallning, ifyllning av belag f\u00f6r en mycket skadad skida med revor och skador \u00f6ver hela skidan.<br>(F\u00e4rdigt inom 2-3 dagar)<\/p>\n\n\n\n<h4 class=\"wp-block-heading\">Stansning: 799:-<\/h4>\n\n\n\n<p>Stansning av en st\u00f6rre skada ofta n\u00e4ra st\u00e5lkanten som kr\u00e4ver extra nogrann lagning d\u00e4r endast ifyllnad av belaget inte \u00e4r tillr\u00e4ckligt.<br>(F\u00e4rdigt inom 2-3 dagar)<\/p>\n\n\n\n<h4 class=\"wp-block-heading\">Snowboardservice: 549:-<\/h4>\n\n\n\n<p>Planslipning av belag, kanter, h\u00e4ngning, vallning.<br>(F\u00e4rdigt inom 2-3 dagar)<\/p>\n\n\n\n<p><em>OBS. Ta av dina skidband fr\u00e5n skidorna n\u00e4r du l\u00e4mnar in dem, vi tar inget ansvar f\u00f6r borttappade skidband.<\/em><\/p>\n\n\n\n<div style=\"height:100px\" aria-hidden=\"true\" class=\"wp-block-spacer\"><\/div>\n\n\n\n<div class=\"wp-block-group\"><div class=\"wp-block-group__inner-container is-layout-flow wp-block-group-is-layout-flow\">\n<div class=\"wp-block-columns are-vertically-aligned-top is-layout-flex wp-container-core-columns-is-layout-9d6595d7 wp-block-columns-is-layout-flex\">\n<div class=\"wp-block-column is-vertically-aligned-top is-layout-flow wp-block-column-is-layout-flow\" style=\"flex-basis:100%\"><\/div>\n<\/div>\n<\/div><\/div>\n\n\n\n<h1 class=\"wp-block-heading\">L\u00c4NGDSKIDOR<\/h1>\n\n\n\n<h4 class=\"wp-block-heading\">Reng\u00f6ring: 149:-<\/h4>\n\n\n\n<p>Skidorna reng\u00f6rs fr\u00e5n f\u00e4stvalla eller tejp.<br>(F\u00e4rdigt inom 1-2 dagar)<\/p>\n\n\n\n<h4 class=\"wp-block-heading\">F\u00e4stvallning med tejp: 169:-<\/h4>\n\n\n\n<p>F\u00e4stvallning med vallatejp f\u00f6r +5 gr till -20 gr.<br>(F\u00e4rdigt inom 1-2 dagar)<\/p>\n\n\n\n<h4 class=\"wp-block-heading\">F\u00e4stvallning med burk\/klister: 249:-<\/h4>\n\n\n\n<p>F\u00e4stvallning med burk- eller klistervalla f\u00f6r aktuellt f\u00f6re.<br>(F\u00e4rdigt inom 1-2 dagar)<strong><\/strong><\/p>\n\n\n\n<h4 class=\"wp-block-heading\">M\u00e4ttning\/glidvallning: 349:-<\/h4>\n\n\n\n<p>Belagen m\u00e4ttas med grundvalla.<br>(F\u00e4rdigt inom 2-3 dagar)<\/p>\n\n\n\n<h4 class=\"wp-block-heading\">Glidvallning Motion: 449:-<\/h4>\n\n\n\n<p>Belagen m\u00e4ttas med grundvalla, toppas med glidvalla av motionskvalitet (t.ex Vauthi Up) och rillas efter aktuellt f\u00f6re.<br>(F\u00e4rdigt inom 2-3 dagar)<\/p>\n\n\n\n<h4 class=\"wp-block-heading\">Glidvallning Race: 549:-<\/h4>\n\n\n\n<p>Belagen m\u00e4ttas med grundvalla, toppas med glidvalla av racekvalitet (t.ex Vauthi Pro) och rillas efter aktuellt f\u00f6re.<\/p>\n\n\n\n<h4 class=\"wp-block-heading\">Stenslipning\/strukturslipning: 349:-<\/h4>\n\n\n\n<p>Plan och strukturslipning av belag.<br>(F\u00e4rdigt inom 2-3 dagar)<\/p>\n\n\n\n<h4 class=\"wp-block-heading\">Standardservice: 549:-<\/h4>\n\n\n\n<p>Stenslipning\/strukturslipning av belag, d\u00e4refter m\u00e4ttas skidorna med grundvalla och toppas med glidvalla av grundkvalitet (t.ex Redcreek Flourfri -1\/-20).<br>(F\u00e4rdigt inom 2-3 dagar)<\/p>\n\n\n\n<h4 class=\"wp-block-heading\">Motionsservice: 649:-<\/h4>\n\n\n\n<p>Stenslipning\/strukturslipning av belag, d\u00e4refter m\u00e4ttas skidorna med grundvalla och toppas med glidvalla av motionskvalitet (t.ex Vauthi Up).<br>(F\u00e4rdigt inom 2-3 dagar)<\/p>\n\n\n\n<h4 class=\"wp-block-heading\">T\u00e4vlingsservice: 749:-<\/h4>\n\n\n\n<p>Stenslipning\/strukturslipning av belag, d\u00e4refter m\u00e4ttas skidorna med grundvalla och toppas med glidvalla av racekvalitet (t.ex Vauthi Pro).<br>(F\u00e4rdigt inom 2-3 dagar)<\/p>\n\n\n\n<p><\/p>\n\n\n\n<div style=\"height:100px\" aria-hidden=\"true\" class=\"wp-block-spacer\"><\/div>\n\n\n\n<h1 class=\"wp-block-heading\">SKRIDSKOR<\/h1>\n\n\n\n<h4 class=\"wp-block-heading\">Slipning av hockeyskridskor: 99:-<\/h4>\n\n\n\n<p>V\u00e4ssning av skenan enligt befintlig kurva.<\/p>\n\n\n\n<h4 class=\"wp-block-heading\">Slipning av nya hockeyskridskor: 149:-<\/h4>\n\n\n\n<p>V\u00e4ssning av skenan enligt befintlig kurva.<\/p>\n\n\n\n<h4 class=\"wp-block-heading\">Slipning av l\u00e5ngf\u00e4rdskridskor: 149:-<\/h4>\n\n\n\n<p>V\u00e4ssning av skenan enligt befintlig kurva.<\/p>\n\n\n\n<p><\/p>\n\n\n\n<div style=\"height:100px\" aria-hidden=\"true\" class=\"wp-block-spacer\"><\/div>\n\n\n\n<h1 class=\"wp-block-heading\">SKIDHOTELL<\/h1>\n\n\n\n<h5 class=\"wp-block-heading\">(SERVICE OCH SOMMARF\u00d6RVARING)<\/h5>\n\n\n\n<div style=\"height:15px\" aria-hidden=\"true\" class=\"wp-block-spacer\"><\/div>\n\n\n\n<h1 class=\"wp-block-heading\">Alpint<\/h1>\n\n\n\n<h4 class=\"wp-block-heading\">F\u00f6rvaring och slipning + vallning: 549 kr<\/h4>\n\n\n\n<p>Kantslipning, varmsickling, konserveringsvallning, sickling och polering.<\/p>\n\n\n\n<h4 class=\"wp-block-heading\">F\u00f6rvaring och standardservice: 649 kr<\/h4>\n\n\n\n<p>Kantslipning och h\u00e4ngning, stenslipning av belag, varmsickling, konserveringsvallning, sickling och polering.<\/p>\n\n\n\n<div style=\"height:15px\" aria-hidden=\"true\" class=\"wp-block-spacer\"><\/div>\n\n\n\n<div style=\"height:15px\" aria-hidden=\"true\" class=\"wp-block-spacer\"><\/div>\n\n\n\n<h1 class=\"wp-block-heading\">L\u00e4ngd<\/h1>\n\n\n\n<h4 class=\"wp-block-heading\">F\u00f6rvaring och vallning: 449 kr<\/h4>\n\n\n\n<p>Varmsickling, m\u00e4ttning av belag, konserveringsvallning, sickling och polering.<\/p>\n\n\n\n<h4 class=\"wp-block-heading\">F\u00f6rvaring och reng\u00f6ring + vallning: 549 kr<\/h4>\n\n\n\n<p>Reng\u00f6ring fr\u00e5n f\u00e4stvalla, varmsickling, m\u00e4ttning av belag, konserveringsvallning, sickling och polering.<\/p>\n\n\n\n<h4 class=\"wp-block-heading\">F\u00f6rvaring och standardservice: 649 kr<\/h4>\n\n\n\n<p>Stenslipning av belag, varmsickling, m\u00e4ttning av belag, konserveringsvallning, sickling och polering.<\/p>\n\n\n\n<div style=\"height:15px\" aria-hidden=\"true\" class=\"wp-block-spacer\"><\/div>\n","protected":false},"excerpt":{"rendered":"<p>Hinner ni klart innan sportlovet? &#8211; V\u00e4ldigt m\u00e5nga samtal just nu kring om vi hinner inf\u00f6r sportlovet. Korta svaret \u00e4r ja, vi hinner. Det \u00e4r bara att komma in s\u00e5 [&hellip;]<\/p>\n","protected":false},"author":7,"featured_media":89,"parent":0,"menu_order":0,"comment_status":"closed","ping_status":"closed","template":"","meta":{"_acf_changed":false,"footnotes":""},"class_list":["post-62611","page","type-page","status-publish","has-post-thumbnail","hentry"],"acf":[],"yoast_head":"<!-- This site is optimized with the Yoast SEO plugin v23.0 - https:\/\/yoast.com\/wordpress\/plugins\/seo\/ -->\n<title>Verkstad - Uppsala<\/title>\n<meta name=\"robots\" content=\"index, follow, max-snippet:-1, max-image-preview:large, max-video-preview:-1\" \/>\n<link rel=\"canonical\" href=\"https:\/\/aktivtuteliv.se\/uppsala\/verkstad\/\" \/>\n<meta property=\"og:locale\" content=\"sv_SE\" \/>\n<meta property=\"og:type\" content=\"article\" \/>\n<meta property=\"og:title\" content=\"Verkstad - Uppsala\" \/>\n<meta property=\"og:description\" content=\"Hinner ni klart innan sportlovet? &#8211; V\u00e4ldigt m\u00e5nga samtal just nu kring om vi hinner inf\u00f6r sportlovet. Korta svaret \u00e4r ja, vi hinner. Det \u00e4r bara att komma in s\u00e5 [&hellip;]\" \/>\n<meta property=\"og:url\" content=\"https:\/\/aktivtuteliv.se\/uppsala\/verkstad\/\" \/>\n<meta property=\"og:site_name\" content=\"Uppsala\" \/>\n<meta property=\"article:modified_time\" content=\"2025-02-07T06:48:45+00:00\" \/>\n<meta property=\"og:image\" content=\"https:\/\/aktivtuteliv.se\/uppsala\/wp-content\/uploads\/sites\/3\/2021\/03\/Race-1920_169.jpg\" \/>\n\t<meta property=\"og:image:width\" content=\"1418\" \/>\n\t<meta property=\"og:image:height\" content=\"945\" \/>\n\t<meta property=\"og:image:type\" content=\"image\/jpeg\" \/>\n<meta name=\"twitter:card\" content=\"summary_large_image\" \/>\n<meta name=\"twitter:label1\" content=\"Ber\u00e4knad l\u00e4stid\" \/>\n\t<meta name=\"twitter:data1\" content=\"3 minuter\" \/>\n<script type=\"application\/ld+json\" class=\"yoast-schema-graph\">{\"@context\":\"https:\/\/schema.org\",\"@graph\":[{\"@type\":\"WebPage\",\"@id\":\"https:\/\/aktivtuteliv.se\/uppsala\/verkstad\/\",\"url\":\"https:\/\/aktivtuteliv.se\/uppsala\/verkstad\/\",\"name\":\"Verkstad - Uppsala\",\"isPartOf\":{\"@id\":\"https:\/\/aktivtuteliv.se\/uppsala\/#website\"},\"primaryImageOfPage\":{\"@id\":\"https:\/\/aktivtuteliv.se\/uppsala\/verkstad\/#primaryimage\"},\"image\":{\"@id\":\"https:\/\/aktivtuteliv.se\/uppsala\/verkstad\/#primaryimage\"},\"thumbnailUrl\":\"https:\/\/e5gp8rwuod7.exactdn.com\/uppsala\/wp-content\/uploads\/sites\/3\/2021\/03\/Race-1920_169.jpg?strip=all&lossy=1&ssl=1\",\"datePublished\":\"2021-10-04T21:38:21+00:00\",\"dateModified\":\"2025-02-07T06:48:45+00:00\",\"breadcrumb\":{\"@id\":\"https:\/\/aktivtuteliv.se\/uppsala\/verkstad\/#breadcrumb\"},\"inLanguage\":\"sv-SE\",\"potentialAction\":[{\"@type\":\"ReadAction\",\"target\":[\"https:\/\/aktivtuteliv.se\/uppsala\/verkstad\/\"]}]},{\"@type\":\"ImageObject\",\"inLanguage\":\"sv-SE\",\"@id\":\"https:\/\/aktivtuteliv.se\/uppsala\/verkstad\/#primaryimage\",\"url\":\"https:\/\/e5gp8rwuod7.exactdn.com\/uppsala\/wp-content\/uploads\/sites\/3\/2021\/03\/Race-1920_169.jpg?strip=all&lossy=1&ssl=1\",\"contentUrl\":\"https:\/\/e5gp8rwuod7.exactdn.com\/uppsala\/wp-content\/uploads\/sites\/3\/2021\/03\/Race-1920_169.jpg?strip=all&lossy=1&ssl=1\",\"width\":1418,\"height\":945},{\"@type\":\"BreadcrumbList\",\"@id\":\"https:\/\/aktivtuteliv.se\/uppsala\/verkstad\/#breadcrumb\",\"itemListElement\":[{\"@type\":\"ListItem\",\"position\":1,\"name\":\"Home\",\"item\":\"https:\/\/aktivtuteliv.se\/uppsala\/startsida-vinter\/\"},{\"@type\":\"ListItem\",\"position\":2,\"name\":\"Verkstad\"}]},{\"@type\":\"WebSite\",\"@id\":\"https:\/\/aktivtuteliv.se\/uppsala\/#website\",\"url\":\"https:\/\/aktivtuteliv.se\/uppsala\/\",\"name\":\"Uppsala\",\"description\":\"Hyr sport- &amp; friluftsutrustning\",\"publisher\":{\"@id\":\"https:\/\/aktivtuteliv.se\/uppsala\/#organization\"},\"potentialAction\":[{\"@type\":\"SearchAction\",\"target\":{\"@type\":\"EntryPoint\",\"urlTemplate\":\"https:\/\/aktivtuteliv.se\/uppsala\/?s={search_term_string}\"},\"query-input\":\"required name=search_term_string\"}],\"inLanguage\":\"sv-SE\"},{\"@type\":\"Organization\",\"@id\":\"https:\/\/aktivtuteliv.se\/uppsala\/#organization\",\"name\":\"Uppsala\",\"url\":\"https:\/\/aktivtuteliv.se\/uppsala\/\",\"logo\":{\"@type\":\"ImageObject\",\"inLanguage\":\"sv-SE\",\"@id\":\"https:\/\/aktivtuteliv.se\/uppsala\/#\/schema\/logo\/image\/\",\"url\":\"https:\/\/e5gp8rwuod7.exactdn.com\/uppsala\/wp-content\/uploads\/sites\/3\/2021\/07\/image-1-2.png?strip=all&lossy=1&ssl=1\",\"contentUrl\":\"https:\/\/e5gp8rwuod7.exactdn.com\/uppsala\/wp-content\/uploads\/sites\/3\/2021\/07\/image-1-2.png?strip=all&lossy=1&ssl=1\",\"width\":200,\"height\":98,\"caption\":\"Uppsala\"},\"image\":{\"@id\":\"https:\/\/aktivtuteliv.se\/uppsala\/#\/schema\/logo\/image\/\"}}]}<\/script>\n<!-- \/ Yoast SEO plugin. -->","yoast_head_json":{"title":"Verkstad - Uppsala","robots":{"index":"index","follow":"follow","max-snippet":"max-snippet:-1","max-image-preview":"max-image-preview:large","max-video-preview":"max-video-preview:-1"},"canonical":"https:\/\/aktivtuteliv.se\/uppsala\/verkstad\/","og_locale":"sv_SE","og_type":"article","og_title":"Verkstad - Uppsala","og_description":"Hinner ni klart innan sportlovet? &#8211; V\u00e4ldigt m\u00e5nga samtal just nu kring om vi hinner inf\u00f6r sportlovet. Korta svaret \u00e4r ja, vi hinner. Det \u00e4r bara att komma in s\u00e5 [&hellip;]","og_url":"https:\/\/aktivtuteliv.se\/uppsala\/verkstad\/","og_site_name":"Uppsala","article_modified_time":"2025-02-07T06:48:45+00:00","og_image":[{"width":1418,"height":945,"url":"https:\/\/aktivtuteliv.se\/uppsala\/wp-content\/uploads\/sites\/3\/2021\/03\/Race-1920_169.jpg","type":"image\/jpeg"}],"twitter_card":"summary_large_image","twitter_misc":{"Ber\u00e4knad l\u00e4stid":"3 minuter"},"schema":{"@context":"https:\/\/schema.org","@graph":[{"@type":"WebPage","@id":"https:\/\/aktivtuteliv.se\/uppsala\/verkstad\/","url":"https:\/\/aktivtuteliv.se\/uppsala\/verkstad\/","name":"Verkstad - Uppsala","isPartOf":{"@id":"https:\/\/aktivtuteliv.se\/uppsala\/#website"},"primaryImageOfPage":{"@id":"https:\/\/aktivtuteliv.se\/uppsala\/verkstad\/#primaryimage"},"image":{"@id":"https:\/\/aktivtuteliv.se\/uppsala\/verkstad\/#primaryimage"},"thumbnailUrl":"https:\/\/e5gp8rwuod7.exactdn.com\/uppsala\/wp-content\/uploads\/sites\/3\/2021\/03\/Race-1920_169.jpg?strip=all&lossy=1&ssl=1","datePublished":"2021-10-04T21:38:21+00:00","dateModified":"2025-02-07T06:48:45+00:00","breadcrumb":{"@id":"https:\/\/aktivtuteliv.se\/uppsala\/verkstad\/#breadcrumb"},"inLanguage":"sv-SE","potentialAction":[{"@type":"ReadAction","target":["https:\/\/aktivtuteliv.se\/uppsala\/verkstad\/"]}]},{"@type":"ImageObject","inLanguage":"sv-SE","@id":"https:\/\/aktivtuteliv.se\/uppsala\/verkstad\/#primaryimage","url":"https:\/\/e5gp8rwuod7.exactdn.com\/uppsala\/wp-content\/uploads\/sites\/3\/2021\/03\/Race-1920_169.jpg?strip=all&lossy=1&ssl=1","contentUrl":"https:\/\/e5gp8rwuod7.exactdn.com\/uppsala\/wp-content\/uploads\/sites\/3\/2021\/03\/Race-1920_169.jpg?strip=all&lossy=1&ssl=1","width":1418,"height":945},{"@type":"BreadcrumbList","@id":"https:\/\/aktivtuteliv.se\/uppsala\/verkstad\/#breadcrumb","itemListElement":[{"@type":"ListItem","position":1,"name":"Home","item":"https:\/\/aktivtuteliv.se\/uppsala\/startsida-vinter\/"},{"@type":"ListItem","position":2,"name":"Verkstad"}]},{"@type":"WebSite","@id":"https:\/\/aktivtuteliv.se\/uppsala\/#website","url":"https:\/\/aktivtuteliv.se\/uppsala\/","name":"Uppsala","description":"Hyr sport- &amp; friluftsutrustning","publisher":{"@id":"https:\/\/aktivtuteliv.se\/uppsala\/#organization"},"potentialAction":[{"@type":"SearchAction","target":{"@type":"EntryPoint","urlTemplate":"https:\/\/aktivtuteliv.se\/uppsala\/?s={search_term_string}"},"query-input":"required name=search_term_string"}],"inLanguage":"sv-SE"},{"@type":"Organization","@id":"https:\/\/aktivtuteliv.se\/uppsala\/#organization","name":"Uppsala","url":"https:\/\/aktivtuteliv.se\/uppsala\/","logo":{"@type":"ImageObject","inLanguage":"sv-SE","@id":"https:\/\/aktivtuteliv.se\/uppsala\/#\/schema\/logo\/image\/","url":"https:\/\/e5gp8rwuod7.exactdn.com\/uppsala\/wp-content\/uploads\/sites\/3\/2021\/07\/image-1-2.png?strip=all&lossy=1&ssl=1","contentUrl":"https:\/\/e5gp8rwuod7.exactdn.com\/uppsala\/wp-content\/uploads\/sites\/3\/2021\/07\/image-1-2.png?strip=all&lossy=1&ssl=1","width":200,"height":98,"caption":"Uppsala"},"image":{"@id":"https:\/\/aktivtuteliv.se\/uppsala\/#\/schema\/logo\/image\/"}}]}},"_links":{"self":[{"href":"https:\/\/aktivtuteliv.se\/uppsala\/wp-json\/wp\/v2\/pages\/62611","targetHints":{"allow":["GET"]}}],"collection":[{"href":"https:\/\/aktivtuteliv.se\/uppsala\/wp-json\/wp\/v2\/pages"}],"about":[{"href":"https:\/\/aktivtuteliv.se\/uppsala\/wp-json\/wp\/v2\/types\/page"}],"author":[{"embeddable":true,"href":"https:\/\/aktivtuteliv.se\/uppsala\/wp-json\/wp\/v2\/users\/7"}],"replies":[{"embeddable":true,"href":"https:\/\/aktivtuteliv.se\/uppsala\/wp-json\/wp\/v2\/comments?post=62611"}],"version-history":[{"count":0,"href":"https:\/\/aktivtuteliv.se\/uppsala\/wp-json\/wp\/v2\/pages\/62611\/revisions"}],"wp:featuredmedia":[{"embeddable":true,"href":"https:\/\/aktivtuteliv.se\/uppsala\/wp-json\/wp\/v2\/media\/89"}],"wp:attachment":[{"href":"https:\/\/aktivtuteliv.se\/uppsala\/wp-json\/wp\/v2\/media?parent=62611"}],"curies":[{"name":"wp","href":"https:\/\/api.w.org\/{rel}","templated":true}]}}