


{"id":62736,"date":"2021-12-06T14:55:04","date_gmt":"2021-12-06T14:55:04","guid":{"rendered":"https:\/\/aktivtuteliv.se\/uppsala\/?page_id=62736"},"modified":"2024-12-26T19:32:46","modified_gmt":"2024-12-26T19:32:46","slug":"sasongsuthyrning-skidor-alpinutrustning-uppsala","status":"publish","type":"page","link":"https:\/\/aktivtuteliv.se\/uppsala\/sasongsuthyrning-skidor-alpinutrustning-uppsala\/","title":{"rendered":"S\u00e4songsuthyrning alpin-&amp; snowbardpaket"},"content":{"rendered":"\n<h1 class=\"wp-block-heading\">Hyr din <strong>utrustning hos <br>Aktivt Uteliv i Sunnerstastugan! <\/strong><\/h1>\n\n\n\n<p><br>Hos oss kan du hyra skidor och snowboard f\u00f6r en hel s\u00e4song. Du kan v\u00e4lja att hyra ett helt paket, som inkluderar skidor, pj\u00e4xor och stavar, eller enskilda artiklar som t.ex. bara ett par pj\u00e4xor.<\/p>\n\n\n\n<p>Med en &#8217;hel s\u00e4song&#8217; menar vi egentligen bara l\u00e5ngtidshyra. Vi vill inte best\u00e4mma hur l\u00e5ng din s\u00e4song \u00e4r. Vissa kunder kommer in redan i oktober och hyr skidor inf\u00f6r skidorternas s\u00e4songspremi\u00e4r, men l\u00e4mnar tillbaka utrustningen redan efter sportlovet. Andra b\u00f6rjar sin s\u00e4song vid sportlovet och forts\u00e4tter \u00e5ka tills skidorterna st\u00e4nger p\u00e5 v\u00e5rkanten. S\u00e4songshyran startar det datum du h\u00e4mtar utrustningen och slutar den sista april. Om du vill forts\u00e4tta anv\u00e4nda utrustningen efter detta, ber vi dig informera oss. Under hela hyresperioden beh\u00e5ller du utrustningen hemma och \u00e5ker s\u00e5 mycket du vill.<\/p>\n\n\n\n<h2 class=\"wp-block-heading\">Hur hyr jag alpinutrustning?<\/h2>\n\n\n\n<p>F\u00f6r att hyra utrustning f\u00f6r en hel s\u00e4song rekommenderar vi att du bes\u00f6ker oss i Sunnerstastugan d\u00e5 det \u00e4r en &#8221;f\u00f6rst till kvarn&#8221; produkt och inte g\u00e5r att best\u00e4lla via webben. Har du fr\u00e5gor eller funderingar \u00e4r du v\u00e4lkommen att ringa oss direkt p\u00e5 018-10 88 04 eller maila <a href=\"mailto:uppsala@aktivtuteliv.nu\">uppsala@aktivtuteliv.nu<\/a>. Om vill du hyra enskilda artiklar som skidor, hj\u00e4lm, stavar osv. kan du antingen hyra direkt h\u00e4r via webben eller ocks\u00e5 komma in till oss s\u00e5 l\u00f6ser vi allt.<\/p>\n\n\n\n<h2 class=\"wp-block-heading\">Paketpriser s\u00e4songshyra<\/h2>\n\n\n\n<figure class=\"wp-block-table aligncenter is-style-stripes\" id=\"alpinpaket\"><table class=\"has-fixed-layout\"><thead><tr><th class=\"has-text-align-left\" data-align=\"left\">V\u00e5ra paket<\/th><th class=\"has-text-align-left\" data-align=\"left\">Pris<\/th><\/tr><\/thead><tbody><tr><td class=\"has-text-align-left\" data-align=\"left\">Skidpaket knatte<\/td><td class=\"has-text-align-left\" data-align=\"left\">1 599 :-<\/td><\/tr><tr><td class=\"has-text-align-left\" data-align=\"left\">Skidpaket junior <\/td><td class=\"has-text-align-left\" data-align=\"left\">1 699 :-<\/td><\/tr><tr><td class=\"has-text-align-left\" data-align=\"left\">Twintipspaket Junior<\/td><td class=\"has-text-align-left\" data-align=\"left\">1 699 :-<\/td><\/tr><tr><td class=\"has-text-align-left\" data-align=\"left\">Twintippaket<\/td><td class=\"has-text-align-left\" data-align=\"left\">1 999 :- <\/td><\/tr><tr><td class=\"has-text-align-left\" data-align=\"left\">Skidpaket Rolig<\/td><td class=\"has-text-align-left\" data-align=\"left\">1 999 :-<\/td><\/tr><tr><td class=\"has-text-align-left\" data-align=\"left\">Skidpaket Roligare<\/td><td class=\"has-text-align-left\" data-align=\"left\">2 799 :-<\/td><\/tr><tr><td class=\"has-text-align-left\" data-align=\"left\">Snowboardpaket Junior<\/td><td class=\"has-text-align-left\" data-align=\"left\">1 699 :-<\/td><\/tr><tr><td class=\"has-text-align-left\" data-align=\"left\">Snowboardpaket Rolig<\/td><td class=\"has-text-align-left\" data-align=\"left\">2 299 :-<\/td><\/tr><\/tbody><\/table><figcaption class=\"wp-element-caption\">L\u00e4nk till paketen: <a href=\"https:\/\/aktivtuteliv.se\/uppsala\/alpinpaket\/\"><strong>https:\/\/aktivtuteliv.se\/uppsala\/alpinpaket\/<\/strong><\/a><\/figcaption><\/figure>\n\n\n\n<p>I v\u00e5rt paket f\u00e5r du skidor, pj\u00e4xor och stavar, eller alternativt en snowboard med tillh\u00f6rande boots och bindningar. Hyresperioden varar fram till den 30 april, och under hela perioden erbjuder vi fria storleksbyten. Varmt v\u00e4lkommen!<\/p>\n\n\n\n<h2 class=\"wp-block-heading has-text-align-left\">Hyra &#8211; Testa &#8211; K\u00f6pa<\/h2>\n\n\n\n<div class=\"wp-block-media-text alignwide has-media-on-the-right is-stacked-on-mobile is-vertically-aligned-center\" style=\"grid-template-columns:auto 16%\"><div class=\"wp-block-media-text__content\">\n<p class=\"has-text-align-left\">N\u00e4r du v\u00e4ljer att &#8217;Hyr, testa, k\u00f6p&#8217; hos oss f\u00e5r du f\u00f6rst hyra och testa produkten under en period som du v\u00e4ljer. Om du sedan best\u00e4mmer dig f\u00f6r att k\u00f6pa en ny, motsvarande produkt, drar vi av hyreskostnaden fr\u00e5n k\u00f6pesumman. P\u00e5 detta s\u00e4tt kan du k\u00e4nna dig s\u00e4ker p\u00e5 ditt k\u00f6p.<\/p>\n<\/div><figure class=\"wp-block-media-text__media\"><img loading=\"lazy\" decoding=\"async\" width=\"300\" height=\"300\" src=\"https:\/\/e5gp8rwuod7.exactdn.com\/uppsala\/wp-content\/uploads\/sites\/3\/2021\/12\/hyr-testa-kop-gron-1-300x300-1.png?strip=all&lossy=1&ssl=1\" alt=\"\" class=\"wp-image-62753 size-full\" srcset=\"https:\/\/e5gp8rwuod7.exactdn.com\/uppsala\/wp-content\/uploads\/sites\/3\/2021\/12\/hyr-testa-kop-gron-1-300x300-1.png?strip=all&amp;lossy=1&amp;ssl=1 300w, https:\/\/e5gp8rwuod7.exactdn.com\/uppsala\/wp-content\/uploads\/sites\/3\/2021\/12\/hyr-testa-kop-gron-1-300x300-1-150x150.png?strip=all&amp;lossy=1&amp;ssl=1 150w, https:\/\/e5gp8rwuod7.exactdn.com\/uppsala\/wp-content\/uploads\/sites\/3\/2021\/12\/hyr-testa-kop-gron-1-300x300-1-240x240.png?strip=all&amp;lossy=1&amp;ssl=1 240w, https:\/\/e5gp8rwuod7.exactdn.com\/uppsala\/wp-content\/uploads\/sites\/3\/2021\/12\/hyr-testa-kop-gron-1-300x300-1-100x100.png?strip=all&amp;lossy=1&amp;ssl=1 100w\" sizes=\"auto, (max-width: 300px) 100vw, 300px\" \/><\/figure><\/div>\n\n\n\n<h2 class=\"wp-block-heading\"><strong><strong><strong>Fem anledningar att hyra skidutrustning p\u00e5 s\u00e4song:<\/strong><\/strong><\/strong><\/h2>\n\n\n\n<ol class=\"wp-block-list\">\n<li><strong>Ekonomisk f\u00f6rdel:<\/strong> Det \u00e4r oftast billigare att hyra utrustningen p\u00e5 s\u00e4song \u00e4n att k\u00f6pa ny, s\u00e4rskilt om utrustningen riskerar att v\u00e4xas ur till n\u00e4sta s\u00e4song. Med v\u00e5rt urval av h\u00f6gkvalitativ utrustning f\u00e5r du ofta b\u00e4ttre kvalitet n\u00e4r du hyr hos oss j\u00e4mf\u00f6rt med att k\u00f6pa de billigaste reaalternativen.<\/li>\n\n\n\n<li><strong>Modern och nyservad utrustning:<\/strong> Du f\u00e5r alltid den senaste och nyservade utrustningen. Vi fasar kontinuerligt ut \u00e4ldre\/sliten utrustning och ers\u00e4tter den med ny. All v\u00e5r utrustning sk\u00f6ts om i v\u00e5r skidverkstad, vilket garanterar vassa kanter och alltid nyvallade skidor.<\/li>\n\n\n\n<li><strong>Professionell r\u00e5dgivning:<\/strong> F\u00e5 professionell hj\u00e4lp att hitta r\u00e4tt utrustning, vilket g\u00f6r \u00e5kningen b\u00e5de l\u00e4ttare och roligare. All utrustning st\u00e4lls in efter dina specifikationer \u2013 vikt, pj\u00e4xstorlek och \u00e5kf\u00e4rdighet \u2013 f\u00f6r att minimera risker vid fall.<\/li>\n\n\n\n<li><strong>Flexibilitet med utrustningen:<\/strong> Inga kompromisser om storlek eller passform! Med fria byten under hyresperioden beh\u00f6ver du inte oroa dig f\u00f6r att utrustningen inte passar perfekt. Detta garanterar en b\u00e4ttre \u00e5kupplevelse och \u00f6kad s\u00e4kerhet.<\/li>\n\n\n\n<li><strong>Milj\u00f6v\u00e4nligt val:<\/strong> Att hyra \u00e4r ocks\u00e5 ett gr\u00f6nare val. Genom delningsekonomi eller cirkul\u00e4r ekonomi anv\u00e4nds jordens resurser mer effektivt, d\u00e5 utrustningen hyrs ut g\u00e5ng p\u00e5 g\u00e5ng ist\u00e4llet f\u00f6r att varje person k\u00f6per eget.<\/li>\n<\/ol>\n\n\n\n<figure class=\"wp-block-embed is-type-rich is-provider-embed-handler wp-block-embed-embed-handler wp-embed-aspect-16-9 wp-has-aspect-ratio\"><div class=\"wp-block-embed__wrapper\">\n<iframe loading=\"lazy\" title=\"S\u00e5 fungerar v\u00e5r s\u00e4songsuthyrning\" width=\"500\" height=\"281\" src=\"https:\/\/www.youtube.com\/embed\/CUvW-0ZxjgI?feature=oembed\" frameborder=\"0\" allow=\"accelerometer; autoplay; clipboard-write; encrypted-media; gyroscope; picture-in-picture; web-share\" referrerpolicy=\"strict-origin-when-cross-origin\" allowfullscreen><\/iframe>\n<\/div><\/figure>\n","protected":false},"excerpt":{"rendered":"<p>Hyr din utrustning hos Aktivt Uteliv i Sunnerstastugan! Hos oss kan du hyra skidor och snowboard f\u00f6r en hel s\u00e4song. Du kan v\u00e4lja att hyra ett helt paket, som inkluderar [&hellip;]<\/p>\n","protected":false},"author":9,"featured_media":62748,"parent":0,"menu_order":0,"comment_status":"closed","ping_status":"closed","template":"","meta":{"_acf_changed":false,"footnotes":""},"class_list":["post-62736","page","type-page","status-publish","has-post-thumbnail","hentry"],"acf":[],"yoast_head":"<!-- This site is optimized with the Yoast SEO plugin v23.0 - https:\/\/yoast.com\/wordpress\/plugins\/seo\/ -->\n<title>S\u00e4songsuthyrning alpin-&amp; snowbardpaket - Uppsala<\/title>\n<meta name=\"robots\" content=\"index, follow, max-snippet:-1, max-image-preview:large, max-video-preview:-1\" \/>\n<link rel=\"canonical\" href=\"https:\/\/aktivtuteliv.se\/uppsala\/sasongsuthyrning-skidor-alpinutrustning-uppsala\/\" \/>\n<meta property=\"og:locale\" content=\"sv_SE\" \/>\n<meta property=\"og:type\" content=\"article\" \/>\n<meta property=\"og:title\" content=\"S\u00e4songsuthyrning alpin-&amp; snowbardpaket - Uppsala\" \/>\n<meta property=\"og:description\" content=\"Hyr din utrustning hos Aktivt Uteliv i Sunnerstastugan! Hos oss kan du hyra skidor och snowboard f\u00f6r en hel s\u00e4song. Du kan v\u00e4lja att hyra ett helt paket, som inkluderar [&hellip;]\" \/>\n<meta property=\"og:url\" content=\"https:\/\/aktivtuteliv.se\/uppsala\/sasongsuthyrning-skidor-alpinutrustning-uppsala\/\" \/>\n<meta property=\"og:site_name\" content=\"Uppsala\" \/>\n<meta property=\"article:modified_time\" content=\"2024-12-26T19:32:46+00:00\" \/>\n<meta property=\"og:image\" content=\"https:\/\/aktivtuteliv.se\/uppsala\/wp-content\/uploads\/sites\/3\/2021\/12\/aktivtutelivpaket-1.jpeg\" \/>\n\t<meta property=\"og:image:width\" content=\"1254\" \/>\n\t<meta property=\"og:image:height\" content=\"837\" \/>\n\t<meta property=\"og:image:type\" content=\"image\/jpeg\" \/>\n<meta name=\"twitter:card\" content=\"summary_large_image\" \/>\n<meta name=\"twitter:label1\" content=\"Ber\u00e4knad l\u00e4stid\" \/>\n\t<meta name=\"twitter:data1\" content=\"4 minuter\" \/>\n<script type=\"application\/ld+json\" class=\"yoast-schema-graph\">{\"@context\":\"https:\/\/schema.org\",\"@graph\":[{\"@type\":\"WebPage\",\"@id\":\"https:\/\/aktivtuteliv.se\/uppsala\/sasongsuthyrning-skidor-alpinutrustning-uppsala\/\",\"url\":\"https:\/\/aktivtuteliv.se\/uppsala\/sasongsuthyrning-skidor-alpinutrustning-uppsala\/\",\"name\":\"S\u00e4songsuthyrning alpin-&amp; snowbardpaket - Uppsala\",\"isPartOf\":{\"@id\":\"https:\/\/aktivtuteliv.se\/uppsala\/#website\"},\"primaryImageOfPage\":{\"@id\":\"https:\/\/aktivtuteliv.se\/uppsala\/sasongsuthyrning-skidor-alpinutrustning-uppsala\/#primaryimage\"},\"image\":{\"@id\":\"https:\/\/aktivtuteliv.se\/uppsala\/sasongsuthyrning-skidor-alpinutrustning-uppsala\/#primaryimage\"},\"thumbnailUrl\":\"https:\/\/e5gp8rwuod7.exactdn.com\/uppsala\/wp-content\/uploads\/sites\/3\/2021\/12\/aktivtutelivpaket-1.jpeg?strip=all&lossy=1&ssl=1\",\"datePublished\":\"2021-12-06T14:55:04+00:00\",\"dateModified\":\"2024-12-26T19:32:46+00:00\",\"breadcrumb\":{\"@id\":\"https:\/\/aktivtuteliv.se\/uppsala\/sasongsuthyrning-skidor-alpinutrustning-uppsala\/#breadcrumb\"},\"inLanguage\":\"sv-SE\",\"potentialAction\":[{\"@type\":\"ReadAction\",\"target\":[\"https:\/\/aktivtuteliv.se\/uppsala\/sasongsuthyrning-skidor-alpinutrustning-uppsala\/\"]}]},{\"@type\":\"ImageObject\",\"inLanguage\":\"sv-SE\",\"@id\":\"https:\/\/aktivtuteliv.se\/uppsala\/sasongsuthyrning-skidor-alpinutrustning-uppsala\/#primaryimage\",\"url\":\"https:\/\/e5gp8rwuod7.exactdn.com\/uppsala\/wp-content\/uploads\/sites\/3\/2021\/12\/aktivtutelivpaket-1.jpeg?strip=all&lossy=1&ssl=1\",\"contentUrl\":\"https:\/\/e5gp8rwuod7.exactdn.com\/uppsala\/wp-content\/uploads\/sites\/3\/2021\/12\/aktivtutelivpaket-1.jpeg?strip=all&lossy=1&ssl=1\",\"width\":1254,\"height\":837},{\"@type\":\"BreadcrumbList\",\"@id\":\"https:\/\/aktivtuteliv.se\/uppsala\/sasongsuthyrning-skidor-alpinutrustning-uppsala\/#breadcrumb\",\"itemListElement\":[{\"@type\":\"ListItem\",\"position\":1,\"name\":\"Home\",\"item\":\"https:\/\/aktivtuteliv.se\/uppsala\/startsida-vinter\/\"},{\"@type\":\"ListItem\",\"position\":2,\"name\":\"S\u00e4songsuthyrning alpin-&amp; snowbardpaket\"}]},{\"@type\":\"WebSite\",\"@id\":\"https:\/\/aktivtuteliv.se\/uppsala\/#website\",\"url\":\"https:\/\/aktivtuteliv.se\/uppsala\/\",\"name\":\"Uppsala\",\"description\":\"Hyr sport- &amp; friluftsutrustning\",\"publisher\":{\"@id\":\"https:\/\/aktivtuteliv.se\/uppsala\/#organization\"},\"potentialAction\":[{\"@type\":\"SearchAction\",\"target\":{\"@type\":\"EntryPoint\",\"urlTemplate\":\"https:\/\/aktivtuteliv.se\/uppsala\/?s={search_term_string}\"},\"query-input\":\"required name=search_term_string\"}],\"inLanguage\":\"sv-SE\"},{\"@type\":\"Organization\",\"@id\":\"https:\/\/aktivtuteliv.se\/uppsala\/#organization\",\"name\":\"Uppsala\",\"url\":\"https:\/\/aktivtuteliv.se\/uppsala\/\",\"logo\":{\"@type\":\"ImageObject\",\"inLanguage\":\"sv-SE\",\"@id\":\"https:\/\/aktivtuteliv.se\/uppsala\/#\/schema\/logo\/image\/\",\"url\":\"https:\/\/e5gp8rwuod7.exactdn.com\/uppsala\/wp-content\/uploads\/sites\/3\/2021\/07\/image-1-2.png?strip=all&lossy=1&ssl=1\",\"contentUrl\":\"https:\/\/e5gp8rwuod7.exactdn.com\/uppsala\/wp-content\/uploads\/sites\/3\/2021\/07\/image-1-2.png?strip=all&lossy=1&ssl=1\",\"width\":200,\"height\":98,\"caption\":\"Uppsala\"},\"image\":{\"@id\":\"https:\/\/aktivtuteliv.se\/uppsala\/#\/schema\/logo\/image\/\"}}]}<\/script>\n<!-- \/ Yoast SEO plugin. -->","yoast_head_json":{"title":"S\u00e4songsuthyrning alpin-&amp; snowbardpaket - Uppsala","robots":{"index":"index","follow":"follow","max-snippet":"max-snippet:-1","max-image-preview":"max-image-preview:large","max-video-preview":"max-video-preview:-1"},"canonical":"https:\/\/aktivtuteliv.se\/uppsala\/sasongsuthyrning-skidor-alpinutrustning-uppsala\/","og_locale":"sv_SE","og_type":"article","og_title":"S\u00e4songsuthyrning alpin-&amp; snowbardpaket - Uppsala","og_description":"Hyr din utrustning hos Aktivt Uteliv i Sunnerstastugan! Hos oss kan du hyra skidor och snowboard f\u00f6r en hel s\u00e4song. Du kan v\u00e4lja att hyra ett helt paket, som inkluderar [&hellip;]","og_url":"https:\/\/aktivtuteliv.se\/uppsala\/sasongsuthyrning-skidor-alpinutrustning-uppsala\/","og_site_name":"Uppsala","article_modified_time":"2024-12-26T19:32:46+00:00","og_image":[{"width":1254,"height":837,"url":"https:\/\/aktivtuteliv.se\/uppsala\/wp-content\/uploads\/sites\/3\/2021\/12\/aktivtutelivpaket-1.jpeg","type":"image\/jpeg"}],"twitter_card":"summary_large_image","twitter_misc":{"Ber\u00e4knad l\u00e4stid":"4 minuter"},"schema":{"@context":"https:\/\/schema.org","@graph":[{"@type":"WebPage","@id":"https:\/\/aktivtuteliv.se\/uppsala\/sasongsuthyrning-skidor-alpinutrustning-uppsala\/","url":"https:\/\/aktivtuteliv.se\/uppsala\/sasongsuthyrning-skidor-alpinutrustning-uppsala\/","name":"S\u00e4songsuthyrning alpin-&amp; snowbardpaket - Uppsala","isPartOf":{"@id":"https:\/\/aktivtuteliv.se\/uppsala\/#website"},"primaryImageOfPage":{"@id":"https:\/\/aktivtuteliv.se\/uppsala\/sasongsuthyrning-skidor-alpinutrustning-uppsala\/#primaryimage"},"image":{"@id":"https:\/\/aktivtuteliv.se\/uppsala\/sasongsuthyrning-skidor-alpinutrustning-uppsala\/#primaryimage"},"thumbnailUrl":"https:\/\/e5gp8rwuod7.exactdn.com\/uppsala\/wp-content\/uploads\/sites\/3\/2021\/12\/aktivtutelivpaket-1.jpeg?strip=all&lossy=1&ssl=1","datePublished":"2021-12-06T14:55:04+00:00","dateModified":"2024-12-26T19:32:46+00:00","breadcrumb":{"@id":"https:\/\/aktivtuteliv.se\/uppsala\/sasongsuthyrning-skidor-alpinutrustning-uppsala\/#breadcrumb"},"inLanguage":"sv-SE","potentialAction":[{"@type":"ReadAction","target":["https:\/\/aktivtuteliv.se\/uppsala\/sasongsuthyrning-skidor-alpinutrustning-uppsala\/"]}]},{"@type":"ImageObject","inLanguage":"sv-SE","@id":"https:\/\/aktivtuteliv.se\/uppsala\/sasongsuthyrning-skidor-alpinutrustning-uppsala\/#primaryimage","url":"https:\/\/e5gp8rwuod7.exactdn.com\/uppsala\/wp-content\/uploads\/sites\/3\/2021\/12\/aktivtutelivpaket-1.jpeg?strip=all&lossy=1&ssl=1","contentUrl":"https:\/\/e5gp8rwuod7.exactdn.com\/uppsala\/wp-content\/uploads\/sites\/3\/2021\/12\/aktivtutelivpaket-1.jpeg?strip=all&lossy=1&ssl=1","width":1254,"height":837},{"@type":"BreadcrumbList","@id":"https:\/\/aktivtuteliv.se\/uppsala\/sasongsuthyrning-skidor-alpinutrustning-uppsala\/#breadcrumb","itemListElement":[{"@type":"ListItem","position":1,"name":"Home","item":"https:\/\/aktivtuteliv.se\/uppsala\/startsida-vinter\/"},{"@type":"ListItem","position":2,"name":"S\u00e4songsuthyrning alpin-&amp; snowbardpaket"}]},{"@type":"WebSite","@id":"https:\/\/aktivtuteliv.se\/uppsala\/#website","url":"https:\/\/aktivtuteliv.se\/uppsala\/","name":"Uppsala","description":"Hyr sport- &amp; friluftsutrustning","publisher":{"@id":"https:\/\/aktivtuteliv.se\/uppsala\/#organization"},"potentialAction":[{"@type":"SearchAction","target":{"@type":"EntryPoint","urlTemplate":"https:\/\/aktivtuteliv.se\/uppsala\/?s={search_term_string}"},"query-input":"required name=search_term_string"}],"inLanguage":"sv-SE"},{"@type":"Organization","@id":"https:\/\/aktivtuteliv.se\/uppsala\/#organization","name":"Uppsala","url":"https:\/\/aktivtuteliv.se\/uppsala\/","logo":{"@type":"ImageObject","inLanguage":"sv-SE","@id":"https:\/\/aktivtuteliv.se\/uppsala\/#\/schema\/logo\/image\/","url":"https:\/\/e5gp8rwuod7.exactdn.com\/uppsala\/wp-content\/uploads\/sites\/3\/2021\/07\/image-1-2.png?strip=all&lossy=1&ssl=1","contentUrl":"https:\/\/e5gp8rwuod7.exactdn.com\/uppsala\/wp-content\/uploads\/sites\/3\/2021\/07\/image-1-2.png?strip=all&lossy=1&ssl=1","width":200,"height":98,"caption":"Uppsala"},"image":{"@id":"https:\/\/aktivtuteliv.se\/uppsala\/#\/schema\/logo\/image\/"}}]}},"_links":{"self":[{"href":"https:\/\/aktivtuteliv.se\/uppsala\/wp-json\/wp\/v2\/pages\/62736","targetHints":{"allow":["GET"]}}],"collection":[{"href":"https:\/\/aktivtuteliv.se\/uppsala\/wp-json\/wp\/v2\/pages"}],"about":[{"href":"https:\/\/aktivtuteliv.se\/uppsala\/wp-json\/wp\/v2\/types\/page"}],"author":[{"embeddable":true,"href":"https:\/\/aktivtuteliv.se\/uppsala\/wp-json\/wp\/v2\/users\/9"}],"replies":[{"embeddable":true,"href":"https:\/\/aktivtuteliv.se\/uppsala\/wp-json\/wp\/v2\/comments?post=62736"}],"version-history":[{"count":0,"href":"https:\/\/aktivtuteliv.se\/uppsala\/wp-json\/wp\/v2\/pages\/62736\/revisions"}],"wp:featuredmedia":[{"embeddable":true,"href":"https:\/\/aktivtuteliv.se\/uppsala\/wp-json\/wp\/v2\/media\/62748"}],"wp:attachment":[{"href":"https:\/\/aktivtuteliv.se\/uppsala\/wp-json\/wp\/v2\/media?parent=62736"}],"curies":[{"name":"wp","href":"https:\/\/api.w.org\/{rel}","templated":true}]}}