


{"id":66726,"date":"2023-01-10T23:24:04","date_gmt":"2023-01-10T23:24:04","guid":{"rendered":"https:\/\/aktivtuteliv.se\/uppsala\/?page_id=66726"},"modified":"2023-01-11T23:58:36","modified_gmt":"2023-01-11T23:58:36","slug":"snowboard","status":"publish","type":"page","link":"https:\/\/aktivtuteliv.se\/uppsala\/snowboard\/","title":{"rendered":"Snowboard"},"content":{"rendered":"\n<h2 class=\"wp-block-heading\"><strong>Hyr snowboard&nbsp;<\/strong><\/h2>\n\n\n\n<p>Ska du \u00e5ka till \u00c5re, Gr\u00f6nklitt, J\u00e4rvs\u00f6, Rome, Kungsberget, Idr\u00e9 eller S\u00e4len? D\u00e5 kan du hyra din snowboard hos oss. Vi har snowboard till de allra minsta s\u00e5v\u00e4l som till den erfarne \u00e5karen som vill utmana v\u00e4nner i svarta backar. Vi bjuder p\u00e5 kostnadsfria resdagar om du ska \u00e5ka utanf\u00f6r Uppland. Allt f\u00f6r att du ska f\u00e5 ut s\u00e5 mycket som m\u00f6jligt av din resa.<\/p>\n\n\n\n<h3 class=\"wp-block-heading\"><strong>Hyr din snowboard smidigt hos oss<\/strong><\/h3>\n\n\n\n<p>Vi g\u00f6r det enkelt att hyra snowboard, du bokar antingen via hemsidan eller ringer oss. Vill du ha hj\u00e4lp att v\u00e4lja ut r\u00e4tt modell kan du komma in i butiken f\u00f6r personlig service. Vi har all utrustning du beh\u00f6ver f\u00f6r en h\u00e4rlig skidresa med snowboard.<\/p>\n\n\n\n<hr class=\"wp-block-separator has-alpha-channel-opacity is-style-dots\"\/>\n\n\n\n<div style=\"height:40px\" aria-hidden=\"true\" class=\"wp-block-spacer\"><\/div>\n\n\n\n<p class=\"has-text-align-center\">Select dates. <em>NOTE: Free pick-up after 15.00 <\/em>&amp; free return before<em> 13.00.<\/em><\/p>\n\n\n<div class=\"booqable-datepicker\" ><\/div>\n\n\n\n<div style=\"height:10px\" aria-hidden=\"true\" class=\"wp-block-spacer\"><\/div>\n\n\n<div class=\"booqable-product-list\" data-tags=\"snowboard\"  data-per=\"8\"  data-show-search=\"true\" ><\/div>\n","protected":false},"excerpt":{"rendered":"<p>Hyr snowboard&nbsp; Ska du \u00e5ka till \u00c5re, Gr\u00f6nklitt, J\u00e4rvs\u00f6, Rome, Kungsberget, Idr\u00e9 eller S\u00e4len? D\u00e5 kan du hyra din snowboard hos oss. Vi har snowboard till de allra minsta s\u00e5v\u00e4l [&hellip;]<\/p>\n","protected":false},"author":7,"featured_media":66727,"parent":0,"menu_order":0,"comment_status":"closed","ping_status":"closed","template":"","meta":{"_acf_changed":false,"footnotes":""},"class_list":["post-66726","page","type-page","status-publish","has-post-thumbnail","hentry"],"acf":[],"yoast_head":"<!-- This site is optimized with the Yoast SEO plugin v23.0 - https:\/\/yoast.com\/wordpress\/plugins\/seo\/ -->\n<title>Snowboard - Uppsala<\/title>\n<meta name=\"robots\" content=\"index, follow, max-snippet:-1, max-image-preview:large, max-video-preview:-1\" \/>\n<link rel=\"canonical\" href=\"https:\/\/aktivtuteliv.se\/uppsala\/snowboard\/\" \/>\n<meta property=\"og:locale\" content=\"sv_SE\" \/>\n<meta property=\"og:type\" content=\"article\" \/>\n<meta property=\"og:title\" content=\"Snowboard - Uppsala\" \/>\n<meta property=\"og:description\" content=\"Hyr snowboard&nbsp; Ska du \u00e5ka till \u00c5re, Gr\u00f6nklitt, J\u00e4rvs\u00f6, Rome, Kungsberget, Idr\u00e9 eller S\u00e4len? D\u00e5 kan du hyra din snowboard hos oss. Vi har snowboard till de allra minsta s\u00e5v\u00e4l [&hellip;]\" \/>\n<meta property=\"og:url\" content=\"https:\/\/aktivtuteliv.se\/uppsala\/snowboard\/\" \/>\n<meta property=\"og:site_name\" content=\"Uppsala\" \/>\n<meta property=\"article:modified_time\" content=\"2023-01-11T23:58:36+00:00\" \/>\n<meta property=\"og:image\" content=\"https:\/\/aktivtuteliv.se\/uppsala\/wp-content\/uploads\/sites\/3\/2023\/01\/Presentation-Snowboard-Action-Shooting-Arlberg-2022.jpg\" \/>\n\t<meta property=\"og:image:width\" content=\"1080\" \/>\n\t<meta property=\"og:image:height\" content=\"720\" \/>\n\t<meta property=\"og:image:type\" content=\"image\/jpeg\" \/>\n<meta name=\"twitter:card\" content=\"summary_large_image\" \/>\n<meta name=\"twitter:label1\" content=\"Ber\u00e4knad l\u00e4stid\" \/>\n\t<meta name=\"twitter:data1\" content=\"1 minut\" \/>\n<script type=\"application\/ld+json\" class=\"yoast-schema-graph\">{\"@context\":\"https:\/\/schema.org\",\"@graph\":[{\"@type\":\"WebPage\",\"@id\":\"https:\/\/aktivtuteliv.se\/uppsala\/snowboard\/\",\"url\":\"https:\/\/aktivtuteliv.se\/uppsala\/snowboard\/\",\"name\":\"Snowboard - Uppsala\",\"isPartOf\":{\"@id\":\"https:\/\/aktivtuteliv.se\/uppsala\/#website\"},\"primaryImageOfPage\":{\"@id\":\"https:\/\/aktivtuteliv.se\/uppsala\/snowboard\/#primaryimage\"},\"image\":{\"@id\":\"https:\/\/aktivtuteliv.se\/uppsala\/snowboard\/#primaryimage\"},\"thumbnailUrl\":\"https:\/\/e5gp8rwuod7.exactdn.com\/uppsala\/wp-content\/uploads\/sites\/3\/2023\/01\/Presentation-Snowboard-Action-Shooting-Arlberg-2022.jpg?strip=all&lossy=1&ssl=1\",\"datePublished\":\"2023-01-10T23:24:04+00:00\",\"dateModified\":\"2023-01-11T23:58:36+00:00\",\"breadcrumb\":{\"@id\":\"https:\/\/aktivtuteliv.se\/uppsala\/snowboard\/#breadcrumb\"},\"inLanguage\":\"sv-SE\",\"potentialAction\":[{\"@type\":\"ReadAction\",\"target\":[\"https:\/\/aktivtuteliv.se\/uppsala\/snowboard\/\"]}]},{\"@type\":\"ImageObject\",\"inLanguage\":\"sv-SE\",\"@id\":\"https:\/\/aktivtuteliv.se\/uppsala\/snowboard\/#primaryimage\",\"url\":\"https:\/\/e5gp8rwuod7.exactdn.com\/uppsala\/wp-content\/uploads\/sites\/3\/2023\/01\/Presentation-Snowboard-Action-Shooting-Arlberg-2022.jpg?strip=all&lossy=1&ssl=1\",\"contentUrl\":\"https:\/\/e5gp8rwuod7.exactdn.com\/uppsala\/wp-content\/uploads\/sites\/3\/2023\/01\/Presentation-Snowboard-Action-Shooting-Arlberg-2022.jpg?strip=all&lossy=1&ssl=1\",\"width\":1080,\"height\":720},{\"@type\":\"BreadcrumbList\",\"@id\":\"https:\/\/aktivtuteliv.se\/uppsala\/snowboard\/#breadcrumb\",\"itemListElement\":[{\"@type\":\"ListItem\",\"position\":1,\"name\":\"Home\",\"item\":\"https:\/\/aktivtuteliv.se\/uppsala\/startsida-vinter\/\"},{\"@type\":\"ListItem\",\"position\":2,\"name\":\"Snowboard\"}]},{\"@type\":\"WebSite\",\"@id\":\"https:\/\/aktivtuteliv.se\/uppsala\/#website\",\"url\":\"https:\/\/aktivtuteliv.se\/uppsala\/\",\"name\":\"Uppsala\",\"description\":\"Hyr sport- &amp; friluftsutrustning\",\"publisher\":{\"@id\":\"https:\/\/aktivtuteliv.se\/uppsala\/#organization\"},\"potentialAction\":[{\"@type\":\"SearchAction\",\"target\":{\"@type\":\"EntryPoint\",\"urlTemplate\":\"https:\/\/aktivtuteliv.se\/uppsala\/?s={search_term_string}\"},\"query-input\":\"required name=search_term_string\"}],\"inLanguage\":\"sv-SE\"},{\"@type\":\"Organization\",\"@id\":\"https:\/\/aktivtuteliv.se\/uppsala\/#organization\",\"name\":\"Uppsala\",\"url\":\"https:\/\/aktivtuteliv.se\/uppsala\/\",\"logo\":{\"@type\":\"ImageObject\",\"inLanguage\":\"sv-SE\",\"@id\":\"https:\/\/aktivtuteliv.se\/uppsala\/#\/schema\/logo\/image\/\",\"url\":\"https:\/\/e5gp8rwuod7.exactdn.com\/uppsala\/wp-content\/uploads\/sites\/3\/2021\/07\/image-1-2.png?strip=all&lossy=1&ssl=1\",\"contentUrl\":\"https:\/\/e5gp8rwuod7.exactdn.com\/uppsala\/wp-content\/uploads\/sites\/3\/2021\/07\/image-1-2.png?strip=all&lossy=1&ssl=1\",\"width\":200,\"height\":98,\"caption\":\"Uppsala\"},\"image\":{\"@id\":\"https:\/\/aktivtuteliv.se\/uppsala\/#\/schema\/logo\/image\/\"}}]}<\/script>\n<!-- \/ Yoast SEO plugin. -->","yoast_head_json":{"title":"Snowboard - Uppsala","robots":{"index":"index","follow":"follow","max-snippet":"max-snippet:-1","max-image-preview":"max-image-preview:large","max-video-preview":"max-video-preview:-1"},"canonical":"https:\/\/aktivtuteliv.se\/uppsala\/snowboard\/","og_locale":"sv_SE","og_type":"article","og_title":"Snowboard - Uppsala","og_description":"Hyr snowboard&nbsp; Ska du \u00e5ka till \u00c5re, Gr\u00f6nklitt, J\u00e4rvs\u00f6, Rome, Kungsberget, Idr\u00e9 eller S\u00e4len? D\u00e5 kan du hyra din snowboard hos oss. Vi har snowboard till de allra minsta s\u00e5v\u00e4l [&hellip;]","og_url":"https:\/\/aktivtuteliv.se\/uppsala\/snowboard\/","og_site_name":"Uppsala","article_modified_time":"2023-01-11T23:58:36+00:00","og_image":[{"width":1080,"height":720,"url":"https:\/\/aktivtuteliv.se\/uppsala\/wp-content\/uploads\/sites\/3\/2023\/01\/Presentation-Snowboard-Action-Shooting-Arlberg-2022.jpg","type":"image\/jpeg"}],"twitter_card":"summary_large_image","twitter_misc":{"Ber\u00e4knad l\u00e4stid":"1 minut"},"schema":{"@context":"https:\/\/schema.org","@graph":[{"@type":"WebPage","@id":"https:\/\/aktivtuteliv.se\/uppsala\/snowboard\/","url":"https:\/\/aktivtuteliv.se\/uppsala\/snowboard\/","name":"Snowboard - Uppsala","isPartOf":{"@id":"https:\/\/aktivtuteliv.se\/uppsala\/#website"},"primaryImageOfPage":{"@id":"https:\/\/aktivtuteliv.se\/uppsala\/snowboard\/#primaryimage"},"image":{"@id":"https:\/\/aktivtuteliv.se\/uppsala\/snowboard\/#primaryimage"},"thumbnailUrl":"https:\/\/e5gp8rwuod7.exactdn.com\/uppsala\/wp-content\/uploads\/sites\/3\/2023\/01\/Presentation-Snowboard-Action-Shooting-Arlberg-2022.jpg?strip=all&lossy=1&ssl=1","datePublished":"2023-01-10T23:24:04+00:00","dateModified":"2023-01-11T23:58:36+00:00","breadcrumb":{"@id":"https:\/\/aktivtuteliv.se\/uppsala\/snowboard\/#breadcrumb"},"inLanguage":"sv-SE","potentialAction":[{"@type":"ReadAction","target":["https:\/\/aktivtuteliv.se\/uppsala\/snowboard\/"]}]},{"@type":"ImageObject","inLanguage":"sv-SE","@id":"https:\/\/aktivtuteliv.se\/uppsala\/snowboard\/#primaryimage","url":"https:\/\/e5gp8rwuod7.exactdn.com\/uppsala\/wp-content\/uploads\/sites\/3\/2023\/01\/Presentation-Snowboard-Action-Shooting-Arlberg-2022.jpg?strip=all&lossy=1&ssl=1","contentUrl":"https:\/\/e5gp8rwuod7.exactdn.com\/uppsala\/wp-content\/uploads\/sites\/3\/2023\/01\/Presentation-Snowboard-Action-Shooting-Arlberg-2022.jpg?strip=all&lossy=1&ssl=1","width":1080,"height":720},{"@type":"BreadcrumbList","@id":"https:\/\/aktivtuteliv.se\/uppsala\/snowboard\/#breadcrumb","itemListElement":[{"@type":"ListItem","position":1,"name":"Home","item":"https:\/\/aktivtuteliv.se\/uppsala\/startsida-vinter\/"},{"@type":"ListItem","position":2,"name":"Snowboard"}]},{"@type":"WebSite","@id":"https:\/\/aktivtuteliv.se\/uppsala\/#website","url":"https:\/\/aktivtuteliv.se\/uppsala\/","name":"Uppsala","description":"Hyr sport- &amp; friluftsutrustning","publisher":{"@id":"https:\/\/aktivtuteliv.se\/uppsala\/#organization"},"potentialAction":[{"@type":"SearchAction","target":{"@type":"EntryPoint","urlTemplate":"https:\/\/aktivtuteliv.se\/uppsala\/?s={search_term_string}"},"query-input":"required name=search_term_string"}],"inLanguage":"sv-SE"},{"@type":"Organization","@id":"https:\/\/aktivtuteliv.se\/uppsala\/#organization","name":"Uppsala","url":"https:\/\/aktivtuteliv.se\/uppsala\/","logo":{"@type":"ImageObject","inLanguage":"sv-SE","@id":"https:\/\/aktivtuteliv.se\/uppsala\/#\/schema\/logo\/image\/","url":"https:\/\/e5gp8rwuod7.exactdn.com\/uppsala\/wp-content\/uploads\/sites\/3\/2021\/07\/image-1-2.png?strip=all&lossy=1&ssl=1","contentUrl":"https:\/\/e5gp8rwuod7.exactdn.com\/uppsala\/wp-content\/uploads\/sites\/3\/2021\/07\/image-1-2.png?strip=all&lossy=1&ssl=1","width":200,"height":98,"caption":"Uppsala"},"image":{"@id":"https:\/\/aktivtuteliv.se\/uppsala\/#\/schema\/logo\/image\/"}}]}},"_links":{"self":[{"href":"https:\/\/aktivtuteliv.se\/uppsala\/wp-json\/wp\/v2\/pages\/66726","targetHints":{"allow":["GET"]}}],"collection":[{"href":"https:\/\/aktivtuteliv.se\/uppsala\/wp-json\/wp\/v2\/pages"}],"about":[{"href":"https:\/\/aktivtuteliv.se\/uppsala\/wp-json\/wp\/v2\/types\/page"}],"author":[{"embeddable":true,"href":"https:\/\/aktivtuteliv.se\/uppsala\/wp-json\/wp\/v2\/users\/7"}],"replies":[{"embeddable":true,"href":"https:\/\/aktivtuteliv.se\/uppsala\/wp-json\/wp\/v2\/comments?post=66726"}],"version-history":[{"count":0,"href":"https:\/\/aktivtuteliv.se\/uppsala\/wp-json\/wp\/v2\/pages\/66726\/revisions"}],"wp:featuredmedia":[{"embeddable":true,"href":"https:\/\/aktivtuteliv.se\/uppsala\/wp-json\/wp\/v2\/media\/66727"}],"wp:attachment":[{"href":"https:\/\/aktivtuteliv.se\/uppsala\/wp-json\/wp\/v2\/media?parent=66726"}],"curies":[{"name":"wp","href":"https:\/\/api.w.org\/{rel}","templated":true}]}}