


{"id":66731,"date":"2023-01-10T23:24:13","date_gmt":"2023-01-10T23:24:13","guid":{"rendered":"https:\/\/aktivtuteliv.se\/uppsala\/?page_id=66731"},"modified":"2023-01-11T23:35:51","modified_gmt":"2023-01-11T23:35:51","slug":"langdpaket","status":"publish","type":"page","link":"https:\/\/aktivtuteliv.se\/uppsala\/langdpaket\/","title":{"rendered":"L\u00e4ngdpaket"},"content":{"rendered":"\n<h2 class=\"wp-block-heading\"><strong>Hyr l\u00e4ngd-och turpaket&nbsp;<\/strong><\/h2>\n\n\n\n<p>Ska du \u00e5ka l\u00e4ngd kan du hyra kompletta l\u00e4ngd-och turpaket hos oss. Vi har l\u00e4ngd-och turpaket som passar de allra flesta som vill ha en sk\u00f6n skid\u00e5kning. Hos oss kan hyra om du ska \u00c5re, Gr\u00f6nklitt, J\u00e4rvs\u00f6, Rome, Kungsberget, Idr\u00e9 eller S\u00e4len. Du f\u00e5r fria resdagar till och fr\u00e5n skidorten n\u00e4r du \u00e5ker utanf\u00f6r Uppland.<\/p>\n\n\n\n<h3 class=\"wp-block-heading\"><strong>Boka och h\u00e4mta ditt l\u00e4ngdpaket<\/strong><\/h3>\n\n\n\n<p>I l\u00e4ngd-och turpaket ing\u00e5r stavar, skidor och pj\u00e4xor. \u00c4r du os\u00e4ker p\u00e5 vad du beh\u00f6ver ha med dig till din skidresa hj\u00e4lper vi dig g\u00e4rna med tips. Ska du boka l\u00e4ngd-och turpaket till Vasaloppet kan du kontakta oss f\u00f6r information. Du h\u00e4mtar ut ditt l\u00e4ngd-och turpaket i Uppsala eller V\u00e4ster\u00e5s, v\u00e4lj vilket som passar dig b\u00e4st.<\/p>\n\n\n\n<hr class=\"wp-block-separator has-alpha-channel-opacity is-style-dots\"\/>\n\n\n\n<div style=\"height:40px\" aria-hidden=\"true\" class=\"wp-block-spacer\"><\/div>\n\n\n\n<p class=\"has-text-align-center\">Select dates. <em>NOTE: Free pick-up after 15.00 <\/em>&amp; free return before<em> 13.00.<\/em><\/p>\n\n\n<div class=\"booqable-datepicker\" ><\/div>\n\n\n\n<div style=\"height:10px\" aria-hidden=\"true\" class=\"wp-block-spacer\"><\/div>\n\n\n<div class=\"booqable-product-list\" data-tags=\"langdpaket\"  data-per=\"12\"  data-show-search=\"true\" ><\/div>\n","protected":false},"excerpt":{"rendered":"<p>Hyr l\u00e4ngd-och turpaket&nbsp; Ska du \u00e5ka l\u00e4ngd kan du hyra kompletta l\u00e4ngd-och turpaket hos oss. Vi har l\u00e4ngd-och turpaket som passar de allra flesta som vill ha en sk\u00f6n skid\u00e5kning. [&hellip;]<\/p>\n","protected":false},"author":7,"featured_media":66733,"parent":0,"menu_order":0,"comment_status":"closed","ping_status":"closed","template":"","meta":{"_acf_changed":false,"footnotes":""},"class_list":["post-66731","page","type-page","status-publish","has-post-thumbnail","hentry"],"acf":[],"yoast_head":"<!-- This site is optimized with the Yoast SEO plugin v23.0 - https:\/\/yoast.com\/wordpress\/plugins\/seo\/ -->\n<title>L\u00e4ngdpaket - Uppsala<\/title>\n<meta name=\"robots\" content=\"index, follow, max-snippet:-1, max-image-preview:large, max-video-preview:-1\" \/>\n<link rel=\"canonical\" href=\"https:\/\/aktivtuteliv.se\/uppsala\/langdpaket\/\" \/>\n<meta property=\"og:locale\" content=\"sv_SE\" \/>\n<meta property=\"og:type\" content=\"article\" \/>\n<meta property=\"og:title\" content=\"L\u00e4ngdpaket - Uppsala\" \/>\n<meta property=\"og:description\" content=\"Hyr l\u00e4ngd-och turpaket&nbsp; Ska du \u00e5ka l\u00e4ngd kan du hyra kompletta l\u00e4ngd-och turpaket hos oss. Vi har l\u00e4ngd-och turpaket som passar de allra flesta som vill ha en sk\u00f6n skid\u00e5kning. [&hellip;]\" \/>\n<meta property=\"og:url\" content=\"https:\/\/aktivtuteliv.se\/uppsala\/langdpaket\/\" \/>\n<meta property=\"og:site_name\" content=\"Uppsala\" \/>\n<meta property=\"article:modified_time\" content=\"2023-01-11T23:35:51+00:00\" \/>\n<meta property=\"og:image\" content=\"https:\/\/aktivtuteliv.se\/uppsala\/wp-content\/uploads\/sites\/3\/2023\/01\/nordic_classic_19_jpg-72dpi-scaled.jpg\" \/>\n\t<meta property=\"og:image:width\" content=\"2560\" \/>\n\t<meta property=\"og:image:height\" content=\"1695\" \/>\n\t<meta property=\"og:image:type\" content=\"image\/jpeg\" \/>\n<meta name=\"twitter:card\" content=\"summary_large_image\" \/>\n<meta name=\"twitter:label1\" content=\"Ber\u00e4knad l\u00e4stid\" \/>\n\t<meta name=\"twitter:data1\" content=\"1 minut\" \/>\n<script type=\"application\/ld+json\" class=\"yoast-schema-graph\">{\"@context\":\"https:\/\/schema.org\",\"@graph\":[{\"@type\":\"WebPage\",\"@id\":\"https:\/\/aktivtuteliv.se\/uppsala\/langdpaket\/\",\"url\":\"https:\/\/aktivtuteliv.se\/uppsala\/langdpaket\/\",\"name\":\"L\u00e4ngdpaket - Uppsala\",\"isPartOf\":{\"@id\":\"https:\/\/aktivtuteliv.se\/uppsala\/#website\"},\"primaryImageOfPage\":{\"@id\":\"https:\/\/aktivtuteliv.se\/uppsala\/langdpaket\/#primaryimage\"},\"image\":{\"@id\":\"https:\/\/aktivtuteliv.se\/uppsala\/langdpaket\/#primaryimage\"},\"thumbnailUrl\":\"https:\/\/e5gp8rwuod7.exactdn.com\/uppsala\/wp-content\/uploads\/sites\/3\/2023\/01\/nordic_classic_19_jpg-72dpi-scaled.jpg?strip=all&lossy=1&ssl=1\",\"datePublished\":\"2023-01-10T23:24:13+00:00\",\"dateModified\":\"2023-01-11T23:35:51+00:00\",\"breadcrumb\":{\"@id\":\"https:\/\/aktivtuteliv.se\/uppsala\/langdpaket\/#breadcrumb\"},\"inLanguage\":\"sv-SE\",\"potentialAction\":[{\"@type\":\"ReadAction\",\"target\":[\"https:\/\/aktivtuteliv.se\/uppsala\/langdpaket\/\"]}]},{\"@type\":\"ImageObject\",\"inLanguage\":\"sv-SE\",\"@id\":\"https:\/\/aktivtuteliv.se\/uppsala\/langdpaket\/#primaryimage\",\"url\":\"https:\/\/e5gp8rwuod7.exactdn.com\/uppsala\/wp-content\/uploads\/sites\/3\/2023\/01\/nordic_classic_19_jpg-72dpi-scaled.jpg?strip=all&lossy=1&ssl=1\",\"contentUrl\":\"https:\/\/e5gp8rwuod7.exactdn.com\/uppsala\/wp-content\/uploads\/sites\/3\/2023\/01\/nordic_classic_19_jpg-72dpi-scaled.jpg?strip=all&lossy=1&ssl=1\",\"width\":2560,\"height\":1695},{\"@type\":\"BreadcrumbList\",\"@id\":\"https:\/\/aktivtuteliv.se\/uppsala\/langdpaket\/#breadcrumb\",\"itemListElement\":[{\"@type\":\"ListItem\",\"position\":1,\"name\":\"Home\",\"item\":\"https:\/\/aktivtuteliv.se\/uppsala\/startsida-vinter\/\"},{\"@type\":\"ListItem\",\"position\":2,\"name\":\"L\u00e4ngdpaket\"}]},{\"@type\":\"WebSite\",\"@id\":\"https:\/\/aktivtuteliv.se\/uppsala\/#website\",\"url\":\"https:\/\/aktivtuteliv.se\/uppsala\/\",\"name\":\"Uppsala\",\"description\":\"Hyr sport- &amp; friluftsutrustning\",\"publisher\":{\"@id\":\"https:\/\/aktivtuteliv.se\/uppsala\/#organization\"},\"potentialAction\":[{\"@type\":\"SearchAction\",\"target\":{\"@type\":\"EntryPoint\",\"urlTemplate\":\"https:\/\/aktivtuteliv.se\/uppsala\/?s={search_term_string}\"},\"query-input\":\"required name=search_term_string\"}],\"inLanguage\":\"sv-SE\"},{\"@type\":\"Organization\",\"@id\":\"https:\/\/aktivtuteliv.se\/uppsala\/#organization\",\"name\":\"Uppsala\",\"url\":\"https:\/\/aktivtuteliv.se\/uppsala\/\",\"logo\":{\"@type\":\"ImageObject\",\"inLanguage\":\"sv-SE\",\"@id\":\"https:\/\/aktivtuteliv.se\/uppsala\/#\/schema\/logo\/image\/\",\"url\":\"https:\/\/e5gp8rwuod7.exactdn.com\/uppsala\/wp-content\/uploads\/sites\/3\/2021\/07\/image-1-2.png?strip=all&lossy=1&ssl=1\",\"contentUrl\":\"https:\/\/e5gp8rwuod7.exactdn.com\/uppsala\/wp-content\/uploads\/sites\/3\/2021\/07\/image-1-2.png?strip=all&lossy=1&ssl=1\",\"width\":200,\"height\":98,\"caption\":\"Uppsala\"},\"image\":{\"@id\":\"https:\/\/aktivtuteliv.se\/uppsala\/#\/schema\/logo\/image\/\"}}]}<\/script>\n<!-- \/ Yoast SEO plugin. -->","yoast_head_json":{"title":"L\u00e4ngdpaket - Uppsala","robots":{"index":"index","follow":"follow","max-snippet":"max-snippet:-1","max-image-preview":"max-image-preview:large","max-video-preview":"max-video-preview:-1"},"canonical":"https:\/\/aktivtuteliv.se\/uppsala\/langdpaket\/","og_locale":"sv_SE","og_type":"article","og_title":"L\u00e4ngdpaket - Uppsala","og_description":"Hyr l\u00e4ngd-och turpaket&nbsp; Ska du \u00e5ka l\u00e4ngd kan du hyra kompletta l\u00e4ngd-och turpaket hos oss. Vi har l\u00e4ngd-och turpaket som passar de allra flesta som vill ha en sk\u00f6n skid\u00e5kning. [&hellip;]","og_url":"https:\/\/aktivtuteliv.se\/uppsala\/langdpaket\/","og_site_name":"Uppsala","article_modified_time":"2023-01-11T23:35:51+00:00","og_image":[{"width":2560,"height":1695,"url":"https:\/\/aktivtuteliv.se\/uppsala\/wp-content\/uploads\/sites\/3\/2023\/01\/nordic_classic_19_jpg-72dpi-scaled.jpg","type":"image\/jpeg"}],"twitter_card":"summary_large_image","twitter_misc":{"Ber\u00e4knad l\u00e4stid":"1 minut"},"schema":{"@context":"https:\/\/schema.org","@graph":[{"@type":"WebPage","@id":"https:\/\/aktivtuteliv.se\/uppsala\/langdpaket\/","url":"https:\/\/aktivtuteliv.se\/uppsala\/langdpaket\/","name":"L\u00e4ngdpaket - Uppsala","isPartOf":{"@id":"https:\/\/aktivtuteliv.se\/uppsala\/#website"},"primaryImageOfPage":{"@id":"https:\/\/aktivtuteliv.se\/uppsala\/langdpaket\/#primaryimage"},"image":{"@id":"https:\/\/aktivtuteliv.se\/uppsala\/langdpaket\/#primaryimage"},"thumbnailUrl":"https:\/\/e5gp8rwuod7.exactdn.com\/uppsala\/wp-content\/uploads\/sites\/3\/2023\/01\/nordic_classic_19_jpg-72dpi-scaled.jpg?strip=all&lossy=1&ssl=1","datePublished":"2023-01-10T23:24:13+00:00","dateModified":"2023-01-11T23:35:51+00:00","breadcrumb":{"@id":"https:\/\/aktivtuteliv.se\/uppsala\/langdpaket\/#breadcrumb"},"inLanguage":"sv-SE","potentialAction":[{"@type":"ReadAction","target":["https:\/\/aktivtuteliv.se\/uppsala\/langdpaket\/"]}]},{"@type":"ImageObject","inLanguage":"sv-SE","@id":"https:\/\/aktivtuteliv.se\/uppsala\/langdpaket\/#primaryimage","url":"https:\/\/e5gp8rwuod7.exactdn.com\/uppsala\/wp-content\/uploads\/sites\/3\/2023\/01\/nordic_classic_19_jpg-72dpi-scaled.jpg?strip=all&lossy=1&ssl=1","contentUrl":"https:\/\/e5gp8rwuod7.exactdn.com\/uppsala\/wp-content\/uploads\/sites\/3\/2023\/01\/nordic_classic_19_jpg-72dpi-scaled.jpg?strip=all&lossy=1&ssl=1","width":2560,"height":1695},{"@type":"BreadcrumbList","@id":"https:\/\/aktivtuteliv.se\/uppsala\/langdpaket\/#breadcrumb","itemListElement":[{"@type":"ListItem","position":1,"name":"Home","item":"https:\/\/aktivtuteliv.se\/uppsala\/startsida-vinter\/"},{"@type":"ListItem","position":2,"name":"L\u00e4ngdpaket"}]},{"@type":"WebSite","@id":"https:\/\/aktivtuteliv.se\/uppsala\/#website","url":"https:\/\/aktivtuteliv.se\/uppsala\/","name":"Uppsala","description":"Hyr sport- &amp; friluftsutrustning","publisher":{"@id":"https:\/\/aktivtuteliv.se\/uppsala\/#organization"},"potentialAction":[{"@type":"SearchAction","target":{"@type":"EntryPoint","urlTemplate":"https:\/\/aktivtuteliv.se\/uppsala\/?s={search_term_string}"},"query-input":"required name=search_term_string"}],"inLanguage":"sv-SE"},{"@type":"Organization","@id":"https:\/\/aktivtuteliv.se\/uppsala\/#organization","name":"Uppsala","url":"https:\/\/aktivtuteliv.se\/uppsala\/","logo":{"@type":"ImageObject","inLanguage":"sv-SE","@id":"https:\/\/aktivtuteliv.se\/uppsala\/#\/schema\/logo\/image\/","url":"https:\/\/e5gp8rwuod7.exactdn.com\/uppsala\/wp-content\/uploads\/sites\/3\/2021\/07\/image-1-2.png?strip=all&lossy=1&ssl=1","contentUrl":"https:\/\/e5gp8rwuod7.exactdn.com\/uppsala\/wp-content\/uploads\/sites\/3\/2021\/07\/image-1-2.png?strip=all&lossy=1&ssl=1","width":200,"height":98,"caption":"Uppsala"},"image":{"@id":"https:\/\/aktivtuteliv.se\/uppsala\/#\/schema\/logo\/image\/"}}]}},"_links":{"self":[{"href":"https:\/\/aktivtuteliv.se\/uppsala\/wp-json\/wp\/v2\/pages\/66731","targetHints":{"allow":["GET"]}}],"collection":[{"href":"https:\/\/aktivtuteliv.se\/uppsala\/wp-json\/wp\/v2\/pages"}],"about":[{"href":"https:\/\/aktivtuteliv.se\/uppsala\/wp-json\/wp\/v2\/types\/page"}],"author":[{"embeddable":true,"href":"https:\/\/aktivtuteliv.se\/uppsala\/wp-json\/wp\/v2\/users\/7"}],"replies":[{"embeddable":true,"href":"https:\/\/aktivtuteliv.se\/uppsala\/wp-json\/wp\/v2\/comments?post=66731"}],"version-history":[{"count":0,"href":"https:\/\/aktivtuteliv.se\/uppsala\/wp-json\/wp\/v2\/pages\/66731\/revisions"}],"wp:featuredmedia":[{"embeddable":true,"href":"https:\/\/aktivtuteliv.se\/uppsala\/wp-json\/wp\/v2\/media\/66733"}],"wp:attachment":[{"href":"https:\/\/aktivtuteliv.se\/uppsala\/wp-json\/wp\/v2\/media?parent=66731"}],"curies":[{"name":"wp","href":"https:\/\/api.w.org\/{rel}","templated":true}]}}