


{"id":67095,"date":"2023-03-24T10:48:02","date_gmt":"2023-03-24T10:48:02","guid":{"rendered":"https:\/\/aktivtuteliv.se\/uppsala\/?page_id=67095"},"modified":"2023-04-03T12:08:31","modified_gmt":"2023-04-03T12:08:31","slug":"naturnara-motesplatser","status":"publish","type":"page","link":"https:\/\/aktivtuteliv.se\/uppsala\/naturnara-motesplatser\/","title":{"rendered":"Naturn\u00e4ra m\u00f6tesplatser"},"content":{"rendered":"\n<h2 class=\"wp-block-heading\">Mitt i naturen, n\u00e4ra staden\u2026<\/h2>\n\n\n\n<p>Mitt i naturen, n\u00e4ra staden, g\u00f6r Sunnerstastugan till den givna platsen att arrangera m\u00f6ten. V\u00e5r kunniga personal hj\u00e4lper dig att skapa upplevelser och sp\u00e4nnande \u00e4ventyr som passar just din grupp och f\u00f6retag.<\/p>\n\n\n\n<div class=\"wp-block-media-text alignwide is-stacked-on-mobile is-vertically-aligned-center\" style=\"grid-template-columns:43% auto\"><figure class=\"wp-block-media-text__media\"><img loading=\"lazy\" decoding=\"async\" width=\"1024\" height=\"1024\" src=\"https:\/\/e5gp8rwuod7.exactdn.com\/uppsala\/wp-content\/uploads\/sites\/3\/2023\/03\/tentipi_au2-1024x1024.jpg?strip=all&lossy=1&ssl=1\" alt=\"\" class=\"wp-image-67111 size-full\" srcset=\"https:\/\/e5gp8rwuod7.exactdn.com\/uppsala\/wp-content\/uploads\/sites\/3\/2023\/03\/tentipi_au2-1024x1024.jpg?strip=all&amp;lossy=1&amp;ssl=1 1024w, https:\/\/e5gp8rwuod7.exactdn.com\/uppsala\/wp-content\/uploads\/sites\/3\/2023\/03\/tentipi_au2-300x300.jpg?strip=all&amp;lossy=1&amp;ssl=1 300w, https:\/\/e5gp8rwuod7.exactdn.com\/uppsala\/wp-content\/uploads\/sites\/3\/2023\/03\/tentipi_au2-150x150.jpg?strip=all&amp;lossy=1&amp;ssl=1 150w, https:\/\/e5gp8rwuod7.exactdn.com\/uppsala\/wp-content\/uploads\/sites\/3\/2023\/03\/tentipi_au2-768x768.jpg?strip=all&amp;lossy=1&amp;ssl=1 768w, https:\/\/e5gp8rwuod7.exactdn.com\/uppsala\/wp-content\/uploads\/sites\/3\/2023\/03\/tentipi_au2-352x352.jpg?strip=all&amp;lossy=1&amp;ssl=1 352w, https:\/\/e5gp8rwuod7.exactdn.com\/uppsala\/wp-content\/uploads\/sites\/3\/2023\/03\/tentipi_au2-240x240.jpg?strip=all&amp;lossy=1&amp;ssl=1 240w, https:\/\/e5gp8rwuod7.exactdn.com\/uppsala\/wp-content\/uploads\/sites\/3\/2023\/03\/tentipi_au2-600x600.jpg?strip=all&amp;lossy=1&amp;ssl=1 600w, https:\/\/e5gp8rwuod7.exactdn.com\/uppsala\/wp-content\/uploads\/sites\/3\/2023\/03\/tentipi_au2-100x100.jpg?strip=all&amp;lossy=1&amp;ssl=1 100w, https:\/\/e5gp8rwuod7.exactdn.com\/uppsala\/wp-content\/uploads\/sites\/3\/2023\/03\/tentipi_au2.jpg?strip=all&amp;lossy=1&amp;ssl=1 1250w, https:\/\/e5gp8rwuod7.exactdn.com\/uppsala\/wp-content\/uploads\/sites\/3\/2023\/03\/tentipi_au2.jpg?strip=all&amp;lossy=1&amp;w=1152&amp;ssl=1 1152w\" sizes=\"auto, (max-width: 1024px) 100vw, 1024px\" \/><\/figure><div class=\"wp-block-media-text__content\">\n<p><br><strong>Tentipi<\/strong><br>\u00a0<br>I v\u00e5r fina Tentipi\u00a0f\u00e5r ni\u00a0en unik och naturn\u00e4ra konferensupplevelse. H\u00e4r\u00a0skapas kreativa m\u00f6ten i\u00a0rofylld milj\u00f6. I skydd fr\u00e5n regn och solens str\u00e5lar dukar vi upp b\u00e4nkar med\u00a0renf\u00e4llar och skapar en mysig atmosf\u00e4r. T\u00e4ltet rymmer ca 20 personer och kan bli fullt utrustat f\u00f6r en modern konferens. Kombinera m\u00f6tet med n\u00e5gon av v\u00e5ra roliga aktiviteter och mat &amp; dryck.<br><em>2500kr\/halvdag &#8211; utan utrustning<br>4500kr\/halvdag &#8211; med utrustning<br>4500kr\/heldag &#8211; utan utrustning<br>7000kr\/heldag &#8211; med utrustning<\/em><br><\/p>\n<\/div><\/div>\n\n\n\n<div class=\"wp-block-media-text alignwide has-media-on-the-right is-stacked-on-mobile\" style=\"grid-template-columns:auto 47%\"><div class=\"wp-block-media-text__content\">\n<p><br><strong>M\u00f6te i naturen<\/strong><\/p>\n\n\n\n<p>Vad s\u00e4gs om ett lunchm\u00f6te vid l\u00e4gerelden i en skogsgl\u00e4nta? Nu erbjuder vi m\u00f6ten mitt i naturen, l\u00e5ngt ifr\u00e5n stadens brus. Naturen g\u00f6r anst\u00e4llda mer&nbsp;kreativa,&nbsp;n\u00f6jda med sina jobb och mindre stressade. Passar b\u00e4st f\u00f6r m\u00f6ten av l\u00e4ttsammare karakt\u00e4r och teambuilding. <\/p>\n<\/div><figure class=\"wp-block-media-text__media\"><img loading=\"lazy\" decoding=\"async\" width=\"1024\" height=\"819\" src=\"https:\/\/e5gp8rwuod7.exactdn.com\/uppsala\/wp-content\/uploads\/sites\/3\/2021\/07\/FotoJosefinLittmarck-Paddling-webb31-1024x819.jpg?strip=all&lossy=1&ssl=1\" alt=\"\" class=\"wp-image-61136 size-full\" srcset=\"https:\/\/e5gp8rwuod7.exactdn.com\/uppsala\/wp-content\/uploads\/sites\/3\/2021\/07\/FotoJosefinLittmarck-Paddling-webb31-1024x819.jpg?strip=all&amp;lossy=1&amp;ssl=1 1024w, https:\/\/e5gp8rwuod7.exactdn.com\/uppsala\/wp-content\/uploads\/sites\/3\/2021\/07\/FotoJosefinLittmarck-Paddling-webb31-300x240.jpg?strip=all&amp;lossy=1&amp;ssl=1 300w, https:\/\/e5gp8rwuod7.exactdn.com\/uppsala\/wp-content\/uploads\/sites\/3\/2021\/07\/FotoJosefinLittmarck-Paddling-webb31-768x614.jpg?strip=all&amp;lossy=1&amp;ssl=1 768w, https:\/\/e5gp8rwuod7.exactdn.com\/uppsala\/wp-content\/uploads\/sites\/3\/2021\/07\/FotoJosefinLittmarck-Paddling-webb31-1536x1229.jpg?strip=all&amp;lossy=1&amp;ssl=1 1536w, https:\/\/e5gp8rwuod7.exactdn.com\/uppsala\/wp-content\/uploads\/sites\/3\/2021\/07\/FotoJosefinLittmarck-Paddling-webb31-440x352.jpg?strip=all&amp;lossy=1&amp;ssl=1 440w, https:\/\/e5gp8rwuod7.exactdn.com\/uppsala\/wp-content\/uploads\/sites\/3\/2021\/07\/FotoJosefinLittmarck-Paddling-webb31-1920x1536.jpg?strip=all&amp;lossy=1&amp;ssl=1 1920w, https:\/\/e5gp8rwuod7.exactdn.com\/uppsala\/wp-content\/uploads\/sites\/3\/2021\/07\/FotoJosefinLittmarck-Paddling-webb31-600x480.jpg?strip=all&amp;lossy=1&amp;ssl=1 600w, https:\/\/e5gp8rwuod7.exactdn.com\/uppsala\/wp-content\/uploads\/sites\/3\/2021\/07\/FotoJosefinLittmarck-Paddling-webb31.jpg?strip=all&amp;lossy=1&amp;ssl=1 2048w, https:\/\/e5gp8rwuod7.exactdn.com\/uppsala\/wp-content\/uploads\/sites\/3\/2021\/07\/FotoJosefinLittmarck-Paddling-webb31.jpg?strip=all&amp;lossy=1&amp;w=384&amp;ssl=1 384w, https:\/\/e5gp8rwuod7.exactdn.com\/uppsala\/wp-content\/uploads\/sites\/3\/2021\/07\/FotoJosefinLittmarck-Paddling-webb31.jpg?strip=all&amp;lossy=1&amp;w=1152&amp;ssl=1 1152w\" sizes=\"auto, (max-width: 1024px) 100vw, 1024px\" \/><\/figure><\/div>\n\n\n\n<div class=\"wp-block-media-text alignwide is-stacked-on-mobile\" style=\"grid-template-columns:42% auto\"><figure class=\"wp-block-media-text__media\"><img decoding=\"async\" src=\"https:\/\/e5gp8rwuod7.exactdn.com\/uppsala\/wp-content\/uploads\/sites\/3\/2023\/03\/wiks_slott-1024x1024.jpg?strip=all&lossy=1&ssl=1\" alt=\"\" class=\"wp-image-67113 size-full\"\/><\/figure><div class=\"wp-block-media-text__content\">\n<p><br><strong>Wiks Slott<\/strong><\/p>\n\n\n\n<p>I samarbete med Wiks Slott arrangerar vi&nbsp;grupp och f\u00f6retagsevent. I&nbsp;en historisk milj\u00f6 med m\u00e5ng\u00e5rig erfarenhet anordnar&nbsp;Wiks Slott&nbsp;moderna konferenser, m\u00f6ten och kick-offer. De har lokalerna, utrustningen, den v\u00e4lsmakande maten f\u00f6r en givande konferens. F\u00f6r att h\u00f6ja pulsen och st\u00e4rka gruppk\u00e4nslan erbjuder vi sp\u00e4nnande utomhusaktiviteter.  Ta en titt p\u00e5 v\u00e5ra aktiviteter l\u00e4ngre ner!<br><\/p>\n<\/div><\/div>\n\n\n\n<div class=\"wp-block-media-text alignwide has-media-on-the-right is-stacked-on-mobile\"><div class=\"wp-block-media-text__content\">\n<p><br><strong>Under en utflykt<\/strong><\/p>\n\n\n\n<p>Varf\u00f6r inte ta n\u00e4sta m\u00f6te mitt ute p\u00e5 en strand efter n\u00e5gon timmes paddling. Det perfekta s\u00e4ttet att st\u00e4rka teamk\u00e4nslan och g\u00f6ra n\u00e5t roligt tillsammans utanf\u00f6r den vanliga arbetsplatsen. Vi ordnar allt det praktiska och bollar g\u00e4rna id\u00e9er med er!<\/p>\n<\/div><figure class=\"wp-block-media-text__media\"><img loading=\"lazy\" decoding=\"async\" width=\"1024\" height=\"682\" src=\"https:\/\/e5gp8rwuod7.exactdn.com\/uppsala\/wp-content\/uploads\/sites\/3\/2021\/07\/FotoJosefinLittmarck-Paddling-webb16-1024x682.jpg?strip=all&lossy=1&ssl=1\" alt=\"\" class=\"wp-image-61121 size-full\" srcset=\"https:\/\/e5gp8rwuod7.exactdn.com\/uppsala\/wp-content\/uploads\/sites\/3\/2021\/07\/FotoJosefinLittmarck-Paddling-webb16-1024x682.jpg?strip=all&amp;lossy=1&amp;ssl=1 1024w, https:\/\/e5gp8rwuod7.exactdn.com\/uppsala\/wp-content\/uploads\/sites\/3\/2021\/07\/FotoJosefinLittmarck-Paddling-webb16-300x200.jpg?strip=all&amp;lossy=1&amp;ssl=1 300w, https:\/\/e5gp8rwuod7.exactdn.com\/uppsala\/wp-content\/uploads\/sites\/3\/2021\/07\/FotoJosefinLittmarck-Paddling-webb16-768x511.jpg?strip=all&amp;lossy=1&amp;ssl=1 768w, https:\/\/e5gp8rwuod7.exactdn.com\/uppsala\/wp-content\/uploads\/sites\/3\/2021\/07\/FotoJosefinLittmarck-Paddling-webb16-1536x1022.jpg?strip=all&amp;lossy=1&amp;ssl=1 1536w, https:\/\/e5gp8rwuod7.exactdn.com\/uppsala\/wp-content\/uploads\/sites\/3\/2021\/07\/FotoJosefinLittmarck-Paddling-webb16-529x352.jpg?strip=all&amp;lossy=1&amp;ssl=1 529w, https:\/\/e5gp8rwuod7.exactdn.com\/uppsala\/wp-content\/uploads\/sites\/3\/2021\/07\/FotoJosefinLittmarck-Paddling-webb16-361x240.jpg?strip=all&amp;lossy=1&amp;ssl=1 361w, https:\/\/e5gp8rwuod7.exactdn.com\/uppsala\/wp-content\/uploads\/sites\/3\/2021\/07\/FotoJosefinLittmarck-Paddling-webb16-1920x1278.jpg?strip=all&amp;lossy=1&amp;ssl=1 1920w, https:\/\/e5gp8rwuod7.exactdn.com\/uppsala\/wp-content\/uploads\/sites\/3\/2021\/07\/FotoJosefinLittmarck-Paddling-webb16-600x399.jpg?strip=all&amp;lossy=1&amp;ssl=1 600w, https:\/\/e5gp8rwuod7.exactdn.com\/uppsala\/wp-content\/uploads\/sites\/3\/2021\/07\/FotoJosefinLittmarck-Paddling-webb16.jpg?strip=all&amp;lossy=1&amp;ssl=1 2048w, https:\/\/e5gp8rwuod7.exactdn.com\/uppsala\/wp-content\/uploads\/sites\/3\/2021\/07\/FotoJosefinLittmarck-Paddling-webb16.jpg?strip=all&amp;lossy=1&amp;w=1152&amp;ssl=1 1152w\" sizes=\"auto, (max-width: 1024px) 100vw, 1024px\" \/><\/figure><\/div>\n","protected":false},"excerpt":{"rendered":"<p>Mitt i naturen, n\u00e4ra staden\u2026 Mitt i naturen, n\u00e4ra staden, g\u00f6r Sunnerstastugan till den givna platsen att arrangera m\u00f6ten. V\u00e5r kunniga personal hj\u00e4lper dig att skapa upplevelser och sp\u00e4nnande \u00e4ventyr [&hellip;]<\/p>\n","protected":false},"author":7,"featured_media":61121,"parent":0,"menu_order":0,"comment_status":"closed","ping_status":"closed","template":"","meta":{"_acf_changed":false,"footnotes":""},"class_list":["post-67095","page","type-page","status-publish","has-post-thumbnail","hentry"],"acf":[],"yoast_head":"<!-- This site is optimized with the Yoast SEO plugin v23.0 - https:\/\/yoast.com\/wordpress\/plugins\/seo\/ -->\n<title>Naturn\u00e4ra m\u00f6tesplatser - Uppsala<\/title>\n<meta name=\"robots\" content=\"index, follow, max-snippet:-1, max-image-preview:large, max-video-preview:-1\" \/>\n<link rel=\"canonical\" href=\"https:\/\/aktivtuteliv.se\/uppsala\/naturnara-motesplatser\/\" \/>\n<meta property=\"og:locale\" content=\"sv_SE\" \/>\n<meta property=\"og:type\" content=\"article\" \/>\n<meta property=\"og:title\" content=\"Naturn\u00e4ra m\u00f6tesplatser - Uppsala\" \/>\n<meta property=\"og:description\" content=\"Mitt i naturen, n\u00e4ra staden\u2026 Mitt i naturen, n\u00e4ra staden, g\u00f6r Sunnerstastugan till den givna platsen att arrangera m\u00f6ten. V\u00e5r kunniga personal hj\u00e4lper dig att skapa upplevelser och sp\u00e4nnande \u00e4ventyr [&hellip;]\" \/>\n<meta property=\"og:url\" content=\"https:\/\/aktivtuteliv.se\/uppsala\/naturnara-motesplatser\/\" \/>\n<meta property=\"og:site_name\" content=\"Uppsala\" \/>\n<meta property=\"article:modified_time\" content=\"2023-04-03T12:08:31+00:00\" \/>\n<meta property=\"og:image\" content=\"https:\/\/aktivtuteliv.se\/uppsala\/wp-content\/uploads\/sites\/3\/2021\/07\/FotoJosefinLittmarck-Paddling-webb16.jpg\" \/>\n\t<meta property=\"og:image:width\" content=\"2048\" \/>\n\t<meta property=\"og:image:height\" content=\"1363\" \/>\n\t<meta property=\"og:image:type\" content=\"image\/jpeg\" \/>\n<meta name=\"twitter:card\" content=\"summary_large_image\" \/>\n<meta name=\"twitter:label1\" content=\"Ber\u00e4knad l\u00e4stid\" \/>\n\t<meta name=\"twitter:data1\" content=\"3 minuter\" \/>\n<script type=\"application\/ld+json\" class=\"yoast-schema-graph\">{\"@context\":\"https:\/\/schema.org\",\"@graph\":[{\"@type\":\"WebPage\",\"@id\":\"https:\/\/aktivtuteliv.se\/uppsala\/naturnara-motesplatser\/\",\"url\":\"https:\/\/aktivtuteliv.se\/uppsala\/naturnara-motesplatser\/\",\"name\":\"Naturn\u00e4ra m\u00f6tesplatser - Uppsala\",\"isPartOf\":{\"@id\":\"https:\/\/aktivtuteliv.se\/uppsala\/#website\"},\"primaryImageOfPage\":{\"@id\":\"https:\/\/aktivtuteliv.se\/uppsala\/naturnara-motesplatser\/#primaryimage\"},\"image\":{\"@id\":\"https:\/\/aktivtuteliv.se\/uppsala\/naturnara-motesplatser\/#primaryimage\"},\"thumbnailUrl\":\"https:\/\/e5gp8rwuod7.exactdn.com\/uppsala\/wp-content\/uploads\/sites\/3\/2021\/07\/FotoJosefinLittmarck-Paddling-webb16.jpg?strip=all&lossy=1&ssl=1\",\"datePublished\":\"2023-03-24T10:48:02+00:00\",\"dateModified\":\"2023-04-03T12:08:31+00:00\",\"breadcrumb\":{\"@id\":\"https:\/\/aktivtuteliv.se\/uppsala\/naturnara-motesplatser\/#breadcrumb\"},\"inLanguage\":\"sv-SE\",\"potentialAction\":[{\"@type\":\"ReadAction\",\"target\":[\"https:\/\/aktivtuteliv.se\/uppsala\/naturnara-motesplatser\/\"]}]},{\"@type\":\"ImageObject\",\"inLanguage\":\"sv-SE\",\"@id\":\"https:\/\/aktivtuteliv.se\/uppsala\/naturnara-motesplatser\/#primaryimage\",\"url\":\"https:\/\/e5gp8rwuod7.exactdn.com\/uppsala\/wp-content\/uploads\/sites\/3\/2021\/07\/FotoJosefinLittmarck-Paddling-webb16.jpg?strip=all&lossy=1&ssl=1\",\"contentUrl\":\"https:\/\/e5gp8rwuod7.exactdn.com\/uppsala\/wp-content\/uploads\/sites\/3\/2021\/07\/FotoJosefinLittmarck-Paddling-webb16.jpg?strip=all&lossy=1&ssl=1\",\"width\":2048,\"height\":1363},{\"@type\":\"BreadcrumbList\",\"@id\":\"https:\/\/aktivtuteliv.se\/uppsala\/naturnara-motesplatser\/#breadcrumb\",\"itemListElement\":[{\"@type\":\"ListItem\",\"position\":1,\"name\":\"Home\",\"item\":\"https:\/\/aktivtuteliv.se\/uppsala\/startsida-vinter\/\"},{\"@type\":\"ListItem\",\"position\":2,\"name\":\"Naturn\u00e4ra m\u00f6tesplatser\"}]},{\"@type\":\"WebSite\",\"@id\":\"https:\/\/aktivtuteliv.se\/uppsala\/#website\",\"url\":\"https:\/\/aktivtuteliv.se\/uppsala\/\",\"name\":\"Uppsala\",\"description\":\"Hyr sport- &amp; friluftsutrustning\",\"publisher\":{\"@id\":\"https:\/\/aktivtuteliv.se\/uppsala\/#organization\"},\"potentialAction\":[{\"@type\":\"SearchAction\",\"target\":{\"@type\":\"EntryPoint\",\"urlTemplate\":\"https:\/\/aktivtuteliv.se\/uppsala\/?s={search_term_string}\"},\"query-input\":\"required name=search_term_string\"}],\"inLanguage\":\"sv-SE\"},{\"@type\":\"Organization\",\"@id\":\"https:\/\/aktivtuteliv.se\/uppsala\/#organization\",\"name\":\"Uppsala\",\"url\":\"https:\/\/aktivtuteliv.se\/uppsala\/\",\"logo\":{\"@type\":\"ImageObject\",\"inLanguage\":\"sv-SE\",\"@id\":\"https:\/\/aktivtuteliv.se\/uppsala\/#\/schema\/logo\/image\/\",\"url\":\"https:\/\/e5gp8rwuod7.exactdn.com\/uppsala\/wp-content\/uploads\/sites\/3\/2021\/07\/image-1-2.png?strip=all&lossy=1&ssl=1\",\"contentUrl\":\"https:\/\/e5gp8rwuod7.exactdn.com\/uppsala\/wp-content\/uploads\/sites\/3\/2021\/07\/image-1-2.png?strip=all&lossy=1&ssl=1\",\"width\":200,\"height\":98,\"caption\":\"Uppsala\"},\"image\":{\"@id\":\"https:\/\/aktivtuteliv.se\/uppsala\/#\/schema\/logo\/image\/\"}}]}<\/script>\n<!-- \/ Yoast SEO plugin. -->","yoast_head_json":{"title":"Naturn\u00e4ra m\u00f6tesplatser - Uppsala","robots":{"index":"index","follow":"follow","max-snippet":"max-snippet:-1","max-image-preview":"max-image-preview:large","max-video-preview":"max-video-preview:-1"},"canonical":"https:\/\/aktivtuteliv.se\/uppsala\/naturnara-motesplatser\/","og_locale":"sv_SE","og_type":"article","og_title":"Naturn\u00e4ra m\u00f6tesplatser - Uppsala","og_description":"Mitt i naturen, n\u00e4ra staden\u2026 Mitt i naturen, n\u00e4ra staden, g\u00f6r Sunnerstastugan till den givna platsen att arrangera m\u00f6ten. V\u00e5r kunniga personal hj\u00e4lper dig att skapa upplevelser och sp\u00e4nnande \u00e4ventyr [&hellip;]","og_url":"https:\/\/aktivtuteliv.se\/uppsala\/naturnara-motesplatser\/","og_site_name":"Uppsala","article_modified_time":"2023-04-03T12:08:31+00:00","og_image":[{"width":2048,"height":1363,"url":"https:\/\/aktivtuteliv.se\/uppsala\/wp-content\/uploads\/sites\/3\/2021\/07\/FotoJosefinLittmarck-Paddling-webb16.jpg","type":"image\/jpeg"}],"twitter_card":"summary_large_image","twitter_misc":{"Ber\u00e4knad l\u00e4stid":"3 minuter"},"schema":{"@context":"https:\/\/schema.org","@graph":[{"@type":"WebPage","@id":"https:\/\/aktivtuteliv.se\/uppsala\/naturnara-motesplatser\/","url":"https:\/\/aktivtuteliv.se\/uppsala\/naturnara-motesplatser\/","name":"Naturn\u00e4ra m\u00f6tesplatser - Uppsala","isPartOf":{"@id":"https:\/\/aktivtuteliv.se\/uppsala\/#website"},"primaryImageOfPage":{"@id":"https:\/\/aktivtuteliv.se\/uppsala\/naturnara-motesplatser\/#primaryimage"},"image":{"@id":"https:\/\/aktivtuteliv.se\/uppsala\/naturnara-motesplatser\/#primaryimage"},"thumbnailUrl":"https:\/\/e5gp8rwuod7.exactdn.com\/uppsala\/wp-content\/uploads\/sites\/3\/2021\/07\/FotoJosefinLittmarck-Paddling-webb16.jpg?strip=all&lossy=1&ssl=1","datePublished":"2023-03-24T10:48:02+00:00","dateModified":"2023-04-03T12:08:31+00:00","breadcrumb":{"@id":"https:\/\/aktivtuteliv.se\/uppsala\/naturnara-motesplatser\/#breadcrumb"},"inLanguage":"sv-SE","potentialAction":[{"@type":"ReadAction","target":["https:\/\/aktivtuteliv.se\/uppsala\/naturnara-motesplatser\/"]}]},{"@type":"ImageObject","inLanguage":"sv-SE","@id":"https:\/\/aktivtuteliv.se\/uppsala\/naturnara-motesplatser\/#primaryimage","url":"https:\/\/e5gp8rwuod7.exactdn.com\/uppsala\/wp-content\/uploads\/sites\/3\/2021\/07\/FotoJosefinLittmarck-Paddling-webb16.jpg?strip=all&lossy=1&ssl=1","contentUrl":"https:\/\/e5gp8rwuod7.exactdn.com\/uppsala\/wp-content\/uploads\/sites\/3\/2021\/07\/FotoJosefinLittmarck-Paddling-webb16.jpg?strip=all&lossy=1&ssl=1","width":2048,"height":1363},{"@type":"BreadcrumbList","@id":"https:\/\/aktivtuteliv.se\/uppsala\/naturnara-motesplatser\/#breadcrumb","itemListElement":[{"@type":"ListItem","position":1,"name":"Home","item":"https:\/\/aktivtuteliv.se\/uppsala\/startsida-vinter\/"},{"@type":"ListItem","position":2,"name":"Naturn\u00e4ra m\u00f6tesplatser"}]},{"@type":"WebSite","@id":"https:\/\/aktivtuteliv.se\/uppsala\/#website","url":"https:\/\/aktivtuteliv.se\/uppsala\/","name":"Uppsala","description":"Hyr sport- &amp; friluftsutrustning","publisher":{"@id":"https:\/\/aktivtuteliv.se\/uppsala\/#organization"},"potentialAction":[{"@type":"SearchAction","target":{"@type":"EntryPoint","urlTemplate":"https:\/\/aktivtuteliv.se\/uppsala\/?s={search_term_string}"},"query-input":"required name=search_term_string"}],"inLanguage":"sv-SE"},{"@type":"Organization","@id":"https:\/\/aktivtuteliv.se\/uppsala\/#organization","name":"Uppsala","url":"https:\/\/aktivtuteliv.se\/uppsala\/","logo":{"@type":"ImageObject","inLanguage":"sv-SE","@id":"https:\/\/aktivtuteliv.se\/uppsala\/#\/schema\/logo\/image\/","url":"https:\/\/e5gp8rwuod7.exactdn.com\/uppsala\/wp-content\/uploads\/sites\/3\/2021\/07\/image-1-2.png?strip=all&lossy=1&ssl=1","contentUrl":"https:\/\/e5gp8rwuod7.exactdn.com\/uppsala\/wp-content\/uploads\/sites\/3\/2021\/07\/image-1-2.png?strip=all&lossy=1&ssl=1","width":200,"height":98,"caption":"Uppsala"},"image":{"@id":"https:\/\/aktivtuteliv.se\/uppsala\/#\/schema\/logo\/image\/"}}]}},"_links":{"self":[{"href":"https:\/\/aktivtuteliv.se\/uppsala\/wp-json\/wp\/v2\/pages\/67095","targetHints":{"allow":["GET"]}}],"collection":[{"href":"https:\/\/aktivtuteliv.se\/uppsala\/wp-json\/wp\/v2\/pages"}],"about":[{"href":"https:\/\/aktivtuteliv.se\/uppsala\/wp-json\/wp\/v2\/types\/page"}],"author":[{"embeddable":true,"href":"https:\/\/aktivtuteliv.se\/uppsala\/wp-json\/wp\/v2\/users\/7"}],"replies":[{"embeddable":true,"href":"https:\/\/aktivtuteliv.se\/uppsala\/wp-json\/wp\/v2\/comments?post=67095"}],"version-history":[{"count":0,"href":"https:\/\/aktivtuteliv.se\/uppsala\/wp-json\/wp\/v2\/pages\/67095\/revisions"}],"wp:featuredmedia":[{"embeddable":true,"href":"https:\/\/aktivtuteliv.se\/uppsala\/wp-json\/wp\/v2\/media\/61121"}],"wp:attachment":[{"href":"https:\/\/aktivtuteliv.se\/uppsala\/wp-json\/wp\/v2\/media?parent=67095"}],"curies":[{"name":"wp","href":"https:\/\/api.w.org\/{rel}","templated":true}]}}