


{"id":67177,"date":"2023-04-05T09:21:25","date_gmt":"2023-04-05T09:21:25","guid":{"rendered":"https:\/\/aktivtuteliv.se\/uppsala\/?page_id=67177"},"modified":"2026-02-07T06:23:39","modified_gmt":"2026-02-07T06:23:39","slug":"jobba-med-oss","status":"publish","type":"page","link":"https:\/\/aktivtuteliv.se\/uppsala\/jobba-med-oss\/","title":{"rendered":"Jobba med oss"},"content":{"rendered":"\n<h2 class=\"wp-block-heading\">Kom och h\u00e4ng med oss!<\/h2>\n\n\n\n<p><strong>Vill du jobba med ett aktivt uteliv?<br><\/strong>Vi s\u00f6ker dig som har ett stort intresse av sport- och friluftsliv. Du \u00e4r social och sprider energi omkring dig. Du gillar att arbeta med service och g\u00f6r g\u00e4rna det d\u00e4r lilla extra f\u00f6r att leverera h\u00f6g kvalitet.<\/p>\n\n\n\n<p><strong>Vilka \u00e4r vi?<br><\/strong>Vi \u00e4r ett litet och nyt\u00e4nkande f\u00f6retag i sport- och friluftsbranschen med fokus p\u00e5 uthyrning, f\u00f6rs\u00e4ljning, kurser och aktiviteter. D\u00e5 vi v\u00e4xer snabbt och har stora ambitioner har vi h\u00f6gt i tak f\u00f6r att hitta p\u00e5 och verkst\u00e4lla nya id\u00e9er d\u00e4r alla \u00e4r med i skapandeprocessen. Vi jobbar i ett litet team d\u00e4r det \u00e4r viktigt med gl\u00e4dje och en positiv anda eftersom vi jobbar h\u00e5rt med att driva p\u00e5 i arbetet f\u00f6r att utveckla verksamheten och beh\u00e5lla v\u00e5ra h\u00f6ga krav p\u00e5 service.<\/p>\n\n\n\n<p><strong>Aktivitetsomr\u00e5den;\u00a0<br><\/strong>Vinter &#8211; Alpint, l\u00e4ngd, skridskor, caf\u00e9, verkstad<br>Sommar &#8211; Kajak, Stand Up Paddle, MTB, rullskidor, vandring. Vi arrangerar \u00e4ven f\u00f6retagsevent, h\u00e5ller i kurser och andra aktiviteter som innefattar v\u00e5r utrustning.<\/p>\n\n\n\n<p><strong>Vad ska du g\u00f6ra?<br><\/strong>Jobbar du hos oss kommer du tr\u00e4ffa m\u00e4nniskor som vill testa olika sport- och friluftsaktiviteter, vara ute i naturen p\u00e5 olika uppdrag och komfortabelt kunna instruera i hur aktiviteterna ut\u00f6vas. \u00d6vriga uppgifter innefattar f\u00f6rs\u00e4ljning och kassahantering, hantering av bokningar, utprovning av utrustning, aktivt deltagande vid evenemang, viss materialv\u00e5rd.<\/p>\n\n\n\n<p><strong>Vem \u00e4r du?<br><\/strong>Som anst\u00e4lld hos oss \u00e4r du ansiktet ut\u00e5t, du \u00e4r service inriktad och drivs av att leva ett aktivt uteliv.&nbsp;<br>Vi ser mycket positivt p\u00e5 dig som redan har ett genuint intresse av friluftsliv, kanske \u00e4r du fj\u00e4llguide eller har jobbat som kursledare eller \u00e4r intresserad av att h\u00e5lla i kurser. En del av jobbet inneb\u00e4r att leda grupper.<br>Du ska gilla att jobba i h\u00f6gt tempo och snabbt h\u00e4nga med i tv\u00e4ra sv\u00e4ngar och d\u00e5 kan egenskaper som att vara strukturerad och flexibel beh\u00f6vas.<\/p>\n\n\n\n<p><strong>N\u00f6dv\u00e4ndiga kunskaper:<br><\/strong>B-k\u00f6rkort, Svenska och engelska spr\u00e5kkunskaper.<\/p>\n\n\n\n<p><strong>Behov just nu:<\/strong><\/p>\n\n\n\n<ul class=\"wp-block-list\">\n<li>S\u00e4songsanst\u00e4llning. F\u00f6rslagsvis 75%-100% sommartid<\/li>\n\n\n\n<li>Behovsanst\u00e4llning (L\u00f6pande)<\/li>\n\n\n\n<li>Vi s\u00f6ker helst dig som har fyllt minst 18 \u00e5r och har erfarenhet fr\u00e5n service och fj\u00e4llv\u00e4rlden.<\/li>\n<\/ul>\n","protected":false},"excerpt":{"rendered":"<p>Kom och h\u00e4ng med oss! Vill du jobba med ett aktivt uteliv?Vi s\u00f6ker dig som har ett stort intresse av sport- och friluftsliv. Du \u00e4r social och sprider energi omkring [&hellip;]<\/p>\n","protected":false},"author":7,"featured_media":61121,"parent":0,"menu_order":0,"comment_status":"closed","ping_status":"closed","template":"","meta":{"_acf_changed":false,"footnotes":""},"class_list":["post-67177","page","type-page","status-publish","has-post-thumbnail","hentry"],"acf":[],"yoast_head":"<!-- This site is optimized with the Yoast SEO plugin v23.0 - https:\/\/yoast.com\/wordpress\/plugins\/seo\/ -->\n<title>Jobba med oss - Uppsala<\/title>\n<meta name=\"robots\" content=\"index, follow, max-snippet:-1, max-image-preview:large, max-video-preview:-1\" \/>\n<link rel=\"canonical\" href=\"https:\/\/aktivtuteliv.se\/uppsala\/jobba-med-oss\/\" \/>\n<meta property=\"og:locale\" content=\"sv_SE\" \/>\n<meta property=\"og:type\" content=\"article\" \/>\n<meta property=\"og:title\" content=\"Jobba med oss - Uppsala\" \/>\n<meta property=\"og:description\" content=\"Kom och h\u00e4ng med oss! Vill du jobba med ett aktivt uteliv?Vi s\u00f6ker dig som har ett stort intresse av sport- och friluftsliv. Du \u00e4r social och sprider energi omkring [&hellip;]\" \/>\n<meta property=\"og:url\" content=\"https:\/\/aktivtuteliv.se\/uppsala\/jobba-med-oss\/\" \/>\n<meta property=\"og:site_name\" content=\"Uppsala\" \/>\n<meta property=\"article:modified_time\" content=\"2026-02-07T06:23:39+00:00\" \/>\n<meta property=\"og:image\" content=\"https:\/\/aktivtuteliv.se\/uppsala\/wp-content\/uploads\/sites\/3\/2021\/07\/FotoJosefinLittmarck-Paddling-webb16.jpg\" \/>\n\t<meta property=\"og:image:width\" content=\"2048\" \/>\n\t<meta property=\"og:image:height\" content=\"1363\" \/>\n\t<meta property=\"og:image:type\" content=\"image\/jpeg\" \/>\n<meta name=\"twitter:card\" content=\"summary_large_image\" \/>\n<meta name=\"twitter:label1\" content=\"Ber\u00e4knad l\u00e4stid\" \/>\n\t<meta name=\"twitter:data1\" content=\"2 minuter\" \/>\n<script type=\"application\/ld+json\" class=\"yoast-schema-graph\">{\"@context\":\"https:\/\/schema.org\",\"@graph\":[{\"@type\":\"WebPage\",\"@id\":\"https:\/\/aktivtuteliv.se\/uppsala\/jobba-med-oss\/\",\"url\":\"https:\/\/aktivtuteliv.se\/uppsala\/jobba-med-oss\/\",\"name\":\"Jobba med oss - Uppsala\",\"isPartOf\":{\"@id\":\"https:\/\/aktivtuteliv.se\/uppsala\/#website\"},\"primaryImageOfPage\":{\"@id\":\"https:\/\/aktivtuteliv.se\/uppsala\/jobba-med-oss\/#primaryimage\"},\"image\":{\"@id\":\"https:\/\/aktivtuteliv.se\/uppsala\/jobba-med-oss\/#primaryimage\"},\"thumbnailUrl\":\"https:\/\/e5gp8rwuod7.exactdn.com\/uppsala\/wp-content\/uploads\/sites\/3\/2021\/07\/FotoJosefinLittmarck-Paddling-webb16.jpg?strip=all&lossy=1&ssl=1\",\"datePublished\":\"2023-04-05T09:21:25+00:00\",\"dateModified\":\"2026-02-07T06:23:39+00:00\",\"breadcrumb\":{\"@id\":\"https:\/\/aktivtuteliv.se\/uppsala\/jobba-med-oss\/#breadcrumb\"},\"inLanguage\":\"sv-SE\",\"potentialAction\":[{\"@type\":\"ReadAction\",\"target\":[\"https:\/\/aktivtuteliv.se\/uppsala\/jobba-med-oss\/\"]}]},{\"@type\":\"ImageObject\",\"inLanguage\":\"sv-SE\",\"@id\":\"https:\/\/aktivtuteliv.se\/uppsala\/jobba-med-oss\/#primaryimage\",\"url\":\"https:\/\/e5gp8rwuod7.exactdn.com\/uppsala\/wp-content\/uploads\/sites\/3\/2021\/07\/FotoJosefinLittmarck-Paddling-webb16.jpg?strip=all&lossy=1&ssl=1\",\"contentUrl\":\"https:\/\/e5gp8rwuod7.exactdn.com\/uppsala\/wp-content\/uploads\/sites\/3\/2021\/07\/FotoJosefinLittmarck-Paddling-webb16.jpg?strip=all&lossy=1&ssl=1\",\"width\":2048,\"height\":1363},{\"@type\":\"BreadcrumbList\",\"@id\":\"https:\/\/aktivtuteliv.se\/uppsala\/jobba-med-oss\/#breadcrumb\",\"itemListElement\":[{\"@type\":\"ListItem\",\"position\":1,\"name\":\"Home\",\"item\":\"https:\/\/aktivtuteliv.se\/uppsala\/startsida-vinter\/\"},{\"@type\":\"ListItem\",\"position\":2,\"name\":\"Jobba med oss\"}]},{\"@type\":\"WebSite\",\"@id\":\"https:\/\/aktivtuteliv.se\/uppsala\/#website\",\"url\":\"https:\/\/aktivtuteliv.se\/uppsala\/\",\"name\":\"Uppsala\",\"description\":\"Hyr sport- &amp; friluftsutrustning\",\"publisher\":{\"@id\":\"https:\/\/aktivtuteliv.se\/uppsala\/#organization\"},\"potentialAction\":[{\"@type\":\"SearchAction\",\"target\":{\"@type\":\"EntryPoint\",\"urlTemplate\":\"https:\/\/aktivtuteliv.se\/uppsala\/?s={search_term_string}\"},\"query-input\":\"required name=search_term_string\"}],\"inLanguage\":\"sv-SE\"},{\"@type\":\"Organization\",\"@id\":\"https:\/\/aktivtuteliv.se\/uppsala\/#organization\",\"name\":\"Uppsala\",\"url\":\"https:\/\/aktivtuteliv.se\/uppsala\/\",\"logo\":{\"@type\":\"ImageObject\",\"inLanguage\":\"sv-SE\",\"@id\":\"https:\/\/aktivtuteliv.se\/uppsala\/#\/schema\/logo\/image\/\",\"url\":\"https:\/\/e5gp8rwuod7.exactdn.com\/uppsala\/wp-content\/uploads\/sites\/3\/2021\/07\/image-1-2.png?strip=all&lossy=1&ssl=1\",\"contentUrl\":\"https:\/\/e5gp8rwuod7.exactdn.com\/uppsala\/wp-content\/uploads\/sites\/3\/2021\/07\/image-1-2.png?strip=all&lossy=1&ssl=1\",\"width\":200,\"height\":98,\"caption\":\"Uppsala\"},\"image\":{\"@id\":\"https:\/\/aktivtuteliv.se\/uppsala\/#\/schema\/logo\/image\/\"}}]}<\/script>\n<!-- \/ Yoast SEO plugin. -->","yoast_head_json":{"title":"Jobba med oss - Uppsala","robots":{"index":"index","follow":"follow","max-snippet":"max-snippet:-1","max-image-preview":"max-image-preview:large","max-video-preview":"max-video-preview:-1"},"canonical":"https:\/\/aktivtuteliv.se\/uppsala\/jobba-med-oss\/","og_locale":"sv_SE","og_type":"article","og_title":"Jobba med oss - Uppsala","og_description":"Kom och h\u00e4ng med oss! Vill du jobba med ett aktivt uteliv?Vi s\u00f6ker dig som har ett stort intresse av sport- och friluftsliv. Du \u00e4r social och sprider energi omkring [&hellip;]","og_url":"https:\/\/aktivtuteliv.se\/uppsala\/jobba-med-oss\/","og_site_name":"Uppsala","article_modified_time":"2026-02-07T06:23:39+00:00","og_image":[{"width":2048,"height":1363,"url":"https:\/\/aktivtuteliv.se\/uppsala\/wp-content\/uploads\/sites\/3\/2021\/07\/FotoJosefinLittmarck-Paddling-webb16.jpg","type":"image\/jpeg"}],"twitter_card":"summary_large_image","twitter_misc":{"Ber\u00e4knad l\u00e4stid":"2 minuter"},"schema":{"@context":"https:\/\/schema.org","@graph":[{"@type":"WebPage","@id":"https:\/\/aktivtuteliv.se\/uppsala\/jobba-med-oss\/","url":"https:\/\/aktivtuteliv.se\/uppsala\/jobba-med-oss\/","name":"Jobba med oss - Uppsala","isPartOf":{"@id":"https:\/\/aktivtuteliv.se\/uppsala\/#website"},"primaryImageOfPage":{"@id":"https:\/\/aktivtuteliv.se\/uppsala\/jobba-med-oss\/#primaryimage"},"image":{"@id":"https:\/\/aktivtuteliv.se\/uppsala\/jobba-med-oss\/#primaryimage"},"thumbnailUrl":"https:\/\/e5gp8rwuod7.exactdn.com\/uppsala\/wp-content\/uploads\/sites\/3\/2021\/07\/FotoJosefinLittmarck-Paddling-webb16.jpg?strip=all&lossy=1&ssl=1","datePublished":"2023-04-05T09:21:25+00:00","dateModified":"2026-02-07T06:23:39+00:00","breadcrumb":{"@id":"https:\/\/aktivtuteliv.se\/uppsala\/jobba-med-oss\/#breadcrumb"},"inLanguage":"sv-SE","potentialAction":[{"@type":"ReadAction","target":["https:\/\/aktivtuteliv.se\/uppsala\/jobba-med-oss\/"]}]},{"@type":"ImageObject","inLanguage":"sv-SE","@id":"https:\/\/aktivtuteliv.se\/uppsala\/jobba-med-oss\/#primaryimage","url":"https:\/\/e5gp8rwuod7.exactdn.com\/uppsala\/wp-content\/uploads\/sites\/3\/2021\/07\/FotoJosefinLittmarck-Paddling-webb16.jpg?strip=all&lossy=1&ssl=1","contentUrl":"https:\/\/e5gp8rwuod7.exactdn.com\/uppsala\/wp-content\/uploads\/sites\/3\/2021\/07\/FotoJosefinLittmarck-Paddling-webb16.jpg?strip=all&lossy=1&ssl=1","width":2048,"height":1363},{"@type":"BreadcrumbList","@id":"https:\/\/aktivtuteliv.se\/uppsala\/jobba-med-oss\/#breadcrumb","itemListElement":[{"@type":"ListItem","position":1,"name":"Home","item":"https:\/\/aktivtuteliv.se\/uppsala\/startsida-vinter\/"},{"@type":"ListItem","position":2,"name":"Jobba med oss"}]},{"@type":"WebSite","@id":"https:\/\/aktivtuteliv.se\/uppsala\/#website","url":"https:\/\/aktivtuteliv.se\/uppsala\/","name":"Uppsala","description":"Hyr sport- &amp; friluftsutrustning","publisher":{"@id":"https:\/\/aktivtuteliv.se\/uppsala\/#organization"},"potentialAction":[{"@type":"SearchAction","target":{"@type":"EntryPoint","urlTemplate":"https:\/\/aktivtuteliv.se\/uppsala\/?s={search_term_string}"},"query-input":"required name=search_term_string"}],"inLanguage":"sv-SE"},{"@type":"Organization","@id":"https:\/\/aktivtuteliv.se\/uppsala\/#organization","name":"Uppsala","url":"https:\/\/aktivtuteliv.se\/uppsala\/","logo":{"@type":"ImageObject","inLanguage":"sv-SE","@id":"https:\/\/aktivtuteliv.se\/uppsala\/#\/schema\/logo\/image\/","url":"https:\/\/e5gp8rwuod7.exactdn.com\/uppsala\/wp-content\/uploads\/sites\/3\/2021\/07\/image-1-2.png?strip=all&lossy=1&ssl=1","contentUrl":"https:\/\/e5gp8rwuod7.exactdn.com\/uppsala\/wp-content\/uploads\/sites\/3\/2021\/07\/image-1-2.png?strip=all&lossy=1&ssl=1","width":200,"height":98,"caption":"Uppsala"},"image":{"@id":"https:\/\/aktivtuteliv.se\/uppsala\/#\/schema\/logo\/image\/"}}]}},"_links":{"self":[{"href":"https:\/\/aktivtuteliv.se\/uppsala\/wp-json\/wp\/v2\/pages\/67177","targetHints":{"allow":["GET"]}}],"collection":[{"href":"https:\/\/aktivtuteliv.se\/uppsala\/wp-json\/wp\/v2\/pages"}],"about":[{"href":"https:\/\/aktivtuteliv.se\/uppsala\/wp-json\/wp\/v2\/types\/page"}],"author":[{"embeddable":true,"href":"https:\/\/aktivtuteliv.se\/uppsala\/wp-json\/wp\/v2\/users\/7"}],"replies":[{"embeddable":true,"href":"https:\/\/aktivtuteliv.se\/uppsala\/wp-json\/wp\/v2\/comments?post=67177"}],"version-history":[{"count":0,"href":"https:\/\/aktivtuteliv.se\/uppsala\/wp-json\/wp\/v2\/pages\/67177\/revisions"}],"wp:featuredmedia":[{"embeddable":true,"href":"https:\/\/aktivtuteliv.se\/uppsala\/wp-json\/wp\/v2\/media\/61121"}],"wp:attachment":[{"href":"https:\/\/aktivtuteliv.se\/uppsala\/wp-json\/wp\/v2\/media?parent=67177"}],"curies":[{"name":"wp","href":"https:\/\/api.w.org\/{rel}","templated":true}]}}