{"id":62007,"date":"2021-09-02T09:00:06","date_gmt":"2021-09-02T09:00:06","guid":{"rendered":"https:\/\/aktivtuteliv.se\/vasteras\/?page_id=62007"},"modified":"2024-05-22T12:09:31","modified_gmt":"2024-05-22T12:09:31","slug":"friluftsdag","status":"publish","type":"page","link":"https:\/\/aktivtuteliv.se\/vasteras\/friluftsdag\/","title":{"rendered":"Friluftsdag i V\u00e4ster\u00e5s"},"content":{"rendered":"\n<h2 class=\"wp-block-heading\">Boka in en friluftsdag p\u00e5 Bj\u00f6rn\u00f6n!<\/h2>\n\n\n\n<p>Friluftsdag i V\u00e4ster\u00e5s. Det \u00e4r m\u00e5nga v\u00e4ster\u00e5sare som f\u00e5r n\u00e5got nostalgiskt i blicken n\u00e4r Bj\u00f6rn\u00f6g\u00e5rden f\u00f6rs p\u00e5 tal och de minns skoltidens friluftsdagar h\u00e4r p\u00e5 Bj\u00f6rn\u00f6n. Vi jobbar aktivt med att bygga vidare p\u00e5 den traditionen och skapa nya minnen hos dagens elever genom att erbjuda f\u00f6ruts\u00e4ttningar f\u00f6r roliga och minnesv\u00e4rda friluftsdagar \u00e5ret om.<\/p>\n\n\n\n<p>Mitt i naturen, men n\u00e4ra staden. Det g\u00f6r Bj\u00f6rn\u00f6g\u00e5rden till den givna platsen att arrangera er friluftsdag p\u00e5. Hit kan ni med l\u00e4tthet \u00e5ka kollektivt eftersom busslinje nummer tv\u00e5 har Bj\u00f6n\u00f6g\u00e5rden som \u00e4ndh\u00e5llplats. H\u00e4r finns \u00e4ven faciliteter som offentliga toaletter och fri parkering.<\/p>\n\n\n\n<h2 class=\"wp-block-heading\">S\u00e5 h\u00e4r g\u00e5r det till<\/h2>\n\n\n\n<p>I priserna som \u00e4r angivna nedan ing\u00e5r hyra av utrustning, korv och v\u00e5r grillk\u00e5ta. V\u00e5r personal hj\u00e4lper er ig\u00e5ng genom att f\u00f6rse er med r\u00e4tt grejer och h\u00e5lla en kort instruktion f\u00f6r aktiviteten, men sedan ut\u00f6var ni den sj\u00e4lva under medf\u00f6ljande l\u00e4rares \u00f6verinseende. Efter aktiviteten grillar ni sj\u00e4lva korven i grillk\u00e5tan d\u00e4r vi f\u00f6rberett eldstaden med bra grillgl\u00f6d under tiden ni varit ute. Det \u00e4r med andra ord ett kostnadseffektivt uppl\u00e4gg f\u00f6r en friluftsdag i V\u00e4ster\u00e5s d\u00e4r vi st\u00e5r f\u00f6r faciliteterna och ni f\u00f6r genomf\u00f6randet och ansvaret.<\/p>\n\n\n\n<p>Om ni inte sj\u00e4lva har tillr\u00e4ckligt med personal, eller r\u00e4tt kunskap, f\u00f6r att h\u00e4nga med eleverna under aktiviteten och ansvara f\u00f6r deras s\u00e4kerhet s\u00e5 kan ni hyra in instrukt\u00f6rer fr\u00e5n oss som g\u00f6r det. Priser \u00e4r 1000 kr per instrukt\u00f6r.<\/p>\n\n\n\n<div style=\"height:24px\" aria-hidden=\"true\" class=\"wp-block-spacer\"><\/div>\n\n\n\n<p class=\"has-large-font-size\"><strong>Sommaraktiviteter<\/strong><\/p>\n\n\n\n<h2 class=\"wp-block-heading\">Kanotpaddling<\/h2>\n\n\n\n<p>Kanot, eller kanadensare som det egentligen heter, \u00e4r det s\u00e4kraste och mest l\u00e4ttillg\u00e4ngliga s\u00e4ttet att introducera eleverna till paddling p\u00e5. I en kanadensare sitter de tv\u00e5 och tv\u00e5, eller tre och tre, och paddlar p\u00e5 varsin sida med en enbladig paddel. F\u00f6r yngre elever, under 14 \u00e5r rekommenderar vi att de sitter tre och tre, medan \u00e4ldre elever orkar paddla en kanadensare p\u00e5 tv\u00e5.<\/p>\n\n\n\n<p>Nedanf\u00f6r oss i H\u00e4ssl\u00f6sundet \u00e4r det oftast vindskyddat och s\u00e4llan n\u00e5gra v\u00e5gor att tala om, b\u00e5ttrafiken \u00e4r ocks\u00e5 minimal. Kort sagt \u00e4r det mycket tryggt och s\u00e4kert att paddla i sundet. Om eleverna f\u00f6ljer v\u00e5ra instruktioner och sitter ner i alla l\u00e4gen s\u00e5 \u00e4r det om\u00f6jigt f\u00f6r en kanadensare att sl\u00e5 runt, den \u00e4r mycket stabil och kan endast v\u00e4lta om eleverna k\u00f6r p\u00e5 varandra eller st\u00e5r upp i kanadensaren.<\/p>\n\n\n\n<p>Ovana elever paddlar max tre kilometer i timmen, d\u00e4rf\u00f6r rekommenderar vi att ni g\u00f6r en kortare tur t.ex. upp till Limstab\u00e4cken och tillbaka (det \u00e4r cirka fem kilometer). Vi rekommenderar g\u00e4rna en s\u00e4ker tur och visar er p\u00e5 kartan, alternativt guidar er ute p\u00e5 vattnet. Att paddla tur och retur till s\u00f6dra Bj\u00f6rn\u00f6n ( 8 km) eller G\u00e4ddeholms badplats (9 km) rekommenderar vi inte f\u00f6r elever under gymnasieniv\u00e5.<\/p>\n\n\n\n<div style=\"height:24px\" aria-hidden=\"true\" class=\"wp-block-spacer\"><\/div>\n\n\n\n<div style=\"height:0px\" aria-hidden=\"true\" class=\"wp-block-spacer\"><\/div>\n\n\n\n<p><strong>Pris:<\/strong><\/p>\n\n\n\n<ul class=\"wp-block-list\">\n<li>Kanadensarpaddling inkl. utrustning och en grillad korv med Festis, <strong>170 kr\/elev inkl moms.<\/strong><\/li>\n\n\n\n<li>Kanadensarpaddling inkl. utrustning och tv\u00e5 grillade korvar med Festis, <strong>200 kr\/elev inkl moms.<\/strong><\/li>\n<\/ul>\n\n\n\n<div style=\"height:24px\" aria-hidden=\"true\" class=\"wp-block-spacer\"><\/div>\n\n\n\n<figure class=\"wp-block-image size-full\"><img loading=\"lazy\" decoding=\"async\" width=\"2560\" height=\"1709\" src=\"https:\/\/e5gp8rwuod7.exactdn.com\/vasteras\/wp-content\/uploads\/sites\/4\/2022\/07\/friluftsdag-pa-bjornon.jpg?strip=all&lossy=1&ssl=1\" alt=\"Friluftsdag p\u00e5 Bj\u00f6rn\u00f6n\" class=\"wp-image-66363\" srcset=\"https:\/\/e5gp8rwuod7.exactdn.com\/vasteras\/wp-content\/uploads\/sites\/4\/2022\/07\/friluftsdag-pa-bjornon.jpg?strip=all&amp;lossy=1&amp;ssl=1 2560w, https:\/\/e5gp8rwuod7.exactdn.com\/vasteras\/wp-content\/uploads\/sites\/4\/2022\/07\/friluftsdag-pa-bjornon-300x200.jpg?strip=all&amp;lossy=1&amp;ssl=1 300w, https:\/\/e5gp8rwuod7.exactdn.com\/vasteras\/wp-content\/uploads\/sites\/4\/2022\/07\/friluftsdag-pa-bjornon-1024x684.jpg?strip=all&amp;lossy=1&amp;ssl=1 1024w, https:\/\/e5gp8rwuod7.exactdn.com\/vasteras\/wp-content\/uploads\/sites\/4\/2022\/07\/friluftsdag-pa-bjornon-768x513.jpg?strip=all&amp;lossy=1&amp;ssl=1 768w, https:\/\/e5gp8rwuod7.exactdn.com\/vasteras\/wp-content\/uploads\/sites\/4\/2022\/07\/friluftsdag-pa-bjornon-1536x1025.jpg?strip=all&amp;lossy=1&amp;ssl=1 1536w, https:\/\/e5gp8rwuod7.exactdn.com\/vasteras\/wp-content\/uploads\/sites\/4\/2022\/07\/friluftsdag-pa-bjornon-2048x1367.jpg?strip=all&amp;lossy=1&amp;ssl=1 2048w, https:\/\/e5gp8rwuod7.exactdn.com\/vasteras\/wp-content\/uploads\/sites\/4\/2022\/07\/friluftsdag-pa-bjornon-527x352.jpg?strip=all&amp;lossy=1&amp;ssl=1 527w, https:\/\/e5gp8rwuod7.exactdn.com\/vasteras\/wp-content\/uploads\/sites\/4\/2022\/07\/friluftsdag-pa-bjornon-360x240.jpg?strip=all&amp;lossy=1&amp;ssl=1 360w, https:\/\/e5gp8rwuod7.exactdn.com\/vasteras\/wp-content\/uploads\/sites\/4\/2022\/07\/friluftsdag-pa-bjornon-1920x1282.jpg?strip=all&amp;lossy=1&amp;ssl=1 1920w, https:\/\/e5gp8rwuod7.exactdn.com\/vasteras\/wp-content\/uploads\/sites\/4\/2022\/07\/friluftsdag-pa-bjornon-600x401.jpg?strip=all&amp;lossy=1&amp;ssl=1 600w, https:\/\/e5gp8rwuod7.exactdn.com\/vasteras\/wp-content\/uploads\/sites\/4\/2022\/07\/friluftsdag-pa-bjornon.jpg?strip=all&amp;lossy=1&amp;w=1152&amp;ssl=1 1152w\" sizes=\"auto, (max-width: 1920px) 100vw, 1920px\" \/><\/figure>\n\n\n\n<p class=\"has-large-font-size\"><strong>Vinteraktiviteter<\/strong><\/p>\n\n\n\n<p class=\"has-medium-font-size\">Mer info kommer snart!<\/p>\n\n\n\n<div style=\"height:24px\" aria-hidden=\"true\" class=\"wp-block-spacer\"><\/div>\n\n\n\n<div style=\"height:75px\" aria-hidden=\"true\" id=\"formular-ankare\" class=\"wp-block-spacer\"><\/div>\n\n\n\n<div class=\"wpcf7 no-js\" id=\"wpcf7-f66368-o1\" lang=\"sv-SE\" dir=\"ltr\">\n<div class=\"screen-reader-response\"><p role=\"status\" aria-live=\"polite\" aria-atomic=\"true\"><\/p> <ul><\/ul><\/div>\n<form action=\"\/vasteras\/wp-json\/wp\/v2\/pages\/62007#wpcf7-f66368-o1\" method=\"post\" class=\"wpcf7-form init\" aria-label=\"Kontaktformul\u00e4r\" novalidate=\"novalidate\" data-status=\"init\">\n<div style=\"display: none;\">\n<input type=\"hidden\" name=\"_wpcf7\" value=\"66368\" \/>\n<input type=\"hidden\" name=\"_wpcf7_version\" value=\"5.9.6\" \/>\n<input type=\"hidden\" name=\"_wpcf7_locale\" value=\"sv_SE\" \/>\n<input type=\"hidden\" name=\"_wpcf7_unit_tag\" value=\"wpcf7-f66368-o1\" \/>\n<input type=\"hidden\" name=\"_wpcf7_container_post\" value=\"0\" \/>\n<input type=\"hidden\" name=\"_wpcf7_posted_data_hash\" value=\"\" \/>\n<input type=\"hidden\" name=\"_wpcf7_recaptcha_response\" value=\"\" \/>\n<\/div>\n<h2 class=\"wp-block-heading\"><strong>Bokningsf\u00f6rfr\u00e5gan<\/strong>\n<\/h2>\n<p><span class=\"wpcf7-form-control-wrap\" data-name=\"Skola\"><input size=\"40\" maxlength=\"80\" class=\"wpcf7-form-control wpcf7-text wpcf7-validates-as-required\" aria-required=\"true\" aria-invalid=\"false\" placeholder=\"Skola\/klass\" value=\"\" type=\"text\" name=\"Skola\" \/><\/span><br \/>\n<span class=\"wpcf7-form-control-wrap\" data-name=\"bastu-datum\"><input class=\"wpcf7-form-control wpcf7-date wpcf7-validates-as-date\" min=\"2021-09-02\" max=\"2099-09-30\" aria-invalid=\"false\" value=\"\" type=\"date\" name=\"bastu-datum\" \/><\/span><br \/>\n<span class=\"wpcf7-form-control-wrap\" data-name=\"Elever\"><input size=\"40\" maxlength=\"80\" class=\"wpcf7-form-control wpcf7-text wpcf7-validates-as-required\" aria-required=\"true\" aria-invalid=\"false\" placeholder=\"Antal elever\" value=\"\" type=\"text\" name=\"Elever\" \/><\/span><br \/>\n<span class=\"wpcf7-form-control-wrap\" data-name=\"Vuxna\"><input size=\"40\" maxlength=\"80\" class=\"wpcf7-form-control wpcf7-text wpcf7-validates-as-required\" aria-required=\"true\" aria-invalid=\"false\" placeholder=\"Antal vuxna\" value=\"\" type=\"text\" name=\"Vuxna\" \/><\/span><br \/>\n<span class=\"wpcf7-form-control-wrap\" data-name=\"Alternativ\"><select class=\"wpcf7-form-control wpcf7-select\" aria-invalid=\"false\" name=\"Alternativ\"><option value=\"V\u00e4lj alternativ\">V\u00e4lj alternativ<\/option><option value=\"Kanadensarpaddling, 1 korv\">Kanadensarpaddling, 1 korv<\/option><option value=\"Kanadensarpaddling, 2 korvar\">Kanadensarpaddling, 2 korvar<\/option><\/select><\/span><br \/>\n<span class=\"wpcf7-form-control-wrap\" data-name=\"Namn\"><input size=\"40\" maxlength=\"80\" class=\"wpcf7-form-control wpcf7-text wpcf7-validates-as-required\" aria-required=\"true\" aria-invalid=\"false\" placeholder=\"Kontaktperson\" value=\"\" type=\"text\" name=\"Namn\" \/><\/span><br \/>\n<span class=\"wpcf7-form-control-wrap\" data-name=\"E-post\"><input size=\"40\" maxlength=\"80\" class=\"wpcf7-form-control wpcf7-email wpcf7-validates-as-required wpcf7-text wpcf7-validates-as-email\" aria-required=\"true\" aria-invalid=\"false\" placeholder=\"E-post\" value=\"\" type=\"email\" name=\"E-post\" \/><\/span><br \/>\n<span class=\"wpcf7-form-control-wrap\" data-name=\"your-phone-number\"><input size=\"40\" maxlength=\"80\" class=\"wpcf7-form-control wpcf7-text wpcf7-validates-as-required\" aria-required=\"true\" aria-invalid=\"false\" placeholder=\"Mobilnummer\" value=\"\" type=\"text\" name=\"your-phone-number\" \/><\/span><br \/>\n<span class=\"wpcf7-form-control-wrap\" data-name=\"your-message\"><textarea cols=\"40\" rows=\"10\" maxlength=\"400\" class=\"wpcf7-form-control wpcf7-textarea\" aria-invalid=\"false\" placeholder=\"Meddelande (skriv eventuella \u00f6nskem\u00e5l h\u00e4r!)\" name=\"your-message\"><\/textarea><\/span>\n<\/p>\n<p><input class=\"wpcf7-form-control wpcf7-submit has-spinner\" type=\"submit\" value=\"Skicka\" \/>\n<\/p><div class=\"wpcf7-response-output\" aria-hidden=\"true\"><\/div>\n<\/form>\n<\/div>\n\n","protected":false},"excerpt":{"rendered":"<p>Boka in en friluftsdag p\u00e5 Bj\u00f6rn\u00f6n! Friluftsdag i V\u00e4ster\u00e5s. Det \u00e4r m\u00e5nga v\u00e4ster\u00e5sare som f\u00e5r n\u00e5got nostalgiskt i blicken n\u00e4r Bj\u00f6rn\u00f6g\u00e5rden f\u00f6rs p\u00e5 tal och de minns skoltidens friluftsdagar h\u00e4r [&hellip;]<\/p>\n","protected":false},"author":1,"featured_media":66365,"parent":0,"menu_order":0,"comment_status":"closed","ping_status":"closed","template":"","meta":{"_acf_changed":false,"footnotes":""},"class_list":["post-62007","page","type-page","status-publish","has-post-thumbnail","hentry"],"acf":[],"yoast_head":"<!-- This site is optimized with the Yoast SEO plugin v23.0 - https:\/\/yoast.com\/wordpress\/plugins\/seo\/ -->\n<title>Friluftsdag i V\u00e4ster\u00e5s, naturn\u00e4ra aktiviteter f\u00f6r skolor p\u00e5 Bj\u00f6rn\u00f6n<\/title>\n<meta name=\"description\" content=\"Friluftsdag i V\u00e4ster\u00e5s. Vi hj\u00e4lper skolor att arrangera roliga och minnesv\u00e4rda friluftsdagar \u00e5ret om p\u00e5 Aktivt Uteliv Bj\u00f6rn\u00f6g\u00e5rden.\" \/>\n<meta name=\"robots\" content=\"index, follow, max-snippet:-1, max-image-preview:large, max-video-preview:-1\" \/>\n<link rel=\"canonical\" href=\"https:\/\/aktivtuteliv.se\/vasteras\/friluftsdag\/\" \/>\n<meta property=\"og:locale\" content=\"sv_SE\" \/>\n<meta property=\"og:type\" content=\"article\" \/>\n<meta property=\"og:title\" content=\"Friluftsdag i V\u00e4ster\u00e5s, naturn\u00e4ra aktiviteter f\u00f6r skolor p\u00e5 Bj\u00f6rn\u00f6n\" \/>\n<meta property=\"og:description\" content=\"Friluftsdag i V\u00e4ster\u00e5s. Vi hj\u00e4lper skolor att arrangera roliga och minnesv\u00e4rda friluftsdagar \u00e5ret om p\u00e5 Aktivt Uteliv Bj\u00f6rn\u00f6g\u00e5rden.\" \/>\n<meta property=\"og:url\" content=\"https:\/\/aktivtuteliv.se\/vasteras\/friluftsdag\/\" \/>\n<meta property=\"og:site_name\" content=\"V\u00e4ster\u00e5s\" \/>\n<meta property=\"article:publisher\" content=\"https:\/\/www.facebook.com\/aktivtutelivbjornogarden\" \/>\n<meta property=\"article:modified_time\" content=\"2024-05-22T12:09:31+00:00\" \/>\n<meta property=\"og:image\" content=\"https:\/\/aktivtuteliv.se\/vasteras\/wp-content\/uploads\/sites\/4\/2022\/07\/friluftsdag-med-kanadensare.jpg\" \/>\n\t<meta property=\"og:image:width\" content=\"2560\" \/>\n\t<meta property=\"og:image:height\" content=\"1709\" \/>\n\t<meta property=\"og:image:type\" content=\"image\/jpeg\" \/>\n<meta name=\"twitter:card\" content=\"summary_large_image\" \/>\n<meta name=\"twitter:site\" content=\"@aktivtuteliv\" \/>\n<meta name=\"twitter:label1\" content=\"Ber\u00e4knad l\u00e4stid\" \/>\n\t<meta name=\"twitter:data1\" content=\"3 minuter\" \/>\n<script type=\"application\/ld+json\" class=\"yoast-schema-graph\">{\"@context\":\"https:\/\/schema.org\",\"@graph\":[{\"@type\":\"WebPage\",\"@id\":\"https:\/\/aktivtuteliv.se\/vasteras\/friluftsdag\/\",\"url\":\"https:\/\/aktivtuteliv.se\/vasteras\/friluftsdag\/\",\"name\":\"Friluftsdag i V\u00e4ster\u00e5s, naturn\u00e4ra aktiviteter f\u00f6r skolor p\u00e5 Bj\u00f6rn\u00f6n\",\"isPartOf\":{\"@id\":\"https:\/\/aktivtuteliv.se\/vasteras\/#website\"},\"primaryImageOfPage\":{\"@id\":\"https:\/\/aktivtuteliv.se\/vasteras\/friluftsdag\/#primaryimage\"},\"image\":{\"@id\":\"https:\/\/aktivtuteliv.se\/vasteras\/friluftsdag\/#primaryimage\"},\"thumbnailUrl\":\"https:\/\/e5gp8rwuod7.exactdn.com\/vasteras\/wp-content\/uploads\/sites\/4\/2022\/07\/friluftsdag-med-kanadensare.jpg?strip=all&lossy=1&ssl=1\",\"datePublished\":\"2021-09-02T09:00:06+00:00\",\"dateModified\":\"2024-05-22T12:09:31+00:00\",\"description\":\"Friluftsdag i V\u00e4ster\u00e5s. Vi hj\u00e4lper skolor att arrangera roliga och minnesv\u00e4rda friluftsdagar \u00e5ret om p\u00e5 Aktivt Uteliv Bj\u00f6rn\u00f6g\u00e5rden.\",\"breadcrumb\":{\"@id\":\"https:\/\/aktivtuteliv.se\/vasteras\/friluftsdag\/#breadcrumb\"},\"inLanguage\":\"sv-SE\",\"potentialAction\":[{\"@type\":\"ReadAction\",\"target\":[\"https:\/\/aktivtuteliv.se\/vasteras\/friluftsdag\/\"]}]},{\"@type\":\"ImageObject\",\"inLanguage\":\"sv-SE\",\"@id\":\"https:\/\/aktivtuteliv.se\/vasteras\/friluftsdag\/#primaryimage\",\"url\":\"https:\/\/e5gp8rwuod7.exactdn.com\/vasteras\/wp-content\/uploads\/sites\/4\/2022\/07\/friluftsdag-med-kanadensare.jpg?strip=all&lossy=1&ssl=1\",\"contentUrl\":\"https:\/\/e5gp8rwuod7.exactdn.com\/vasteras\/wp-content\/uploads\/sites\/4\/2022\/07\/friluftsdag-med-kanadensare.jpg?strip=all&lossy=1&ssl=1\",\"width\":2560,\"height\":1709,\"caption\":\"friluftsdag i v\u00e4ster\u00e5s\"},{\"@type\":\"BreadcrumbList\",\"@id\":\"https:\/\/aktivtuteliv.se\/vasteras\/friluftsdag\/#breadcrumb\",\"itemListElement\":[{\"@type\":\"ListItem\",\"position\":1,\"name\":\"Home\",\"item\":\"https:\/\/aktivtuteliv.se\/vasteras\/\"},{\"@type\":\"ListItem\",\"position\":2,\"name\":\"Friluftsdag i V\u00e4ster\u00e5s\"}]},{\"@type\":\"WebSite\",\"@id\":\"https:\/\/aktivtuteliv.se\/vasteras\/#website\",\"url\":\"https:\/\/aktivtuteliv.se\/vasteras\/\",\"name\":\"Aktivt Uteliv Bj\u00f6rn\u00f6g\u00e5rden\",\"description\":\"Ett friluftscenter i V\u00e4ster\u00e5s\",\"publisher\":{\"@id\":\"https:\/\/aktivtuteliv.se\/vasteras\/#organization\"},\"potentialAction\":[{\"@type\":\"SearchAction\",\"target\":{\"@type\":\"EntryPoint\",\"urlTemplate\":\"https:\/\/aktivtuteliv.se\/vasteras\/?s={search_term_string}\"},\"query-input\":\"required name=search_term_string\"}],\"inLanguage\":\"sv-SE\"},{\"@type\":\"Organization\",\"@id\":\"https:\/\/aktivtuteliv.se\/vasteras\/#organization\",\"name\":\"Aktivt Uteliv Bj\u00f6rn\u00f6g\u00e5rden\",\"url\":\"https:\/\/aktivtuteliv.se\/vasteras\/\",\"logo\":{\"@type\":\"ImageObject\",\"inLanguage\":\"sv-SE\",\"@id\":\"https:\/\/aktivtuteliv.se\/vasteras\/#\/schema\/logo\/image\/\",\"url\":\"https:\/\/e5gp8rwuod7.exactdn.com\/vasteras\/wp-content\/uploads\/sites\/4\/2025\/01\/AUB-pms.png?strip=all&lossy=1&ssl=1\",\"contentUrl\":\"https:\/\/e5gp8rwuod7.exactdn.com\/vasteras\/wp-content\/uploads\/sites\/4\/2025\/01\/AUB-pms.png?strip=all&lossy=1&ssl=1\",\"width\":1894,\"height\":1165,\"caption\":\"Aktivt Uteliv Bj\u00f6rn\u00f6g\u00e5rden\"},\"image\":{\"@id\":\"https:\/\/aktivtuteliv.se\/vasteras\/#\/schema\/logo\/image\/\"},\"sameAs\":[\"https:\/\/www.facebook.com\/aktivtutelivbjornogarden\",\"https:\/\/x.com\/aktivtuteliv\",\"https:\/\/www.instagram.com\/aktivtuteliv_bjornogarden\"]}]}<\/script>\n<!-- \/ Yoast SEO plugin. -->","yoast_head_json":{"title":"Friluftsdag i V\u00e4ster\u00e5s, naturn\u00e4ra aktiviteter f\u00f6r skolor p\u00e5 Bj\u00f6rn\u00f6n","description":"Friluftsdag i V\u00e4ster\u00e5s. Vi hj\u00e4lper skolor att arrangera roliga och minnesv\u00e4rda friluftsdagar \u00e5ret om p\u00e5 Aktivt Uteliv Bj\u00f6rn\u00f6g\u00e5rden.","robots":{"index":"index","follow":"follow","max-snippet":"max-snippet:-1","max-image-preview":"max-image-preview:large","max-video-preview":"max-video-preview:-1"},"canonical":"https:\/\/aktivtuteliv.se\/vasteras\/friluftsdag\/","og_locale":"sv_SE","og_type":"article","og_title":"Friluftsdag i V\u00e4ster\u00e5s, naturn\u00e4ra aktiviteter f\u00f6r skolor p\u00e5 Bj\u00f6rn\u00f6n","og_description":"Friluftsdag i V\u00e4ster\u00e5s. Vi hj\u00e4lper skolor att arrangera roliga och minnesv\u00e4rda friluftsdagar \u00e5ret om p\u00e5 Aktivt Uteliv Bj\u00f6rn\u00f6g\u00e5rden.","og_url":"https:\/\/aktivtuteliv.se\/vasteras\/friluftsdag\/","og_site_name":"V\u00e4ster\u00e5s","article_publisher":"https:\/\/www.facebook.com\/aktivtutelivbjornogarden","article_modified_time":"2024-05-22T12:09:31+00:00","og_image":[{"width":2560,"height":1709,"url":"https:\/\/aktivtuteliv.se\/vasteras\/wp-content\/uploads\/sites\/4\/2022\/07\/friluftsdag-med-kanadensare.jpg","type":"image\/jpeg"}],"twitter_card":"summary_large_image","twitter_site":"@aktivtuteliv","twitter_misc":{"Ber\u00e4knad l\u00e4stid":"3 minuter"},"schema":{"@context":"https:\/\/schema.org","@graph":[{"@type":"WebPage","@id":"https:\/\/aktivtuteliv.se\/vasteras\/friluftsdag\/","url":"https:\/\/aktivtuteliv.se\/vasteras\/friluftsdag\/","name":"Friluftsdag i V\u00e4ster\u00e5s, naturn\u00e4ra aktiviteter f\u00f6r skolor p\u00e5 Bj\u00f6rn\u00f6n","isPartOf":{"@id":"https:\/\/aktivtuteliv.se\/vasteras\/#website"},"primaryImageOfPage":{"@id":"https:\/\/aktivtuteliv.se\/vasteras\/friluftsdag\/#primaryimage"},"image":{"@id":"https:\/\/aktivtuteliv.se\/vasteras\/friluftsdag\/#primaryimage"},"thumbnailUrl":"https:\/\/e5gp8rwuod7.exactdn.com\/vasteras\/wp-content\/uploads\/sites\/4\/2022\/07\/friluftsdag-med-kanadensare.jpg?strip=all&lossy=1&ssl=1","datePublished":"2021-09-02T09:00:06+00:00","dateModified":"2024-05-22T12:09:31+00:00","description":"Friluftsdag i V\u00e4ster\u00e5s. Vi hj\u00e4lper skolor att arrangera roliga och minnesv\u00e4rda friluftsdagar \u00e5ret om p\u00e5 Aktivt Uteliv Bj\u00f6rn\u00f6g\u00e5rden.","breadcrumb":{"@id":"https:\/\/aktivtuteliv.se\/vasteras\/friluftsdag\/#breadcrumb"},"inLanguage":"sv-SE","potentialAction":[{"@type":"ReadAction","target":["https:\/\/aktivtuteliv.se\/vasteras\/friluftsdag\/"]}]},{"@type":"ImageObject","inLanguage":"sv-SE","@id":"https:\/\/aktivtuteliv.se\/vasteras\/friluftsdag\/#primaryimage","url":"https:\/\/e5gp8rwuod7.exactdn.com\/vasteras\/wp-content\/uploads\/sites\/4\/2022\/07\/friluftsdag-med-kanadensare.jpg?strip=all&lossy=1&ssl=1","contentUrl":"https:\/\/e5gp8rwuod7.exactdn.com\/vasteras\/wp-content\/uploads\/sites\/4\/2022\/07\/friluftsdag-med-kanadensare.jpg?strip=all&lossy=1&ssl=1","width":2560,"height":1709,"caption":"friluftsdag i v\u00e4ster\u00e5s"},{"@type":"BreadcrumbList","@id":"https:\/\/aktivtuteliv.se\/vasteras\/friluftsdag\/#breadcrumb","itemListElement":[{"@type":"ListItem","position":1,"name":"Home","item":"https:\/\/aktivtuteliv.se\/vasteras\/"},{"@type":"ListItem","position":2,"name":"Friluftsdag i V\u00e4ster\u00e5s"}]},{"@type":"WebSite","@id":"https:\/\/aktivtuteliv.se\/vasteras\/#website","url":"https:\/\/aktivtuteliv.se\/vasteras\/","name":"Aktivt Uteliv Bj\u00f6rn\u00f6g\u00e5rden","description":"Ett friluftscenter i V\u00e4ster\u00e5s","publisher":{"@id":"https:\/\/aktivtuteliv.se\/vasteras\/#organization"},"potentialAction":[{"@type":"SearchAction","target":{"@type":"EntryPoint","urlTemplate":"https:\/\/aktivtuteliv.se\/vasteras\/?s={search_term_string}"},"query-input":"required name=search_term_string"}],"inLanguage":"sv-SE"},{"@type":"Organization","@id":"https:\/\/aktivtuteliv.se\/vasteras\/#organization","name":"Aktivt Uteliv Bj\u00f6rn\u00f6g\u00e5rden","url":"https:\/\/aktivtuteliv.se\/vasteras\/","logo":{"@type":"ImageObject","inLanguage":"sv-SE","@id":"https:\/\/aktivtuteliv.se\/vasteras\/#\/schema\/logo\/image\/","url":"https:\/\/e5gp8rwuod7.exactdn.com\/vasteras\/wp-content\/uploads\/sites\/4\/2025\/01\/AUB-pms.png?strip=all&lossy=1&ssl=1","contentUrl":"https:\/\/e5gp8rwuod7.exactdn.com\/vasteras\/wp-content\/uploads\/sites\/4\/2025\/01\/AUB-pms.png?strip=all&lossy=1&ssl=1","width":1894,"height":1165,"caption":"Aktivt Uteliv Bj\u00f6rn\u00f6g\u00e5rden"},"image":{"@id":"https:\/\/aktivtuteliv.se\/vasteras\/#\/schema\/logo\/image\/"},"sameAs":["https:\/\/www.facebook.com\/aktivtutelivbjornogarden","https:\/\/x.com\/aktivtuteliv","https:\/\/www.instagram.com\/aktivtuteliv_bjornogarden"]}]}},"_links":{"self":[{"href":"https:\/\/aktivtuteliv.se\/vasteras\/wp-json\/wp\/v2\/pages\/62007","targetHints":{"allow":["GET"]}}],"collection":[{"href":"https:\/\/aktivtuteliv.se\/vasteras\/wp-json\/wp\/v2\/pages"}],"about":[{"href":"https:\/\/aktivtuteliv.se\/vasteras\/wp-json\/wp\/v2\/types\/page"}],"author":[{"embeddable":true,"href":"https:\/\/aktivtuteliv.se\/vasteras\/wp-json\/wp\/v2\/users\/1"}],"replies":[{"embeddable":true,"href":"https:\/\/aktivtuteliv.se\/vasteras\/wp-json\/wp\/v2\/comments?post=62007"}],"version-history":[{"count":0,"href":"https:\/\/aktivtuteliv.se\/vasteras\/wp-json\/wp\/v2\/pages\/62007\/revisions"}],"wp:featuredmedia":[{"embeddable":true,"href":"https:\/\/aktivtuteliv.se\/vasteras\/wp-json\/wp\/v2\/media\/66365"}],"wp:attachment":[{"href":"https:\/\/aktivtuteliv.se\/vasteras\/wp-json\/wp\/v2\/media?parent=62007"}],"curies":[{"name":"wp","href":"https:\/\/api.w.org\/{rel}","templated":true}]}}