{"id":62119,"date":"2021-09-21T21:02:20","date_gmt":"2021-09-21T21:02:20","guid":{"rendered":"https:\/\/aktivtuteliv.se\/vasteras\/?page_id=62119"},"modified":"2026-01-28T16:17:10","modified_gmt":"2026-01-28T15:17:10","slug":"hyra-bastu","status":"publish","type":"page","link":"https:\/\/aktivtuteliv.se\/vasteras\/hyra-bastu\/","title":{"rendered":"Hyra bastu i V\u00e4ster\u00e5s"},"content":{"rendered":"\n<h2 class=\"wp-block-heading\">Hyr v\u00e5r vedeldade bastu<\/h2>\n\n\n\n<p>Hyra bastu i V\u00e4ster\u00e5s. L\u00e4ngst ut p\u00e5 norra Bj\u00f6rn\u00f6, med fantastisk utsikt \u00f6ver V\u00e4ster\u00e5sfj\u00e4rden, ligger v\u00e5r vedeldade bastu som du kan hyra. H\u00e4r kan du njuta av solnedg\u00e5ngen samtidigt som du kopplar av i s\u00e4llskap med goda v\u00e4nner. P\u00e5 verandan utanf\u00f6r bastun har du m\u00f6jlighet att grilla och sedan kan ni \u00e4ta i relaxrummet som \u00e4r utrustat med bord, stolar och ett litet pentry.<\/p>\n\n\n\n<p>Nedanf\u00f6r bastun finns en stor brygga med badstege och vintertid ser vi till att h\u00e5lla en vak \u00f6ppen d\u00e4r f\u00f6r vinterbadare.<\/p>\n\n\n\n<p>Bastun rymmer upp till&nbsp;<strong>cirka 16 personer<\/strong>&nbsp;och har ett \u00f6ppet omkl\u00e4dningsrum med tv\u00e5 duschar. I relaxrummet finns ett litet pentry med diskho och kylsk\u00e5p. P\u00e5 verandan utanf\u00f6r finns en kolgrill. Kol medtages sj\u00e4lv, likas\u00e5 glas och porslin och andra k\u00f6ksattiraljer. Bastun blir varm p\u00e5 en halvtimme fr\u00e5n det att kaminen t\u00e4nds och veden r\u00e4cker f\u00f6r cirka tre timmars eldande med regelbunden matning av kaminen.<\/p>\n\n\n\n<p>St\u00e4dning (torka golv, torka av bord och andra ytor och bortplockning av skr\u00e4p) sker av g\u00e4sten. Vid underk\u00e4nd st\u00e4dning tillkommer en st\u00e4davgift p\u00e5 2000 kr.<\/p>\n\n\n\n<div style=\"height:1px\" aria-hidden=\"true\" class=\"wp-block-spacer\"><\/div>\n\n\n\n<figure class=\"wp-block-table is-style-regular\"><table><tbody><tr><td class=\"has-text-align-center\" data-align=\"center\"><strong>Pass<\/strong><\/td><td class=\"has-text-align-center\" data-align=\"center\">Kl. 10.00-14.00<\/td><td class=\"has-text-align-center\" data-align=\"center\">Kl. 14.00-18.00<\/td><td class=\"has-text-align-center\" data-align=\"center\">Kl. 18.00-22.00<\/td><\/tr><tr><td class=\"has-text-align-center\" data-align=\"center\"><strong>M\u00e5ndag &#8211; torsdag<\/strong>*<\/td><td class=\"has-text-align-center\" data-align=\"center\">800:-<\/td><td class=\"has-text-align-center\" data-align=\"center\">1 000:-<\/td><td class=\"has-text-align-center\" data-align=\"center\">1 500:-<\/td><\/tr><\/tbody><\/table><figcaption class=\"wp-element-caption\">Pris inkl. 25 % moms<\/figcaption><\/figure>\n\n\n\n<figure class=\"wp-block-table is-style-regular\"><table><tbody><tr><td class=\"has-text-align-center\" data-align=\"center\"><strong>Pass<\/strong><\/td><td class=\"has-text-align-center\" data-align=\"center\">Kl. 10.00-16.00<\/td><td class=\"has-text-align-center\" data-align=\"center\">Kl. 16.00-22.00<\/td><\/tr><tr><td class=\"has-text-align-center\" data-align=\"center\"><strong>Fredag och l\u00f6rdag<\/strong><\/td><td class=\"has-text-align-center\" data-align=\"center\">2 500:-<\/td><td class=\"has-text-align-center\" data-align=\"center\">3 000:-<\/td><\/tr><\/tbody><\/table><figcaption class=\"wp-element-caption\">Pris inkl. 25 % moms<\/figcaption><\/figure>\n\n\n\n<figure class=\"wp-block-table\"><table><tbody><tr><td class=\"has-text-align-center\" data-align=\"center\"><strong>Pass<\/strong><\/td><td class=\"has-text-align-center\" data-align=\"center\">Kl. 10.00-16.00<\/td><td class=\"has-text-align-center\" data-align=\"center\">Kl. 16.00-22.00<\/td><\/tr><tr><td class=\"has-text-align-center\" data-align=\"center\"><strong>S\u00f6ndagar<\/strong> (ej v.44-v.15)<\/td><td class=\"has-text-align-center\" data-align=\"center\">1 000:-<\/td><td class=\"has-text-align-center\" data-align=\"center\">1 500:-<\/td><\/tr><\/tbody><\/table><figcaption class=\"wp-element-caption\">Pris inkl. 25 % moms<\/figcaption><\/figure>\n\n\n\n<p>*Dag innan helgdag\/h\u00f6gtid (t.ex. dagen innan julafton) r\u00e4knas som fredag.<\/p>\n\n\n\n<p>*<strong>1 maj, Kristi himmelsf\u00e4rd<\/strong> och <strong>Nationaldagen<\/strong> r\u00e4knas som l\u00f6rdag.<\/p>\n\n\n\n<p>Passen och priserna ovanf\u00f6r g\u00e4ller ej f\u00f6r <strong>Julhelgen<\/strong>, <strong>Ny\u00e5rshelgen<\/strong>, <strong>P\u00e5skhelgen<\/strong> och <strong>Midsommarhelgen<\/strong>. Dessa helgdagar hyr vi endast ut bastun till ett s\u00e4llskap som d\u00e5 har exklusiv tillg\u00e5ng till bastun hela dagen och kv\u00e4llen. Priset f\u00f6r det \u00e4r 5000 kr.<\/p>\n\n\n\n<div class=\"wp-block-buttons is-layout-flex wp-block-buttons-is-layout-flex\">\n<div class=\"wp-block-button .wpcf7-form\"><a class=\"wp-block-button__link has-white-color has-text-color has-background wp-element-button\" href=\"#formular-ankare\" style=\"background-color:#f07013\" rel=\"input\">Bokningsf\u00f6rfr\u00e5gan<\/a><\/div>\n<\/div>\n\n\n\n<div style=\"height:50px\" aria-hidden=\"true\" class=\"wp-block-spacer\"><\/div>\n\n\n\n<figure class=\"wp-block-gallery has-nested-images columns-default is-cropped wp-block-gallery-1 is-layout-flex wp-block-gallery-is-layout-flex\">\n<figure class=\"wp-block-image size-large\"><img loading=\"lazy\" decoding=\"async\" width=\"1024\" height=\"683\" data-id=\"66888\" src=\"https:\/\/e5gp8rwuod7.exactdn.com\/vasteras\/wp-content\/uploads\/sites\/4\/2022\/10\/hyra-bastu-1024x683.jpg?strip=all&lossy=1&ssl=1\" alt=\"vedeldad bastu i v\u00e4ster\u00e5s\" class=\"wp-image-66888\" srcset=\"https:\/\/e5gp8rwuod7.exactdn.com\/vasteras\/wp-content\/uploads\/sites\/4\/2022\/10\/hyra-bastu-1024x683.jpg?strip=all&amp;lossy=1&amp;ssl=1 1024w, https:\/\/e5gp8rwuod7.exactdn.com\/vasteras\/wp-content\/uploads\/sites\/4\/2022\/10\/hyra-bastu-300x200.jpg?strip=all&amp;lossy=1&amp;ssl=1 300w, https:\/\/e5gp8rwuod7.exactdn.com\/vasteras\/wp-content\/uploads\/sites\/4\/2022\/10\/hyra-bastu-768x512.jpg?strip=all&amp;lossy=1&amp;ssl=1 768w, https:\/\/e5gp8rwuod7.exactdn.com\/vasteras\/wp-content\/uploads\/sites\/4\/2022\/10\/hyra-bastu-1536x1024.jpg?strip=all&amp;lossy=1&amp;ssl=1 1536w, https:\/\/e5gp8rwuod7.exactdn.com\/vasteras\/wp-content\/uploads\/sites\/4\/2022\/10\/hyra-bastu-2048x1366.jpg?strip=all&amp;lossy=1&amp;ssl=1 2048w, https:\/\/e5gp8rwuod7.exactdn.com\/vasteras\/wp-content\/uploads\/sites\/4\/2022\/10\/hyra-bastu-528x352.jpg?strip=all&amp;lossy=1&amp;ssl=1 528w, https:\/\/e5gp8rwuod7.exactdn.com\/vasteras\/wp-content\/uploads\/sites\/4\/2022\/10\/hyra-bastu-360x240.jpg?strip=all&amp;lossy=1&amp;ssl=1 360w, https:\/\/e5gp8rwuod7.exactdn.com\/vasteras\/wp-content\/uploads\/sites\/4\/2022\/10\/hyra-bastu-1920x1280.jpg?strip=all&amp;lossy=1&amp;ssl=1 1920w, https:\/\/e5gp8rwuod7.exactdn.com\/vasteras\/wp-content\/uploads\/sites\/4\/2022\/10\/hyra-bastu-600x400.jpg?strip=all&amp;lossy=1&amp;ssl=1 600w, https:\/\/e5gp8rwuod7.exactdn.com\/vasteras\/wp-content\/uploads\/sites\/4\/2022\/10\/hyra-bastu.jpg?strip=all&amp;lossy=1&amp;w=1152&amp;ssl=1 1152w\" sizes=\"auto, (max-width: 1024px) 100vw, 1024px\" \/><\/figure>\n\n\n\n<figure class=\"wp-block-image size-large\"><img loading=\"lazy\" decoding=\"async\" width=\"1024\" height=\"684\" data-id=\"65892\" src=\"https:\/\/e5gp8rwuod7.exactdn.com\/vasteras\/wp-content\/uploads\/sites\/4\/2022\/05\/2020-03-21-16.55.31-1024x684.jpg?strip=all&lossy=1&ssl=1\" alt=\"\" class=\"wp-image-65892\" srcset=\"https:\/\/e5gp8rwuod7.exactdn.com\/vasteras\/wp-content\/uploads\/sites\/4\/2022\/05\/2020-03-21-16.55.31-1024x684.jpg?strip=all&amp;lossy=1&amp;ssl=1 1024w, https:\/\/e5gp8rwuod7.exactdn.com\/vasteras\/wp-content\/uploads\/sites\/4\/2022\/05\/2020-03-21-16.55.31-300x200.jpg?strip=all&amp;lossy=1&amp;ssl=1 300w, https:\/\/e5gp8rwuod7.exactdn.com\/vasteras\/wp-content\/uploads\/sites\/4\/2022\/05\/2020-03-21-16.55.31-768x513.jpg?strip=all&amp;lossy=1&amp;ssl=1 768w, https:\/\/e5gp8rwuod7.exactdn.com\/vasteras\/wp-content\/uploads\/sites\/4\/2022\/05\/2020-03-21-16.55.31-1536x1025.jpg?strip=all&amp;lossy=1&amp;ssl=1 1536w, https:\/\/e5gp8rwuod7.exactdn.com\/vasteras\/wp-content\/uploads\/sites\/4\/2022\/05\/2020-03-21-16.55.31-2048x1367.jpg?strip=all&amp;lossy=1&amp;ssl=1 2048w, https:\/\/e5gp8rwuod7.exactdn.com\/vasteras\/wp-content\/uploads\/sites\/4\/2022\/05\/2020-03-21-16.55.31-527x352.jpg?strip=all&amp;lossy=1&amp;ssl=1 527w, https:\/\/e5gp8rwuod7.exactdn.com\/vasteras\/wp-content\/uploads\/sites\/4\/2022\/05\/2020-03-21-16.55.31-360x240.jpg?strip=all&amp;lossy=1&amp;ssl=1 360w, https:\/\/e5gp8rwuod7.exactdn.com\/vasteras\/wp-content\/uploads\/sites\/4\/2022\/05\/2020-03-21-16.55.31-1920x1282.jpg?strip=all&amp;lossy=1&amp;ssl=1 1920w, https:\/\/e5gp8rwuod7.exactdn.com\/vasteras\/wp-content\/uploads\/sites\/4\/2022\/05\/2020-03-21-16.55.31-600x401.jpg?strip=all&amp;lossy=1&amp;ssl=1 600w, https:\/\/e5gp8rwuod7.exactdn.com\/vasteras\/wp-content\/uploads\/sites\/4\/2022\/05\/2020-03-21-16.55.31.jpg?strip=all&amp;lossy=1&amp;w=1152&amp;ssl=1 1152w\" sizes=\"auto, (max-width: 1024px) 100vw, 1024px\" \/><\/figure>\n\n\n\n<figure class=\"wp-block-image size-large\"><img loading=\"lazy\" decoding=\"async\" width=\"1024\" height=\"683\" data-id=\"66889\" src=\"https:\/\/e5gp8rwuod7.exactdn.com\/vasteras\/wp-content\/uploads\/sites\/4\/2022\/10\/vinterbad-1024x683.jpg?strip=all&lossy=1&ssl=1\" alt=\"kallbad i v\u00e4ster\u00e5s\" class=\"wp-image-66889\" srcset=\"https:\/\/e5gp8rwuod7.exactdn.com\/vasteras\/wp-content\/uploads\/sites\/4\/2022\/10\/vinterbad-1024x683.jpg?strip=all&amp;lossy=1&amp;ssl=1 1024w, https:\/\/e5gp8rwuod7.exactdn.com\/vasteras\/wp-content\/uploads\/sites\/4\/2022\/10\/vinterbad-300x200.jpg?strip=all&amp;lossy=1&amp;ssl=1 300w, https:\/\/e5gp8rwuod7.exactdn.com\/vasteras\/wp-content\/uploads\/sites\/4\/2022\/10\/vinterbad-768x512.jpg?strip=all&amp;lossy=1&amp;ssl=1 768w, https:\/\/e5gp8rwuod7.exactdn.com\/vasteras\/wp-content\/uploads\/sites\/4\/2022\/10\/vinterbad-1536x1024.jpg?strip=all&amp;lossy=1&amp;ssl=1 1536w, https:\/\/e5gp8rwuod7.exactdn.com\/vasteras\/wp-content\/uploads\/sites\/4\/2022\/10\/vinterbad-2048x1366.jpg?strip=all&amp;lossy=1&amp;ssl=1 2048w, https:\/\/e5gp8rwuod7.exactdn.com\/vasteras\/wp-content\/uploads\/sites\/4\/2022\/10\/vinterbad-528x352.jpg?strip=all&amp;lossy=1&amp;ssl=1 528w, https:\/\/e5gp8rwuod7.exactdn.com\/vasteras\/wp-content\/uploads\/sites\/4\/2022\/10\/vinterbad-360x240.jpg?strip=all&amp;lossy=1&amp;ssl=1 360w, https:\/\/e5gp8rwuod7.exactdn.com\/vasteras\/wp-content\/uploads\/sites\/4\/2022\/10\/vinterbad-1920x1280.jpg?strip=all&amp;lossy=1&amp;ssl=1 1920w, https:\/\/e5gp8rwuod7.exactdn.com\/vasteras\/wp-content\/uploads\/sites\/4\/2022\/10\/vinterbad-600x400.jpg?strip=all&amp;lossy=1&amp;ssl=1 600w, https:\/\/e5gp8rwuod7.exactdn.com\/vasteras\/wp-content\/uploads\/sites\/4\/2022\/10\/vinterbad.jpg?strip=all&amp;lossy=1&amp;w=1152&amp;ssl=1 1152w\" sizes=\"auto, (max-width: 1024px) 100vw, 1024px\" \/><\/figure>\n\n\n\n<figure class=\"wp-block-image size-large\"><img loading=\"lazy\" decoding=\"async\" width=\"1024\" height=\"683\" data-id=\"66890\" src=\"https:\/\/e5gp8rwuod7.exactdn.com\/vasteras\/wp-content\/uploads\/sites\/4\/2022\/10\/bada-bastu-1024x683.jpg?strip=all&lossy=1&ssl=1\" alt=\"bada bastu v\u00e4ster\u00e5s\" class=\"wp-image-66890\" srcset=\"https:\/\/e5gp8rwuod7.exactdn.com\/vasteras\/wp-content\/uploads\/sites\/4\/2022\/10\/bada-bastu-1024x683.jpg?strip=all&amp;lossy=1&amp;ssl=1 1024w, https:\/\/e5gp8rwuod7.exactdn.com\/vasteras\/wp-content\/uploads\/sites\/4\/2022\/10\/bada-bastu-300x200.jpg?strip=all&amp;lossy=1&amp;ssl=1 300w, https:\/\/e5gp8rwuod7.exactdn.com\/vasteras\/wp-content\/uploads\/sites\/4\/2022\/10\/bada-bastu-768x512.jpg?strip=all&amp;lossy=1&amp;ssl=1 768w, https:\/\/e5gp8rwuod7.exactdn.com\/vasteras\/wp-content\/uploads\/sites\/4\/2022\/10\/bada-bastu-1536x1024.jpg?strip=all&amp;lossy=1&amp;ssl=1 1536w, https:\/\/e5gp8rwuod7.exactdn.com\/vasteras\/wp-content\/uploads\/sites\/4\/2022\/10\/bada-bastu-2048x1366.jpg?strip=all&amp;lossy=1&amp;ssl=1 2048w, https:\/\/e5gp8rwuod7.exactdn.com\/vasteras\/wp-content\/uploads\/sites\/4\/2022\/10\/bada-bastu-528x352.jpg?strip=all&amp;lossy=1&amp;ssl=1 528w, https:\/\/e5gp8rwuod7.exactdn.com\/vasteras\/wp-content\/uploads\/sites\/4\/2022\/10\/bada-bastu-360x240.jpg?strip=all&amp;lossy=1&amp;ssl=1 360w, https:\/\/e5gp8rwuod7.exactdn.com\/vasteras\/wp-content\/uploads\/sites\/4\/2022\/10\/bada-bastu-1920x1280.jpg?strip=all&amp;lossy=1&amp;ssl=1 1920w, https:\/\/e5gp8rwuod7.exactdn.com\/vasteras\/wp-content\/uploads\/sites\/4\/2022\/10\/bada-bastu-600x400.jpg?strip=all&amp;lossy=1&amp;ssl=1 600w, https:\/\/e5gp8rwuod7.exactdn.com\/vasteras\/wp-content\/uploads\/sites\/4\/2022\/10\/bada-bastu.jpg?strip=all&amp;lossy=1&amp;w=1152&amp;ssl=1 1152w\" sizes=\"auto, (max-width: 1024px) 100vw, 1024px\" \/><\/figure>\n<\/figure>\n\n\n\n<h2 class=\"wp-block-heading\">Interi\u00f6rbilder i 3D<\/h2>\n\n\n\n<p><a href=\"https:\/\/momento360.com\/e\/u\/e2f5fbf80dc14382bb2f593cb3b1d421?utm_campaign=embed&amp;utm_source=other&amp;heading=0&amp;pitch=0&amp;field-of-view=75&amp;size=medium\" target=\"_blank\" rel=\"noreferrer noopener\">Klicka h\u00e4r f\u00f6r en rundtur i bastun<\/a><br><a href=\"https:\/\/momento360.com\/e\/u\/0c2b299aed5640eabe29f6df7fed1fd4?utm_campaign=embed&amp;utm_source=other&amp;heading=410.2&amp;pitch=0.21&amp;field-of-view=75&amp;size=medium\" target=\"_blank\" rel=\"noreferrer noopener\">Klicka h\u00e4r f\u00f6r en rundtur i relaxen<\/a><\/p>\n\n\n\n<div style=\"height:1px\" aria-hidden=\"true\" class=\"wp-block-spacer\"><\/div>\n\n\n\n<h2 class=\"wp-block-heading\">Bra att veta<\/h2>\n\n\n\n<ul class=\"wp-block-list\">\n<li>Uth\u00e4mtning av nyckel samt betalning sker i v\u00e5r sport- och friluftsbutik p\u00e5 Bj\u00f6rn\u00f6g\u00e5rden <strong>under v\u00e5ra \u00f6ppettider<\/strong> f\u00f6re ditt bokade pass.<\/li>\n\n\n\n<li>Det finns <strong>ingen toalett<\/strong> i bastubyggnaden utan det hittar du i servicehuset ca 100 meter fr\u00e5n bastun.<\/li>\n\n\n\n<li>Bastun \u00e4r <strong>ej t\u00e4nd<\/strong> vid ankomst utan det du som hyresg\u00e4st som sj\u00e4lv t\u00e4nder den, om inget annat avtalas vid bokningstillf\u00e4llet.<\/li>\n\n\n\n<li>\u00c5terl\u00e4mning av nycklar <strong>utanf\u00f6r v\u00e5ra \u00f6ppettider<\/strong> sker i en nyckelbox med kodl\u00e5s bredvid entr\u00e9n till bastun.<\/li>\n\n\n\n<li><strong>Sk\u00f6tselregler<\/strong> finns anslaget p\u00e5 insidan av entr\u00e9d\u00f6rren i bastun.<\/li>\n\n\n\n<li>L\u00e5n av sitthanddukar ing\u00e5r i priset och finns i omkl\u00e4dningsrummet. Av hygiensk\u00e4l ska <strong>alltid handduk anv\u00e4ndas<\/strong> att sitta p\u00e5 i bastun.<\/li>\n<\/ul>\n\n\n\n<h2 class=\"wp-block-heading\">Drop in, kallbad &amp; bastu<\/h2>\n\n\n\n<p> Att bada kallbad har blivit en popul\u00e4r aktivitet i V\u00e4ster\u00e5s och det \u00e4r m\u00e5nga som \u00e4r nyfikna p\u00e5 att prova det. Men att beh\u00f6va byta om utomhus f\u00f6re och efter badet f\u00e5r m\u00e5nga att tveka. D\u00e4rf\u00f6r provar vi nu att arrangera kallbad d\u00e4r v\u00e5r bastubyggnad finns tillg\u00e4nglig f\u00f6r dusch, ombyte och avslappning i rofylld milj\u00f6 &#8211; utan att du beh\u00f6ver hyra hela bastun.<\/p>\n\n\n\n<div class=\"wp-block-buttons is-layout-flex wp-block-buttons-is-layout-flex\">\n<div class=\"wp-block-button\"><a class=\"wp-block-button__link wp-element-button\" href=\"https:\/\/aktivtuteliv.se\/vasteras\/kallbad-drop-in\/\">L\u00e4s mer om drop in h\u00e4r<\/a><\/div>\n<\/div>\n\n\n\n<div style=\"height:1px\" aria-hidden=\"true\" class=\"wp-block-spacer\"><\/div>\n\n\n\n<h2 class=\"wp-block-heading\">Hitta hit<\/h2>\n\n\n\n<p>Bastun ligger nedanf\u00f6r v\u00e5r stugby Granbo som ligger ovanf\u00f6r gr\u00e4splanerna direkt efter Bj\u00f6rn\u00f6bron, vi har en skylt vid infarten. Det \u00e4r fri parkering p\u00e5 stugbyns parkering om du kommer med bil. Annars g\u00e5r busslinje tv\u00e5, den gr\u00f6na linjen, \u00e4nda ut till Bj\u00f6rn\u00f6g\u00e5rden \u00e4ven p\u00e5 kv\u00e4llar och helger.<\/p>\n\n\n\n<p><a href=\"https:\/\/maps.app.goo.gl\/n2yScZZEjLYjJfTZ9\">Google kartl\u00e4nk till bastun.<\/a><\/p>\n\n\n\n<figure class=\"wp-block-image size-large\"><img loading=\"lazy\" decoding=\"async\" width=\"1024\" height=\"724\" src=\"https:\/\/e5gp8rwuod7.exactdn.com\/vasteras\/wp-content\/uploads\/sites\/4\/2022\/09\/Karta_stugby-1024x724.jpg?strip=all&lossy=1&ssl=1\" alt=\"\" class=\"wp-image-66700\" srcset=\"https:\/\/e5gp8rwuod7.exactdn.com\/vasteras\/wp-content\/uploads\/sites\/4\/2022\/09\/Karta_stugby-1024x724.jpg?strip=all&amp;lossy=1&amp;ssl=1 1024w, https:\/\/e5gp8rwuod7.exactdn.com\/vasteras\/wp-content\/uploads\/sites\/4\/2022\/09\/Karta_stugby-300x212.jpg?strip=all&amp;lossy=1&amp;ssl=1 300w, https:\/\/e5gp8rwuod7.exactdn.com\/vasteras\/wp-content\/uploads\/sites\/4\/2022\/09\/Karta_stugby-768x543.jpg?strip=all&amp;lossy=1&amp;ssl=1 768w, https:\/\/e5gp8rwuod7.exactdn.com\/vasteras\/wp-content\/uploads\/sites\/4\/2022\/09\/Karta_stugby-1536x1086.jpg?strip=all&amp;lossy=1&amp;ssl=1 1536w, https:\/\/e5gp8rwuod7.exactdn.com\/vasteras\/wp-content\/uploads\/sites\/4\/2022\/09\/Karta_stugby-2048x1448.jpg?strip=all&amp;lossy=1&amp;ssl=1 2048w, https:\/\/e5gp8rwuod7.exactdn.com\/vasteras\/wp-content\/uploads\/sites\/4\/2022\/09\/Karta_stugby-498x352.jpg?strip=all&amp;lossy=1&amp;ssl=1 498w, https:\/\/e5gp8rwuod7.exactdn.com\/vasteras\/wp-content\/uploads\/sites\/4\/2022\/09\/Karta_stugby-339x240.jpg?strip=all&amp;lossy=1&amp;ssl=1 339w, https:\/\/e5gp8rwuod7.exactdn.com\/vasteras\/wp-content\/uploads\/sites\/4\/2022\/09\/Karta_stugby-1920x1358.jpg?strip=all&amp;lossy=1&amp;ssl=1 1920w, https:\/\/e5gp8rwuod7.exactdn.com\/vasteras\/wp-content\/uploads\/sites\/4\/2022\/09\/Karta_stugby-600x424.jpg?strip=all&amp;lossy=1&amp;ssl=1 600w, https:\/\/e5gp8rwuod7.exactdn.com\/vasteras\/wp-content\/uploads\/sites\/4\/2022\/09\/Karta_stugby.jpg?strip=all&amp;lossy=1&amp;w=1152&amp;ssl=1 1152w\" sizes=\"auto, (max-width: 1024px) 100vw, 1024px\" \/><\/figure>\n\n\n\n<div style=\"height:1px\" aria-hidden=\"true\" class=\"wp-block-spacer\"><\/div>\n\n\n\n<div style=\"height:1px\" aria-hidden=\"true\" class=\"wp-block-spacer\"><\/div>\n\n\n\n<div style=\"height:75px\" aria-hidden=\"true\" id=\"formular-ankare\" class=\"wp-block-spacer\"><\/div>\n\n\n\n<div class=\"wp-block-contact-form-7-contact-form-selector\">\n<div class=\"wpcf7 no-js\" id=\"wpcf7-f62027-o1\" lang=\"sv-SE\" dir=\"ltr\">\n<div class=\"screen-reader-response\"><p role=\"status\" aria-live=\"polite\" aria-atomic=\"true\"><\/p> <ul><\/ul><\/div>\n<form action=\"\/vasteras\/wp-json\/wp\/v2\/pages\/62119#wpcf7-f62027-o1\" method=\"post\" class=\"wpcf7-form init\" aria-label=\"Kontaktformul\u00e4r\" novalidate=\"novalidate\" data-status=\"init\">\n<div style=\"display: none;\">\n<input type=\"hidden\" name=\"_wpcf7\" value=\"62027\" \/>\n<input type=\"hidden\" name=\"_wpcf7_version\" value=\"5.9.6\" \/>\n<input type=\"hidden\" name=\"_wpcf7_locale\" value=\"sv_SE\" \/>\n<input type=\"hidden\" name=\"_wpcf7_unit_tag\" value=\"wpcf7-f62027-o1\" \/>\n<input type=\"hidden\" name=\"_wpcf7_container_post\" value=\"0\" \/>\n<input type=\"hidden\" name=\"_wpcf7_posted_data_hash\" value=\"\" \/>\n<input type=\"hidden\" name=\"_wpcf7_recaptcha_response\" value=\"\" \/>\n<\/div>\n<h2 class=\"wp-block-heading\"><strong>Bokningsf\u00f6rfr\u00e5gan<\/strong>\n<\/h2>\n<p><span class=\"wpcf7-form-control-wrap\" data-name=\"bastu-datum\"><input class=\"wpcf7-form-control wpcf7-date wpcf7-validates-as-required wpcf7-validates-as-date\" min=\"2021-09-02\" max=\"2099-09-30\" aria-required=\"true\" aria-invalid=\"false\" value=\"\" type=\"date\" name=\"bastu-datum\" \/><\/span><span class=\"wpcf7-form-control-wrap\" data-name=\"bastu-tid\"><select class=\"wpcf7-form-control wpcf7-select\" aria-invalid=\"false\" name=\"bastu-tid\"><option value=\"\u00d6nskat pass\">\u00d6nskat pass<\/option><option value=\"10:00 - 14:00 (m\u00e5n-tor)\">10:00 - 14:00 (m\u00e5n-tor)<\/option><option value=\"14:00 - 18:00 (m\u00e5n-tor)\">14:00 - 18:00 (m\u00e5n-tor)<\/option><option value=\"18:00 - 22:00 (m\u00e5n-tor)\">18:00 - 22:00 (m\u00e5n-tor)<\/option><option value=\"10:00 - 16:00 (fre-s\u00f6n)\">10:00 - 16:00 (fre-s\u00f6n)<\/option><option value=\"16:00 - 22:00 (fre-s\u00f6n)\">16:00 - 22:00 (fre-s\u00f6n)<\/option><\/select><\/span><br \/>\n<span class=\"wpcf7-form-control-wrap\" data-name=\"Namn\"><input size=\"40\" maxlength=\"80\" class=\"wpcf7-form-control wpcf7-text wpcf7-validates-as-required\" aria-required=\"true\" aria-invalid=\"false\" placeholder=\"Namn\" value=\"\" type=\"text\" name=\"Namn\" \/><\/span><br \/>\n<span class=\"wpcf7-form-control-wrap\" data-name=\"E-post\"><input size=\"40\" maxlength=\"80\" class=\"wpcf7-form-control wpcf7-email wpcf7-validates-as-required wpcf7-text wpcf7-validates-as-email\" aria-required=\"true\" aria-invalid=\"false\" placeholder=\"E-post\" value=\"\" type=\"email\" name=\"E-post\" \/><\/span><br \/>\n<span class=\"wpcf7-form-control-wrap\" data-name=\"your-phone-number\"><input size=\"40\" maxlength=\"80\" class=\"wpcf7-form-control wpcf7-text wpcf7-validates-as-required\" aria-required=\"true\" aria-invalid=\"false\" placeholder=\"Mobilnummer\" value=\"\" type=\"text\" name=\"your-phone-number\" \/><\/span><br \/>\n<span class=\"wpcf7-form-control-wrap\" data-name=\"your-message\"><textarea cols=\"40\" rows=\"10\" maxlength=\"400\" class=\"wpcf7-form-control wpcf7-textarea\" aria-invalid=\"false\" placeholder=\"Meddelande (bokningsf\u00f6rfr\u00e5gan behandlas vardagar, f\u00f6r f\u00f6rfr\u00e5gningar under helgen kontakta butik)\" name=\"your-message\"><\/textarea><\/span>\n<\/p>\n<p><input class=\"wpcf7-form-control wpcf7-submit has-spinner\" type=\"submit\" value=\"Skicka\" \/>\n<\/p><div class=\"wpcf7-response-output\" aria-hidden=\"true\"><\/div>\n<\/form>\n<\/div>\n<\/div>\n","protected":false},"excerpt":{"rendered":"<p>Hyr v\u00e5r vedeldade bastu Hyra bastu i V\u00e4ster\u00e5s. L\u00e4ngst ut p\u00e5 norra Bj\u00f6rn\u00f6, med fantastisk utsikt \u00f6ver V\u00e4ster\u00e5sfj\u00e4rden, ligger v\u00e5r vedeldade bastu som du kan hyra. H\u00e4r kan du njuta [&hellip;]<\/p>\n","protected":false},"author":13,"featured_media":66887,"parent":0,"menu_order":0,"comment_status":"closed","ping_status":"closed","template":"","meta":{"_acf_changed":false,"footnotes":""},"class_list":["post-62119","page","type-page","status-publish","has-post-thumbnail","hentry"],"acf":[],"yoast_head":"<!-- This site is optimized with the Yoast SEO plugin v23.0 - https:\/\/yoast.com\/wordpress\/plugins\/seo\/ -->\n<title>Hyra bastu i V\u00e4ster\u00e5s, bastu med sj\u00f6utsikt och plats f\u00f6r 16 personer<\/title>\n<meta name=\"description\" content=\"Hyra bastu i V\u00e4ster\u00e5s. L\u00e4ngst ut p\u00e5 norra Bj\u00f6rn\u00f6, med fantastisk utsikt \u00f6ver V\u00e4ster\u00e5sfj\u00e4rden, ligger v\u00e5r vedeldade bastu som du kan hyra.\" \/>\n<meta name=\"robots\" content=\"index, follow, max-snippet:-1, max-image-preview:large, max-video-preview:-1\" \/>\n<link rel=\"canonical\" href=\"https:\/\/aktivtuteliv.se\/vasteras\/hyra-bastu\/\" \/>\n<meta property=\"og:locale\" content=\"sv_SE\" \/>\n<meta property=\"og:type\" content=\"article\" \/>\n<meta property=\"og:title\" content=\"Hyra bastu i V\u00e4ster\u00e5s, bastu med sj\u00f6utsikt och plats f\u00f6r 16 personer\" \/>\n<meta property=\"og:description\" content=\"Hyra bastu i V\u00e4ster\u00e5s. L\u00e4ngst ut p\u00e5 norra Bj\u00f6rn\u00f6, med fantastisk utsikt \u00f6ver V\u00e4ster\u00e5sfj\u00e4rden, ligger v\u00e5r vedeldade bastu som du kan hyra.\" \/>\n<meta property=\"og:url\" content=\"https:\/\/aktivtuteliv.se\/vasteras\/hyra-bastu\/\" \/>\n<meta property=\"og:site_name\" content=\"V\u00e4ster\u00e5s\" \/>\n<meta property=\"article:publisher\" content=\"https:\/\/www.facebook.com\/aktivtutelivbjornogarden\" \/>\n<meta property=\"article:modified_time\" content=\"2026-01-28T15:17:10+00:00\" \/>\n<meta property=\"og:image\" content=\"https:\/\/aktivtuteliv.se\/vasteras\/wp-content\/uploads\/sites\/4\/2022\/10\/vedeldad-bastu.jpg\" \/>\n\t<meta property=\"og:image:width\" content=\"2560\" \/>\n\t<meta property=\"og:image:height\" content=\"1707\" \/>\n\t<meta property=\"og:image:type\" content=\"image\/jpeg\" \/>\n<meta name=\"twitter:card\" content=\"summary_large_image\" \/>\n<meta name=\"twitter:site\" content=\"@aktivtuteliv\" \/>\n<meta name=\"twitter:label1\" content=\"Ber\u00e4knad l\u00e4stid\" \/>\n\t<meta name=\"twitter:data1\" content=\"4 minuter\" \/>\n<script type=\"application\/ld+json\" class=\"yoast-schema-graph\">{\"@context\":\"https:\/\/schema.org\",\"@graph\":[{\"@type\":\"WebPage\",\"@id\":\"https:\/\/aktivtuteliv.se\/vasteras\/hyra-bastu\/\",\"url\":\"https:\/\/aktivtuteliv.se\/vasteras\/hyra-bastu\/\",\"name\":\"Hyra bastu i V\u00e4ster\u00e5s, bastu med sj\u00f6utsikt och plats f\u00f6r 16 personer\",\"isPartOf\":{\"@id\":\"https:\/\/aktivtuteliv.se\/vasteras\/#website\"},\"primaryImageOfPage\":{\"@id\":\"https:\/\/aktivtuteliv.se\/vasteras\/hyra-bastu\/#primaryimage\"},\"image\":{\"@id\":\"https:\/\/aktivtuteliv.se\/vasteras\/hyra-bastu\/#primaryimage\"},\"thumbnailUrl\":\"https:\/\/e5gp8rwuod7.exactdn.com\/vasteras\/wp-content\/uploads\/sites\/4\/2022\/10\/vedeldad-bastu.jpg?strip=all&lossy=1&ssl=1\",\"datePublished\":\"2021-09-21T21:02:20+00:00\",\"dateModified\":\"2026-01-28T15:17:10+00:00\",\"description\":\"Hyra bastu i V\u00e4ster\u00e5s. L\u00e4ngst ut p\u00e5 norra Bj\u00f6rn\u00f6, med fantastisk utsikt \u00f6ver V\u00e4ster\u00e5sfj\u00e4rden, ligger v\u00e5r vedeldade bastu som du kan hyra.\",\"breadcrumb\":{\"@id\":\"https:\/\/aktivtuteliv.se\/vasteras\/hyra-bastu\/#breadcrumb\"},\"inLanguage\":\"sv-SE\",\"potentialAction\":[{\"@type\":\"ReadAction\",\"target\":[\"https:\/\/aktivtuteliv.se\/vasteras\/hyra-bastu\/\"]}]},{\"@type\":\"ImageObject\",\"inLanguage\":\"sv-SE\",\"@id\":\"https:\/\/aktivtuteliv.se\/vasteras\/hyra-bastu\/#primaryimage\",\"url\":\"https:\/\/e5gp8rwuod7.exactdn.com\/vasteras\/wp-content\/uploads\/sites\/4\/2022\/10\/vedeldad-bastu.jpg?strip=all&lossy=1&ssl=1\",\"contentUrl\":\"https:\/\/e5gp8rwuod7.exactdn.com\/vasteras\/wp-content\/uploads\/sites\/4\/2022\/10\/vedeldad-bastu.jpg?strip=all&lossy=1&ssl=1\",\"width\":2560,\"height\":1707,\"caption\":\"hyra bastu i v\u00e4ster\u00e5s\"},{\"@type\":\"BreadcrumbList\",\"@id\":\"https:\/\/aktivtuteliv.se\/vasteras\/hyra-bastu\/#breadcrumb\",\"itemListElement\":[{\"@type\":\"ListItem\",\"position\":1,\"name\":\"Home\",\"item\":\"https:\/\/aktivtuteliv.se\/vasteras\/\"},{\"@type\":\"ListItem\",\"position\":2,\"name\":\"Hyra bastu i V\u00e4ster\u00e5s\"}]},{\"@type\":\"WebSite\",\"@id\":\"https:\/\/aktivtuteliv.se\/vasteras\/#website\",\"url\":\"https:\/\/aktivtuteliv.se\/vasteras\/\",\"name\":\"Aktivt Uteliv Bj\u00f6rn\u00f6g\u00e5rden\",\"description\":\"Ett friluftscenter i V\u00e4ster\u00e5s\",\"publisher\":{\"@id\":\"https:\/\/aktivtuteliv.se\/vasteras\/#organization\"},\"potentialAction\":[{\"@type\":\"SearchAction\",\"target\":{\"@type\":\"EntryPoint\",\"urlTemplate\":\"https:\/\/aktivtuteliv.se\/vasteras\/?s={search_term_string}\"},\"query-input\":\"required name=search_term_string\"}],\"inLanguage\":\"sv-SE\"},{\"@type\":\"Organization\",\"@id\":\"https:\/\/aktivtuteliv.se\/vasteras\/#organization\",\"name\":\"Aktivt Uteliv Bj\u00f6rn\u00f6g\u00e5rden\",\"url\":\"https:\/\/aktivtuteliv.se\/vasteras\/\",\"logo\":{\"@type\":\"ImageObject\",\"inLanguage\":\"sv-SE\",\"@id\":\"https:\/\/aktivtuteliv.se\/vasteras\/#\/schema\/logo\/image\/\",\"url\":\"https:\/\/e5gp8rwuod7.exactdn.com\/vasteras\/wp-content\/uploads\/sites\/4\/2025\/01\/AUB-pms.png?strip=all&lossy=1&ssl=1\",\"contentUrl\":\"https:\/\/e5gp8rwuod7.exactdn.com\/vasteras\/wp-content\/uploads\/sites\/4\/2025\/01\/AUB-pms.png?strip=all&lossy=1&ssl=1\",\"width\":1894,\"height\":1165,\"caption\":\"Aktivt Uteliv Bj\u00f6rn\u00f6g\u00e5rden\"},\"image\":{\"@id\":\"https:\/\/aktivtuteliv.se\/vasteras\/#\/schema\/logo\/image\/\"},\"sameAs\":[\"https:\/\/www.facebook.com\/aktivtutelivbjornogarden\",\"https:\/\/x.com\/aktivtuteliv\",\"https:\/\/www.instagram.com\/aktivtuteliv_bjornogarden\"]}]}<\/script>\n<!-- \/ Yoast SEO plugin. -->","yoast_head_json":{"title":"Hyra bastu i V\u00e4ster\u00e5s, bastu med sj\u00f6utsikt och plats f\u00f6r 16 personer","description":"Hyra bastu i V\u00e4ster\u00e5s. L\u00e4ngst ut p\u00e5 norra Bj\u00f6rn\u00f6, med fantastisk utsikt \u00f6ver V\u00e4ster\u00e5sfj\u00e4rden, ligger v\u00e5r vedeldade bastu som du kan hyra.","robots":{"index":"index","follow":"follow","max-snippet":"max-snippet:-1","max-image-preview":"max-image-preview:large","max-video-preview":"max-video-preview:-1"},"canonical":"https:\/\/aktivtuteliv.se\/vasteras\/hyra-bastu\/","og_locale":"sv_SE","og_type":"article","og_title":"Hyra bastu i V\u00e4ster\u00e5s, bastu med sj\u00f6utsikt och plats f\u00f6r 16 personer","og_description":"Hyra bastu i V\u00e4ster\u00e5s. L\u00e4ngst ut p\u00e5 norra Bj\u00f6rn\u00f6, med fantastisk utsikt \u00f6ver V\u00e4ster\u00e5sfj\u00e4rden, ligger v\u00e5r vedeldade bastu som du kan hyra.","og_url":"https:\/\/aktivtuteliv.se\/vasteras\/hyra-bastu\/","og_site_name":"V\u00e4ster\u00e5s","article_publisher":"https:\/\/www.facebook.com\/aktivtutelivbjornogarden","article_modified_time":"2026-01-28T15:17:10+00:00","og_image":[{"width":2560,"height":1707,"url":"https:\/\/aktivtuteliv.se\/vasteras\/wp-content\/uploads\/sites\/4\/2022\/10\/vedeldad-bastu.jpg","type":"image\/jpeg"}],"twitter_card":"summary_large_image","twitter_site":"@aktivtuteliv","twitter_misc":{"Ber\u00e4knad l\u00e4stid":"4 minuter"},"schema":{"@context":"https:\/\/schema.org","@graph":[{"@type":"WebPage","@id":"https:\/\/aktivtuteliv.se\/vasteras\/hyra-bastu\/","url":"https:\/\/aktivtuteliv.se\/vasteras\/hyra-bastu\/","name":"Hyra bastu i V\u00e4ster\u00e5s, bastu med sj\u00f6utsikt och plats f\u00f6r 16 personer","isPartOf":{"@id":"https:\/\/aktivtuteliv.se\/vasteras\/#website"},"primaryImageOfPage":{"@id":"https:\/\/aktivtuteliv.se\/vasteras\/hyra-bastu\/#primaryimage"},"image":{"@id":"https:\/\/aktivtuteliv.se\/vasteras\/hyra-bastu\/#primaryimage"},"thumbnailUrl":"https:\/\/e5gp8rwuod7.exactdn.com\/vasteras\/wp-content\/uploads\/sites\/4\/2022\/10\/vedeldad-bastu.jpg?strip=all&lossy=1&ssl=1","datePublished":"2021-09-21T21:02:20+00:00","dateModified":"2026-01-28T15:17:10+00:00","description":"Hyra bastu i V\u00e4ster\u00e5s. L\u00e4ngst ut p\u00e5 norra Bj\u00f6rn\u00f6, med fantastisk utsikt \u00f6ver V\u00e4ster\u00e5sfj\u00e4rden, ligger v\u00e5r vedeldade bastu som du kan hyra.","breadcrumb":{"@id":"https:\/\/aktivtuteliv.se\/vasteras\/hyra-bastu\/#breadcrumb"},"inLanguage":"sv-SE","potentialAction":[{"@type":"ReadAction","target":["https:\/\/aktivtuteliv.se\/vasteras\/hyra-bastu\/"]}]},{"@type":"ImageObject","inLanguage":"sv-SE","@id":"https:\/\/aktivtuteliv.se\/vasteras\/hyra-bastu\/#primaryimage","url":"https:\/\/e5gp8rwuod7.exactdn.com\/vasteras\/wp-content\/uploads\/sites\/4\/2022\/10\/vedeldad-bastu.jpg?strip=all&lossy=1&ssl=1","contentUrl":"https:\/\/e5gp8rwuod7.exactdn.com\/vasteras\/wp-content\/uploads\/sites\/4\/2022\/10\/vedeldad-bastu.jpg?strip=all&lossy=1&ssl=1","width":2560,"height":1707,"caption":"hyra bastu i v\u00e4ster\u00e5s"},{"@type":"BreadcrumbList","@id":"https:\/\/aktivtuteliv.se\/vasteras\/hyra-bastu\/#breadcrumb","itemListElement":[{"@type":"ListItem","position":1,"name":"Home","item":"https:\/\/aktivtuteliv.se\/vasteras\/"},{"@type":"ListItem","position":2,"name":"Hyra bastu i V\u00e4ster\u00e5s"}]},{"@type":"WebSite","@id":"https:\/\/aktivtuteliv.se\/vasteras\/#website","url":"https:\/\/aktivtuteliv.se\/vasteras\/","name":"Aktivt Uteliv Bj\u00f6rn\u00f6g\u00e5rden","description":"Ett friluftscenter i V\u00e4ster\u00e5s","publisher":{"@id":"https:\/\/aktivtuteliv.se\/vasteras\/#organization"},"potentialAction":[{"@type":"SearchAction","target":{"@type":"EntryPoint","urlTemplate":"https:\/\/aktivtuteliv.se\/vasteras\/?s={search_term_string}"},"query-input":"required name=search_term_string"}],"inLanguage":"sv-SE"},{"@type":"Organization","@id":"https:\/\/aktivtuteliv.se\/vasteras\/#organization","name":"Aktivt Uteliv Bj\u00f6rn\u00f6g\u00e5rden","url":"https:\/\/aktivtuteliv.se\/vasteras\/","logo":{"@type":"ImageObject","inLanguage":"sv-SE","@id":"https:\/\/aktivtuteliv.se\/vasteras\/#\/schema\/logo\/image\/","url":"https:\/\/e5gp8rwuod7.exactdn.com\/vasteras\/wp-content\/uploads\/sites\/4\/2025\/01\/AUB-pms.png?strip=all&lossy=1&ssl=1","contentUrl":"https:\/\/e5gp8rwuod7.exactdn.com\/vasteras\/wp-content\/uploads\/sites\/4\/2025\/01\/AUB-pms.png?strip=all&lossy=1&ssl=1","width":1894,"height":1165,"caption":"Aktivt Uteliv Bj\u00f6rn\u00f6g\u00e5rden"},"image":{"@id":"https:\/\/aktivtuteliv.se\/vasteras\/#\/schema\/logo\/image\/"},"sameAs":["https:\/\/www.facebook.com\/aktivtutelivbjornogarden","https:\/\/x.com\/aktivtuteliv","https:\/\/www.instagram.com\/aktivtuteliv_bjornogarden"]}]}},"_links":{"self":[{"href":"https:\/\/aktivtuteliv.se\/vasteras\/wp-json\/wp\/v2\/pages\/62119","targetHints":{"allow":["GET"]}}],"collection":[{"href":"https:\/\/aktivtuteliv.se\/vasteras\/wp-json\/wp\/v2\/pages"}],"about":[{"href":"https:\/\/aktivtuteliv.se\/vasteras\/wp-json\/wp\/v2\/types\/page"}],"author":[{"embeddable":true,"href":"https:\/\/aktivtuteliv.se\/vasteras\/wp-json\/wp\/v2\/users\/13"}],"replies":[{"embeddable":true,"href":"https:\/\/aktivtuteliv.se\/vasteras\/wp-json\/wp\/v2\/comments?post=62119"}],"version-history":[{"count":0,"href":"https:\/\/aktivtuteliv.se\/vasteras\/wp-json\/wp\/v2\/pages\/62119\/revisions"}],"wp:featuredmedia":[{"embeddable":true,"href":"https:\/\/aktivtuteliv.se\/vasteras\/wp-json\/wp\/v2\/media\/66887"}],"wp:attachment":[{"href":"https:\/\/aktivtuteliv.se\/vasteras\/wp-json\/wp\/v2\/media?parent=62119"}],"curies":[{"name":"wp","href":"https:\/\/api.w.org\/{rel}","templated":true}]}}