{"id":73562,"date":"2024-10-10T12:00:42","date_gmt":"2024-10-10T12:00:42","guid":{"rendered":"https:\/\/aktivtuteliv.se\/vasteras\/?page_id=73562"},"modified":"2026-04-23T10:02:49","modified_gmt":"2026-04-23T08:02:49","slug":"visit-the-island-of-bjorno","status":"publish","type":"page","link":"https:\/\/aktivtuteliv.se\/vasteras\/visit-the-island-of-bjorno\/","title":{"rendered":"Visit the island of Bj\u00f6rn\u00f6"},"content":{"rendered":"\n<h2 class=\"wp-block-heading has-text-align-left has-large-font-size\">Welcome to the island of Bj\u00f6rn\u00f6 in V\u00e4ster\u00e5s, Sweden!<\/h2>\n\n\n\n<p>Visit the island of Bj\u00f6rn\u00f6. Aktivt Uteliv Bj\u00f6rn\u00f6g\u00e5rden is an outdoor activity center located on the scenic island of Bj\u00f6rn\u00f6, on the outskirts of V\u00e4ster\u00e5s. Surrounded by nature yet close to the city, our center offers a wide range of activities and services.<\/p>\n\n\n\n<p>Right outside the door, you\u2019ll discover excellent waters for paddling, mountain biking trails, hiking paths, and during the winter, plowed ice skating rinks and ski trails.<\/p>\n\n\n\n<p>Bj\u00f6rn\u00f6g\u00e5rden was founded in 1942 and has been a beloved hub for outdoor activities ever since. In 2019, we were thrilled to seize the opportunity to take over Bj\u00f6rn\u00f6g\u00e5rden and breathe new life into it as a modern outdoor center.<\/p>\n\n\n\n<figure class=\"wp-block-embed is-type-video is-provider-youtube wp-block-embed-youtube wp-embed-aspect-16-9 wp-has-aspect-ratio\"><div class=\"wp-block-embed__wrapper\">\n<iframe loading=\"lazy\" title=\"V\u00e4lkommen till \u00e4ventyrs\u00f6n!\" width=\"500\" height=\"281\" src=\"https:\/\/www.youtube.com\/embed\/mlpkWi1r090?feature=oembed&#038;enablejsapi=1&#038;origin=https:\/\/aktivtuteliv.se\" frameborder=\"0\" allow=\"accelerometer; autoplay; clipboard-write; encrypted-media; gyroscope; picture-in-picture; web-share\" referrerpolicy=\"strict-origin-when-cross-origin\" allowfullscreen><\/iframe>\n<\/div><\/figure>\n\n\n\n<h2 class=\"wp-block-heading\">Contact us&#8230;<\/h2>\n\n\n\n<div class=\"wp-block-columns is-layout-flex wp-container-core-columns-is-layout-9d6595d7 wp-block-columns-is-layout-flex\">\n<div class=\"wp-block-column is-layout-flow wp-block-column-is-layout-flow\">\n<div class=\"wp-block-columns is-layout-flex wp-container-core-columns-is-layout-9d6595d7 wp-block-columns-is-layout-flex\">\n<div class=\"wp-block-column is-layout-flow wp-block-column-is-layout-flow\"><div class=\"wp-block-image\">\n<figure class=\"aligncenter size-full\"><img loading=\"lazy\" decoding=\"async\" width=\"95\" height=\"95\" src=\"https:\/\/e5gp8rwuod7.exactdn.com\/vasteras\/wp-content\/uploads\/sites\/4\/2021\/12\/telefon.gif?strip=all&lossy=1&resize=95%2C95&ssl=1\" alt=\"\" class=\"wp-image-62906\"\/><\/figure>\n<\/div>\n\n\n<h3 class=\"wp-block-heading has-text-align-center\"><a href=\"tel:+462126200\">+46 (0)21-262 00<\/a><\/h3>\n<\/div>\n\n\n\n<div class=\"wp-block-column is-layout-flow wp-block-column-is-layout-flow\"><div class=\"wp-block-image\">\n<figure class=\"aligncenter size-full\"><img loading=\"lazy\" decoding=\"async\" width=\"95\" height=\"95\" src=\"https:\/\/e5gp8rwuod7.exactdn.com\/vasteras\/wp-content\/uploads\/sites\/4\/2021\/12\/e-post.gif?strip=all&lossy=1&resize=95%2C95&ssl=1\" alt=\"\" class=\"wp-image-62908\"\/><\/figure>\n<\/div>\n\n\n<h3 class=\"wp-block-heading has-text-align-center\"><a href=\"mailto:boka.vasteras@aktivtuteliv.nu\">boka.vasteras@aktivtuteliv.nu<\/a><\/h3>\n<\/div>\n\n\n\n<div class=\"wp-block-column is-layout-flow wp-block-column-is-layout-flow\"><div class=\"wp-block-image\">\n<figure class=\"aligncenter size-full is-resized\"><a href=\"https:\/\/www.facebook.com\/aktivtutelivbjornogarden\"><img loading=\"lazy\" decoding=\"async\" width=\"1021\" height=\"1020\" src=\"https:\/\/e5gp8rwuod7.exactdn.com\/vasteras\/wp-content\/uploads\/sites\/4\/2024\/10\/facebook_hemsida-1.jpg?strip=all&lossy=1&ssl=1\" alt=\"\" class=\"wp-image-73576\" style=\"width:100px\" srcset=\"https:\/\/e5gp8rwuod7.exactdn.com\/vasteras\/wp-content\/uploads\/sites\/4\/2024\/10\/facebook_hemsida-1.jpg?strip=all&amp;lossy=1&amp;ssl=1 1021w, https:\/\/e5gp8rwuod7.exactdn.com\/vasteras\/wp-content\/uploads\/sites\/4\/2024\/10\/facebook_hemsida-1-300x300.jpg?strip=all&amp;lossy=1&amp;ssl=1 300w, https:\/\/e5gp8rwuod7.exactdn.com\/vasteras\/wp-content\/uploads\/sites\/4\/2024\/10\/facebook_hemsida-1-150x150.jpg?strip=all&amp;lossy=1&amp;ssl=1 150w, https:\/\/e5gp8rwuod7.exactdn.com\/vasteras\/wp-content\/uploads\/sites\/4\/2024\/10\/facebook_hemsida-1-768x767.jpg?strip=all&amp;lossy=1&amp;ssl=1 768w, https:\/\/e5gp8rwuod7.exactdn.com\/vasteras\/wp-content\/uploads\/sites\/4\/2024\/10\/facebook_hemsida-1-352x352.jpg?strip=all&amp;lossy=1&amp;ssl=1 352w, https:\/\/e5gp8rwuod7.exactdn.com\/vasteras\/wp-content\/uploads\/sites\/4\/2024\/10\/facebook_hemsida-1-240x240.jpg?strip=all&amp;lossy=1&amp;ssl=1 240w, https:\/\/e5gp8rwuod7.exactdn.com\/vasteras\/wp-content\/uploads\/sites\/4\/2024\/10\/facebook_hemsida-1-600x599.jpg?strip=all&amp;lossy=1&amp;ssl=1 600w, https:\/\/e5gp8rwuod7.exactdn.com\/vasteras\/wp-content\/uploads\/sites\/4\/2024\/10\/facebook_hemsida-1-100x100.jpg?strip=all&amp;lossy=1&amp;ssl=1 100w\" sizes=\"auto, (max-width: 1021px) 100vw, 1021px\" \/><\/a><\/figure>\n<\/div>\n\n\n<h3 class=\"wp-block-heading has-text-align-center\"><a href=\"https:\/\/www.facebook.com\/aktivtutelivbjornogarden\">@aktivtutelivbjornogarden<\/a><\/h3>\n<\/div>\n\n\n\n<div class=\"wp-block-column is-layout-flow wp-block-column-is-layout-flow\"><div class=\"wp-block-image\">\n<figure class=\"aligncenter size-full is-resized\"><a href=\"https:\/\/www.instagram.com\/aktivtuteliv_bjornogarden\"><img loading=\"lazy\" decoding=\"async\" width=\"365\" height=\"363\" src=\"https:\/\/e5gp8rwuod7.exactdn.com\/vasteras\/wp-content\/uploads\/sites\/4\/2024\/10\/instagram_nytillhemsidan.jpg?strip=all&lossy=1&ssl=1\" alt=\"\" class=\"wp-image-73577\" style=\"width:100px\" srcset=\"https:\/\/e5gp8rwuod7.exactdn.com\/vasteras\/wp-content\/uploads\/sites\/4\/2024\/10\/instagram_nytillhemsidan.jpg?strip=all&amp;lossy=1&amp;ssl=1 365w, https:\/\/e5gp8rwuod7.exactdn.com\/vasteras\/wp-content\/uploads\/sites\/4\/2024\/10\/instagram_nytillhemsidan-300x298.jpg?strip=all&amp;lossy=1&amp;ssl=1 300w, https:\/\/e5gp8rwuod7.exactdn.com\/vasteras\/wp-content\/uploads\/sites\/4\/2024\/10\/instagram_nytillhemsidan-150x150.jpg?strip=all&amp;lossy=1&amp;ssl=1 150w, https:\/\/e5gp8rwuod7.exactdn.com\/vasteras\/wp-content\/uploads\/sites\/4\/2024\/10\/instagram_nytillhemsidan-354x352.jpg?strip=all&amp;lossy=1&amp;ssl=1 354w, https:\/\/e5gp8rwuod7.exactdn.com\/vasteras\/wp-content\/uploads\/sites\/4\/2024\/10\/instagram_nytillhemsidan-241x240.jpg?strip=all&amp;lossy=1&amp;ssl=1 241w, https:\/\/e5gp8rwuod7.exactdn.com\/vasteras\/wp-content\/uploads\/sites\/4\/2024\/10\/instagram_nytillhemsidan-100x100.jpg?strip=all&amp;lossy=1&amp;ssl=1 100w\" sizes=\"auto, (max-width: 365px) 100vw, 365px\" \/><\/a><\/figure>\n<\/div>\n\n\n<h3 class=\"wp-block-heading has-text-align-center\"><a href=\"https:\/\/www.instagram.com\/aktivtuteliv_bjornogarden\">@aktivtuteliv_bjornogarden<\/a><\/h3>\n<\/div>\n<\/div>\n<\/div>\n<\/div>\n\n\n\n<h2 class=\"wp-block-heading\">International visitors&#8230;<\/h2>\n\n\n\n<p>We love hosting international visitors and are delighted to welcome tourists to our island. This section of the website has been designed as a welcome page just for you!<\/p>\n\n\n\n<p>We are a small company and, unfortunately, do not have the time or resources to translate the entire website into English, especially as we are constantly updating the swedish version with new products, services, and events.<\/p>\n\n\n\n<p>Instead, we recommend using <strong>Google Chrome<\/strong> as your web browser, as it automatically translates websites in foreign languages.<\/p>\n\n\n\n<p>If you need any help, don\u2019t hesitate to reach out to us by phone or email. We\u2019re always happy to assist and can answer any questions you may have in English.<\/p>\n\n\n\n<h2 class=\"wp-block-heading\">What we can offer you&#8230;<\/h2>\n\n\n\n<ul class=\"wp-block-list\">\n<li><a href=\"https:\/\/aktivtuteliv.se\/vasteras\/hyra-stuga-i-vasteras\/\"><strong>Cabin rental:<\/strong><\/a> Stay in our cozy cabins surrounded by nature.<\/li>\n\n\n\n<li><strong><a href=\"https:\/\/aktivtuteliv.se\/vasteras\/priser\/\">Rental of outdoor equipment<\/a>:<\/strong> kayaks, mountainbikes, skates etc.<\/li>\n\n\n\n<li><strong><a href=\"https:\/\/aktivtuteliv.se\/vasteras\/event\/gruppbokning\/\">Guided tours<\/a>:<\/strong> Discover nature together with one of our guides.<\/li>\n\n\n\n<li><strong><a href=\"https:\/\/aktivtuteliv.se\/vasteras\/hyra-bastu\/\">Sauna<\/a>:<\/strong> Rent our wood-fired sauna with a lake view.<\/li>\n\n\n\n<li><strong><a href=\"https:\/\/aktivtuteliv.se\/vasteras\/hoghojdsbana\/\">High ropes course<\/a>:<\/strong> An adventure for the whole family.<\/li>\n\n\n\n<li><strong><a href=\"https:\/\/aktivtuteliv.se\/vasteras\/cafe\/\">Caf\u00e9<\/a>:<\/strong> Enjoy coffee and snacks or a light meal by the fireplace.<\/li>\n<\/ul>\n\n\n\n<h2 class=\"wp-block-heading\">Opening hours&#8230;<\/h2>\n\n\n\n<div class=\"wp-block-columns is-layout-flex wp-container-core-columns-is-layout-9d6595d7 wp-block-columns-is-layout-flex\">\n<div class=\"wp-block-column is-layout-flow wp-block-column-is-layout-flow\"><div class=\"wp-block-image\">\n<figure class=\"aligncenter size-full is-resized\"><img loading=\"lazy\" decoding=\"async\" width=\"95\" height=\"95\" src=\"https:\/\/e5gp8rwuod7.exactdn.com\/vasteras\/wp-content\/uploads\/sites\/4\/2024\/10\/kalender_red.png?strip=all&lossy=1&resize=95%2C95&ssl=1\" alt=\"\" class=\"wp-image-73543\" style=\"width:100px\"\/><\/figure>\n<\/div>\n\n\n<h3 class=\"wp-block-heading has-text-align-center\">Holiday hours<\/h3>\n\n\n\n<figure class=\"wp-block-table\"><table><tbody><tr><td>1 May (May Day)<\/td><td>10.00-16.00<\/td><\/tr><tr><td>14 May, Ascension Day<\/td><td>10.00-16.00<\/td><\/tr><tr><td>6 June, National Day<\/td><td>10.00-16.00<\/td><\/tr><tr><td>19 June, Midsummer Eve<\/td><td>CLOSED<\/td><\/tr><\/tbody><\/table><\/figure>\n<\/div>\n\n\n\n<div class=\"wp-block-column is-layout-flow wp-block-column-is-layout-flow\"><div class=\"wp-block-image\">\n<figure class=\"aligncenter size-full is-resized\"><img loading=\"lazy\" decoding=\"async\" width=\"95\" height=\"95\" src=\"https:\/\/e5gp8rwuod7.exactdn.com\/vasteras\/wp-content\/uploads\/sites\/4\/2021\/12\/opening.gif?strip=all&lossy=1&resize=95%2C95&ssl=1\" alt=\"\" class=\"wp-image-62909\" style=\"width:100px\"\/><\/figure>\n<\/div>\n\n\n<h3 class=\"wp-block-heading has-text-align-center\">Store opening hours<\/h3>\n\n\n\n<figure class=\"wp-block-table\"><table><tbody><tr><td>Monday<\/td><td>10.00-18.00<\/td><\/tr><tr><td>Tuesday<\/td><td>10.00-18.00<\/td><\/tr><tr><td>Wednesday<\/td><td>10.00-18.00<\/td><\/tr><tr><td>Thursday<\/td><td>10.00-18.00 <\/td><\/tr><tr><td>Friday<\/td><td>10.00-18.00 <\/td><\/tr><tr><td>Saturday<\/td><td>10.00-16.00<\/td><\/tr><tr><td>Sunday<\/td><td>10.00-16.00<\/td><\/tr><\/tbody><\/table><\/figure>\n\n\n\n<p class=\"has-text-align-center\"><meta charset=\"utf-8\"><\/p>\n<\/div>\n\n\n\n<div class=\"wp-block-column is-layout-flow wp-block-column-is-layout-flow\"><div class=\"wp-block-image\">\n<figure class=\"aligncenter size-full is-resized\"><img loading=\"lazy\" decoding=\"async\" width=\"95\" height=\"95\" src=\"https:\/\/e5gp8rwuod7.exactdn.com\/vasteras\/wp-content\/uploads\/sites\/4\/2021\/12\/opening.gif?strip=all&lossy=1&resize=95%2C95&ssl=1\" alt=\"\" class=\"wp-image-62909\" style=\"width:100px\"\/><\/figure>\n<\/div>\n\n\n<h3 class=\"wp-block-heading has-text-align-center\">Caf\u00e9 opening hours<\/h3>\n\n\n\n<figure class=\"wp-block-table\"><table><tbody><tr><td>Monday<\/td><td>10.00-16.00<\/td><\/tr><tr><td>Tuesday<\/td><td>10.00-16.00<\/td><\/tr><tr><td>Wednesday<\/td><td>10.00-16.00<\/td><\/tr><tr><td>Thursday<\/td><td>10.00-16.00<\/td><\/tr><tr><td>Friday<\/td><td>10.00-16.00<\/td><\/tr><tr><td>Saturday<\/td><td>10.00-16.00<\/td><\/tr><tr><td>Sunday<\/td><td>10.00-16.00<\/td><\/tr><\/tbody><\/table><\/figure>\n\n\n\n<p class=\"has-text-align-center\"><meta charset=\"utf-8\"><\/p>\n<\/div>\n<\/div>\n\n\n\n<h2 class=\"wp-block-heading\">How to find us&#8230;<\/h2>\n\n\n\n<p><a href=\"https:\/\/maps.app.goo.gl\/kn66YWdFGkGj1TCk8\" target=\"_blank\" rel=\"noreferrer noopener\">Aktivt Uteliv Bj\u00f6rn\u00f6g\u00e5rden<br>Bj\u00f6rn\u00f6g\u00e5rden 1, Bj\u00f6rn\u00f6v\u00e4gen<br>723 48 V\u00e4ster\u00e5s<\/a><\/p>\n\n\n\n<p>We are located about one hour west of Stockholm by car, bus, or train and 1.5 hours from Stockholm\u2019s main airport, Arlanda. <\/p>\n\n\n\n<p>The island is connected to the mainland by a bridge, making it easy to reach by both car and bus. If you\u2019re coming by car, it takes just ten minutes from the nearest exit on the E18 (Exit 139, H\u00e4llamotet).<\/p>\n\n\n\n<p>From V\u00e4ster\u00e5s train station, it\u2019s just a 20-minutes ride by city bus to reach our outdoor center. Bus line 2, the green line, has Bj\u00f6rn\u00f6g\u00e5rden as its final destination.<\/p>\n\n\n\n<div style=\"height:0px\" aria-hidden=\"true\" class=\"wp-block-spacer\"><\/div>\n\n\n\n<h2 class=\"wp-block-heading\">Popular services&#8230;<\/h2>\n","protected":false},"excerpt":{"rendered":"<p>Welcome to the island of Bj\u00f6rn\u00f6 in V\u00e4ster\u00e5s, Sweden! Visit the island of Bj\u00f6rn\u00f6. Aktivt Uteliv Bj\u00f6rn\u00f6g\u00e5rden is an outdoor activity center located on the scenic island of Bj\u00f6rn\u00f6, on [&hellip;]<\/p>\n","protected":false},"author":83,"featured_media":69020,"parent":0,"menu_order":0,"comment_status":"closed","ping_status":"closed","template":"","meta":{"_acf_changed":false,"footnotes":""},"class_list":["post-73562","page","type-page","status-publish","has-post-thumbnail","hentry"],"acf":[],"yoast_head":"<!-- This site is optimized with the Yoast SEO plugin v23.0 - https:\/\/yoast.com\/wordpress\/plugins\/seo\/ -->\n<title>Visit the island of Bj\u00f6rn\u00f6 - V\u00e4ster\u00e5s<\/title>\n<meta name=\"description\" content=\"Visit the island of Bj\u00f6rn\u00f6. We are an outdoor activity center located on the scenic island of Bj\u00f6rn\u00f6, on the outskirts of V\u00e4ster\u00e5s.\" \/>\n<meta name=\"robots\" content=\"index, follow, max-snippet:-1, max-image-preview:large, max-video-preview:-1\" \/>\n<link rel=\"canonical\" href=\"https:\/\/aktivtuteliv.se\/vasteras\/visit-the-island-of-bjorno\/\" \/>\n<meta property=\"og:locale\" content=\"sv_SE\" \/>\n<meta property=\"og:type\" content=\"article\" \/>\n<meta property=\"og:title\" content=\"Visit the island of Bj\u00f6rn\u00f6 - V\u00e4ster\u00e5s\" \/>\n<meta property=\"og:description\" content=\"Visit the island of Bj\u00f6rn\u00f6. We are an outdoor activity center located on the scenic island of Bj\u00f6rn\u00f6, on the outskirts of V\u00e4ster\u00e5s.\" \/>\n<meta property=\"og:url\" content=\"https:\/\/aktivtuteliv.se\/vasteras\/visit-the-island-of-bjorno\/\" \/>\n<meta property=\"og:site_name\" content=\"V\u00e4ster\u00e5s\" \/>\n<meta property=\"article:publisher\" content=\"https:\/\/www.facebook.com\/aktivtutelivbjornogarden\" \/>\n<meta property=\"article:modified_time\" content=\"2026-04-23T08:02:49+00:00\" \/>\n<meta property=\"og:image\" content=\"https:\/\/aktivtuteliv.se\/vasteras\/wp-content\/uploads\/sites\/4\/2023\/10\/Bjornogarden_banner.jpg\" \/>\n\t<meta property=\"og:image:width\" content=\"2560\" \/>\n\t<meta property=\"og:image:height\" content=\"1438\" \/>\n\t<meta property=\"og:image:type\" content=\"image\/jpeg\" \/>\n<meta name=\"twitter:card\" content=\"summary_large_image\" \/>\n<meta name=\"twitter:site\" content=\"@aktivtuteliv\" \/>\n<meta name=\"twitter:label1\" content=\"Ber\u00e4knad l\u00e4stid\" \/>\n\t<meta name=\"twitter:data1\" content=\"4 minuter\" \/>\n<script type=\"application\/ld+json\" class=\"yoast-schema-graph\">{\"@context\":\"https:\/\/schema.org\",\"@graph\":[{\"@type\":\"WebPage\",\"@id\":\"https:\/\/aktivtuteliv.se\/vasteras\/visit-the-island-of-bjorno\/\",\"url\":\"https:\/\/aktivtuteliv.se\/vasteras\/visit-the-island-of-bjorno\/\",\"name\":\"Visit the island of Bj\u00f6rn\u00f6 - V\u00e4ster\u00e5s\",\"isPartOf\":{\"@id\":\"https:\/\/aktivtuteliv.se\/vasteras\/#website\"},\"primaryImageOfPage\":{\"@id\":\"https:\/\/aktivtuteliv.se\/vasteras\/visit-the-island-of-bjorno\/#primaryimage\"},\"image\":{\"@id\":\"https:\/\/aktivtuteliv.se\/vasteras\/visit-the-island-of-bjorno\/#primaryimage\"},\"thumbnailUrl\":\"https:\/\/e5gp8rwuod7.exactdn.com\/vasteras\/wp-content\/uploads\/sites\/4\/2023\/10\/Bjornogarden_banner.jpg?strip=all&lossy=1&ssl=1\",\"datePublished\":\"2024-10-10T12:00:42+00:00\",\"dateModified\":\"2026-04-23T08:02:49+00:00\",\"description\":\"Visit the island of Bj\u00f6rn\u00f6. We are an outdoor activity center located on the scenic island of Bj\u00f6rn\u00f6, on the outskirts of V\u00e4ster\u00e5s.\",\"breadcrumb\":{\"@id\":\"https:\/\/aktivtuteliv.se\/vasteras\/visit-the-island-of-bjorno\/#breadcrumb\"},\"inLanguage\":\"sv-SE\",\"potentialAction\":[{\"@type\":\"ReadAction\",\"target\":[\"https:\/\/aktivtuteliv.se\/vasteras\/visit-the-island-of-bjorno\/\"]}]},{\"@type\":\"ImageObject\",\"inLanguage\":\"sv-SE\",\"@id\":\"https:\/\/aktivtuteliv.se\/vasteras\/visit-the-island-of-bjorno\/#primaryimage\",\"url\":\"https:\/\/e5gp8rwuod7.exactdn.com\/vasteras\/wp-content\/uploads\/sites\/4\/2023\/10\/Bjornogarden_banner.jpg?strip=all&lossy=1&ssl=1\",\"contentUrl\":\"https:\/\/e5gp8rwuod7.exactdn.com\/vasteras\/wp-content\/uploads\/sites\/4\/2023\/10\/Bjornogarden_banner.jpg?strip=all&lossy=1&ssl=1\",\"width\":2560,\"height\":1438,\"caption\":\"bj\u00f6rn\u00f6g\u00e5rden\"},{\"@type\":\"BreadcrumbList\",\"@id\":\"https:\/\/aktivtuteliv.se\/vasteras\/visit-the-island-of-bjorno\/#breadcrumb\",\"itemListElement\":[{\"@type\":\"ListItem\",\"position\":1,\"name\":\"Home\",\"item\":\"https:\/\/aktivtuteliv.se\/vasteras\/\"},{\"@type\":\"ListItem\",\"position\":2,\"name\":\"Visit the island of Bj\u00f6rn\u00f6\"}]},{\"@type\":\"WebSite\",\"@id\":\"https:\/\/aktivtuteliv.se\/vasteras\/#website\",\"url\":\"https:\/\/aktivtuteliv.se\/vasteras\/\",\"name\":\"Aktivt Uteliv Bj\u00f6rn\u00f6g\u00e5rden\",\"description\":\"Ett friluftscenter i V\u00e4ster\u00e5s\",\"publisher\":{\"@id\":\"https:\/\/aktivtuteliv.se\/vasteras\/#organization\"},\"potentialAction\":[{\"@type\":\"SearchAction\",\"target\":{\"@type\":\"EntryPoint\",\"urlTemplate\":\"https:\/\/aktivtuteliv.se\/vasteras\/?s={search_term_string}\"},\"query-input\":\"required name=search_term_string\"}],\"inLanguage\":\"sv-SE\"},{\"@type\":\"Organization\",\"@id\":\"https:\/\/aktivtuteliv.se\/vasteras\/#organization\",\"name\":\"Aktivt Uteliv Bj\u00f6rn\u00f6g\u00e5rden\",\"url\":\"https:\/\/aktivtuteliv.se\/vasteras\/\",\"logo\":{\"@type\":\"ImageObject\",\"inLanguage\":\"sv-SE\",\"@id\":\"https:\/\/aktivtuteliv.se\/vasteras\/#\/schema\/logo\/image\/\",\"url\":\"https:\/\/e5gp8rwuod7.exactdn.com\/vasteras\/wp-content\/uploads\/sites\/4\/2025\/01\/AUB-pms.png?strip=all&lossy=1&ssl=1\",\"contentUrl\":\"https:\/\/e5gp8rwuod7.exactdn.com\/vasteras\/wp-content\/uploads\/sites\/4\/2025\/01\/AUB-pms.png?strip=all&lossy=1&ssl=1\",\"width\":1894,\"height\":1165,\"caption\":\"Aktivt Uteliv Bj\u00f6rn\u00f6g\u00e5rden\"},\"image\":{\"@id\":\"https:\/\/aktivtuteliv.se\/vasteras\/#\/schema\/logo\/image\/\"},\"sameAs\":[\"https:\/\/www.facebook.com\/aktivtutelivbjornogarden\",\"https:\/\/x.com\/aktivtuteliv\",\"https:\/\/www.instagram.com\/aktivtuteliv_bjornogarden\"]}]}<\/script>\n<!-- \/ Yoast SEO plugin. -->","yoast_head_json":{"title":"Visit the island of Bj\u00f6rn\u00f6 - V\u00e4ster\u00e5s","description":"Visit the island of Bj\u00f6rn\u00f6. We are an outdoor activity center located on the scenic island of Bj\u00f6rn\u00f6, on the outskirts of V\u00e4ster\u00e5s.","robots":{"index":"index","follow":"follow","max-snippet":"max-snippet:-1","max-image-preview":"max-image-preview:large","max-video-preview":"max-video-preview:-1"},"canonical":"https:\/\/aktivtuteliv.se\/vasteras\/visit-the-island-of-bjorno\/","og_locale":"sv_SE","og_type":"article","og_title":"Visit the island of Bj\u00f6rn\u00f6 - V\u00e4ster\u00e5s","og_description":"Visit the island of Bj\u00f6rn\u00f6. We are an outdoor activity center located on the scenic island of Bj\u00f6rn\u00f6, on the outskirts of V\u00e4ster\u00e5s.","og_url":"https:\/\/aktivtuteliv.se\/vasteras\/visit-the-island-of-bjorno\/","og_site_name":"V\u00e4ster\u00e5s","article_publisher":"https:\/\/www.facebook.com\/aktivtutelivbjornogarden","article_modified_time":"2026-04-23T08:02:49+00:00","og_image":[{"width":2560,"height":1438,"url":"https:\/\/aktivtuteliv.se\/vasteras\/wp-content\/uploads\/sites\/4\/2023\/10\/Bjornogarden_banner.jpg","type":"image\/jpeg"}],"twitter_card":"summary_large_image","twitter_site":"@aktivtuteliv","twitter_misc":{"Ber\u00e4knad l\u00e4stid":"4 minuter"},"schema":{"@context":"https:\/\/schema.org","@graph":[{"@type":"WebPage","@id":"https:\/\/aktivtuteliv.se\/vasteras\/visit-the-island-of-bjorno\/","url":"https:\/\/aktivtuteliv.se\/vasteras\/visit-the-island-of-bjorno\/","name":"Visit the island of Bj\u00f6rn\u00f6 - V\u00e4ster\u00e5s","isPartOf":{"@id":"https:\/\/aktivtuteliv.se\/vasteras\/#website"},"primaryImageOfPage":{"@id":"https:\/\/aktivtuteliv.se\/vasteras\/visit-the-island-of-bjorno\/#primaryimage"},"image":{"@id":"https:\/\/aktivtuteliv.se\/vasteras\/visit-the-island-of-bjorno\/#primaryimage"},"thumbnailUrl":"https:\/\/e5gp8rwuod7.exactdn.com\/vasteras\/wp-content\/uploads\/sites\/4\/2023\/10\/Bjornogarden_banner.jpg?strip=all&lossy=1&ssl=1","datePublished":"2024-10-10T12:00:42+00:00","dateModified":"2026-04-23T08:02:49+00:00","description":"Visit the island of Bj\u00f6rn\u00f6. We are an outdoor activity center located on the scenic island of Bj\u00f6rn\u00f6, on the outskirts of V\u00e4ster\u00e5s.","breadcrumb":{"@id":"https:\/\/aktivtuteliv.se\/vasteras\/visit-the-island-of-bjorno\/#breadcrumb"},"inLanguage":"sv-SE","potentialAction":[{"@type":"ReadAction","target":["https:\/\/aktivtuteliv.se\/vasteras\/visit-the-island-of-bjorno\/"]}]},{"@type":"ImageObject","inLanguage":"sv-SE","@id":"https:\/\/aktivtuteliv.se\/vasteras\/visit-the-island-of-bjorno\/#primaryimage","url":"https:\/\/e5gp8rwuod7.exactdn.com\/vasteras\/wp-content\/uploads\/sites\/4\/2023\/10\/Bjornogarden_banner.jpg?strip=all&lossy=1&ssl=1","contentUrl":"https:\/\/e5gp8rwuod7.exactdn.com\/vasteras\/wp-content\/uploads\/sites\/4\/2023\/10\/Bjornogarden_banner.jpg?strip=all&lossy=1&ssl=1","width":2560,"height":1438,"caption":"bj\u00f6rn\u00f6g\u00e5rden"},{"@type":"BreadcrumbList","@id":"https:\/\/aktivtuteliv.se\/vasteras\/visit-the-island-of-bjorno\/#breadcrumb","itemListElement":[{"@type":"ListItem","position":1,"name":"Home","item":"https:\/\/aktivtuteliv.se\/vasteras\/"},{"@type":"ListItem","position":2,"name":"Visit the island of Bj\u00f6rn\u00f6"}]},{"@type":"WebSite","@id":"https:\/\/aktivtuteliv.se\/vasteras\/#website","url":"https:\/\/aktivtuteliv.se\/vasteras\/","name":"Aktivt Uteliv Bj\u00f6rn\u00f6g\u00e5rden","description":"Ett friluftscenter i V\u00e4ster\u00e5s","publisher":{"@id":"https:\/\/aktivtuteliv.se\/vasteras\/#organization"},"potentialAction":[{"@type":"SearchAction","target":{"@type":"EntryPoint","urlTemplate":"https:\/\/aktivtuteliv.se\/vasteras\/?s={search_term_string}"},"query-input":"required name=search_term_string"}],"inLanguage":"sv-SE"},{"@type":"Organization","@id":"https:\/\/aktivtuteliv.se\/vasteras\/#organization","name":"Aktivt Uteliv Bj\u00f6rn\u00f6g\u00e5rden","url":"https:\/\/aktivtuteliv.se\/vasteras\/","logo":{"@type":"ImageObject","inLanguage":"sv-SE","@id":"https:\/\/aktivtuteliv.se\/vasteras\/#\/schema\/logo\/image\/","url":"https:\/\/e5gp8rwuod7.exactdn.com\/vasteras\/wp-content\/uploads\/sites\/4\/2025\/01\/AUB-pms.png?strip=all&lossy=1&ssl=1","contentUrl":"https:\/\/e5gp8rwuod7.exactdn.com\/vasteras\/wp-content\/uploads\/sites\/4\/2025\/01\/AUB-pms.png?strip=all&lossy=1&ssl=1","width":1894,"height":1165,"caption":"Aktivt Uteliv Bj\u00f6rn\u00f6g\u00e5rden"},"image":{"@id":"https:\/\/aktivtuteliv.se\/vasteras\/#\/schema\/logo\/image\/"},"sameAs":["https:\/\/www.facebook.com\/aktivtutelivbjornogarden","https:\/\/x.com\/aktivtuteliv","https:\/\/www.instagram.com\/aktivtuteliv_bjornogarden"]}]}},"_links":{"self":[{"href":"https:\/\/aktivtuteliv.se\/vasteras\/wp-json\/wp\/v2\/pages\/73562","targetHints":{"allow":["GET"]}}],"collection":[{"href":"https:\/\/aktivtuteliv.se\/vasteras\/wp-json\/wp\/v2\/pages"}],"about":[{"href":"https:\/\/aktivtuteliv.se\/vasteras\/wp-json\/wp\/v2\/types\/page"}],"author":[{"embeddable":true,"href":"https:\/\/aktivtuteliv.se\/vasteras\/wp-json\/wp\/v2\/users\/83"}],"replies":[{"embeddable":true,"href":"https:\/\/aktivtuteliv.se\/vasteras\/wp-json\/wp\/v2\/comments?post=73562"}],"version-history":[{"count":0,"href":"https:\/\/aktivtuteliv.se\/vasteras\/wp-json\/wp\/v2\/pages\/73562\/revisions"}],"wp:featuredmedia":[{"embeddable":true,"href":"https:\/\/aktivtuteliv.se\/vasteras\/wp-json\/wp\/v2\/media\/69020"}],"wp:attachment":[{"href":"https:\/\/aktivtuteliv.se\/vasteras\/wp-json\/wp\/v2\/media?parent=73562"}],"curies":[{"name":"wp","href":"https:\/\/api.w.org\/{rel}","templated":true}]}}