{"id":80995,"date":"2025-09-08T14:56:53","date_gmt":"2025-09-08T12:56:53","guid":{"rendered":"https:\/\/aktivtuteliv.se\/vasteras\/?page_id=80995"},"modified":"2025-09-24T16:11:04","modified_gmt":"2025-09-24T14:11:04","slug":"lopskyttetouren-vasteras","status":"publish","type":"page","link":"https:\/\/aktivtuteliv.se\/vasteras\/lopskyttetouren-vasteras\/","title":{"rendered":"L\u00f6pskyttetouren &#8211; V\u00e4ster\u00e5s"},"content":{"rendered":"\n<h2 class=\"wp-block-heading\"><strong>L\u00f6pskytte \u2013 skidskytte f\u00f6r alla<\/strong> 23\/9<\/h2>\n\n\n\n<p>Klara, f\u00e4rdiga, k\u00f6r! Nu startar L\u00f6pskyttetouren \u2013 en ny tour i hela Sverige med motionslopp i elektroniskt skidskytte. F\u00f6rsta stoppet \u00e4r Aktivt Uteliv Bj\u00f6rn\u00f6g\u00e5rden. Uppl\u00e4gget \u00e4r l\u00e4ttsamt och roligt och kr\u00e4ver inga f\u00f6rkunskaper, utan alla kan vara med!<\/p>\n\n\n\n<p><strong>Vad?<\/strong> Ett motionslopp som kombinerar l\u00f6pning med elektroniskt skidskytte.<br><strong>Hur?<\/strong> Du springer, skjuter mellan varven och springer eventuellt straffrundor.<br><strong>Vem?<\/strong> Du som gillar roliga utmaningar eller tycker att skidskytte ser roligt ut!<\/p>\n\n\n\n<figure class=\"wp-block-image size-large\"><img loading=\"lazy\" decoding=\"async\" width=\"1024\" height=\"768\" src=\"https:\/\/e5gp8rwuod7.exactdn.com\/vasteras\/wp-content\/uploads\/sites\/4\/2025\/09\/lopskyttetouren-i-vasteras-1024x768.jpg?strip=all&lossy=1&ssl=1\" alt=\"l\u00f6pskyttetouren v\u00e4ster\u00e5s\" class=\"wp-image-81025\" srcset=\"https:\/\/e5gp8rwuod7.exactdn.com\/vasteras\/wp-content\/uploads\/sites\/4\/2025\/09\/lopskyttetouren-i-vasteras-1024x768.jpg?strip=all&amp;lossy=1&amp;ssl=1 1024w, https:\/\/e5gp8rwuod7.exactdn.com\/vasteras\/wp-content\/uploads\/sites\/4\/2025\/09\/lopskyttetouren-i-vasteras-300x225.jpg?strip=all&amp;lossy=1&amp;ssl=1 300w, https:\/\/e5gp8rwuod7.exactdn.com\/vasteras\/wp-content\/uploads\/sites\/4\/2025\/09\/lopskyttetouren-i-vasteras-768x576.jpg?strip=all&amp;lossy=1&amp;ssl=1 768w, https:\/\/e5gp8rwuod7.exactdn.com\/vasteras\/wp-content\/uploads\/sites\/4\/2025\/09\/lopskyttetouren-i-vasteras-1536x1152.jpg?strip=all&amp;lossy=1&amp;ssl=1 1536w, https:\/\/e5gp8rwuod7.exactdn.com\/vasteras\/wp-content\/uploads\/sites\/4\/2025\/09\/lopskyttetouren-i-vasteras-2048x1536.jpg?strip=all&amp;lossy=1&amp;ssl=1 2048w, https:\/\/e5gp8rwuod7.exactdn.com\/vasteras\/wp-content\/uploads\/sites\/4\/2025\/09\/lopskyttetouren-i-vasteras-469x352.jpg?strip=all&amp;lossy=1&amp;ssl=1 469w, https:\/\/e5gp8rwuod7.exactdn.com\/vasteras\/wp-content\/uploads\/sites\/4\/2025\/09\/lopskyttetouren-i-vasteras-320x240.jpg?strip=all&amp;lossy=1&amp;ssl=1 320w, https:\/\/e5gp8rwuod7.exactdn.com\/vasteras\/wp-content\/uploads\/sites\/4\/2025\/09\/lopskyttetouren-i-vasteras-1920x1440.jpg?strip=all&amp;lossy=1&amp;ssl=1 1920w, https:\/\/e5gp8rwuod7.exactdn.com\/vasteras\/wp-content\/uploads\/sites\/4\/2025\/09\/lopskyttetouren-i-vasteras-600x450.jpg?strip=all&amp;lossy=1&amp;ssl=1 600w, https:\/\/e5gp8rwuod7.exactdn.com\/vasteras\/wp-content\/uploads\/sites\/4\/2025\/09\/lopskyttetouren-i-vasteras.jpg?strip=all&amp;lossy=1&amp;w=384&amp;ssl=1 384w, https:\/\/e5gp8rwuod7.exactdn.com\/vasteras\/wp-content\/uploads\/sites\/4\/2025\/09\/lopskyttetouren-i-vasteras.jpg?strip=all&amp;lossy=1&amp;w=1152&amp;ssl=1 1152w\" sizes=\"auto, (max-width: 1024px) 100vw, 1024px\" \/><\/figure>\n\n\n\n<h3 class=\"wp-block-heading\"><strong>Information<\/strong><\/h3>\n\n\n\n<p><strong>Datum:<\/strong> 23\/9.<br><strong>\u00d6vningsskjutning:<\/strong> v\u00e4lkommen att \u00f6va mellan kl. 16.30\u201317.50.<br><strong>F\u00f6rsta start:<\/strong> kl. 18.00 (Tre personer startar varje minut i den ordning anm\u00e4lningarna kommit in).<br><strong>Uppl\u00e4gg:<\/strong> Liggande skytte med elektroniska gev\u00e4r (10 m), 5 skott per serie. Varje miss = 50 m straffrunda.<br><strong>Minimi\u00e5lder:<\/strong> f\u00f6r att kunna delta m\u00e5ste du vara f\u00f6dd senast 2015.<br><strong>Anm\u00e4lningsavgift:<\/strong> 200 kr\/vuxna, 150 kr\/ungdom (f\u00f6dda \u00e5r 2010-2015).<br><strong>Priser:<\/strong> Presentkort hos Aktivt Uteliv till topp 3 p\u00e5 varje distans.<br><strong>Anm\u00e4lan:<\/strong> sista anm\u00e4lningsdag m\u00e5ndag 22\/9.<br><strong>Efteranm\u00e4lan:<\/strong> det \u00e4r m\u00f6jligt att anm\u00e4la efteranm\u00e4la sig p\u00e5 plats mellan kl. 12-17 den 23\/9. Efteranm\u00e4lan kostar 250 kr\/vuxna och 200 kr\/ungdom (f\u00f6dda \u00e5r 2010-2015).<\/p>\n\n\n\n<p><strong>Distanser:<\/strong><\/p>\n\n\n\n<ul class=\"wp-block-list\">\n<li>3 x 500 m \u2013 2 skjutningar<\/li>\n\n\n\n<li>3 x 1000 m \u2013 2 skjutningar<\/li>\n\n\n\n<li>3 x 2000 m \u2013 2 skjutningar<\/li>\n<\/ul>\n\n\n\n<h3 class=\"wp-block-heading\">Resultat<\/h3>\n\n\n\n<div data-wp-interactive=\"core\/file\" class=\"wp-block-file\"><object data-wp-bind--hidden=\"!state.hasPdfPreview\" hidden class=\"wp-block-file__embed\" data=\"https:\/\/aktivtuteliv.se\/vasteras\/wp-content\/uploads\/sites\/4\/2025\/09\/Resultatlista-20250923-1.pdf\" type=\"application\/pdf\" style=\"width:100%;height:600px\" aria-label=\"Inb\u00e4ddning av Resultatlista 20250923.\"><\/object><a id=\"wp-block-file--media-86e9f4fe-ee4d-4445-8936-de5eb36e9310\" href=\"https:\/\/aktivtuteliv.se\/vasteras\/wp-content\/uploads\/sites\/4\/2025\/09\/Resultatlista-20250923-1.pdf\">Resultatlista 20250923<\/a><a href=\"https:\/\/aktivtuteliv.se\/vasteras\/wp-content\/uploads\/sites\/4\/2025\/09\/Resultatlista-20250923-1.pdf\" class=\"wp-block-file__button wp-element-button\" download aria-describedby=\"wp-block-file--media-86e9f4fe-ee4d-4445-8936-de5eb36e9310\">Ladda ner<\/a><\/div>\n","protected":false},"excerpt":{"rendered":"<p>L\u00f6pskytte \u2013 skidskytte f\u00f6r alla 23\/9 Klara, f\u00e4rdiga, k\u00f6r! Nu startar L\u00f6pskyttetouren \u2013 en ny tour i hela Sverige med motionslopp i elektroniskt skidskytte. F\u00f6rsta stoppet \u00e4r Aktivt Uteliv Bj\u00f6rn\u00f6g\u00e5rden. [&hellip;]<\/p>\n","protected":false},"author":83,"featured_media":80966,"parent":0,"menu_order":0,"comment_status":"closed","ping_status":"closed","template":"","meta":{"_acf_changed":false,"footnotes":""},"class_list":["post-80995","page","type-page","status-publish","has-post-thumbnail","hentry"],"acf":[],"yoast_head":"<!-- This site is optimized with the Yoast SEO plugin v23.0 - https:\/\/yoast.com\/wordpress\/plugins\/seo\/ -->\n<title>L\u00f6pskyttetouren - V\u00e4ster\u00e5s - V\u00e4ster\u00e5s<\/title>\n<meta name=\"robots\" content=\"index, follow, max-snippet:-1, max-image-preview:large, max-video-preview:-1\" \/>\n<link rel=\"canonical\" href=\"https:\/\/aktivtuteliv.se\/vasteras\/lopskyttetouren-vasteras\/\" \/>\n<meta property=\"og:locale\" content=\"sv_SE\" \/>\n<meta property=\"og:type\" content=\"article\" \/>\n<meta property=\"og:title\" content=\"L\u00f6pskyttetouren - V\u00e4ster\u00e5s - V\u00e4ster\u00e5s\" \/>\n<meta property=\"og:description\" content=\"L\u00f6pskytte \u2013 skidskytte f\u00f6r alla 23\/9 Klara, f\u00e4rdiga, k\u00f6r! Nu startar L\u00f6pskyttetouren \u2013 en ny tour i hela Sverige med motionslopp i elektroniskt skidskytte. F\u00f6rsta stoppet \u00e4r Aktivt Uteliv Bj\u00f6rn\u00f6g\u00e5rden. [&hellip;]\" \/>\n<meta property=\"og:url\" content=\"https:\/\/aktivtuteliv.se\/vasteras\/lopskyttetouren-vasteras\/\" \/>\n<meta property=\"og:site_name\" content=\"V\u00e4ster\u00e5s\" \/>\n<meta property=\"article:publisher\" content=\"https:\/\/www.facebook.com\/aktivtutelivbjornogarden\" \/>\n<meta property=\"article:modified_time\" content=\"2025-09-24T14:11:04+00:00\" \/>\n<meta property=\"og:image\" content=\"https:\/\/aktivtuteliv.se\/vasteras\/wp-content\/uploads\/sites\/4\/2025\/04\/Lopskytte.jpg\" \/>\n\t<meta property=\"og:image:width\" content=\"2560\" \/>\n\t<meta property=\"og:image:height\" content=\"1439\" \/>\n\t<meta property=\"og:image:type\" content=\"image\/jpeg\" \/>\n<meta name=\"twitter:card\" content=\"summary_large_image\" \/>\n<meta name=\"twitter:site\" content=\"@aktivtuteliv\" \/>\n<meta name=\"twitter:label1\" content=\"Ber\u00e4knad l\u00e4stid\" \/>\n\t<meta name=\"twitter:data1\" content=\"2 minuter\" \/>\n<script type=\"application\/ld+json\" class=\"yoast-schema-graph\">{\"@context\":\"https:\/\/schema.org\",\"@graph\":[{\"@type\":\"WebPage\",\"@id\":\"https:\/\/aktivtuteliv.se\/vasteras\/lopskyttetouren-vasteras\/\",\"url\":\"https:\/\/aktivtuteliv.se\/vasteras\/lopskyttetouren-vasteras\/\",\"name\":\"L\u00f6pskyttetouren - V\u00e4ster\u00e5s - V\u00e4ster\u00e5s\",\"isPartOf\":{\"@id\":\"https:\/\/aktivtuteliv.se\/vasteras\/#website\"},\"primaryImageOfPage\":{\"@id\":\"https:\/\/aktivtuteliv.se\/vasteras\/lopskyttetouren-vasteras\/#primaryimage\"},\"image\":{\"@id\":\"https:\/\/aktivtuteliv.se\/vasteras\/lopskyttetouren-vasteras\/#primaryimage\"},\"thumbnailUrl\":\"https:\/\/e5gp8rwuod7.exactdn.com\/vasteras\/wp-content\/uploads\/sites\/4\/2025\/04\/Lopskytte.jpg?strip=all&lossy=1&ssl=1\",\"datePublished\":\"2025-09-08T12:56:53+00:00\",\"dateModified\":\"2025-09-24T14:11:04+00:00\",\"breadcrumb\":{\"@id\":\"https:\/\/aktivtuteliv.se\/vasteras\/lopskyttetouren-vasteras\/#breadcrumb\"},\"inLanguage\":\"sv-SE\",\"potentialAction\":[{\"@type\":\"ReadAction\",\"target\":[\"https:\/\/aktivtuteliv.se\/vasteras\/lopskyttetouren-vasteras\/\"]}]},{\"@type\":\"ImageObject\",\"inLanguage\":\"sv-SE\",\"@id\":\"https:\/\/aktivtuteliv.se\/vasteras\/lopskyttetouren-vasteras\/#primaryimage\",\"url\":\"https:\/\/e5gp8rwuod7.exactdn.com\/vasteras\/wp-content\/uploads\/sites\/4\/2025\/04\/Lopskytte.jpg?strip=all&lossy=1&ssl=1\",\"contentUrl\":\"https:\/\/e5gp8rwuod7.exactdn.com\/vasteras\/wp-content\/uploads\/sites\/4\/2025\/04\/Lopskytte.jpg?strip=all&lossy=1&ssl=1\",\"width\":2560,\"height\":1439,\"caption\":\"l\u00f6pskytte\"},{\"@type\":\"BreadcrumbList\",\"@id\":\"https:\/\/aktivtuteliv.se\/vasteras\/lopskyttetouren-vasteras\/#breadcrumb\",\"itemListElement\":[{\"@type\":\"ListItem\",\"position\":1,\"name\":\"Home\",\"item\":\"https:\/\/aktivtuteliv.se\/vasteras\/\"},{\"@type\":\"ListItem\",\"position\":2,\"name\":\"L\u00f6pskyttetouren &#8211; V\u00e4ster\u00e5s\"}]},{\"@type\":\"WebSite\",\"@id\":\"https:\/\/aktivtuteliv.se\/vasteras\/#website\",\"url\":\"https:\/\/aktivtuteliv.se\/vasteras\/\",\"name\":\"Aktivt Uteliv Bj\u00f6rn\u00f6g\u00e5rden\",\"description\":\"Ett friluftscenter i V\u00e4ster\u00e5s\",\"publisher\":{\"@id\":\"https:\/\/aktivtuteliv.se\/vasteras\/#organization\"},\"potentialAction\":[{\"@type\":\"SearchAction\",\"target\":{\"@type\":\"EntryPoint\",\"urlTemplate\":\"https:\/\/aktivtuteliv.se\/vasteras\/?s={search_term_string}\"},\"query-input\":\"required name=search_term_string\"}],\"inLanguage\":\"sv-SE\"},{\"@type\":\"Organization\",\"@id\":\"https:\/\/aktivtuteliv.se\/vasteras\/#organization\",\"name\":\"Aktivt Uteliv Bj\u00f6rn\u00f6g\u00e5rden\",\"url\":\"https:\/\/aktivtuteliv.se\/vasteras\/\",\"logo\":{\"@type\":\"ImageObject\",\"inLanguage\":\"sv-SE\",\"@id\":\"https:\/\/aktivtuteliv.se\/vasteras\/#\/schema\/logo\/image\/\",\"url\":\"https:\/\/e5gp8rwuod7.exactdn.com\/vasteras\/wp-content\/uploads\/sites\/4\/2025\/01\/AUB-pms.png?strip=all&lossy=1&ssl=1\",\"contentUrl\":\"https:\/\/e5gp8rwuod7.exactdn.com\/vasteras\/wp-content\/uploads\/sites\/4\/2025\/01\/AUB-pms.png?strip=all&lossy=1&ssl=1\",\"width\":1894,\"height\":1165,\"caption\":\"Aktivt Uteliv Bj\u00f6rn\u00f6g\u00e5rden\"},\"image\":{\"@id\":\"https:\/\/aktivtuteliv.se\/vasteras\/#\/schema\/logo\/image\/\"},\"sameAs\":[\"https:\/\/www.facebook.com\/aktivtutelivbjornogarden\",\"https:\/\/x.com\/aktivtuteliv\",\"https:\/\/www.instagram.com\/aktivtuteliv_bjornogarden\"]}]}<\/script>\n<!-- \/ Yoast SEO plugin. -->","yoast_head_json":{"title":"L\u00f6pskyttetouren - V\u00e4ster\u00e5s - V\u00e4ster\u00e5s","robots":{"index":"index","follow":"follow","max-snippet":"max-snippet:-1","max-image-preview":"max-image-preview:large","max-video-preview":"max-video-preview:-1"},"canonical":"https:\/\/aktivtuteliv.se\/vasteras\/lopskyttetouren-vasteras\/","og_locale":"sv_SE","og_type":"article","og_title":"L\u00f6pskyttetouren - V\u00e4ster\u00e5s - V\u00e4ster\u00e5s","og_description":"L\u00f6pskytte \u2013 skidskytte f\u00f6r alla 23\/9 Klara, f\u00e4rdiga, k\u00f6r! Nu startar L\u00f6pskyttetouren \u2013 en ny tour i hela Sverige med motionslopp i elektroniskt skidskytte. F\u00f6rsta stoppet \u00e4r Aktivt Uteliv Bj\u00f6rn\u00f6g\u00e5rden. [&hellip;]","og_url":"https:\/\/aktivtuteliv.se\/vasteras\/lopskyttetouren-vasteras\/","og_site_name":"V\u00e4ster\u00e5s","article_publisher":"https:\/\/www.facebook.com\/aktivtutelivbjornogarden","article_modified_time":"2025-09-24T14:11:04+00:00","og_image":[{"width":2560,"height":1439,"url":"https:\/\/aktivtuteliv.se\/vasteras\/wp-content\/uploads\/sites\/4\/2025\/04\/Lopskytte.jpg","type":"image\/jpeg"}],"twitter_card":"summary_large_image","twitter_site":"@aktivtuteliv","twitter_misc":{"Ber\u00e4knad l\u00e4stid":"2 minuter"},"schema":{"@context":"https:\/\/schema.org","@graph":[{"@type":"WebPage","@id":"https:\/\/aktivtuteliv.se\/vasteras\/lopskyttetouren-vasteras\/","url":"https:\/\/aktivtuteliv.se\/vasteras\/lopskyttetouren-vasteras\/","name":"L\u00f6pskyttetouren - V\u00e4ster\u00e5s - V\u00e4ster\u00e5s","isPartOf":{"@id":"https:\/\/aktivtuteliv.se\/vasteras\/#website"},"primaryImageOfPage":{"@id":"https:\/\/aktivtuteliv.se\/vasteras\/lopskyttetouren-vasteras\/#primaryimage"},"image":{"@id":"https:\/\/aktivtuteliv.se\/vasteras\/lopskyttetouren-vasteras\/#primaryimage"},"thumbnailUrl":"https:\/\/e5gp8rwuod7.exactdn.com\/vasteras\/wp-content\/uploads\/sites\/4\/2025\/04\/Lopskytte.jpg?strip=all&lossy=1&ssl=1","datePublished":"2025-09-08T12:56:53+00:00","dateModified":"2025-09-24T14:11:04+00:00","breadcrumb":{"@id":"https:\/\/aktivtuteliv.se\/vasteras\/lopskyttetouren-vasteras\/#breadcrumb"},"inLanguage":"sv-SE","potentialAction":[{"@type":"ReadAction","target":["https:\/\/aktivtuteliv.se\/vasteras\/lopskyttetouren-vasteras\/"]}]},{"@type":"ImageObject","inLanguage":"sv-SE","@id":"https:\/\/aktivtuteliv.se\/vasteras\/lopskyttetouren-vasteras\/#primaryimage","url":"https:\/\/e5gp8rwuod7.exactdn.com\/vasteras\/wp-content\/uploads\/sites\/4\/2025\/04\/Lopskytte.jpg?strip=all&lossy=1&ssl=1","contentUrl":"https:\/\/e5gp8rwuod7.exactdn.com\/vasteras\/wp-content\/uploads\/sites\/4\/2025\/04\/Lopskytte.jpg?strip=all&lossy=1&ssl=1","width":2560,"height":1439,"caption":"l\u00f6pskytte"},{"@type":"BreadcrumbList","@id":"https:\/\/aktivtuteliv.se\/vasteras\/lopskyttetouren-vasteras\/#breadcrumb","itemListElement":[{"@type":"ListItem","position":1,"name":"Home","item":"https:\/\/aktivtuteliv.se\/vasteras\/"},{"@type":"ListItem","position":2,"name":"L\u00f6pskyttetouren &#8211; V\u00e4ster\u00e5s"}]},{"@type":"WebSite","@id":"https:\/\/aktivtuteliv.se\/vasteras\/#website","url":"https:\/\/aktivtuteliv.se\/vasteras\/","name":"Aktivt Uteliv Bj\u00f6rn\u00f6g\u00e5rden","description":"Ett friluftscenter i V\u00e4ster\u00e5s","publisher":{"@id":"https:\/\/aktivtuteliv.se\/vasteras\/#organization"},"potentialAction":[{"@type":"SearchAction","target":{"@type":"EntryPoint","urlTemplate":"https:\/\/aktivtuteliv.se\/vasteras\/?s={search_term_string}"},"query-input":"required name=search_term_string"}],"inLanguage":"sv-SE"},{"@type":"Organization","@id":"https:\/\/aktivtuteliv.se\/vasteras\/#organization","name":"Aktivt Uteliv Bj\u00f6rn\u00f6g\u00e5rden","url":"https:\/\/aktivtuteliv.se\/vasteras\/","logo":{"@type":"ImageObject","inLanguage":"sv-SE","@id":"https:\/\/aktivtuteliv.se\/vasteras\/#\/schema\/logo\/image\/","url":"https:\/\/e5gp8rwuod7.exactdn.com\/vasteras\/wp-content\/uploads\/sites\/4\/2025\/01\/AUB-pms.png?strip=all&lossy=1&ssl=1","contentUrl":"https:\/\/e5gp8rwuod7.exactdn.com\/vasteras\/wp-content\/uploads\/sites\/4\/2025\/01\/AUB-pms.png?strip=all&lossy=1&ssl=1","width":1894,"height":1165,"caption":"Aktivt Uteliv Bj\u00f6rn\u00f6g\u00e5rden"},"image":{"@id":"https:\/\/aktivtuteliv.se\/vasteras\/#\/schema\/logo\/image\/"},"sameAs":["https:\/\/www.facebook.com\/aktivtutelivbjornogarden","https:\/\/x.com\/aktivtuteliv","https:\/\/www.instagram.com\/aktivtuteliv_bjornogarden"]}]}},"_links":{"self":[{"href":"https:\/\/aktivtuteliv.se\/vasteras\/wp-json\/wp\/v2\/pages\/80995","targetHints":{"allow":["GET"]}}],"collection":[{"href":"https:\/\/aktivtuteliv.se\/vasteras\/wp-json\/wp\/v2\/pages"}],"about":[{"href":"https:\/\/aktivtuteliv.se\/vasteras\/wp-json\/wp\/v2\/types\/page"}],"author":[{"embeddable":true,"href":"https:\/\/aktivtuteliv.se\/vasteras\/wp-json\/wp\/v2\/users\/83"}],"replies":[{"embeddable":true,"href":"https:\/\/aktivtuteliv.se\/vasteras\/wp-json\/wp\/v2\/comments?post=80995"}],"version-history":[{"count":0,"href":"https:\/\/aktivtuteliv.se\/vasteras\/wp-json\/wp\/v2\/pages\/80995\/revisions"}],"wp:featuredmedia":[{"embeddable":true,"href":"https:\/\/aktivtuteliv.se\/vasteras\/wp-json\/wp\/v2\/media\/80966"}],"wp:attachment":[{"href":"https:\/\/aktivtuteliv.se\/vasteras\/wp-json\/wp\/v2\/media?parent=80995"}],"curies":[{"name":"wp","href":"https:\/\/api.w.org\/{rel}","templated":true}]}}