{"id":81441,"date":"2025-10-13T14:12:35","date_gmt":"2025-10-13T12:12:35","guid":{"rendered":"https:\/\/aktivtuteliv.se\/vasteras\/?page_id=81441"},"modified":"2025-10-13T14:12:36","modified_gmt":"2025-10-13T12:12:36","slug":"halloweenklattring","status":"publish","type":"page","link":"https:\/\/aktivtuteliv.se\/vasteras\/halloweenklattring\/","title":{"rendered":"Halloweenkl\u00e4ttring"},"content":{"rendered":"\n<h2 class=\"wp-block-heading\"><strong>Halloweenkl\u00e4ttring i h\u00f6gh\u00f6jdsbanan \u2013 25 oktober till 2 november<\/strong><\/h2>\n\n\n\n<p>Sedan h\u00f6stm\u00f6rkret s\u00e4nkte sig \u00f6ver Bj\u00f6rn\u00f6n har det b\u00f6rjat h\u00e4nda m\u00e4rkliga saker i v\u00e5r h\u00f6gh\u00f6jdsbana. Spindeln\u00e4t har slingrat sig mellan repen, fladderm\u00f6ssen har tagit \u00f6ver de h\u00f6gsta plattformarna \u2013 och ibland, n\u00e4r vinden viner genom tr\u00e4den, p\u00e5st\u00e5r vissa att de h\u00f6rt viskningar bland l\u00f6ven.<\/p>\n\n\n\n<p>Flera kl\u00e4ttrare har vittnat om att de sett n\u00e5got r\u00f6ra sig mellan tr\u00e4den&#8230; m\u00f6rka skuggor, bleka ansikten \u2013 kanske de rastl\u00f6sa andarna efter \u00e4ventyrare som aldrig kl\u00e4ttrade ner igen?<\/p>\n\n\n\n<p>Ingen vet s\u00e4kert. Men vi tror att det finns ett s\u00e4tt att bryta f\u00f6rtrollningen: genom skratt, mod och liv i banan igen!<\/p>\n\n\n\n<p>S\u00e5 ta med dig v\u00e4nner och familj och hj\u00e4lp oss jaga bort m\u00f6rkret \u2013 en kl\u00e4tterbana fylld av mystik, skratt och pirr v\u00e4ntar.<\/p>\n\n\n\n<h3 class=\"wp-block-heading\"><strong>V\u00e5gar du anta utmaningen?<\/strong><\/h3>\n\n\n\n<p>Mellan den <strong>25 oktober och 2 november<\/strong> f\u00f6rvandlas h\u00f6gh\u00f6jdsbanan till ett sp\u00e4nnande halloween\u00e4ventyr. H\u00e4r kl\u00e4ttrar du bland spindelv\u00e4v, skelett och kusligt pynt uppe bland tr\u00e4den och p\u00e5 plattformarna.<\/p>\n\n\n\n<p>Under tv\u00e5 timmar f\u00e5r du r\u00f6ra dig h\u00f6gt uppe bland tr\u00e4den via h\u00e4ngbroar, n\u00e4t, linbanor och andra roliga utmaningar. Alla banor h\u00e4nger ihop, s\u00e5 du kan fritt v\u00e4lja din v\u00e4g \u2013 hoppa \u00f6ver de delar som k\u00e4nns f\u00f6r sv\u00e5ra eller kl\u00e4ttra om din favoriter.<\/p>\n\n\n\n<div class=\"wp-block-buttons is-layout-flex wp-block-buttons-is-layout-flex\">\n<div class=\"wp-block-button\"><a class=\"wp-block-button__link wp-element-button\" href=\"#bokning\">Bokningsf\u00f6rfr\u00e5gan<\/a><\/div>\n<\/div>\n\n\n\n<h3 class=\"wp-block-heading\"><strong>Startavgift<\/strong><\/h3>\n\n\n\n<figure class=\"wp-block-table\"><table class=\"has-fixed-layout\"><tbody><tr><td><strong><strong>Halloweenkl\u00e4ttring, 25\/10-2\/11<\/strong><\/strong><\/td><td><strong>Pris<\/strong><\/td><\/tr><tr><td>Vuxen (friskv\u00e5rdsber\u00e4ttigad aktivitet)<\/td><td>299 kr<\/td><\/tr><tr><td>Ungdom (11-15 \u00e5r) och student (student ID)<\/td><td>249 kr<\/td><\/tr><tr><td>Barn (&lt;10 \u00e5r)<\/td><td>199 kr<\/td><\/tr><\/tbody><\/table><\/figure>\n\n\n\n<p>Pris inkl. 6 % moms.<\/p>\n\n\n\n<div style=\"height:5px\" aria-hidden=\"true\" class=\"wp-block-spacer\"><\/div>\n\n\n\n<h3 class=\"wp-block-heading\"><strong>Starttider<\/strong><\/h3>\n\n\n\n<figure class=\"wp-block-table\"><table class=\"has-fixed-layout\"><tbody><tr><td><strong>Halloweenkl\u00e4ttring, 25\/10-2\/11<\/strong><\/td><td><strong>Starttid<\/strong><\/td><\/tr><tr><td>M\u00e5ndag-fredag<\/td><td>Kl. 10.00 och 14.00<\/td><\/tr><tr><td>L\u00f6rdag-s\u00f6ndag<\/td><td>Kl. 10.00, 12.00 och 14.00<\/td><\/tr><\/tbody><\/table><\/figure>\n\n\n\n<div style=\"height:20px\" aria-hidden=\"true\" class=\"wp-block-spacer\"><\/div>\n\n\n\n<h3 class=\"wp-block-heading\"><strong>Kl\u00e4tterregler<\/strong><\/h3>\n\n\n\n<p><strong>Vikt:<\/strong>&nbsp;max 130 kg.<br><strong>L\u00e4ngd:<\/strong>&nbsp;minsta l\u00e4ngd i h\u00f6gh\u00f6jdsbanan \u00e4r&nbsp;<strong>130 cm<\/strong>&nbsp;och barn under 150 cm f\u00e5r endast kl\u00e4ttra i s\u00e4llskap av en medf\u00f6ljande vuxen i banan.<br><strong>Kl\u00e4dsel:<\/strong>&nbsp;vi rekommenderar o\u00f6mma kl\u00e4der, stadiga skor och g\u00e4rna ett par handskar (vi s\u00e4ljer kl\u00e4tterhandskar f\u00f6r 29 kr\/par i butiken).<br><strong>V\u00e4der:<\/strong>&nbsp;det g\u00e5r att kl\u00e4ttra i alla v\u00e4der och alla \u00e5rstider, men vid \u00e5ska eller stormvindar st\u00e4ller vi in kl\u00e4ttringen.<br><strong>Betalning:<\/strong>&nbsp;sker p\u00e5 plats innan din starttid med kort eller Swish i v\u00e5r sport- och friluftsbutik.<br><strong>Samling:<\/strong>&nbsp;vi vill att du \u00e4r p\u00e5 plats 15 minuter innan starttiden och anm\u00e4ler din n\u00e4rvaro i v\u00e5r sport- och friluftsbutik.<br><strong>Avbokning:<\/strong>&nbsp;avbokning sker senast kl. 18.00 dagen innan genom att ringa eller skicka oss ett e-postmeddelande. Korrigering av antalet i en bokning kan g\u00f6ras p\u00e5 plats.<\/p>\n\n\n\n<h3 class=\"wp-block-heading\" id=\"bokning\">Bokning<\/h3>\n\n\n\n<p><\/p>\n","protected":false},"excerpt":{"rendered":"<p>Halloweenkl\u00e4ttring i h\u00f6gh\u00f6jdsbanan \u2013 25 oktober till 2 november Sedan h\u00f6stm\u00f6rkret s\u00e4nkte sig \u00f6ver Bj\u00f6rn\u00f6n har det b\u00f6rjat h\u00e4nda m\u00e4rkliga saker i v\u00e5r h\u00f6gh\u00f6jdsbana. Spindeln\u00e4t har slingrat sig mellan repen, [&hellip;]<\/p>\n","protected":false},"author":83,"featured_media":81442,"parent":0,"menu_order":0,"comment_status":"closed","ping_status":"closed","template":"","meta":{"_acf_changed":true,"footnotes":""},"class_list":["post-81441","page","type-page","status-publish","has-post-thumbnail","hentry"],"acf":[],"yoast_head":"<!-- This site is optimized with the Yoast SEO plugin v23.0 - https:\/\/yoast.com\/wordpress\/plugins\/seo\/ -->\n<title>Halloweenkl\u00e4ttring - V\u00e4ster\u00e5s<\/title>\n<meta name=\"robots\" content=\"index, follow, max-snippet:-1, max-image-preview:large, max-video-preview:-1\" \/>\n<link rel=\"canonical\" href=\"https:\/\/aktivtuteliv.se\/vasteras\/halloweenklattring\/\" \/>\n<meta property=\"og:locale\" content=\"sv_SE\" \/>\n<meta property=\"og:type\" content=\"article\" \/>\n<meta property=\"og:title\" content=\"Halloweenkl\u00e4ttring - V\u00e4ster\u00e5s\" \/>\n<meta property=\"og:description\" content=\"Halloweenkl\u00e4ttring i h\u00f6gh\u00f6jdsbanan \u2013 25 oktober till 2 november Sedan h\u00f6stm\u00f6rkret s\u00e4nkte sig \u00f6ver Bj\u00f6rn\u00f6n har det b\u00f6rjat h\u00e4nda m\u00e4rkliga saker i v\u00e5r h\u00f6gh\u00f6jdsbana. Spindeln\u00e4t har slingrat sig mellan repen, [&hellip;]\" \/>\n<meta property=\"og:url\" content=\"https:\/\/aktivtuteliv.se\/vasteras\/halloweenklattring\/\" \/>\n<meta property=\"og:site_name\" content=\"V\u00e4ster\u00e5s\" \/>\n<meta property=\"article:publisher\" content=\"https:\/\/www.facebook.com\/aktivtutelivbjornogarden\" \/>\n<meta property=\"article:modified_time\" content=\"2025-10-13T12:12:36+00:00\" \/>\n<meta property=\"og:image\" content=\"https:\/\/aktivtuteliv.se\/vasteras\/wp-content\/uploads\/sites\/4\/2025\/10\/Halloween-hoghojdsbanan.jpg\" \/>\n\t<meta property=\"og:image:width\" content=\"1536\" \/>\n\t<meta property=\"og:image:height\" content=\"1024\" \/>\n\t<meta property=\"og:image:type\" content=\"image\/jpeg\" \/>\n<meta name=\"twitter:card\" content=\"summary_large_image\" \/>\n<meta name=\"twitter:site\" content=\"@aktivtuteliv\" \/>\n<meta name=\"twitter:label1\" content=\"Ber\u00e4knad l\u00e4stid\" \/>\n\t<meta name=\"twitter:data1\" content=\"3 minuter\" \/>\n<script type=\"application\/ld+json\" class=\"yoast-schema-graph\">{\"@context\":\"https:\/\/schema.org\",\"@graph\":[{\"@type\":\"WebPage\",\"@id\":\"https:\/\/aktivtuteliv.se\/vasteras\/halloweenklattring\/\",\"url\":\"https:\/\/aktivtuteliv.se\/vasteras\/halloweenklattring\/\",\"name\":\"Halloweenkl\u00e4ttring - V\u00e4ster\u00e5s\",\"isPartOf\":{\"@id\":\"https:\/\/aktivtuteliv.se\/vasteras\/#website\"},\"primaryImageOfPage\":{\"@id\":\"https:\/\/aktivtuteliv.se\/vasteras\/halloweenklattring\/#primaryimage\"},\"image\":{\"@id\":\"https:\/\/aktivtuteliv.se\/vasteras\/halloweenklattring\/#primaryimage\"},\"thumbnailUrl\":\"https:\/\/e5gp8rwuod7.exactdn.com\/vasteras\/wp-content\/uploads\/sites\/4\/2025\/10\/Halloween-hoghojdsbanan.jpg?strip=all&lossy=1&ssl=1\",\"datePublished\":\"2025-10-13T12:12:35+00:00\",\"dateModified\":\"2025-10-13T12:12:36+00:00\",\"breadcrumb\":{\"@id\":\"https:\/\/aktivtuteliv.se\/vasteras\/halloweenklattring\/#breadcrumb\"},\"inLanguage\":\"sv-SE\",\"potentialAction\":[{\"@type\":\"ReadAction\",\"target\":[\"https:\/\/aktivtuteliv.se\/vasteras\/halloweenklattring\/\"]}]},{\"@type\":\"ImageObject\",\"inLanguage\":\"sv-SE\",\"@id\":\"https:\/\/aktivtuteliv.se\/vasteras\/halloweenklattring\/#primaryimage\",\"url\":\"https:\/\/e5gp8rwuod7.exactdn.com\/vasteras\/wp-content\/uploads\/sites\/4\/2025\/10\/Halloween-hoghojdsbanan.jpg?strip=all&lossy=1&ssl=1\",\"contentUrl\":\"https:\/\/e5gp8rwuod7.exactdn.com\/vasteras\/wp-content\/uploads\/sites\/4\/2025\/10\/Halloween-hoghojdsbanan.jpg?strip=all&lossy=1&ssl=1\",\"width\":1536,\"height\":1024,\"caption\":\"halloween h\u00f6gh\u00f6jdsbanan\"},{\"@type\":\"BreadcrumbList\",\"@id\":\"https:\/\/aktivtuteliv.se\/vasteras\/halloweenklattring\/#breadcrumb\",\"itemListElement\":[{\"@type\":\"ListItem\",\"position\":1,\"name\":\"Home\",\"item\":\"https:\/\/aktivtuteliv.se\/vasteras\/\"},{\"@type\":\"ListItem\",\"position\":2,\"name\":\"Halloweenkl\u00e4ttring\"}]},{\"@type\":\"WebSite\",\"@id\":\"https:\/\/aktivtuteliv.se\/vasteras\/#website\",\"url\":\"https:\/\/aktivtuteliv.se\/vasteras\/\",\"name\":\"Aktivt Uteliv Bj\u00f6rn\u00f6g\u00e5rden\",\"description\":\"Ett friluftscenter i V\u00e4ster\u00e5s\",\"publisher\":{\"@id\":\"https:\/\/aktivtuteliv.se\/vasteras\/#organization\"},\"potentialAction\":[{\"@type\":\"SearchAction\",\"target\":{\"@type\":\"EntryPoint\",\"urlTemplate\":\"https:\/\/aktivtuteliv.se\/vasteras\/?s={search_term_string}\"},\"query-input\":\"required name=search_term_string\"}],\"inLanguage\":\"sv-SE\"},{\"@type\":\"Organization\",\"@id\":\"https:\/\/aktivtuteliv.se\/vasteras\/#organization\",\"name\":\"Aktivt Uteliv Bj\u00f6rn\u00f6g\u00e5rden\",\"url\":\"https:\/\/aktivtuteliv.se\/vasteras\/\",\"logo\":{\"@type\":\"ImageObject\",\"inLanguage\":\"sv-SE\",\"@id\":\"https:\/\/aktivtuteliv.se\/vasteras\/#\/schema\/logo\/image\/\",\"url\":\"https:\/\/e5gp8rwuod7.exactdn.com\/vasteras\/wp-content\/uploads\/sites\/4\/2025\/01\/AUB-pms.png?strip=all&lossy=1&ssl=1\",\"contentUrl\":\"https:\/\/e5gp8rwuod7.exactdn.com\/vasteras\/wp-content\/uploads\/sites\/4\/2025\/01\/AUB-pms.png?strip=all&lossy=1&ssl=1\",\"width\":1894,\"height\":1165,\"caption\":\"Aktivt Uteliv Bj\u00f6rn\u00f6g\u00e5rden\"},\"image\":{\"@id\":\"https:\/\/aktivtuteliv.se\/vasteras\/#\/schema\/logo\/image\/\"},\"sameAs\":[\"https:\/\/www.facebook.com\/aktivtutelivbjornogarden\",\"https:\/\/x.com\/aktivtuteliv\",\"https:\/\/www.instagram.com\/aktivtuteliv_bjornogarden\"]}]}<\/script>\n<!-- \/ Yoast SEO plugin. -->","yoast_head_json":{"title":"Halloweenkl\u00e4ttring - V\u00e4ster\u00e5s","robots":{"index":"index","follow":"follow","max-snippet":"max-snippet:-1","max-image-preview":"max-image-preview:large","max-video-preview":"max-video-preview:-1"},"canonical":"https:\/\/aktivtuteliv.se\/vasteras\/halloweenklattring\/","og_locale":"sv_SE","og_type":"article","og_title":"Halloweenkl\u00e4ttring - V\u00e4ster\u00e5s","og_description":"Halloweenkl\u00e4ttring i h\u00f6gh\u00f6jdsbanan \u2013 25 oktober till 2 november Sedan h\u00f6stm\u00f6rkret s\u00e4nkte sig \u00f6ver Bj\u00f6rn\u00f6n har det b\u00f6rjat h\u00e4nda m\u00e4rkliga saker i v\u00e5r h\u00f6gh\u00f6jdsbana. Spindeln\u00e4t har slingrat sig mellan repen, [&hellip;]","og_url":"https:\/\/aktivtuteliv.se\/vasteras\/halloweenklattring\/","og_site_name":"V\u00e4ster\u00e5s","article_publisher":"https:\/\/www.facebook.com\/aktivtutelivbjornogarden","article_modified_time":"2025-10-13T12:12:36+00:00","og_image":[{"width":1536,"height":1024,"url":"https:\/\/aktivtuteliv.se\/vasteras\/wp-content\/uploads\/sites\/4\/2025\/10\/Halloween-hoghojdsbanan.jpg","type":"image\/jpeg"}],"twitter_card":"summary_large_image","twitter_site":"@aktivtuteliv","twitter_misc":{"Ber\u00e4knad l\u00e4stid":"3 minuter"},"schema":{"@context":"https:\/\/schema.org","@graph":[{"@type":"WebPage","@id":"https:\/\/aktivtuteliv.se\/vasteras\/halloweenklattring\/","url":"https:\/\/aktivtuteliv.se\/vasteras\/halloweenklattring\/","name":"Halloweenkl\u00e4ttring - V\u00e4ster\u00e5s","isPartOf":{"@id":"https:\/\/aktivtuteliv.se\/vasteras\/#website"},"primaryImageOfPage":{"@id":"https:\/\/aktivtuteliv.se\/vasteras\/halloweenklattring\/#primaryimage"},"image":{"@id":"https:\/\/aktivtuteliv.se\/vasteras\/halloweenklattring\/#primaryimage"},"thumbnailUrl":"https:\/\/e5gp8rwuod7.exactdn.com\/vasteras\/wp-content\/uploads\/sites\/4\/2025\/10\/Halloween-hoghojdsbanan.jpg?strip=all&lossy=1&ssl=1","datePublished":"2025-10-13T12:12:35+00:00","dateModified":"2025-10-13T12:12:36+00:00","breadcrumb":{"@id":"https:\/\/aktivtuteliv.se\/vasteras\/halloweenklattring\/#breadcrumb"},"inLanguage":"sv-SE","potentialAction":[{"@type":"ReadAction","target":["https:\/\/aktivtuteliv.se\/vasteras\/halloweenklattring\/"]}]},{"@type":"ImageObject","inLanguage":"sv-SE","@id":"https:\/\/aktivtuteliv.se\/vasteras\/halloweenklattring\/#primaryimage","url":"https:\/\/e5gp8rwuod7.exactdn.com\/vasteras\/wp-content\/uploads\/sites\/4\/2025\/10\/Halloween-hoghojdsbanan.jpg?strip=all&lossy=1&ssl=1","contentUrl":"https:\/\/e5gp8rwuod7.exactdn.com\/vasteras\/wp-content\/uploads\/sites\/4\/2025\/10\/Halloween-hoghojdsbanan.jpg?strip=all&lossy=1&ssl=1","width":1536,"height":1024,"caption":"halloween h\u00f6gh\u00f6jdsbanan"},{"@type":"BreadcrumbList","@id":"https:\/\/aktivtuteliv.se\/vasteras\/halloweenklattring\/#breadcrumb","itemListElement":[{"@type":"ListItem","position":1,"name":"Home","item":"https:\/\/aktivtuteliv.se\/vasteras\/"},{"@type":"ListItem","position":2,"name":"Halloweenkl\u00e4ttring"}]},{"@type":"WebSite","@id":"https:\/\/aktivtuteliv.se\/vasteras\/#website","url":"https:\/\/aktivtuteliv.se\/vasteras\/","name":"Aktivt Uteliv Bj\u00f6rn\u00f6g\u00e5rden","description":"Ett friluftscenter i V\u00e4ster\u00e5s","publisher":{"@id":"https:\/\/aktivtuteliv.se\/vasteras\/#organization"},"potentialAction":[{"@type":"SearchAction","target":{"@type":"EntryPoint","urlTemplate":"https:\/\/aktivtuteliv.se\/vasteras\/?s={search_term_string}"},"query-input":"required name=search_term_string"}],"inLanguage":"sv-SE"},{"@type":"Organization","@id":"https:\/\/aktivtuteliv.se\/vasteras\/#organization","name":"Aktivt Uteliv Bj\u00f6rn\u00f6g\u00e5rden","url":"https:\/\/aktivtuteliv.se\/vasteras\/","logo":{"@type":"ImageObject","inLanguage":"sv-SE","@id":"https:\/\/aktivtuteliv.se\/vasteras\/#\/schema\/logo\/image\/","url":"https:\/\/e5gp8rwuod7.exactdn.com\/vasteras\/wp-content\/uploads\/sites\/4\/2025\/01\/AUB-pms.png?strip=all&lossy=1&ssl=1","contentUrl":"https:\/\/e5gp8rwuod7.exactdn.com\/vasteras\/wp-content\/uploads\/sites\/4\/2025\/01\/AUB-pms.png?strip=all&lossy=1&ssl=1","width":1894,"height":1165,"caption":"Aktivt Uteliv Bj\u00f6rn\u00f6g\u00e5rden"},"image":{"@id":"https:\/\/aktivtuteliv.se\/vasteras\/#\/schema\/logo\/image\/"},"sameAs":["https:\/\/www.facebook.com\/aktivtutelivbjornogarden","https:\/\/x.com\/aktivtuteliv","https:\/\/www.instagram.com\/aktivtuteliv_bjornogarden"]}]}},"_links":{"self":[{"href":"https:\/\/aktivtuteliv.se\/vasteras\/wp-json\/wp\/v2\/pages\/81441","targetHints":{"allow":["GET"]}}],"collection":[{"href":"https:\/\/aktivtuteliv.se\/vasteras\/wp-json\/wp\/v2\/pages"}],"about":[{"href":"https:\/\/aktivtuteliv.se\/vasteras\/wp-json\/wp\/v2\/types\/page"}],"author":[{"embeddable":true,"href":"https:\/\/aktivtuteliv.se\/vasteras\/wp-json\/wp\/v2\/users\/83"}],"replies":[{"embeddable":true,"href":"https:\/\/aktivtuteliv.se\/vasteras\/wp-json\/wp\/v2\/comments?post=81441"}],"version-history":[{"count":0,"href":"https:\/\/aktivtuteliv.se\/vasteras\/wp-json\/wp\/v2\/pages\/81441\/revisions"}],"wp:featuredmedia":[{"embeddable":true,"href":"https:\/\/aktivtuteliv.se\/vasteras\/wp-json\/wp\/v2\/media\/81442"}],"wp:attachment":[{"href":"https:\/\/aktivtuteliv.se\/vasteras\/wp-json\/wp\/v2\/media?parent=81441"}],"curies":[{"name":"wp","href":"https:\/\/api.w.org\/{rel}","templated":true}]}}