{"id":73905,"date":"2024-11-05T11:53:42","date_gmt":"2024-11-05T11:53:42","guid":{"rendered":"https:\/\/aktivtuteliv.se\/vasteras\/?post_type=product&#038;p=73905"},"modified":"2026-02-15T11:55:30","modified_gmt":"2026-02-15T10:55:30","slug":"arva-first-aid-kit-lite-explorer","status":"publish","type":"product","link":"https:\/\/aktivtuteliv.se\/vasteras\/produkt\/arva-first-aid-kit-lite-explorer\/","title":{"rendered":"Arva First Aid Kit Lite Explorer"},"content":{"rendered":"<p class=\"\">Explorer Lite First Aid Kit \u00e4r utformad f\u00f6r vandrare och skid\u00e5kare. Ett kompakt kit som inneh\u00e5ller allt f\u00f6r att behandla\u00a0vanliga s\u00e5r och f\u00f6rsta hj\u00e4lpen.\u00a0I v\u00e4skan finns material f\u00f6r\u00a0att reng\u00f6ra och f\u00f6rbinda sm\u00e5 skraps\u00e5r och s\u00e5r samt ta hand om br\u00e4nnskador. En sats med pl\u00e5ster ing\u00e5r ocks\u00e5.<\/p>\n<p class=\"\"><strong>Specifikation<\/strong><strong><br \/>\n<\/strong>S\u00e5r \/ br\u00e4nnskador \/ bl\u00e5sor:<br \/>\n&#8211; 4 sterila kompresser; 5 cm x 5 cm<br \/>\n&#8211; 1 gasbinda, 5 cm<br \/>\n&#8211; 1 sj\u00e4lvh\u00e4ftande bandage, 2,5 cm x 2,5 cm<br \/>\n&#8211; 1 n\u00f6dpincett<br \/>\n&#8211; 1 s\u00e4kerhetsn\u00e5l<br \/>\n&#8211; 14 f\u00f6rskurna Moleskin-pl\u00e5ster<\/p>\n<p class=\"\">Sk\u00e4r-\u00a0och skraps\u00e5r:<br \/>\n&#8211; 5 bandage; 2,5 cm x 7,5 cm<br \/>\n&#8211; 3 sj\u00e4lvh\u00e4ftande bandage med\u00a0fj\u00e4rilsform<br \/>\n&#8211; 5 bandage f\u00f6r knogarna<br \/>\n&#8211; 1 f\u00f6rsta hj\u00e4lpenmanual p\u00e5 engelska i\u00a0miniformat<br \/>\n&#8211; Fixeringsbinda<\/p>\n<p class=\"\">V\u00e4ska:<br \/>\n&#8211; V\u00e4skans material; Polyester 450D ripstop<br \/>\n&#8211; M\u00e5tt;\u00a013 x\u00a010 x 5 cm<br \/>\n&#8211; Vikt; 100 gram<\/p>\n","protected":false},"excerpt":{"rendered":"<p>Explorer Lite First Aid Kit \u00e4r utformad f\u00f6r vandrare och skid\u00e5kare. Ett kompakt kit som inneh\u00e5ller allt f\u00f6r att behandla\u00a0vanliga s\u00e5r och f\u00f6rsta hj\u00e4lpen.\u00a0I v\u00e4skan finns material f\u00f6r\u00a0att reng\u00f6ra och [&hellip;]<\/p>\n","protected":false},"featured_media":75548,"template":"","meta":{"_acf_changed":false},"product_cat":[762,850],"product_tag":[],"er_categories":[],"er_brands":[],"er_seasons":[],"class_list":{"0":"post-73905","1":"product","2":"type-product","3":"status-publish","4":"has-post-thumbnail","6":"product_cat-friluftsliv","7":"product_cat-ovrigt","8":"product_shipping_class-normal","9":"pa_marke-arva","10":"pa_sasong-766","12":"first","13":"instock","14":"taxable","15":"shipping-taxable","16":"purchasable","17":"product-type-simple"},"acf":[],"yoast_head":"<!-- This site is optimized with the Yoast SEO plugin v23.0 - https:\/\/yoast.com\/wordpress\/plugins\/seo\/ -->\n<title>Arva First Aid Kit Lite Explorer - V\u00e4ster\u00e5s<\/title>\n<meta name=\"robots\" content=\"index, follow, max-snippet:-1, max-image-preview:large, max-video-preview:-1\" \/>\n<link rel=\"canonical\" href=\"https:\/\/aktivtuteliv.se\/vasteras\/produkt\/arva-first-aid-kit-lite-explorer\/\" \/>\n<meta property=\"og:locale\" content=\"sv_SE\" \/>\n<meta property=\"og:type\" content=\"article\" \/>\n<meta property=\"og:title\" content=\"Arva First Aid Kit Lite Explorer - V\u00e4ster\u00e5s\" \/>\n<meta property=\"og:description\" content=\"Explorer Lite First Aid Kit \u00e4r utformad f\u00f6r vandrare och skid\u00e5kare. Ett kompakt kit som inneh\u00e5ller allt f\u00f6r att behandla\u00a0vanliga s\u00e5r och f\u00f6rsta hj\u00e4lpen.\u00a0I v\u00e4skan finns material f\u00f6r\u00a0att reng\u00f6ra och [&hellip;]\" \/>\n<meta property=\"og:url\" content=\"https:\/\/aktivtuteliv.se\/vasteras\/produkt\/arva-first-aid-kit-lite-explorer\/\" \/>\n<meta property=\"og:site_name\" content=\"V\u00e4ster\u00e5s\" \/>\n<meta property=\"article:publisher\" content=\"https:\/\/www.facebook.com\/aktivtutelivbjornogarden\" \/>\n<meta property=\"article:modified_time\" content=\"2026-02-15T10:55:30+00:00\" \/>\n<meta property=\"og:image\" content=\"https:\/\/aktivtuteliv.se\/vasteras\/wp-content\/uploads\/sites\/4\/2024\/11\/ARVA_SAFAKSMALLFV2_.jpg\" \/>\n\t<meta property=\"og:image:width\" content=\"2140\" \/>\n\t<meta property=\"og:image:height\" content=\"2440\" \/>\n\t<meta property=\"og:image:type\" content=\"image\/jpeg\" \/>\n<meta name=\"twitter:card\" content=\"summary_large_image\" \/>\n<meta name=\"twitter:site\" content=\"@aktivtuteliv\" \/>\n<meta name=\"twitter:label1\" content=\"Ber\u00e4knad l\u00e4stid\" \/>\n\t<meta name=\"twitter:data1\" content=\"1 minut\" \/>\n<script type=\"application\/ld+json\" class=\"yoast-schema-graph\">{\"@context\":\"https:\/\/schema.org\",\"@graph\":[{\"@type\":\"WebPage\",\"@id\":\"https:\/\/aktivtuteliv.se\/vasteras\/produkt\/arva-first-aid-kit-lite-explorer\/\",\"url\":\"https:\/\/aktivtuteliv.se\/vasteras\/produkt\/arva-first-aid-kit-lite-explorer\/\",\"name\":\"Arva First Aid Kit Lite Explorer - V\u00e4ster\u00e5s\",\"isPartOf\":{\"@id\":\"https:\/\/aktivtuteliv.se\/vasteras\/#website\"},\"primaryImageOfPage\":{\"@id\":\"https:\/\/aktivtuteliv.se\/vasteras\/produkt\/arva-first-aid-kit-lite-explorer\/#primaryimage\"},\"image\":{\"@id\":\"https:\/\/aktivtuteliv.se\/vasteras\/produkt\/arva-first-aid-kit-lite-explorer\/#primaryimage\"},\"thumbnailUrl\":\"https:\/\/e5gp8rwuod7.exactdn.com\/vasteras\/wp-content\/uploads\/sites\/4\/2024\/11\/ARVA_SAFAKSMALLFV2_.jpg?strip=all&lossy=1&ssl=1\",\"datePublished\":\"2024-11-05T11:53:42+00:00\",\"dateModified\":\"2026-02-15T10:55:30+00:00\",\"breadcrumb\":{\"@id\":\"https:\/\/aktivtuteliv.se\/vasteras\/produkt\/arva-first-aid-kit-lite-explorer\/#breadcrumb\"},\"inLanguage\":\"sv-SE\",\"potentialAction\":[{\"@type\":\"ReadAction\",\"target\":[\"https:\/\/aktivtuteliv.se\/vasteras\/produkt\/arva-first-aid-kit-lite-explorer\/\"]}]},{\"@type\":\"ImageObject\",\"inLanguage\":\"sv-SE\",\"@id\":\"https:\/\/aktivtuteliv.se\/vasteras\/produkt\/arva-first-aid-kit-lite-explorer\/#primaryimage\",\"url\":\"https:\/\/e5gp8rwuod7.exactdn.com\/vasteras\/wp-content\/uploads\/sites\/4\/2024\/11\/ARVA_SAFAKSMALLFV2_.jpg?strip=all&lossy=1&ssl=1\",\"contentUrl\":\"https:\/\/e5gp8rwuod7.exactdn.com\/vasteras\/wp-content\/uploads\/sites\/4\/2024\/11\/ARVA_SAFAKSMALLFV2_.jpg?strip=all&lossy=1&ssl=1\",\"width\":2140,\"height\":2440},{\"@type\":\"BreadcrumbList\",\"@id\":\"https:\/\/aktivtuteliv.se\/vasteras\/produkt\/arva-first-aid-kit-lite-explorer\/#breadcrumb\",\"itemListElement\":[{\"@type\":\"ListItem\",\"position\":1,\"name\":\"Home\",\"item\":\"https:\/\/aktivtuteliv.se\/vasteras\/\"},{\"@type\":\"ListItem\",\"position\":2,\"name\":\"Webbutik\",\"item\":\"https:\/\/aktivtuteliv.se\/vasteras\/butik\/\"},{\"@type\":\"ListItem\",\"position\":3,\"name\":\"Arva First Aid Kit Lite Explorer\"}]},{\"@type\":\"WebSite\",\"@id\":\"https:\/\/aktivtuteliv.se\/vasteras\/#website\",\"url\":\"https:\/\/aktivtuteliv.se\/vasteras\/\",\"name\":\"Aktivt Uteliv Bj\u00f6rn\u00f6g\u00e5rden\",\"description\":\"Ett friluftscenter i V\u00e4ster\u00e5s\",\"publisher\":{\"@id\":\"https:\/\/aktivtuteliv.se\/vasteras\/#organization\"},\"potentialAction\":[{\"@type\":\"SearchAction\",\"target\":{\"@type\":\"EntryPoint\",\"urlTemplate\":\"https:\/\/aktivtuteliv.se\/vasteras\/?s={search_term_string}\"},\"query-input\":\"required name=search_term_string\"}],\"inLanguage\":\"sv-SE\"},{\"@type\":\"Organization\",\"@id\":\"https:\/\/aktivtuteliv.se\/vasteras\/#organization\",\"name\":\"Aktivt Uteliv Bj\u00f6rn\u00f6g\u00e5rden\",\"url\":\"https:\/\/aktivtuteliv.se\/vasteras\/\",\"logo\":{\"@type\":\"ImageObject\",\"inLanguage\":\"sv-SE\",\"@id\":\"https:\/\/aktivtuteliv.se\/vasteras\/#\/schema\/logo\/image\/\",\"url\":\"https:\/\/e5gp8rwuod7.exactdn.com\/vasteras\/wp-content\/uploads\/sites\/4\/2025\/01\/AUB-pms.png?strip=all&lossy=1&ssl=1\",\"contentUrl\":\"https:\/\/e5gp8rwuod7.exactdn.com\/vasteras\/wp-content\/uploads\/sites\/4\/2025\/01\/AUB-pms.png?strip=all&lossy=1&ssl=1\",\"width\":1894,\"height\":1165,\"caption\":\"Aktivt Uteliv Bj\u00f6rn\u00f6g\u00e5rden\"},\"image\":{\"@id\":\"https:\/\/aktivtuteliv.se\/vasteras\/#\/schema\/logo\/image\/\"},\"sameAs\":[\"https:\/\/www.facebook.com\/aktivtutelivbjornogarden\",\"https:\/\/x.com\/aktivtuteliv\",\"https:\/\/www.instagram.com\/aktivtuteliv_bjornogarden\"]}]}<\/script>\n<!-- \/ Yoast SEO plugin. -->","yoast_head_json":{"title":"Arva First Aid Kit Lite Explorer - V\u00e4ster\u00e5s","robots":{"index":"index","follow":"follow","max-snippet":"max-snippet:-1","max-image-preview":"max-image-preview:large","max-video-preview":"max-video-preview:-1"},"canonical":"https:\/\/aktivtuteliv.se\/vasteras\/produkt\/arva-first-aid-kit-lite-explorer\/","og_locale":"sv_SE","og_type":"article","og_title":"Arva First Aid Kit Lite Explorer - V\u00e4ster\u00e5s","og_description":"Explorer Lite First Aid Kit \u00e4r utformad f\u00f6r vandrare och skid\u00e5kare. Ett kompakt kit som inneh\u00e5ller allt f\u00f6r att behandla\u00a0vanliga s\u00e5r och f\u00f6rsta hj\u00e4lpen.\u00a0I v\u00e4skan finns material f\u00f6r\u00a0att reng\u00f6ra och [&hellip;]","og_url":"https:\/\/aktivtuteliv.se\/vasteras\/produkt\/arva-first-aid-kit-lite-explorer\/","og_site_name":"V\u00e4ster\u00e5s","article_publisher":"https:\/\/www.facebook.com\/aktivtutelivbjornogarden","article_modified_time":"2026-02-15T10:55:30+00:00","og_image":[{"width":2140,"height":2440,"url":"https:\/\/aktivtuteliv.se\/vasteras\/wp-content\/uploads\/sites\/4\/2024\/11\/ARVA_SAFAKSMALLFV2_.jpg","type":"image\/jpeg"}],"twitter_card":"summary_large_image","twitter_site":"@aktivtuteliv","twitter_misc":{"Ber\u00e4knad l\u00e4stid":"1 minut"},"schema":{"@context":"https:\/\/schema.org","@graph":[{"@type":"WebPage","@id":"https:\/\/aktivtuteliv.se\/vasteras\/produkt\/arva-first-aid-kit-lite-explorer\/","url":"https:\/\/aktivtuteliv.se\/vasteras\/produkt\/arva-first-aid-kit-lite-explorer\/","name":"Arva First Aid Kit Lite Explorer - V\u00e4ster\u00e5s","isPartOf":{"@id":"https:\/\/aktivtuteliv.se\/vasteras\/#website"},"primaryImageOfPage":{"@id":"https:\/\/aktivtuteliv.se\/vasteras\/produkt\/arva-first-aid-kit-lite-explorer\/#primaryimage"},"image":{"@id":"https:\/\/aktivtuteliv.se\/vasteras\/produkt\/arva-first-aid-kit-lite-explorer\/#primaryimage"},"thumbnailUrl":"https:\/\/e5gp8rwuod7.exactdn.com\/vasteras\/wp-content\/uploads\/sites\/4\/2024\/11\/ARVA_SAFAKSMALLFV2_.jpg?strip=all&lossy=1&ssl=1","datePublished":"2024-11-05T11:53:42+00:00","dateModified":"2026-02-15T10:55:30+00:00","breadcrumb":{"@id":"https:\/\/aktivtuteliv.se\/vasteras\/produkt\/arva-first-aid-kit-lite-explorer\/#breadcrumb"},"inLanguage":"sv-SE","potentialAction":[{"@type":"ReadAction","target":["https:\/\/aktivtuteliv.se\/vasteras\/produkt\/arva-first-aid-kit-lite-explorer\/"]}]},{"@type":"ImageObject","inLanguage":"sv-SE","@id":"https:\/\/aktivtuteliv.se\/vasteras\/produkt\/arva-first-aid-kit-lite-explorer\/#primaryimage","url":"https:\/\/e5gp8rwuod7.exactdn.com\/vasteras\/wp-content\/uploads\/sites\/4\/2024\/11\/ARVA_SAFAKSMALLFV2_.jpg?strip=all&lossy=1&ssl=1","contentUrl":"https:\/\/e5gp8rwuod7.exactdn.com\/vasteras\/wp-content\/uploads\/sites\/4\/2024\/11\/ARVA_SAFAKSMALLFV2_.jpg?strip=all&lossy=1&ssl=1","width":2140,"height":2440},{"@type":"BreadcrumbList","@id":"https:\/\/aktivtuteliv.se\/vasteras\/produkt\/arva-first-aid-kit-lite-explorer\/#breadcrumb","itemListElement":[{"@type":"ListItem","position":1,"name":"Home","item":"https:\/\/aktivtuteliv.se\/vasteras\/"},{"@type":"ListItem","position":2,"name":"Webbutik","item":"https:\/\/aktivtuteliv.se\/vasteras\/butik\/"},{"@type":"ListItem","position":3,"name":"Arva First Aid Kit Lite Explorer"}]},{"@type":"WebSite","@id":"https:\/\/aktivtuteliv.se\/vasteras\/#website","url":"https:\/\/aktivtuteliv.se\/vasteras\/","name":"Aktivt Uteliv Bj\u00f6rn\u00f6g\u00e5rden","description":"Ett friluftscenter i V\u00e4ster\u00e5s","publisher":{"@id":"https:\/\/aktivtuteliv.se\/vasteras\/#organization"},"potentialAction":[{"@type":"SearchAction","target":{"@type":"EntryPoint","urlTemplate":"https:\/\/aktivtuteliv.se\/vasteras\/?s={search_term_string}"},"query-input":"required name=search_term_string"}],"inLanguage":"sv-SE"},{"@type":"Organization","@id":"https:\/\/aktivtuteliv.se\/vasteras\/#organization","name":"Aktivt Uteliv Bj\u00f6rn\u00f6g\u00e5rden","url":"https:\/\/aktivtuteliv.se\/vasteras\/","logo":{"@type":"ImageObject","inLanguage":"sv-SE","@id":"https:\/\/aktivtuteliv.se\/vasteras\/#\/schema\/logo\/image\/","url":"https:\/\/e5gp8rwuod7.exactdn.com\/vasteras\/wp-content\/uploads\/sites\/4\/2025\/01\/AUB-pms.png?strip=all&lossy=1&ssl=1","contentUrl":"https:\/\/e5gp8rwuod7.exactdn.com\/vasteras\/wp-content\/uploads\/sites\/4\/2025\/01\/AUB-pms.png?strip=all&lossy=1&ssl=1","width":1894,"height":1165,"caption":"Aktivt Uteliv Bj\u00f6rn\u00f6g\u00e5rden"},"image":{"@id":"https:\/\/aktivtuteliv.se\/vasteras\/#\/schema\/logo\/image\/"},"sameAs":["https:\/\/www.facebook.com\/aktivtutelivbjornogarden","https:\/\/x.com\/aktivtuteliv","https:\/\/www.instagram.com\/aktivtuteliv_bjornogarden"]}]}},"_links":{"self":[{"href":"https:\/\/aktivtuteliv.se\/vasteras\/wp-json\/wp\/v2\/product\/73905","targetHints":{"allow":["GET"]}}],"collection":[{"href":"https:\/\/aktivtuteliv.se\/vasteras\/wp-json\/wp\/v2\/product"}],"about":[{"href":"https:\/\/aktivtuteliv.se\/vasteras\/wp-json\/wp\/v2\/types\/product"}],"wp:featuredmedia":[{"embeddable":true,"href":"https:\/\/aktivtuteliv.se\/vasteras\/wp-json\/wp\/v2\/media\/75548"}],"wp:attachment":[{"href":"https:\/\/aktivtuteliv.se\/vasteras\/wp-json\/wp\/v2\/media?parent=73905"}],"wp:term":[{"taxonomy":"product_cat","embeddable":true,"href":"https:\/\/aktivtuteliv.se\/vasteras\/wp-json\/wp\/v2\/product_cat?post=73905"},{"taxonomy":"product_tag","embeddable":true,"href":"https:\/\/aktivtuteliv.se\/vasteras\/wp-json\/wp\/v2\/product_tag?post=73905"},{"taxonomy":"er_categories","embeddable":true,"href":"https:\/\/aktivtuteliv.se\/vasteras\/wp-json\/wp\/v2\/er_categories?post=73905"},{"taxonomy":"er_brands","embeddable":true,"href":"https:\/\/aktivtuteliv.se\/vasteras\/wp-json\/wp\/v2\/er_brands?post=73905"},{"taxonomy":"er_seasons","embeddable":true,"href":"https:\/\/aktivtuteliv.se\/vasteras\/wp-json\/wp\/v2\/er_seasons?post=73905"}],"curies":[{"name":"wp","href":"https:\/\/api.w.org\/{rel}","templated":true}]}}