{"id":73906,"date":"2024-11-05T11:53:43","date_gmt":"2024-11-05T11:53:43","guid":{"rendered":"https:\/\/aktivtuteliv.se\/vasteras\/?post_type=product&#038;p=73906"},"modified":"2026-03-30T12:30:02","modified_gmt":"2026-03-30T10:30:02","slug":"alpina-t10","status":"publish","type":"product","link":"https:\/\/aktivtuteliv.se\/vasteras\/produkt\/alpina-t10\/","title":{"rendered":"Alpina T10"},"content":{"rendered":"<p>Alpina T10 \u00e4r en pj\u00e4xa f\u00f6r klassisk skid\u00e5kning med god komfort som passar bra f\u00f6r nyb\u00f6rjare. Tack vare att pj\u00e4xan har Thinsulate innerfoder h\u00e5ller den v\u00e4rmen v\u00e4ldigt bra \u00e4ven kalla vinterdagar. Ytterfodret \u00e4r i Neopren med en dragkedja som skyddar mot b\u00e5de vind och sn\u00f6.<\/p>\n<p>&nbsp;<\/p>\n<p>Pj\u00e4xan passar alla skidor med NNN-, Prolink- och Turnamic-bindning.<\/p>\n<p>&nbsp;<\/p>\n<p>Kom g\u00e4rna in och testa utrustningen i v\u00e5rt hyrsortiment. I butik kan du \u00e4ven f\u00e5 hj\u00e4lp med alla de fr\u00e5gor du har kring produkten.<\/p>\n","protected":false},"excerpt":{"rendered":"<p><strong>20 % rabatt p\u00e5 stavar och pj\u00e4xor &#8211; n\u00e4r du k\u00f6per skidor!<\/strong><\/p>\n<p>&nbsp;<\/p>\n<p>Hos oss f\u00e5r du 20 % rabatt p\u00e5 stavar och pj\u00e4xor i samband med att du k\u00f6per skidor, d\u00e5 kan du kombinera alternativen som du vill men \u00e4nd\u00e5 f\u00e5 ett konkurrenskraftigt och prisv\u00e4rt skidpaket.<\/p>\n<p>&nbsp;<\/p>\n<p>Dessutom erbjuder vi dig alltid att <strong>hyra och testa skidor innan k\u00f6pet<\/strong> f\u00f6r att du ska veta att de passar dina behov. Det \u00e4r ett tryggt och s\u00e4kert s\u00e4tt att k\u00f6pa skidor p\u00e5, hyran f\u00e5r du tillbaka vid k\u00f6ptillf\u00e4llet.<\/p>\n","protected":false},"featured_media":67125,"template":"","meta":{"_acf_changed":false},"product_cat":[758,785],"product_tag":[],"er_categories":[],"er_brands":[],"er_seasons":[],"class_list":{"0":"post-73906","1":"product","2":"type-product","3":"status-publish","4":"has-post-thumbnail","6":"product_cat-langdskidor","7":"product_cat-pjaxor-langdskidor","8":"product_shipping_class-normal","9":"pa_marke-alpina","10":"pa_sasong-1279","12":"first","13":"instock","14":"sale","15":"taxable","16":"shipping-taxable","17":"purchasable","18":"product-type-variable","19":"has-default-attributes"},"acf":[],"yoast_head":"<!-- This site is optimized with the Yoast SEO plugin v23.0 - https:\/\/yoast.com\/wordpress\/plugins\/seo\/ -->\n<title>Alpina T10 - V\u00e4ster\u00e5s<\/title>\n<meta name=\"robots\" content=\"index, follow, max-snippet:-1, max-image-preview:large, max-video-preview:-1\" \/>\n<link rel=\"canonical\" href=\"https:\/\/aktivtuteliv.se\/vasteras\/produkt\/alpina-t10\/\" \/>\n<meta property=\"og:locale\" content=\"sv_SE\" \/>\n<meta property=\"og:type\" content=\"article\" \/>\n<meta property=\"og:title\" content=\"Alpina T10 - V\u00e4ster\u00e5s\" \/>\n<meta property=\"og:description\" content=\"20 % rabatt p\u00e5 stavar och pj\u00e4xor - n\u00e4r du k\u00f6per skidor!  &nbsp;  Hos oss f\u00e5r du 20 % rabatt p\u00e5 stavar och pj\u00e4xor i samband med att du k\u00f6per skidor, d\u00e5 kan du kombinera alternativen som du vill men \u00e4nd\u00e5 f\u00e5 ett konkurrenskraftigt och prisv\u00e4rt skidpaket.  &nbsp;  Dessutom erbjuder vi dig alltid att hyra och testa skidor innan k\u00f6pet f\u00f6r att du ska veta att de passar dina behov. Det \u00e4r ett tryggt och s\u00e4kert s\u00e4tt att k\u00f6pa skidor p\u00e5, hyran f\u00e5r du tillbaka vid k\u00f6ptillf\u00e4llet.\" \/>\n<meta property=\"og:url\" content=\"https:\/\/aktivtuteliv.se\/vasteras\/produkt\/alpina-t10\/\" \/>\n<meta property=\"og:site_name\" content=\"V\u00e4ster\u00e5s\" \/>\n<meta property=\"article:publisher\" content=\"https:\/\/www.facebook.com\/aktivtutelivbjornogarden\" \/>\n<meta property=\"article:modified_time\" content=\"2026-03-30T10:30:02+00:00\" \/>\n<meta property=\"og:image\" content=\"https:\/\/aktivtuteliv.se\/vasteras\/wp-content\/uploads\/sites\/4\/2022\/09\/Alpina-T10.jpg\" \/>\n\t<meta property=\"og:image:width\" content=\"1080\" \/>\n\t<meta property=\"og:image:height\" content=\"1080\" \/>\n\t<meta property=\"og:image:type\" content=\"image\/jpeg\" \/>\n<meta name=\"twitter:card\" content=\"summary_large_image\" \/>\n<meta name=\"twitter:site\" content=\"@aktivtuteliv\" \/>\n<script type=\"application\/ld+json\" class=\"yoast-schema-graph\">{\"@context\":\"https:\/\/schema.org\",\"@graph\":[{\"@type\":\"WebPage\",\"@id\":\"https:\/\/aktivtuteliv.se\/vasteras\/produkt\/alpina-t10\/\",\"url\":\"https:\/\/aktivtuteliv.se\/vasteras\/produkt\/alpina-t10\/\",\"name\":\"Alpina T10 - V\u00e4ster\u00e5s\",\"isPartOf\":{\"@id\":\"https:\/\/aktivtuteliv.se\/vasteras\/#website\"},\"primaryImageOfPage\":{\"@id\":\"https:\/\/aktivtuteliv.se\/vasteras\/produkt\/alpina-t10\/#primaryimage\"},\"image\":{\"@id\":\"https:\/\/aktivtuteliv.se\/vasteras\/produkt\/alpina-t10\/#primaryimage\"},\"thumbnailUrl\":\"https:\/\/e5gp8rwuod7.exactdn.com\/vasteras\/wp-content\/uploads\/sites\/4\/2022\/09\/Alpina-T10.jpg?strip=all&lossy=1&ssl=1\",\"datePublished\":\"2024-11-05T11:53:43+00:00\",\"dateModified\":\"2026-03-30T10:30:02+00:00\",\"breadcrumb\":{\"@id\":\"https:\/\/aktivtuteliv.se\/vasteras\/produkt\/alpina-t10\/#breadcrumb\"},\"inLanguage\":\"sv-SE\",\"potentialAction\":[{\"@type\":\"ReadAction\",\"target\":[\"https:\/\/aktivtuteliv.se\/vasteras\/produkt\/alpina-t10\/\"]}]},{\"@type\":\"ImageObject\",\"inLanguage\":\"sv-SE\",\"@id\":\"https:\/\/aktivtuteliv.se\/vasteras\/produkt\/alpina-t10\/#primaryimage\",\"url\":\"https:\/\/e5gp8rwuod7.exactdn.com\/vasteras\/wp-content\/uploads\/sites\/4\/2022\/09\/Alpina-T10.jpg?strip=all&lossy=1&ssl=1\",\"contentUrl\":\"https:\/\/e5gp8rwuod7.exactdn.com\/vasteras\/wp-content\/uploads\/sites\/4\/2022\/09\/Alpina-T10.jpg?strip=all&lossy=1&ssl=1\",\"width\":1080,\"height\":1080,\"caption\":\"Alpina T10\"},{\"@type\":\"BreadcrumbList\",\"@id\":\"https:\/\/aktivtuteliv.se\/vasteras\/produkt\/alpina-t10\/#breadcrumb\",\"itemListElement\":[{\"@type\":\"ListItem\",\"position\":1,\"name\":\"Home\",\"item\":\"https:\/\/aktivtuteliv.se\/vasteras\/\"},{\"@type\":\"ListItem\",\"position\":2,\"name\":\"Webbutik\",\"item\":\"https:\/\/aktivtuteliv.se\/vasteras\/butik\/\"},{\"@type\":\"ListItem\",\"position\":3,\"name\":\"Alpina T10\"}]},{\"@type\":\"WebSite\",\"@id\":\"https:\/\/aktivtuteliv.se\/vasteras\/#website\",\"url\":\"https:\/\/aktivtuteliv.se\/vasteras\/\",\"name\":\"Aktivt Uteliv Bj\u00f6rn\u00f6g\u00e5rden\",\"description\":\"Ett friluftscenter i V\u00e4ster\u00e5s\",\"publisher\":{\"@id\":\"https:\/\/aktivtuteliv.se\/vasteras\/#organization\"},\"potentialAction\":[{\"@type\":\"SearchAction\",\"target\":{\"@type\":\"EntryPoint\",\"urlTemplate\":\"https:\/\/aktivtuteliv.se\/vasteras\/?s={search_term_string}\"},\"query-input\":\"required name=search_term_string\"}],\"inLanguage\":\"sv-SE\"},{\"@type\":\"Organization\",\"@id\":\"https:\/\/aktivtuteliv.se\/vasteras\/#organization\",\"name\":\"Aktivt Uteliv Bj\u00f6rn\u00f6g\u00e5rden\",\"url\":\"https:\/\/aktivtuteliv.se\/vasteras\/\",\"logo\":{\"@type\":\"ImageObject\",\"inLanguage\":\"sv-SE\",\"@id\":\"https:\/\/aktivtuteliv.se\/vasteras\/#\/schema\/logo\/image\/\",\"url\":\"https:\/\/e5gp8rwuod7.exactdn.com\/vasteras\/wp-content\/uploads\/sites\/4\/2025\/01\/AUB-pms.png?strip=all&lossy=1&ssl=1\",\"contentUrl\":\"https:\/\/e5gp8rwuod7.exactdn.com\/vasteras\/wp-content\/uploads\/sites\/4\/2025\/01\/AUB-pms.png?strip=all&lossy=1&ssl=1\",\"width\":1894,\"height\":1165,\"caption\":\"Aktivt Uteliv Bj\u00f6rn\u00f6g\u00e5rden\"},\"image\":{\"@id\":\"https:\/\/aktivtuteliv.se\/vasteras\/#\/schema\/logo\/image\/\"},\"sameAs\":[\"https:\/\/www.facebook.com\/aktivtutelivbjornogarden\",\"https:\/\/x.com\/aktivtuteliv\",\"https:\/\/www.instagram.com\/aktivtuteliv_bjornogarden\"]}]}<\/script>\n<!-- \/ Yoast SEO plugin. -->","yoast_head_json":{"title":"Alpina T10 - V\u00e4ster\u00e5s","robots":{"index":"index","follow":"follow","max-snippet":"max-snippet:-1","max-image-preview":"max-image-preview:large","max-video-preview":"max-video-preview:-1"},"canonical":"https:\/\/aktivtuteliv.se\/vasteras\/produkt\/alpina-t10\/","og_locale":"sv_SE","og_type":"article","og_title":"Alpina T10 - V\u00e4ster\u00e5s","og_description":"20 % rabatt p\u00e5 stavar och pj\u00e4xor - n\u00e4r du k\u00f6per skidor!  &nbsp;  Hos oss f\u00e5r du 20 % rabatt p\u00e5 stavar och pj\u00e4xor i samband med att du k\u00f6per skidor, d\u00e5 kan du kombinera alternativen som du vill men \u00e4nd\u00e5 f\u00e5 ett konkurrenskraftigt och prisv\u00e4rt skidpaket.  &nbsp;  Dessutom erbjuder vi dig alltid att hyra och testa skidor innan k\u00f6pet f\u00f6r att du ska veta att de passar dina behov. Det \u00e4r ett tryggt och s\u00e4kert s\u00e4tt att k\u00f6pa skidor p\u00e5, hyran f\u00e5r du tillbaka vid k\u00f6ptillf\u00e4llet.","og_url":"https:\/\/aktivtuteliv.se\/vasteras\/produkt\/alpina-t10\/","og_site_name":"V\u00e4ster\u00e5s","article_publisher":"https:\/\/www.facebook.com\/aktivtutelivbjornogarden","article_modified_time":"2026-03-30T10:30:02+00:00","og_image":[{"width":1080,"height":1080,"url":"https:\/\/aktivtuteliv.se\/vasteras\/wp-content\/uploads\/sites\/4\/2022\/09\/Alpina-T10.jpg","type":"image\/jpeg"}],"twitter_card":"summary_large_image","twitter_site":"@aktivtuteliv","schema":{"@context":"https:\/\/schema.org","@graph":[{"@type":"WebPage","@id":"https:\/\/aktivtuteliv.se\/vasteras\/produkt\/alpina-t10\/","url":"https:\/\/aktivtuteliv.se\/vasteras\/produkt\/alpina-t10\/","name":"Alpina T10 - V\u00e4ster\u00e5s","isPartOf":{"@id":"https:\/\/aktivtuteliv.se\/vasteras\/#website"},"primaryImageOfPage":{"@id":"https:\/\/aktivtuteliv.se\/vasteras\/produkt\/alpina-t10\/#primaryimage"},"image":{"@id":"https:\/\/aktivtuteliv.se\/vasteras\/produkt\/alpina-t10\/#primaryimage"},"thumbnailUrl":"https:\/\/e5gp8rwuod7.exactdn.com\/vasteras\/wp-content\/uploads\/sites\/4\/2022\/09\/Alpina-T10.jpg?strip=all&lossy=1&ssl=1","datePublished":"2024-11-05T11:53:43+00:00","dateModified":"2026-03-30T10:30:02+00:00","breadcrumb":{"@id":"https:\/\/aktivtuteliv.se\/vasteras\/produkt\/alpina-t10\/#breadcrumb"},"inLanguage":"sv-SE","potentialAction":[{"@type":"ReadAction","target":["https:\/\/aktivtuteliv.se\/vasteras\/produkt\/alpina-t10\/"]}]},{"@type":"ImageObject","inLanguage":"sv-SE","@id":"https:\/\/aktivtuteliv.se\/vasteras\/produkt\/alpina-t10\/#primaryimage","url":"https:\/\/e5gp8rwuod7.exactdn.com\/vasteras\/wp-content\/uploads\/sites\/4\/2022\/09\/Alpina-T10.jpg?strip=all&lossy=1&ssl=1","contentUrl":"https:\/\/e5gp8rwuod7.exactdn.com\/vasteras\/wp-content\/uploads\/sites\/4\/2022\/09\/Alpina-T10.jpg?strip=all&lossy=1&ssl=1","width":1080,"height":1080,"caption":"Alpina T10"},{"@type":"BreadcrumbList","@id":"https:\/\/aktivtuteliv.se\/vasteras\/produkt\/alpina-t10\/#breadcrumb","itemListElement":[{"@type":"ListItem","position":1,"name":"Home","item":"https:\/\/aktivtuteliv.se\/vasteras\/"},{"@type":"ListItem","position":2,"name":"Webbutik","item":"https:\/\/aktivtuteliv.se\/vasteras\/butik\/"},{"@type":"ListItem","position":3,"name":"Alpina T10"}]},{"@type":"WebSite","@id":"https:\/\/aktivtuteliv.se\/vasteras\/#website","url":"https:\/\/aktivtuteliv.se\/vasteras\/","name":"Aktivt Uteliv Bj\u00f6rn\u00f6g\u00e5rden","description":"Ett friluftscenter i V\u00e4ster\u00e5s","publisher":{"@id":"https:\/\/aktivtuteliv.se\/vasteras\/#organization"},"potentialAction":[{"@type":"SearchAction","target":{"@type":"EntryPoint","urlTemplate":"https:\/\/aktivtuteliv.se\/vasteras\/?s={search_term_string}"},"query-input":"required name=search_term_string"}],"inLanguage":"sv-SE"},{"@type":"Organization","@id":"https:\/\/aktivtuteliv.se\/vasteras\/#organization","name":"Aktivt Uteliv Bj\u00f6rn\u00f6g\u00e5rden","url":"https:\/\/aktivtuteliv.se\/vasteras\/","logo":{"@type":"ImageObject","inLanguage":"sv-SE","@id":"https:\/\/aktivtuteliv.se\/vasteras\/#\/schema\/logo\/image\/","url":"https:\/\/e5gp8rwuod7.exactdn.com\/vasteras\/wp-content\/uploads\/sites\/4\/2025\/01\/AUB-pms.png?strip=all&lossy=1&ssl=1","contentUrl":"https:\/\/e5gp8rwuod7.exactdn.com\/vasteras\/wp-content\/uploads\/sites\/4\/2025\/01\/AUB-pms.png?strip=all&lossy=1&ssl=1","width":1894,"height":1165,"caption":"Aktivt Uteliv Bj\u00f6rn\u00f6g\u00e5rden"},"image":{"@id":"https:\/\/aktivtuteliv.se\/vasteras\/#\/schema\/logo\/image\/"},"sameAs":["https:\/\/www.facebook.com\/aktivtutelivbjornogarden","https:\/\/x.com\/aktivtuteliv","https:\/\/www.instagram.com\/aktivtuteliv_bjornogarden"]}]}},"_links":{"self":[{"href":"https:\/\/aktivtuteliv.se\/vasteras\/wp-json\/wp\/v2\/product\/73906","targetHints":{"allow":["GET"]}}],"collection":[{"href":"https:\/\/aktivtuteliv.se\/vasteras\/wp-json\/wp\/v2\/product"}],"about":[{"href":"https:\/\/aktivtuteliv.se\/vasteras\/wp-json\/wp\/v2\/types\/product"}],"wp:featuredmedia":[{"embeddable":true,"href":"https:\/\/aktivtuteliv.se\/vasteras\/wp-json\/wp\/v2\/media\/67125"}],"wp:attachment":[{"href":"https:\/\/aktivtuteliv.se\/vasteras\/wp-json\/wp\/v2\/media?parent=73906"}],"wp:term":[{"taxonomy":"product_cat","embeddable":true,"href":"https:\/\/aktivtuteliv.se\/vasteras\/wp-json\/wp\/v2\/product_cat?post=73906"},{"taxonomy":"product_tag","embeddable":true,"href":"https:\/\/aktivtuteliv.se\/vasteras\/wp-json\/wp\/v2\/product_tag?post=73906"},{"taxonomy":"er_categories","embeddable":true,"href":"https:\/\/aktivtuteliv.se\/vasteras\/wp-json\/wp\/v2\/er_categories?post=73906"},{"taxonomy":"er_brands","embeddable":true,"href":"https:\/\/aktivtuteliv.se\/vasteras\/wp-json\/wp\/v2\/er_brands?post=73906"},{"taxonomy":"er_seasons","embeddable":true,"href":"https:\/\/aktivtuteliv.se\/vasteras\/wp-json\/wp\/v2\/er_seasons?post=73906"}],"curies":[{"name":"wp","href":"https:\/\/api.w.org\/{rel}","templated":true}]}}