{"id":74310,"date":"2024-11-05T11:56:01","date_gmt":"2024-11-05T11:56:01","guid":{"rendered":"https:\/\/aktivtuteliv.se\/vasteras\/?post_type=product&#038;p=74310"},"modified":"2026-04-16T15:37:23","modified_gmt":"2026-04-16T13:37:23","slug":"silva-58-kajakkompass","status":"publish","type":"product","link":"https:\/\/aktivtuteliv.se\/vasteras\/produkt\/silva-58-kajakkompass\/","title":{"rendered":"Silva 58 Kajakkompass"},"content":{"rendered":"<p><strong>58 Kayak \u00e4r din mest p\u00e5litliga f\u00f6ljeslagare p\u00e5 kajaken! Den \u00e4r liten, l\u00e4tt och har en unik f\u00e4stanordning specialdesignad f\u00f6r kajaker. Detta \u00e4r den perfekta kajakkompassen f\u00f6r seri\u00f6sa kajakister.<\/strong><\/p>\n<p>&nbsp;<\/p>\n<p>Med 58 Kayak beh\u00f6ver du aldrig sl\u00e4ppa blicken fr\u00e5n horisonten f\u00f6r att kontrollera kursen. M\u00f6jligheten att placera kompassen rakt framf\u00f6r dig g\u00f6r det l\u00e4tt att l\u00e4sa av riktningen utan att du beh\u00f6ver sl\u00e4ppa paddeln. Gummibanden med clips \u00e4r enkla att haka fast p\u00e5 kajaken utan att du beh\u00f6ver borra n\u00e5gra h\u00e5l.<\/p>\n<p>&nbsp;<\/p>\n<p>Kajakkompassen \u00e4r vattent\u00e4t och har ett rept\u00e5ligt glas. Den klarar \u00e4ven de mest kr\u00e4vande f\u00f6rh\u00e5llanden.<\/p>\n<p>&nbsp;<\/p>\n<ul>\n<li>Kompakt l\u00e4ttviktsdesign \u2013 tynger inte ner kajaken.<\/li>\n<li>Gummiband f\u00f6r stabil montering, \u00e4ven under de mest kr\u00e4vande f\u00f6rh\u00e5llanden.<\/li>\n<li>Specialdesignad f\u00f6r kajaker \u2013 f\u00e4st gummiremmarna i knopparna p\u00e5 kajaken.<\/li>\n<li>Robust och h\u00e5llbar.<\/li>\n<li>Helt vattent\u00e4t med rept\u00e5ligt glas.<\/li>\n<\/ul>\n<p>&nbsp;<\/p>\n<p>&nbsp;<\/p>\n","protected":false},"excerpt":{"rendered":"<p>58 Kayak \u00e4r din mest p\u00e5litliga f\u00f6ljeslagare p\u00e5 kajaken! Den \u00e4r liten, l\u00e4tt och har en unik f\u00e4stanordning specialdesignad f\u00f6r kajaker. Detta \u00e4r den perfekta kajakkompassen f\u00f6r seri\u00f6sa kajakister. &nbsp; [&hellip;]<\/p>\n","protected":false},"featured_media":67492,"template":"","meta":{"_acf_changed":false},"product_cat":[754,755],"product_tag":[],"er_categories":[],"er_brands":[],"er_seasons":[],"class_list":{"0":"post-74310","1":"product","2":"type-product","3":"status-publish","4":"has-post-thumbnail","6":"product_cat-kajak","7":"product_cat-tillbehor-kajak","8":"product_shipping_class-normal","9":"pa_marke-silva","10":"pa_sasong-1454","12":"first","13":"instock","14":"taxable","15":"shipping-taxable","16":"purchasable","17":"product-type-simple"},"acf":[],"yoast_head":"<!-- This site is optimized with the Yoast SEO plugin v23.0 - https:\/\/yoast.com\/wordpress\/plugins\/seo\/ -->\n<title>Silva 58 Kajakkompass - V\u00e4ster\u00e5s<\/title>\n<meta name=\"robots\" content=\"index, follow, max-snippet:-1, max-image-preview:large, max-video-preview:-1\" \/>\n<link rel=\"canonical\" href=\"https:\/\/aktivtuteliv.se\/vasteras\/produkt\/silva-58-kajakkompass\/\" \/>\n<meta property=\"og:locale\" content=\"sv_SE\" \/>\n<meta property=\"og:type\" content=\"article\" \/>\n<meta property=\"og:title\" content=\"Silva 58 Kajakkompass - V\u00e4ster\u00e5s\" \/>\n<meta property=\"og:description\" content=\"58 Kayak \u00e4r din mest p\u00e5litliga f\u00f6ljeslagare p\u00e5 kajaken! Den \u00e4r liten, l\u00e4tt och har en unik f\u00e4stanordning specialdesignad f\u00f6r kajaker. Detta \u00e4r den perfekta kajakkompassen f\u00f6r seri\u00f6sa kajakister. &nbsp; [&hellip;]\" \/>\n<meta property=\"og:url\" content=\"https:\/\/aktivtuteliv.se\/vasteras\/produkt\/silva-58-kajakkompass\/\" \/>\n<meta property=\"og:site_name\" content=\"V\u00e4ster\u00e5s\" \/>\n<meta property=\"article:publisher\" content=\"https:\/\/www.facebook.com\/aktivtutelivbjornogarden\" \/>\n<meta property=\"article:modified_time\" content=\"2026-04-16T13:37:23+00:00\" \/>\n<meta property=\"og:image\" content=\"https:\/\/aktivtuteliv.se\/vasteras\/wp-content\/uploads\/sites\/4\/2023\/04\/Kompass-58_1.png\" \/>\n\t<meta property=\"og:image:width\" content=\"1800\" \/>\n\t<meta property=\"og:image:height\" content=\"1800\" \/>\n\t<meta property=\"og:image:type\" content=\"image\/png\" \/>\n<meta name=\"twitter:card\" content=\"summary_large_image\" \/>\n<meta name=\"twitter:site\" content=\"@aktivtuteliv\" \/>\n<meta name=\"twitter:label1\" content=\"Ber\u00e4knad l\u00e4stid\" \/>\n\t<meta name=\"twitter:data1\" content=\"1 minut\" \/>\n<script type=\"application\/ld+json\" class=\"yoast-schema-graph\">{\"@context\":\"https:\/\/schema.org\",\"@graph\":[{\"@type\":\"WebPage\",\"@id\":\"https:\/\/aktivtuteliv.se\/vasteras\/produkt\/silva-58-kajakkompass\/\",\"url\":\"https:\/\/aktivtuteliv.se\/vasteras\/produkt\/silva-58-kajakkompass\/\",\"name\":\"Silva 58 Kajakkompass - V\u00e4ster\u00e5s\",\"isPartOf\":{\"@id\":\"https:\/\/aktivtuteliv.se\/vasteras\/#website\"},\"primaryImageOfPage\":{\"@id\":\"https:\/\/aktivtuteliv.se\/vasteras\/produkt\/silva-58-kajakkompass\/#primaryimage\"},\"image\":{\"@id\":\"https:\/\/aktivtuteliv.se\/vasteras\/produkt\/silva-58-kajakkompass\/#primaryimage\"},\"thumbnailUrl\":\"https:\/\/e5gp8rwuod7.exactdn.com\/vasteras\/wp-content\/uploads\/sites\/4\/2023\/04\/Kompass-58_1.png?strip=all&lossy=1&ssl=1\",\"datePublished\":\"2024-11-05T11:56:01+00:00\",\"dateModified\":\"2026-04-16T13:37:23+00:00\",\"breadcrumb\":{\"@id\":\"https:\/\/aktivtuteliv.se\/vasteras\/produkt\/silva-58-kajakkompass\/#breadcrumb\"},\"inLanguage\":\"sv-SE\",\"potentialAction\":[{\"@type\":\"ReadAction\",\"target\":[\"https:\/\/aktivtuteliv.se\/vasteras\/produkt\/silva-58-kajakkompass\/\"]}]},{\"@type\":\"ImageObject\",\"inLanguage\":\"sv-SE\",\"@id\":\"https:\/\/aktivtuteliv.se\/vasteras\/produkt\/silva-58-kajakkompass\/#primaryimage\",\"url\":\"https:\/\/e5gp8rwuod7.exactdn.com\/vasteras\/wp-content\/uploads\/sites\/4\/2023\/04\/Kompass-58_1.png?strip=all&lossy=1&ssl=1\",\"contentUrl\":\"https:\/\/e5gp8rwuod7.exactdn.com\/vasteras\/wp-content\/uploads\/sites\/4\/2023\/04\/Kompass-58_1.png?strip=all&lossy=1&ssl=1\",\"width\":1800,\"height\":1800},{\"@type\":\"BreadcrumbList\",\"@id\":\"https:\/\/aktivtuteliv.se\/vasteras\/produkt\/silva-58-kajakkompass\/#breadcrumb\",\"itemListElement\":[{\"@type\":\"ListItem\",\"position\":1,\"name\":\"Home\",\"item\":\"https:\/\/aktivtuteliv.se\/vasteras\/\"},{\"@type\":\"ListItem\",\"position\":2,\"name\":\"Webbutik\",\"item\":\"https:\/\/aktivtuteliv.se\/vasteras\/butik\/\"},{\"@type\":\"ListItem\",\"position\":3,\"name\":\"Silva 58 Kajakkompass\"}]},{\"@type\":\"WebSite\",\"@id\":\"https:\/\/aktivtuteliv.se\/vasteras\/#website\",\"url\":\"https:\/\/aktivtuteliv.se\/vasteras\/\",\"name\":\"Aktivt Uteliv Bj\u00f6rn\u00f6g\u00e5rden\",\"description\":\"Ett friluftscenter i V\u00e4ster\u00e5s\",\"publisher\":{\"@id\":\"https:\/\/aktivtuteliv.se\/vasteras\/#organization\"},\"potentialAction\":[{\"@type\":\"SearchAction\",\"target\":{\"@type\":\"EntryPoint\",\"urlTemplate\":\"https:\/\/aktivtuteliv.se\/vasteras\/?s={search_term_string}\"},\"query-input\":\"required name=search_term_string\"}],\"inLanguage\":\"sv-SE\"},{\"@type\":\"Organization\",\"@id\":\"https:\/\/aktivtuteliv.se\/vasteras\/#organization\",\"name\":\"Aktivt Uteliv Bj\u00f6rn\u00f6g\u00e5rden\",\"url\":\"https:\/\/aktivtuteliv.se\/vasteras\/\",\"logo\":{\"@type\":\"ImageObject\",\"inLanguage\":\"sv-SE\",\"@id\":\"https:\/\/aktivtuteliv.se\/vasteras\/#\/schema\/logo\/image\/\",\"url\":\"https:\/\/e5gp8rwuod7.exactdn.com\/vasteras\/wp-content\/uploads\/sites\/4\/2025\/01\/AUB-pms.png?strip=all&lossy=1&ssl=1\",\"contentUrl\":\"https:\/\/e5gp8rwuod7.exactdn.com\/vasteras\/wp-content\/uploads\/sites\/4\/2025\/01\/AUB-pms.png?strip=all&lossy=1&ssl=1\",\"width\":1894,\"height\":1165,\"caption\":\"Aktivt Uteliv Bj\u00f6rn\u00f6g\u00e5rden\"},\"image\":{\"@id\":\"https:\/\/aktivtuteliv.se\/vasteras\/#\/schema\/logo\/image\/\"},\"sameAs\":[\"https:\/\/www.facebook.com\/aktivtutelivbjornogarden\",\"https:\/\/x.com\/aktivtuteliv\",\"https:\/\/www.instagram.com\/aktivtuteliv_bjornogarden\"]}]}<\/script>\n<!-- \/ Yoast SEO plugin. -->","yoast_head_json":{"title":"Silva 58 Kajakkompass - V\u00e4ster\u00e5s","robots":{"index":"index","follow":"follow","max-snippet":"max-snippet:-1","max-image-preview":"max-image-preview:large","max-video-preview":"max-video-preview:-1"},"canonical":"https:\/\/aktivtuteliv.se\/vasteras\/produkt\/silva-58-kajakkompass\/","og_locale":"sv_SE","og_type":"article","og_title":"Silva 58 Kajakkompass - V\u00e4ster\u00e5s","og_description":"58 Kayak \u00e4r din mest p\u00e5litliga f\u00f6ljeslagare p\u00e5 kajaken! Den \u00e4r liten, l\u00e4tt och har en unik f\u00e4stanordning specialdesignad f\u00f6r kajaker. Detta \u00e4r den perfekta kajakkompassen f\u00f6r seri\u00f6sa kajakister. &nbsp; [&hellip;]","og_url":"https:\/\/aktivtuteliv.se\/vasteras\/produkt\/silva-58-kajakkompass\/","og_site_name":"V\u00e4ster\u00e5s","article_publisher":"https:\/\/www.facebook.com\/aktivtutelivbjornogarden","article_modified_time":"2026-04-16T13:37:23+00:00","og_image":[{"width":1800,"height":1800,"url":"https:\/\/aktivtuteliv.se\/vasteras\/wp-content\/uploads\/sites\/4\/2023\/04\/Kompass-58_1.png","type":"image\/png"}],"twitter_card":"summary_large_image","twitter_site":"@aktivtuteliv","twitter_misc":{"Ber\u00e4knad l\u00e4stid":"1 minut"},"schema":{"@context":"https:\/\/schema.org","@graph":[{"@type":"WebPage","@id":"https:\/\/aktivtuteliv.se\/vasteras\/produkt\/silva-58-kajakkompass\/","url":"https:\/\/aktivtuteliv.se\/vasteras\/produkt\/silva-58-kajakkompass\/","name":"Silva 58 Kajakkompass - V\u00e4ster\u00e5s","isPartOf":{"@id":"https:\/\/aktivtuteliv.se\/vasteras\/#website"},"primaryImageOfPage":{"@id":"https:\/\/aktivtuteliv.se\/vasteras\/produkt\/silva-58-kajakkompass\/#primaryimage"},"image":{"@id":"https:\/\/aktivtuteliv.se\/vasteras\/produkt\/silva-58-kajakkompass\/#primaryimage"},"thumbnailUrl":"https:\/\/e5gp8rwuod7.exactdn.com\/vasteras\/wp-content\/uploads\/sites\/4\/2023\/04\/Kompass-58_1.png?strip=all&lossy=1&ssl=1","datePublished":"2024-11-05T11:56:01+00:00","dateModified":"2026-04-16T13:37:23+00:00","breadcrumb":{"@id":"https:\/\/aktivtuteliv.se\/vasteras\/produkt\/silva-58-kajakkompass\/#breadcrumb"},"inLanguage":"sv-SE","potentialAction":[{"@type":"ReadAction","target":["https:\/\/aktivtuteliv.se\/vasteras\/produkt\/silva-58-kajakkompass\/"]}]},{"@type":"ImageObject","inLanguage":"sv-SE","@id":"https:\/\/aktivtuteliv.se\/vasteras\/produkt\/silva-58-kajakkompass\/#primaryimage","url":"https:\/\/e5gp8rwuod7.exactdn.com\/vasteras\/wp-content\/uploads\/sites\/4\/2023\/04\/Kompass-58_1.png?strip=all&lossy=1&ssl=1","contentUrl":"https:\/\/e5gp8rwuod7.exactdn.com\/vasteras\/wp-content\/uploads\/sites\/4\/2023\/04\/Kompass-58_1.png?strip=all&lossy=1&ssl=1","width":1800,"height":1800},{"@type":"BreadcrumbList","@id":"https:\/\/aktivtuteliv.se\/vasteras\/produkt\/silva-58-kajakkompass\/#breadcrumb","itemListElement":[{"@type":"ListItem","position":1,"name":"Home","item":"https:\/\/aktivtuteliv.se\/vasteras\/"},{"@type":"ListItem","position":2,"name":"Webbutik","item":"https:\/\/aktivtuteliv.se\/vasteras\/butik\/"},{"@type":"ListItem","position":3,"name":"Silva 58 Kajakkompass"}]},{"@type":"WebSite","@id":"https:\/\/aktivtuteliv.se\/vasteras\/#website","url":"https:\/\/aktivtuteliv.se\/vasteras\/","name":"Aktivt Uteliv Bj\u00f6rn\u00f6g\u00e5rden","description":"Ett friluftscenter i V\u00e4ster\u00e5s","publisher":{"@id":"https:\/\/aktivtuteliv.se\/vasteras\/#organization"},"potentialAction":[{"@type":"SearchAction","target":{"@type":"EntryPoint","urlTemplate":"https:\/\/aktivtuteliv.se\/vasteras\/?s={search_term_string}"},"query-input":"required name=search_term_string"}],"inLanguage":"sv-SE"},{"@type":"Organization","@id":"https:\/\/aktivtuteliv.se\/vasteras\/#organization","name":"Aktivt Uteliv Bj\u00f6rn\u00f6g\u00e5rden","url":"https:\/\/aktivtuteliv.se\/vasteras\/","logo":{"@type":"ImageObject","inLanguage":"sv-SE","@id":"https:\/\/aktivtuteliv.se\/vasteras\/#\/schema\/logo\/image\/","url":"https:\/\/e5gp8rwuod7.exactdn.com\/vasteras\/wp-content\/uploads\/sites\/4\/2025\/01\/AUB-pms.png?strip=all&lossy=1&ssl=1","contentUrl":"https:\/\/e5gp8rwuod7.exactdn.com\/vasteras\/wp-content\/uploads\/sites\/4\/2025\/01\/AUB-pms.png?strip=all&lossy=1&ssl=1","width":1894,"height":1165,"caption":"Aktivt Uteliv Bj\u00f6rn\u00f6g\u00e5rden"},"image":{"@id":"https:\/\/aktivtuteliv.se\/vasteras\/#\/schema\/logo\/image\/"},"sameAs":["https:\/\/www.facebook.com\/aktivtutelivbjornogarden","https:\/\/x.com\/aktivtuteliv","https:\/\/www.instagram.com\/aktivtuteliv_bjornogarden"]}]}},"_links":{"self":[{"href":"https:\/\/aktivtuteliv.se\/vasteras\/wp-json\/wp\/v2\/product\/74310","targetHints":{"allow":["GET"]}}],"collection":[{"href":"https:\/\/aktivtuteliv.se\/vasteras\/wp-json\/wp\/v2\/product"}],"about":[{"href":"https:\/\/aktivtuteliv.se\/vasteras\/wp-json\/wp\/v2\/types\/product"}],"wp:featuredmedia":[{"embeddable":true,"href":"https:\/\/aktivtuteliv.se\/vasteras\/wp-json\/wp\/v2\/media\/67492"}],"wp:attachment":[{"href":"https:\/\/aktivtuteliv.se\/vasteras\/wp-json\/wp\/v2\/media?parent=74310"}],"wp:term":[{"taxonomy":"product_cat","embeddable":true,"href":"https:\/\/aktivtuteliv.se\/vasteras\/wp-json\/wp\/v2\/product_cat?post=74310"},{"taxonomy":"product_tag","embeddable":true,"href":"https:\/\/aktivtuteliv.se\/vasteras\/wp-json\/wp\/v2\/product_tag?post=74310"},{"taxonomy":"er_categories","embeddable":true,"href":"https:\/\/aktivtuteliv.se\/vasteras\/wp-json\/wp\/v2\/er_categories?post=74310"},{"taxonomy":"er_brands","embeddable":true,"href":"https:\/\/aktivtuteliv.se\/vasteras\/wp-json\/wp\/v2\/er_brands?post=74310"},{"taxonomy":"er_seasons","embeddable":true,"href":"https:\/\/aktivtuteliv.se\/vasteras\/wp-json\/wp\/v2\/er_seasons?post=74310"}],"curies":[{"name":"wp","href":"https:\/\/api.w.org\/{rel}","templated":true}]}}