{"id":74373,"date":"2024-11-05T11:56:24","date_gmt":"2024-11-05T11:56:24","guid":{"rendered":"https:\/\/aktivtuteliv.se\/vasteras\/?post_type=product&#038;p=74373"},"modified":"2026-02-19T14:52:46","modified_gmt":"2026-02-19T13:52:46","slug":"spektrum-blank","status":"publish","type":"product","link":"https:\/\/aktivtuteliv.se\/vasteras\/produkt\/spektrum-blank\/","title":{"rendered":"Spektrum Blank"},"content":{"rendered":"<p data-start=\"419\" data-end=\"791\">Spektrum Blank ger dig ett komplett skydd mot UV-str\u00e5lning, vind, grenar och andra ov\u00e4lkomna element i terr\u00e4ngen. Den t\u00e4ttsittande passformen \u00e4r optimerad f\u00f6r h\u00f6gpulsaktiviteter d\u00e4r l\u00e5g vikt, komfort och stabilitet \u00e4r avg\u00f6rande. Den breda linsen \u00e4r noggrant utformad f\u00f6r att minimera ljusl\u00e4ckage och ge maximal t\u00e4ckning och sikt i varierande f\u00f6rh\u00e5llanden.<\/p>\n<p data-start=\"793\" data-end=\"1081\">Tack vare den bio-baserade ramen i polyamid kombineras flexibilitet, slitstyrka och l\u00e5g vikt \u2013 perfekt f\u00f6r l\u00e5nga, kr\u00e4vande pass i skiftande milj\u00f6er. Justerbara n\u00e4skuddar och skalmar med gummerad non-slip-yta garanterar att glas\u00f6gonen sitter d\u00e4r de ska, \u00e4ven under svettiga f\u00f6rh\u00e5llanden.<\/p>\n<p data-start=\"1083\" data-end=\"1143\">Blank \u00e4r utvecklade f\u00f6r att leverera p\u00e5 topp \u2013 g\u00e5ng p\u00e5 g\u00e5ng.<\/p>\n<p data-start=\"1145\" data-end=\"1162\"><strong data-start=\"1145\" data-end=\"1160\">Egenskaper:<\/strong><\/p>\n<ul data-start=\"1163\" data-end=\"1716\">\n<li data-start=\"1163\" data-end=\"1245\">\n<p data-start=\"1165\" data-end=\"1245\"><em data-start=\"1165\" data-end=\"1199\">Performance-lins fr\u00e5n Carl Zeiss<\/em> med ultimat UV-skydd och kristallklar optik<\/p>\n<\/li>\n<li data-start=\"1246\" data-end=\"1326\">\n<p data-start=\"1248\" data-end=\"1326\"><em data-start=\"1248\" data-end=\"1273\">Bio-baserad polyamidram<\/em> med oslagbar flexibilitet, slitstyrka och l\u00e5g vikt<\/p>\n<\/li>\n<li data-start=\"1327\" data-end=\"1396\">\n<p data-start=\"1329\" data-end=\"1396\"><em data-start=\"1329\" data-end=\"1349\">Justerbara skalmar<\/em> med gummerad non-slip-yta f\u00f6r s\u00e4ker passform<\/p>\n<\/li>\n<li data-start=\"1397\" data-end=\"1444\">\n<p data-start=\"1399\" data-end=\"1444\"><em data-start=\"1399\" data-end=\"1421\">Justerbara n\u00e4skuddar<\/em> i greppv\u00e4nligt gummi<\/p>\n<\/li>\n<li data-start=\"1445\" data-end=\"1528\">\n<p data-start=\"1447\" data-end=\"1528\"><em data-start=\"1447\" data-end=\"1467\">Ri-Pel\u2122-behandling<\/em>: vatten- och smutsavvisande, med anti-scratch-ytbehandling<\/p>\n<\/li>\n<li data-start=\"1529\" data-end=\"1579\">\n<p data-start=\"1531\" data-end=\"1579\"><em data-start=\"1531\" data-end=\"1555\">Extremt slagt\u00e5lig lins<\/em> \u2013 byggd f\u00f6r tuffa tag<\/p>\n<\/li>\n<li data-start=\"1580\" data-end=\"1645\">\n<p data-start=\"1582\" data-end=\"1645\"><em data-start=\"1582\" data-end=\"1600\">Utbytbara linser<\/em> f\u00f6r anpassning till olika ljusf\u00f6rh\u00e5llanden<\/p>\n<\/li>\n<li data-start=\"1646\" data-end=\"1690\">\n<p data-start=\"1648\" data-end=\"1690\"><em data-start=\"1648\" data-end=\"1688\">F\u00f6rvaringsp\u00e5se i \u00e5tervunnen mikrofiber<\/em><\/p>\n<\/li>\n<li data-start=\"1691\" data-end=\"1716\">\n<p data-start=\"1693\" data-end=\"1716\"><em data-start=\"1693\" data-end=\"1716\">Tillverkade i Italien<\/em><\/p>\n<\/li>\n<\/ul>\n","protected":false},"excerpt":{"rendered":"<p>L\u00e4tta och slitstarka sportglas\u00f6gon med Carl Zeiss-lins, fullt UV-skydd och justerbar passform \u2013 perfekta f\u00f6r intensiva utomhusaktiviteter.<\/p>\n","protected":false},"featured_media":78865,"template":"","meta":{"_acf_changed":false},"product_cat":[771,1317],"product_tag":[],"er_categories":[],"er_brands":[],"er_seasons":[],"class_list":{"0":"post-74373","1":"product","2":"type-product","3":"status-publish","4":"has-post-thumbnail","6":"product_cat-cykel","7":"product_cat-tillbehor-cykel","8":"product_shipping_class-normal","9":"pa_marke-spektrum","10":"pa_sasong-870","12":"first","13":"instock","14":"sale","15":"taxable","16":"shipping-taxable","17":"purchasable","18":"product-type-variable"},"acf":[],"yoast_head":"<!-- This site is optimized with the Yoast SEO plugin v23.0 - https:\/\/yoast.com\/wordpress\/plugins\/seo\/ -->\n<title>Spektrum Blank - V\u00e4ster\u00e5s<\/title>\n<meta name=\"robots\" content=\"index, follow, max-snippet:-1, max-image-preview:large, max-video-preview:-1\" \/>\n<link rel=\"canonical\" href=\"https:\/\/aktivtuteliv.se\/vasteras\/produkt\/spektrum-blank\/\" \/>\n<meta property=\"og:locale\" content=\"sv_SE\" \/>\n<meta property=\"og:type\" content=\"article\" \/>\n<meta property=\"og:title\" content=\"Spektrum Blank - V\u00e4ster\u00e5s\" \/>\n<meta property=\"og:description\" content=\"L\u00e4tta och slitstarka sportglas\u00f6gon med Carl Zeiss-lins, fullt UV-skydd och justerbar passform \u2013 perfekta f\u00f6r intensiva utomhusaktiviteter.\" \/>\n<meta property=\"og:url\" content=\"https:\/\/aktivtuteliv.se\/vasteras\/produkt\/spektrum-blank\/\" \/>\n<meta property=\"og:site_name\" content=\"V\u00e4ster\u00e5s\" \/>\n<meta property=\"article:publisher\" content=\"https:\/\/www.facebook.com\/aktivtutelivbjornogarden\" \/>\n<meta property=\"article:modified_time\" content=\"2026-02-19T13:52:46+00:00\" \/>\n<meta property=\"og:image\" content=\"https:\/\/aktivtuteliv.se\/vasteras\/wp-content\/uploads\/sites\/4\/2024\/11\/870_6254ec52b2-spektrum_pe_blank_black_grey6-full.jpg\" \/>\n\t<meta property=\"og:image:width\" content=\"972\" \/>\n\t<meta property=\"og:image:height\" content=\"972\" \/>\n\t<meta property=\"og:image:type\" content=\"image\/jpeg\" \/>\n<meta name=\"twitter:card\" content=\"summary_large_image\" \/>\n<meta name=\"twitter:site\" content=\"@aktivtuteliv\" \/>\n<meta name=\"twitter:label1\" content=\"Ber\u00e4knad l\u00e4stid\" \/>\n\t<meta name=\"twitter:data1\" content=\"2 minuter\" \/>\n<script type=\"application\/ld+json\" class=\"yoast-schema-graph\">{\"@context\":\"https:\/\/schema.org\",\"@graph\":[{\"@type\":\"WebPage\",\"@id\":\"https:\/\/aktivtuteliv.se\/vasteras\/produkt\/spektrum-blank\/\",\"url\":\"https:\/\/aktivtuteliv.se\/vasteras\/produkt\/spektrum-blank\/\",\"name\":\"Spektrum Blank - V\u00e4ster\u00e5s\",\"isPartOf\":{\"@id\":\"https:\/\/aktivtuteliv.se\/vasteras\/#website\"},\"primaryImageOfPage\":{\"@id\":\"https:\/\/aktivtuteliv.se\/vasteras\/produkt\/spektrum-blank\/#primaryimage\"},\"image\":{\"@id\":\"https:\/\/aktivtuteliv.se\/vasteras\/produkt\/spektrum-blank\/#primaryimage\"},\"thumbnailUrl\":\"https:\/\/e5gp8rwuod7.exactdn.com\/vasteras\/wp-content\/uploads\/sites\/4\/2024\/11\/870_6254ec52b2-spektrum_pe_blank_black_grey6-full.jpg?strip=all&lossy=1&ssl=1\",\"datePublished\":\"2024-11-05T11:56:24+00:00\",\"dateModified\":\"2026-02-19T13:52:46+00:00\",\"breadcrumb\":{\"@id\":\"https:\/\/aktivtuteliv.se\/vasteras\/produkt\/spektrum-blank\/#breadcrumb\"},\"inLanguage\":\"sv-SE\",\"potentialAction\":[{\"@type\":\"ReadAction\",\"target\":[\"https:\/\/aktivtuteliv.se\/vasteras\/produkt\/spektrum-blank\/\"]}]},{\"@type\":\"ImageObject\",\"inLanguage\":\"sv-SE\",\"@id\":\"https:\/\/aktivtuteliv.se\/vasteras\/produkt\/spektrum-blank\/#primaryimage\",\"url\":\"https:\/\/e5gp8rwuod7.exactdn.com\/vasteras\/wp-content\/uploads\/sites\/4\/2024\/11\/870_6254ec52b2-spektrum_pe_blank_black_grey6-full.jpg?strip=all&lossy=1&ssl=1\",\"contentUrl\":\"https:\/\/e5gp8rwuod7.exactdn.com\/vasteras\/wp-content\/uploads\/sites\/4\/2024\/11\/870_6254ec52b2-spektrum_pe_blank_black_grey6-full.jpg?strip=all&lossy=1&ssl=1\",\"width\":972,\"height\":972},{\"@type\":\"BreadcrumbList\",\"@id\":\"https:\/\/aktivtuteliv.se\/vasteras\/produkt\/spektrum-blank\/#breadcrumb\",\"itemListElement\":[{\"@type\":\"ListItem\",\"position\":1,\"name\":\"Home\",\"item\":\"https:\/\/aktivtuteliv.se\/vasteras\/\"},{\"@type\":\"ListItem\",\"position\":2,\"name\":\"Webbutik\",\"item\":\"https:\/\/aktivtuteliv.se\/vasteras\/butik\/\"},{\"@type\":\"ListItem\",\"position\":3,\"name\":\"Spektrum Blank\"}]},{\"@type\":\"WebSite\",\"@id\":\"https:\/\/aktivtuteliv.se\/vasteras\/#website\",\"url\":\"https:\/\/aktivtuteliv.se\/vasteras\/\",\"name\":\"Aktivt Uteliv Bj\u00f6rn\u00f6g\u00e5rden\",\"description\":\"Ett friluftscenter i V\u00e4ster\u00e5s\",\"publisher\":{\"@id\":\"https:\/\/aktivtuteliv.se\/vasteras\/#organization\"},\"potentialAction\":[{\"@type\":\"SearchAction\",\"target\":{\"@type\":\"EntryPoint\",\"urlTemplate\":\"https:\/\/aktivtuteliv.se\/vasteras\/?s={search_term_string}\"},\"query-input\":\"required name=search_term_string\"}],\"inLanguage\":\"sv-SE\"},{\"@type\":\"Organization\",\"@id\":\"https:\/\/aktivtuteliv.se\/vasteras\/#organization\",\"name\":\"Aktivt Uteliv Bj\u00f6rn\u00f6g\u00e5rden\",\"url\":\"https:\/\/aktivtuteliv.se\/vasteras\/\",\"logo\":{\"@type\":\"ImageObject\",\"inLanguage\":\"sv-SE\",\"@id\":\"https:\/\/aktivtuteliv.se\/vasteras\/#\/schema\/logo\/image\/\",\"url\":\"https:\/\/e5gp8rwuod7.exactdn.com\/vasteras\/wp-content\/uploads\/sites\/4\/2025\/01\/AUB-pms.png?strip=all&lossy=1&ssl=1\",\"contentUrl\":\"https:\/\/e5gp8rwuod7.exactdn.com\/vasteras\/wp-content\/uploads\/sites\/4\/2025\/01\/AUB-pms.png?strip=all&lossy=1&ssl=1\",\"width\":1894,\"height\":1165,\"caption\":\"Aktivt Uteliv Bj\u00f6rn\u00f6g\u00e5rden\"},\"image\":{\"@id\":\"https:\/\/aktivtuteliv.se\/vasteras\/#\/schema\/logo\/image\/\"},\"sameAs\":[\"https:\/\/www.facebook.com\/aktivtutelivbjornogarden\",\"https:\/\/x.com\/aktivtuteliv\",\"https:\/\/www.instagram.com\/aktivtuteliv_bjornogarden\"]}]}<\/script>\n<!-- \/ Yoast SEO plugin. -->","yoast_head_json":{"title":"Spektrum Blank - V\u00e4ster\u00e5s","robots":{"index":"index","follow":"follow","max-snippet":"max-snippet:-1","max-image-preview":"max-image-preview:large","max-video-preview":"max-video-preview:-1"},"canonical":"https:\/\/aktivtuteliv.se\/vasteras\/produkt\/spektrum-blank\/","og_locale":"sv_SE","og_type":"article","og_title":"Spektrum Blank - V\u00e4ster\u00e5s","og_description":"L\u00e4tta och slitstarka sportglas\u00f6gon med Carl Zeiss-lins, fullt UV-skydd och justerbar passform \u2013 perfekta f\u00f6r intensiva utomhusaktiviteter.","og_url":"https:\/\/aktivtuteliv.se\/vasteras\/produkt\/spektrum-blank\/","og_site_name":"V\u00e4ster\u00e5s","article_publisher":"https:\/\/www.facebook.com\/aktivtutelivbjornogarden","article_modified_time":"2026-02-19T13:52:46+00:00","og_image":[{"width":972,"height":972,"url":"https:\/\/aktivtuteliv.se\/vasteras\/wp-content\/uploads\/sites\/4\/2024\/11\/870_6254ec52b2-spektrum_pe_blank_black_grey6-full.jpg","type":"image\/jpeg"}],"twitter_card":"summary_large_image","twitter_site":"@aktivtuteliv","twitter_misc":{"Ber\u00e4knad l\u00e4stid":"2 minuter"},"schema":{"@context":"https:\/\/schema.org","@graph":[{"@type":"WebPage","@id":"https:\/\/aktivtuteliv.se\/vasteras\/produkt\/spektrum-blank\/","url":"https:\/\/aktivtuteliv.se\/vasteras\/produkt\/spektrum-blank\/","name":"Spektrum Blank - V\u00e4ster\u00e5s","isPartOf":{"@id":"https:\/\/aktivtuteliv.se\/vasteras\/#website"},"primaryImageOfPage":{"@id":"https:\/\/aktivtuteliv.se\/vasteras\/produkt\/spektrum-blank\/#primaryimage"},"image":{"@id":"https:\/\/aktivtuteliv.se\/vasteras\/produkt\/spektrum-blank\/#primaryimage"},"thumbnailUrl":"https:\/\/e5gp8rwuod7.exactdn.com\/vasteras\/wp-content\/uploads\/sites\/4\/2024\/11\/870_6254ec52b2-spektrum_pe_blank_black_grey6-full.jpg?strip=all&lossy=1&ssl=1","datePublished":"2024-11-05T11:56:24+00:00","dateModified":"2026-02-19T13:52:46+00:00","breadcrumb":{"@id":"https:\/\/aktivtuteliv.se\/vasteras\/produkt\/spektrum-blank\/#breadcrumb"},"inLanguage":"sv-SE","potentialAction":[{"@type":"ReadAction","target":["https:\/\/aktivtuteliv.se\/vasteras\/produkt\/spektrum-blank\/"]}]},{"@type":"ImageObject","inLanguage":"sv-SE","@id":"https:\/\/aktivtuteliv.se\/vasteras\/produkt\/spektrum-blank\/#primaryimage","url":"https:\/\/e5gp8rwuod7.exactdn.com\/vasteras\/wp-content\/uploads\/sites\/4\/2024\/11\/870_6254ec52b2-spektrum_pe_blank_black_grey6-full.jpg?strip=all&lossy=1&ssl=1","contentUrl":"https:\/\/e5gp8rwuod7.exactdn.com\/vasteras\/wp-content\/uploads\/sites\/4\/2024\/11\/870_6254ec52b2-spektrum_pe_blank_black_grey6-full.jpg?strip=all&lossy=1&ssl=1","width":972,"height":972},{"@type":"BreadcrumbList","@id":"https:\/\/aktivtuteliv.se\/vasteras\/produkt\/spektrum-blank\/#breadcrumb","itemListElement":[{"@type":"ListItem","position":1,"name":"Home","item":"https:\/\/aktivtuteliv.se\/vasteras\/"},{"@type":"ListItem","position":2,"name":"Webbutik","item":"https:\/\/aktivtuteliv.se\/vasteras\/butik\/"},{"@type":"ListItem","position":3,"name":"Spektrum Blank"}]},{"@type":"WebSite","@id":"https:\/\/aktivtuteliv.se\/vasteras\/#website","url":"https:\/\/aktivtuteliv.se\/vasteras\/","name":"Aktivt Uteliv Bj\u00f6rn\u00f6g\u00e5rden","description":"Ett friluftscenter i V\u00e4ster\u00e5s","publisher":{"@id":"https:\/\/aktivtuteliv.se\/vasteras\/#organization"},"potentialAction":[{"@type":"SearchAction","target":{"@type":"EntryPoint","urlTemplate":"https:\/\/aktivtuteliv.se\/vasteras\/?s={search_term_string}"},"query-input":"required name=search_term_string"}],"inLanguage":"sv-SE"},{"@type":"Organization","@id":"https:\/\/aktivtuteliv.se\/vasteras\/#organization","name":"Aktivt Uteliv Bj\u00f6rn\u00f6g\u00e5rden","url":"https:\/\/aktivtuteliv.se\/vasteras\/","logo":{"@type":"ImageObject","inLanguage":"sv-SE","@id":"https:\/\/aktivtuteliv.se\/vasteras\/#\/schema\/logo\/image\/","url":"https:\/\/e5gp8rwuod7.exactdn.com\/vasteras\/wp-content\/uploads\/sites\/4\/2025\/01\/AUB-pms.png?strip=all&lossy=1&ssl=1","contentUrl":"https:\/\/e5gp8rwuod7.exactdn.com\/vasteras\/wp-content\/uploads\/sites\/4\/2025\/01\/AUB-pms.png?strip=all&lossy=1&ssl=1","width":1894,"height":1165,"caption":"Aktivt Uteliv Bj\u00f6rn\u00f6g\u00e5rden"},"image":{"@id":"https:\/\/aktivtuteliv.se\/vasteras\/#\/schema\/logo\/image\/"},"sameAs":["https:\/\/www.facebook.com\/aktivtutelivbjornogarden","https:\/\/x.com\/aktivtuteliv","https:\/\/www.instagram.com\/aktivtuteliv_bjornogarden"]}]}},"_links":{"self":[{"href":"https:\/\/aktivtuteliv.se\/vasteras\/wp-json\/wp\/v2\/product\/74373","targetHints":{"allow":["GET"]}}],"collection":[{"href":"https:\/\/aktivtuteliv.se\/vasteras\/wp-json\/wp\/v2\/product"}],"about":[{"href":"https:\/\/aktivtuteliv.se\/vasteras\/wp-json\/wp\/v2\/types\/product"}],"wp:featuredmedia":[{"embeddable":true,"href":"https:\/\/aktivtuteliv.se\/vasteras\/wp-json\/wp\/v2\/media\/78865"}],"wp:attachment":[{"href":"https:\/\/aktivtuteliv.se\/vasteras\/wp-json\/wp\/v2\/media?parent=74373"}],"wp:term":[{"taxonomy":"product_cat","embeddable":true,"href":"https:\/\/aktivtuteliv.se\/vasteras\/wp-json\/wp\/v2\/product_cat?post=74373"},{"taxonomy":"product_tag","embeddable":true,"href":"https:\/\/aktivtuteliv.se\/vasteras\/wp-json\/wp\/v2\/product_tag?post=74373"},{"taxonomy":"er_categories","embeddable":true,"href":"https:\/\/aktivtuteliv.se\/vasteras\/wp-json\/wp\/v2\/er_categories?post=74373"},{"taxonomy":"er_brands","embeddable":true,"href":"https:\/\/aktivtuteliv.se\/vasteras\/wp-json\/wp\/v2\/er_brands?post=74373"},{"taxonomy":"er_seasons","embeddable":true,"href":"https:\/\/aktivtuteliv.se\/vasteras\/wp-json\/wp\/v2\/er_seasons?post=74373"}],"curies":[{"name":"wp","href":"https:\/\/api.w.org\/{rel}","templated":true}]}}