{"id":74377,"date":"2024-11-05T11:56:25","date_gmt":"2024-11-05T11:56:25","guid":{"rendered":"https:\/\/aktivtuteliv.se\/vasteras\/?post_type=product&#038;p=74377"},"modified":"2026-04-10T19:51:55","modified_gmt":"2026-04-10T17:51:55","slug":"spektrum-anjan","status":"publish","type":"product","link":"https:\/\/aktivtuteliv.se\/vasteras\/produkt\/spektrum-anjan\/","title":{"rendered":"Spektrum Anjan"},"content":{"rendered":"<p>Spektrum Anjan \u00e4r designad f\u00f6r att ge en perfekt passform oavsett ansiktsform och levererar h\u00f6gsta m\u00f6jliga prestanda i kr\u00e4vande milj\u00f6er. Med en sportig och distinkt form, samt avancerade material fr\u00e5n Carl Zeiss och bio-baserad polyamid, \u00e4r Anjan den ultimata f\u00f6ljeslagaren f\u00f6r l\u00e5nga dagar i r\u00f6relse.<\/p>\n<p>&nbsp;<\/p>\n<h4 data-start=\"471\" data-end=\"491\"><strong data-start=\"476\" data-end=\"491\">Egenskaper:<\/strong><\/h4>\n<ul data-start=\"492\" data-end=\"1143\">\n<li data-start=\"492\" data-end=\"568\">\n<p data-start=\"494\" data-end=\"568\"><strong data-start=\"494\" data-end=\"530\">Performance-lins fr\u00e5n Carl Zeiss<\/strong> \u2013 maximal klarhet och 100% UV-skydd<\/p>\n<\/li>\n<li data-start=\"569\" data-end=\"637\">\n<p data-start=\"571\" data-end=\"637\"><strong data-start=\"571\" data-end=\"598\">Bio-baserad polyamidram<\/strong> \u2013 extremt l\u00e4tt, flexibel och h\u00e5llbar<\/p>\n<\/li>\n<li data-start=\"638\" data-end=\"709\">\n<p data-start=\"640\" data-end=\"709\"><strong data-start=\"640\" data-end=\"672\">Justerbara gummerade skalmar<\/strong> \u2013 sitter s\u00e4kert \u00e4ven vid aktivitet<\/p>\n<\/li>\n<li data-start=\"710\" data-end=\"796\">\n<p data-start=\"712\" data-end=\"796\"><strong data-start=\"712\" data-end=\"752\">Utbytbara n\u00e4skuddar i non-slip gummi<\/strong> \u2013 tv\u00e5 storlekar f\u00f6r skr\u00e4ddarsydd passform<\/p>\n<\/li>\n<li data-start=\"797\" data-end=\"872\">\n<p data-start=\"799\" data-end=\"872\"><strong data-start=\"799\" data-end=\"821\">Ri-Pel\u00ae-behandling<\/strong> \u2013 vatten- och smutsavvisande, med anti-rep skydd<\/p>\n<\/li>\n<li data-start=\"873\" data-end=\"939\">\n<p data-start=\"875\" data-end=\"939\"><strong data-start=\"875\" data-end=\"893\">Slagt\u00e5lig lins<\/strong> \u2013 f\u00f6r trygg anv\u00e4ndning \u00e4ven i tuffa milj\u00f6er<\/p>\n<\/li>\n<li data-start=\"940\" data-end=\"997\">\n<p data-start=\"942\" data-end=\"997\"><strong data-start=\"942\" data-end=\"962\">Utbytbara linser<\/strong> \u2013 anpassa efter ljusf\u00f6rh\u00e5llanden<\/p>\n<\/li>\n<li data-start=\"998\" data-end=\"1079\">\n<p data-start=\"1000\" data-end=\"1079\"><strong data-start=\"1000\" data-end=\"1042\">F\u00f6rvaringsp\u00e5se i \u00e5tervunnen mikrofiber<\/strong> \u2013 skyddar och reng\u00f6r dina glas\u00f6gon<\/p>\n<\/li>\n<li data-start=\"1080\" data-end=\"1143\">\n<p data-start=\"1082\" data-end=\"1143\"><strong data-start=\"1082\" data-end=\"1107\">Tillverkade i Italien<\/strong> \u2013 kvalitet och design i v\u00e4rldsklass<\/p>\n<\/li>\n<\/ul>\n","protected":false},"excerpt":{"rendered":"<p>Spektrum Anjan \u2013 Allroundprestanda f\u00f6r \u00c4ventyr utan Kompromisser<\/p>\n","protected":false},"featured_media":79054,"template":"","meta":{"_acf_changed":false},"product_cat":[771,1317],"product_tag":[],"er_categories":[],"er_brands":[],"er_seasons":[],"class_list":{"0":"post-74377","1":"product","2":"type-product","3":"status-publish","4":"has-post-thumbnail","6":"product_cat-cykel","7":"product_cat-tillbehor-cykel","8":"product_shipping_class-normal","9":"pa_marke-spektrum","10":"pa_sasong-870","12":"first","13":"instock","14":"sale","15":"taxable","16":"shipping-taxable","17":"purchasable","18":"product-type-variable"},"acf":[],"yoast_head":"<!-- This site is optimized with the Yoast SEO plugin v23.0 - https:\/\/yoast.com\/wordpress\/plugins\/seo\/ -->\n<title>Spektrum Anjan - V\u00e4ster\u00e5s<\/title>\n<meta name=\"robots\" content=\"index, follow, max-snippet:-1, max-image-preview:large, max-video-preview:-1\" \/>\n<link rel=\"canonical\" href=\"https:\/\/aktivtuteliv.se\/vasteras\/produkt\/spektrum-anjan\/\" \/>\n<meta property=\"og:locale\" content=\"sv_SE\" \/>\n<meta property=\"og:type\" content=\"article\" \/>\n<meta property=\"og:title\" content=\"Spektrum Anjan - V\u00e4ster\u00e5s\" \/>\n<meta property=\"og:description\" content=\"Spektrum Anjan \u2013 Allroundprestanda f\u00f6r \u00c4ventyr utan Kompromisser\" \/>\n<meta property=\"og:url\" content=\"https:\/\/aktivtuteliv.se\/vasteras\/produkt\/spektrum-anjan\/\" \/>\n<meta property=\"og:site_name\" content=\"V\u00e4ster\u00e5s\" \/>\n<meta property=\"article:publisher\" content=\"https:\/\/www.facebook.com\/aktivtutelivbjornogarden\" \/>\n<meta property=\"article:modified_time\" content=\"2026-04-10T17:51:55+00:00\" \/>\n<meta property=\"og:image\" content=\"https:\/\/aktivtuteliv.se\/vasteras\/wp-content\/uploads\/sites\/4\/2024\/11\/Spektrum-Anjan-BlackGrey.jpg\" \/>\n\t<meta property=\"og:image:width\" content=\"1778\" \/>\n\t<meta property=\"og:image:height\" content=\"1778\" \/>\n\t<meta property=\"og:image:type\" content=\"image\/jpeg\" \/>\n<meta name=\"twitter:card\" content=\"summary_large_image\" \/>\n<meta name=\"twitter:site\" content=\"@aktivtuteliv\" \/>\n<meta name=\"twitter:label1\" content=\"Ber\u00e4knad l\u00e4stid\" \/>\n\t<meta name=\"twitter:data1\" content=\"1 minut\" \/>\n<script type=\"application\/ld+json\" class=\"yoast-schema-graph\">{\"@context\":\"https:\/\/schema.org\",\"@graph\":[{\"@type\":\"WebPage\",\"@id\":\"https:\/\/aktivtuteliv.se\/vasteras\/produkt\/spektrum-anjan\/\",\"url\":\"https:\/\/aktivtuteliv.se\/vasteras\/produkt\/spektrum-anjan\/\",\"name\":\"Spektrum Anjan - V\u00e4ster\u00e5s\",\"isPartOf\":{\"@id\":\"https:\/\/aktivtuteliv.se\/vasteras\/#website\"},\"primaryImageOfPage\":{\"@id\":\"https:\/\/aktivtuteliv.se\/vasteras\/produkt\/spektrum-anjan\/#primaryimage\"},\"image\":{\"@id\":\"https:\/\/aktivtuteliv.se\/vasteras\/produkt\/spektrum-anjan\/#primaryimage\"},\"thumbnailUrl\":\"https:\/\/e5gp8rwuod7.exactdn.com\/vasteras\/wp-content\/uploads\/sites\/4\/2024\/11\/Spektrum-Anjan-BlackGrey.jpg?strip=all&lossy=1&ssl=1\",\"datePublished\":\"2024-11-05T11:56:25+00:00\",\"dateModified\":\"2026-04-10T17:51:55+00:00\",\"breadcrumb\":{\"@id\":\"https:\/\/aktivtuteliv.se\/vasteras\/produkt\/spektrum-anjan\/#breadcrumb\"},\"inLanguage\":\"sv-SE\",\"potentialAction\":[{\"@type\":\"ReadAction\",\"target\":[\"https:\/\/aktivtuteliv.se\/vasteras\/produkt\/spektrum-anjan\/\"]}]},{\"@type\":\"ImageObject\",\"inLanguage\":\"sv-SE\",\"@id\":\"https:\/\/aktivtuteliv.se\/vasteras\/produkt\/spektrum-anjan\/#primaryimage\",\"url\":\"https:\/\/e5gp8rwuod7.exactdn.com\/vasteras\/wp-content\/uploads\/sites\/4\/2024\/11\/Spektrum-Anjan-BlackGrey.jpg?strip=all&lossy=1&ssl=1\",\"contentUrl\":\"https:\/\/e5gp8rwuod7.exactdn.com\/vasteras\/wp-content\/uploads\/sites\/4\/2024\/11\/Spektrum-Anjan-BlackGrey.jpg?strip=all&lossy=1&ssl=1\",\"width\":1778,\"height\":1778},{\"@type\":\"BreadcrumbList\",\"@id\":\"https:\/\/aktivtuteliv.se\/vasteras\/produkt\/spektrum-anjan\/#breadcrumb\",\"itemListElement\":[{\"@type\":\"ListItem\",\"position\":1,\"name\":\"Home\",\"item\":\"https:\/\/aktivtuteliv.se\/vasteras\/\"},{\"@type\":\"ListItem\",\"position\":2,\"name\":\"Webbutik\",\"item\":\"https:\/\/aktivtuteliv.se\/vasteras\/butik\/\"},{\"@type\":\"ListItem\",\"position\":3,\"name\":\"Spektrum Anjan\"}]},{\"@type\":\"WebSite\",\"@id\":\"https:\/\/aktivtuteliv.se\/vasteras\/#website\",\"url\":\"https:\/\/aktivtuteliv.se\/vasteras\/\",\"name\":\"Aktivt Uteliv Bj\u00f6rn\u00f6g\u00e5rden\",\"description\":\"Ett friluftscenter i V\u00e4ster\u00e5s\",\"publisher\":{\"@id\":\"https:\/\/aktivtuteliv.se\/vasteras\/#organization\"},\"potentialAction\":[{\"@type\":\"SearchAction\",\"target\":{\"@type\":\"EntryPoint\",\"urlTemplate\":\"https:\/\/aktivtuteliv.se\/vasteras\/?s={search_term_string}\"},\"query-input\":\"required name=search_term_string\"}],\"inLanguage\":\"sv-SE\"},{\"@type\":\"Organization\",\"@id\":\"https:\/\/aktivtuteliv.se\/vasteras\/#organization\",\"name\":\"Aktivt Uteliv Bj\u00f6rn\u00f6g\u00e5rden\",\"url\":\"https:\/\/aktivtuteliv.se\/vasteras\/\",\"logo\":{\"@type\":\"ImageObject\",\"inLanguage\":\"sv-SE\",\"@id\":\"https:\/\/aktivtuteliv.se\/vasteras\/#\/schema\/logo\/image\/\",\"url\":\"https:\/\/e5gp8rwuod7.exactdn.com\/vasteras\/wp-content\/uploads\/sites\/4\/2025\/01\/AUB-pms.png?strip=all&lossy=1&ssl=1\",\"contentUrl\":\"https:\/\/e5gp8rwuod7.exactdn.com\/vasteras\/wp-content\/uploads\/sites\/4\/2025\/01\/AUB-pms.png?strip=all&lossy=1&ssl=1\",\"width\":1894,\"height\":1165,\"caption\":\"Aktivt Uteliv Bj\u00f6rn\u00f6g\u00e5rden\"},\"image\":{\"@id\":\"https:\/\/aktivtuteliv.se\/vasteras\/#\/schema\/logo\/image\/\"},\"sameAs\":[\"https:\/\/www.facebook.com\/aktivtutelivbjornogarden\",\"https:\/\/x.com\/aktivtuteliv\",\"https:\/\/www.instagram.com\/aktivtuteliv_bjornogarden\"]}]}<\/script>\n<!-- \/ Yoast SEO plugin. -->","yoast_head_json":{"title":"Spektrum Anjan - V\u00e4ster\u00e5s","robots":{"index":"index","follow":"follow","max-snippet":"max-snippet:-1","max-image-preview":"max-image-preview:large","max-video-preview":"max-video-preview:-1"},"canonical":"https:\/\/aktivtuteliv.se\/vasteras\/produkt\/spektrum-anjan\/","og_locale":"sv_SE","og_type":"article","og_title":"Spektrum Anjan - V\u00e4ster\u00e5s","og_description":"Spektrum Anjan \u2013 Allroundprestanda f\u00f6r \u00c4ventyr utan Kompromisser","og_url":"https:\/\/aktivtuteliv.se\/vasteras\/produkt\/spektrum-anjan\/","og_site_name":"V\u00e4ster\u00e5s","article_publisher":"https:\/\/www.facebook.com\/aktivtutelivbjornogarden","article_modified_time":"2026-04-10T17:51:55+00:00","og_image":[{"width":1778,"height":1778,"url":"https:\/\/aktivtuteliv.se\/vasteras\/wp-content\/uploads\/sites\/4\/2024\/11\/Spektrum-Anjan-BlackGrey.jpg","type":"image\/jpeg"}],"twitter_card":"summary_large_image","twitter_site":"@aktivtuteliv","twitter_misc":{"Ber\u00e4knad l\u00e4stid":"1 minut"},"schema":{"@context":"https:\/\/schema.org","@graph":[{"@type":"WebPage","@id":"https:\/\/aktivtuteliv.se\/vasteras\/produkt\/spektrum-anjan\/","url":"https:\/\/aktivtuteliv.se\/vasteras\/produkt\/spektrum-anjan\/","name":"Spektrum Anjan - V\u00e4ster\u00e5s","isPartOf":{"@id":"https:\/\/aktivtuteliv.se\/vasteras\/#website"},"primaryImageOfPage":{"@id":"https:\/\/aktivtuteliv.se\/vasteras\/produkt\/spektrum-anjan\/#primaryimage"},"image":{"@id":"https:\/\/aktivtuteliv.se\/vasteras\/produkt\/spektrum-anjan\/#primaryimage"},"thumbnailUrl":"https:\/\/e5gp8rwuod7.exactdn.com\/vasteras\/wp-content\/uploads\/sites\/4\/2024\/11\/Spektrum-Anjan-BlackGrey.jpg?strip=all&lossy=1&ssl=1","datePublished":"2024-11-05T11:56:25+00:00","dateModified":"2026-04-10T17:51:55+00:00","breadcrumb":{"@id":"https:\/\/aktivtuteliv.se\/vasteras\/produkt\/spektrum-anjan\/#breadcrumb"},"inLanguage":"sv-SE","potentialAction":[{"@type":"ReadAction","target":["https:\/\/aktivtuteliv.se\/vasteras\/produkt\/spektrum-anjan\/"]}]},{"@type":"ImageObject","inLanguage":"sv-SE","@id":"https:\/\/aktivtuteliv.se\/vasteras\/produkt\/spektrum-anjan\/#primaryimage","url":"https:\/\/e5gp8rwuod7.exactdn.com\/vasteras\/wp-content\/uploads\/sites\/4\/2024\/11\/Spektrum-Anjan-BlackGrey.jpg?strip=all&lossy=1&ssl=1","contentUrl":"https:\/\/e5gp8rwuod7.exactdn.com\/vasteras\/wp-content\/uploads\/sites\/4\/2024\/11\/Spektrum-Anjan-BlackGrey.jpg?strip=all&lossy=1&ssl=1","width":1778,"height":1778},{"@type":"BreadcrumbList","@id":"https:\/\/aktivtuteliv.se\/vasteras\/produkt\/spektrum-anjan\/#breadcrumb","itemListElement":[{"@type":"ListItem","position":1,"name":"Home","item":"https:\/\/aktivtuteliv.se\/vasteras\/"},{"@type":"ListItem","position":2,"name":"Webbutik","item":"https:\/\/aktivtuteliv.se\/vasteras\/butik\/"},{"@type":"ListItem","position":3,"name":"Spektrum Anjan"}]},{"@type":"WebSite","@id":"https:\/\/aktivtuteliv.se\/vasteras\/#website","url":"https:\/\/aktivtuteliv.se\/vasteras\/","name":"Aktivt Uteliv Bj\u00f6rn\u00f6g\u00e5rden","description":"Ett friluftscenter i V\u00e4ster\u00e5s","publisher":{"@id":"https:\/\/aktivtuteliv.se\/vasteras\/#organization"},"potentialAction":[{"@type":"SearchAction","target":{"@type":"EntryPoint","urlTemplate":"https:\/\/aktivtuteliv.se\/vasteras\/?s={search_term_string}"},"query-input":"required name=search_term_string"}],"inLanguage":"sv-SE"},{"@type":"Organization","@id":"https:\/\/aktivtuteliv.se\/vasteras\/#organization","name":"Aktivt Uteliv Bj\u00f6rn\u00f6g\u00e5rden","url":"https:\/\/aktivtuteliv.se\/vasteras\/","logo":{"@type":"ImageObject","inLanguage":"sv-SE","@id":"https:\/\/aktivtuteliv.se\/vasteras\/#\/schema\/logo\/image\/","url":"https:\/\/e5gp8rwuod7.exactdn.com\/vasteras\/wp-content\/uploads\/sites\/4\/2025\/01\/AUB-pms.png?strip=all&lossy=1&ssl=1","contentUrl":"https:\/\/e5gp8rwuod7.exactdn.com\/vasteras\/wp-content\/uploads\/sites\/4\/2025\/01\/AUB-pms.png?strip=all&lossy=1&ssl=1","width":1894,"height":1165,"caption":"Aktivt Uteliv Bj\u00f6rn\u00f6g\u00e5rden"},"image":{"@id":"https:\/\/aktivtuteliv.se\/vasteras\/#\/schema\/logo\/image\/"},"sameAs":["https:\/\/www.facebook.com\/aktivtutelivbjornogarden","https:\/\/x.com\/aktivtuteliv","https:\/\/www.instagram.com\/aktivtuteliv_bjornogarden"]}]}},"_links":{"self":[{"href":"https:\/\/aktivtuteliv.se\/vasteras\/wp-json\/wp\/v2\/product\/74377","targetHints":{"allow":["GET"]}}],"collection":[{"href":"https:\/\/aktivtuteliv.se\/vasteras\/wp-json\/wp\/v2\/product"}],"about":[{"href":"https:\/\/aktivtuteliv.se\/vasteras\/wp-json\/wp\/v2\/types\/product"}],"wp:featuredmedia":[{"embeddable":true,"href":"https:\/\/aktivtuteliv.se\/vasteras\/wp-json\/wp\/v2\/media\/79054"}],"wp:attachment":[{"href":"https:\/\/aktivtuteliv.se\/vasteras\/wp-json\/wp\/v2\/media?parent=74377"}],"wp:term":[{"taxonomy":"product_cat","embeddable":true,"href":"https:\/\/aktivtuteliv.se\/vasteras\/wp-json\/wp\/v2\/product_cat?post=74377"},{"taxonomy":"product_tag","embeddable":true,"href":"https:\/\/aktivtuteliv.se\/vasteras\/wp-json\/wp\/v2\/product_tag?post=74377"},{"taxonomy":"er_categories","embeddable":true,"href":"https:\/\/aktivtuteliv.se\/vasteras\/wp-json\/wp\/v2\/er_categories?post=74377"},{"taxonomy":"er_brands","embeddable":true,"href":"https:\/\/aktivtuteliv.se\/vasteras\/wp-json\/wp\/v2\/er_brands?post=74377"},{"taxonomy":"er_seasons","embeddable":true,"href":"https:\/\/aktivtuteliv.se\/vasteras\/wp-json\/wp\/v2\/er_seasons?post=74377"}],"curies":[{"name":"wp","href":"https:\/\/api.w.org\/{rel}","templated":true}]}}