{"id":74380,"date":"2024-11-05T11:56:26","date_gmt":"2024-11-05T11:56:26","guid":{"rendered":"https:\/\/aktivtuteliv.se\/vasteras\/?post_type=product&#038;p=74380"},"modified":"2026-04-22T22:15:16","modified_gmt":"2026-04-22T20:15:16","slug":"spektrum-kall","status":"publish","type":"product","link":"https:\/\/aktivtuteliv.se\/vasteras\/produkt\/spektrum-kall\/","title":{"rendered":"Spektrum Kall"},"content":{"rendered":"<p data-start=\"170\" data-end=\"541\">Spektrum Kall \u00e4r designade f\u00f6r att ge ett \u00f6verl\u00e4gset skydd och bred synvinkel j\u00e4mf\u00f6rt med likv\u00e4rdiga b\u00e5gar. Den smarta formen kombinerat med vinkeln p\u00e5 linsen f\u00f6rb\u00e4ttrar ditt perifera seende \u2013 perfekt f\u00f6r kr\u00e4vande aktiviteter och l\u00e5ngvarigt anv\u00e4ndande. Med premiummaterial fr\u00e5n Carl Zeiss och en l\u00e4tt, slitstark ram i bio-baserad polyamid, \u00e4r Kall redo att f\u00f6lja med dig \u00f6verallt.<\/p>\n<p>&nbsp;<\/p>\n<p>&nbsp;<\/p>\n<p>&nbsp;<\/p>\n<h4 data-start=\"548\" data-end=\"568\"><strong data-start=\"553\" data-end=\"568\">Egenskaper:<\/strong><\/h4>\n<ul data-start=\"569\" data-end=\"1263\">\n<li data-start=\"569\" data-end=\"640\">\n<p data-start=\"571\" data-end=\"640\"><strong data-start=\"571\" data-end=\"602\">Carl Zeiss Performance-lins<\/strong> \u2013 maximal klarhet och 100% UV-skydd<\/p>\n<\/li>\n<li data-start=\"641\" data-end=\"709\">\n<p data-start=\"643\" data-end=\"709\"><strong data-start=\"643\" data-end=\"670\">Bio-baserad polyamidram<\/strong> \u2013 l\u00e4tt, flexibel och extremt h\u00e5llbar<\/p>\n<\/li>\n<li data-start=\"710\" data-end=\"783\">\n<p data-start=\"712\" data-end=\"783\"><strong data-start=\"712\" data-end=\"750\">Spegelbehandlad lins i flera lager<\/strong> \u2013 snyggt skydd mot starkt ljus<\/p>\n<\/li>\n<li data-start=\"784\" data-end=\"864\">\n<p data-start=\"786\" data-end=\"864\"><strong data-start=\"786\" data-end=\"808\">Ri-Pel\u00ae-behandling<\/strong> \u2013 vatten- och smutsavvisande, med anti-rep egenskaper<\/p>\n<\/li>\n<li data-start=\"865\" data-end=\"953\">\n<p data-start=\"867\" data-end=\"953\"><strong data-start=\"867\" data-end=\"915\">Justerbara skalmar med gummerad non-slip-yta<\/strong> \u2013 s\u00e4kra \u00e4ven vid intensiv aktivitet<\/p>\n<\/li>\n<li data-start=\"954\" data-end=\"1035\">\n<p data-start=\"956\" data-end=\"1035\"><strong data-start=\"956\" data-end=\"995\">Utbytbara n\u00e4skuddar i tv\u00e5 storlekar<\/strong> \u2013 optimal passform f\u00f6r olika ansikten<\/p>\n<\/li>\n<li data-start=\"1036\" data-end=\"1091\">\n<p data-start=\"1038\" data-end=\"1091\"><strong data-start=\"1038\" data-end=\"1064\">Slagt\u00e5lig konstruktion<\/strong> \u2013 redo f\u00f6r tuffa milj\u00f6er<\/p>\n<\/li>\n<li data-start=\"1092\" data-end=\"1146\">\n<p data-start=\"1094\" data-end=\"1146\"><strong data-start=\"1094\" data-end=\"1114\">Utbytbara linser<\/strong> \u2013 anpassa efter f\u00f6rh\u00e5llandena<\/p>\n<\/li>\n<li data-start=\"1147\" data-end=\"1203\">\n<p data-start=\"1149\" data-end=\"1203\"><strong data-start=\"1149\" data-end=\"1191\">F\u00f6rvaringsp\u00e5se i \u00e5tervunnen mikrofiber<\/strong> medf\u00f6ljer<\/p>\n<\/li>\n<li data-start=\"1204\" data-end=\"1263\">\n<p data-start=\"1206\" data-end=\"1263\"><strong data-start=\"1206\" data-end=\"1231\">Tillverkade i Italien<\/strong> \u2013 f\u00f6r b\u00e4sta kvalitet och finish<\/p>\n<\/li>\n<\/ul>\n","protected":false},"excerpt":{"rendered":"<p>Kall \u00e4r solglas\u00f6gonen f\u00f6r dig som vill ha stil, skydd och funktion \u2013 varje dag, hela v\u00e4gen.<\/p>\n","protected":false},"featured_media":79056,"template":"","meta":{"_acf_changed":false},"product_cat":[771,1317],"product_tag":[],"er_categories":[],"er_brands":[],"er_seasons":[],"class_list":{"0":"post-74380","1":"product","2":"type-product","3":"status-publish","4":"has-post-thumbnail","6":"product_cat-cykel","7":"product_cat-tillbehor-cykel","8":"product_shipping_class-normal","9":"pa_marke-spektrum","10":"pa_sasong-870","12":"first","13":"outofstock","14":"sale","15":"taxable","16":"shipping-taxable","17":"purchasable","18":"product-type-variable"},"acf":[],"yoast_head":"<!-- This site is optimized with the Yoast SEO plugin v23.0 - https:\/\/yoast.com\/wordpress\/plugins\/seo\/ -->\n<title>Spektrum Kall - V\u00e4ster\u00e5s<\/title>\n<meta name=\"robots\" content=\"index, follow, max-snippet:-1, max-image-preview:large, max-video-preview:-1\" \/>\n<link rel=\"canonical\" href=\"https:\/\/aktivtuteliv.se\/vasteras\/produkt\/spektrum-kall\/\" \/>\n<meta property=\"og:locale\" content=\"sv_SE\" \/>\n<meta property=\"og:type\" content=\"article\" \/>\n<meta property=\"og:title\" content=\"Spektrum Kall - V\u00e4ster\u00e5s\" \/>\n<meta property=\"og:description\" content=\"Kall \u00e4r solglas\u00f6gonen f\u00f6r dig som vill ha stil, skydd och funktion \u2013 varje dag, hela v\u00e4gen.\" \/>\n<meta property=\"og:url\" content=\"https:\/\/aktivtuteliv.se\/vasteras\/produkt\/spektrum-kall\/\" \/>\n<meta property=\"og:site_name\" content=\"V\u00e4ster\u00e5s\" \/>\n<meta property=\"article:publisher\" content=\"https:\/\/www.facebook.com\/aktivtutelivbjornogarden\" \/>\n<meta property=\"article:modified_time\" content=\"2026-04-22T20:15:16+00:00\" \/>\n<meta property=\"og:image\" content=\"https:\/\/aktivtuteliv.se\/vasteras\/wp-content\/uploads\/sites\/4\/2024\/11\/Spektrum-Kall-BlackGrey.jpg\" \/>\n\t<meta property=\"og:image:width\" content=\"1748\" \/>\n\t<meta property=\"og:image:height\" content=\"1748\" \/>\n\t<meta property=\"og:image:type\" content=\"image\/jpeg\" \/>\n<meta name=\"twitter:card\" content=\"summary_large_image\" \/>\n<meta name=\"twitter:site\" content=\"@aktivtuteliv\" \/>\n<meta name=\"twitter:label1\" content=\"Ber\u00e4knad l\u00e4stid\" \/>\n\t<meta name=\"twitter:data1\" content=\"1 minut\" \/>\n<script type=\"application\/ld+json\" class=\"yoast-schema-graph\">{\"@context\":\"https:\/\/schema.org\",\"@graph\":[{\"@type\":\"WebPage\",\"@id\":\"https:\/\/aktivtuteliv.se\/vasteras\/produkt\/spektrum-kall\/\",\"url\":\"https:\/\/aktivtuteliv.se\/vasteras\/produkt\/spektrum-kall\/\",\"name\":\"Spektrum Kall - V\u00e4ster\u00e5s\",\"isPartOf\":{\"@id\":\"https:\/\/aktivtuteliv.se\/vasteras\/#website\"},\"primaryImageOfPage\":{\"@id\":\"https:\/\/aktivtuteliv.se\/vasteras\/produkt\/spektrum-kall\/#primaryimage\"},\"image\":{\"@id\":\"https:\/\/aktivtuteliv.se\/vasteras\/produkt\/spektrum-kall\/#primaryimage\"},\"thumbnailUrl\":\"https:\/\/e5gp8rwuod7.exactdn.com\/vasteras\/wp-content\/uploads\/sites\/4\/2024\/11\/Spektrum-Kall-BlackGrey.jpg?strip=all&lossy=1&ssl=1\",\"datePublished\":\"2024-11-05T11:56:26+00:00\",\"dateModified\":\"2026-04-22T20:15:16+00:00\",\"breadcrumb\":{\"@id\":\"https:\/\/aktivtuteliv.se\/vasteras\/produkt\/spektrum-kall\/#breadcrumb\"},\"inLanguage\":\"sv-SE\",\"potentialAction\":[{\"@type\":\"ReadAction\",\"target\":[\"https:\/\/aktivtuteliv.se\/vasteras\/produkt\/spektrum-kall\/\"]}]},{\"@type\":\"ImageObject\",\"inLanguage\":\"sv-SE\",\"@id\":\"https:\/\/aktivtuteliv.se\/vasteras\/produkt\/spektrum-kall\/#primaryimage\",\"url\":\"https:\/\/e5gp8rwuod7.exactdn.com\/vasteras\/wp-content\/uploads\/sites\/4\/2024\/11\/Spektrum-Kall-BlackGrey.jpg?strip=all&lossy=1&ssl=1\",\"contentUrl\":\"https:\/\/e5gp8rwuod7.exactdn.com\/vasteras\/wp-content\/uploads\/sites\/4\/2024\/11\/Spektrum-Kall-BlackGrey.jpg?strip=all&lossy=1&ssl=1\",\"width\":1748,\"height\":1748},{\"@type\":\"BreadcrumbList\",\"@id\":\"https:\/\/aktivtuteliv.se\/vasteras\/produkt\/spektrum-kall\/#breadcrumb\",\"itemListElement\":[{\"@type\":\"ListItem\",\"position\":1,\"name\":\"Home\",\"item\":\"https:\/\/aktivtuteliv.se\/vasteras\/\"},{\"@type\":\"ListItem\",\"position\":2,\"name\":\"Webbutik\",\"item\":\"https:\/\/aktivtuteliv.se\/vasteras\/butik\/\"},{\"@type\":\"ListItem\",\"position\":3,\"name\":\"Spektrum Kall\"}]},{\"@type\":\"WebSite\",\"@id\":\"https:\/\/aktivtuteliv.se\/vasteras\/#website\",\"url\":\"https:\/\/aktivtuteliv.se\/vasteras\/\",\"name\":\"Aktivt Uteliv Bj\u00f6rn\u00f6g\u00e5rden\",\"description\":\"Ett friluftscenter i V\u00e4ster\u00e5s\",\"publisher\":{\"@id\":\"https:\/\/aktivtuteliv.se\/vasteras\/#organization\"},\"potentialAction\":[{\"@type\":\"SearchAction\",\"target\":{\"@type\":\"EntryPoint\",\"urlTemplate\":\"https:\/\/aktivtuteliv.se\/vasteras\/?s={search_term_string}\"},\"query-input\":\"required name=search_term_string\"}],\"inLanguage\":\"sv-SE\"},{\"@type\":\"Organization\",\"@id\":\"https:\/\/aktivtuteliv.se\/vasteras\/#organization\",\"name\":\"Aktivt Uteliv Bj\u00f6rn\u00f6g\u00e5rden\",\"url\":\"https:\/\/aktivtuteliv.se\/vasteras\/\",\"logo\":{\"@type\":\"ImageObject\",\"inLanguage\":\"sv-SE\",\"@id\":\"https:\/\/aktivtuteliv.se\/vasteras\/#\/schema\/logo\/image\/\",\"url\":\"https:\/\/e5gp8rwuod7.exactdn.com\/vasteras\/wp-content\/uploads\/sites\/4\/2025\/01\/AUB-pms.png?strip=all&lossy=1&ssl=1\",\"contentUrl\":\"https:\/\/e5gp8rwuod7.exactdn.com\/vasteras\/wp-content\/uploads\/sites\/4\/2025\/01\/AUB-pms.png?strip=all&lossy=1&ssl=1\",\"width\":1894,\"height\":1165,\"caption\":\"Aktivt Uteliv Bj\u00f6rn\u00f6g\u00e5rden\"},\"image\":{\"@id\":\"https:\/\/aktivtuteliv.se\/vasteras\/#\/schema\/logo\/image\/\"},\"sameAs\":[\"https:\/\/www.facebook.com\/aktivtutelivbjornogarden\",\"https:\/\/x.com\/aktivtuteliv\",\"https:\/\/www.instagram.com\/aktivtuteliv_bjornogarden\"]}]}<\/script>\n<!-- \/ Yoast SEO plugin. -->","yoast_head_json":{"title":"Spektrum Kall - V\u00e4ster\u00e5s","robots":{"index":"index","follow":"follow","max-snippet":"max-snippet:-1","max-image-preview":"max-image-preview:large","max-video-preview":"max-video-preview:-1"},"canonical":"https:\/\/aktivtuteliv.se\/vasteras\/produkt\/spektrum-kall\/","og_locale":"sv_SE","og_type":"article","og_title":"Spektrum Kall - V\u00e4ster\u00e5s","og_description":"Kall \u00e4r solglas\u00f6gonen f\u00f6r dig som vill ha stil, skydd och funktion \u2013 varje dag, hela v\u00e4gen.","og_url":"https:\/\/aktivtuteliv.se\/vasteras\/produkt\/spektrum-kall\/","og_site_name":"V\u00e4ster\u00e5s","article_publisher":"https:\/\/www.facebook.com\/aktivtutelivbjornogarden","article_modified_time":"2026-04-22T20:15:16+00:00","og_image":[{"width":1748,"height":1748,"url":"https:\/\/aktivtuteliv.se\/vasteras\/wp-content\/uploads\/sites\/4\/2024\/11\/Spektrum-Kall-BlackGrey.jpg","type":"image\/jpeg"}],"twitter_card":"summary_large_image","twitter_site":"@aktivtuteliv","twitter_misc":{"Ber\u00e4knad l\u00e4stid":"1 minut"},"schema":{"@context":"https:\/\/schema.org","@graph":[{"@type":"WebPage","@id":"https:\/\/aktivtuteliv.se\/vasteras\/produkt\/spektrum-kall\/","url":"https:\/\/aktivtuteliv.se\/vasteras\/produkt\/spektrum-kall\/","name":"Spektrum Kall - V\u00e4ster\u00e5s","isPartOf":{"@id":"https:\/\/aktivtuteliv.se\/vasteras\/#website"},"primaryImageOfPage":{"@id":"https:\/\/aktivtuteliv.se\/vasteras\/produkt\/spektrum-kall\/#primaryimage"},"image":{"@id":"https:\/\/aktivtuteliv.se\/vasteras\/produkt\/spektrum-kall\/#primaryimage"},"thumbnailUrl":"https:\/\/e5gp8rwuod7.exactdn.com\/vasteras\/wp-content\/uploads\/sites\/4\/2024\/11\/Spektrum-Kall-BlackGrey.jpg?strip=all&lossy=1&ssl=1","datePublished":"2024-11-05T11:56:26+00:00","dateModified":"2026-04-22T20:15:16+00:00","breadcrumb":{"@id":"https:\/\/aktivtuteliv.se\/vasteras\/produkt\/spektrum-kall\/#breadcrumb"},"inLanguage":"sv-SE","potentialAction":[{"@type":"ReadAction","target":["https:\/\/aktivtuteliv.se\/vasteras\/produkt\/spektrum-kall\/"]}]},{"@type":"ImageObject","inLanguage":"sv-SE","@id":"https:\/\/aktivtuteliv.se\/vasteras\/produkt\/spektrum-kall\/#primaryimage","url":"https:\/\/e5gp8rwuod7.exactdn.com\/vasteras\/wp-content\/uploads\/sites\/4\/2024\/11\/Spektrum-Kall-BlackGrey.jpg?strip=all&lossy=1&ssl=1","contentUrl":"https:\/\/e5gp8rwuod7.exactdn.com\/vasteras\/wp-content\/uploads\/sites\/4\/2024\/11\/Spektrum-Kall-BlackGrey.jpg?strip=all&lossy=1&ssl=1","width":1748,"height":1748},{"@type":"BreadcrumbList","@id":"https:\/\/aktivtuteliv.se\/vasteras\/produkt\/spektrum-kall\/#breadcrumb","itemListElement":[{"@type":"ListItem","position":1,"name":"Home","item":"https:\/\/aktivtuteliv.se\/vasteras\/"},{"@type":"ListItem","position":2,"name":"Webbutik","item":"https:\/\/aktivtuteliv.se\/vasteras\/butik\/"},{"@type":"ListItem","position":3,"name":"Spektrum Kall"}]},{"@type":"WebSite","@id":"https:\/\/aktivtuteliv.se\/vasteras\/#website","url":"https:\/\/aktivtuteliv.se\/vasteras\/","name":"Aktivt Uteliv Bj\u00f6rn\u00f6g\u00e5rden","description":"Ett friluftscenter i V\u00e4ster\u00e5s","publisher":{"@id":"https:\/\/aktivtuteliv.se\/vasteras\/#organization"},"potentialAction":[{"@type":"SearchAction","target":{"@type":"EntryPoint","urlTemplate":"https:\/\/aktivtuteliv.se\/vasteras\/?s={search_term_string}"},"query-input":"required name=search_term_string"}],"inLanguage":"sv-SE"},{"@type":"Organization","@id":"https:\/\/aktivtuteliv.se\/vasteras\/#organization","name":"Aktivt Uteliv Bj\u00f6rn\u00f6g\u00e5rden","url":"https:\/\/aktivtuteliv.se\/vasteras\/","logo":{"@type":"ImageObject","inLanguage":"sv-SE","@id":"https:\/\/aktivtuteliv.se\/vasteras\/#\/schema\/logo\/image\/","url":"https:\/\/e5gp8rwuod7.exactdn.com\/vasteras\/wp-content\/uploads\/sites\/4\/2025\/01\/AUB-pms.png?strip=all&lossy=1&ssl=1","contentUrl":"https:\/\/e5gp8rwuod7.exactdn.com\/vasteras\/wp-content\/uploads\/sites\/4\/2025\/01\/AUB-pms.png?strip=all&lossy=1&ssl=1","width":1894,"height":1165,"caption":"Aktivt Uteliv Bj\u00f6rn\u00f6g\u00e5rden"},"image":{"@id":"https:\/\/aktivtuteliv.se\/vasteras\/#\/schema\/logo\/image\/"},"sameAs":["https:\/\/www.facebook.com\/aktivtutelivbjornogarden","https:\/\/x.com\/aktivtuteliv","https:\/\/www.instagram.com\/aktivtuteliv_bjornogarden"]}]}},"_links":{"self":[{"href":"https:\/\/aktivtuteliv.se\/vasteras\/wp-json\/wp\/v2\/product\/74380","targetHints":{"allow":["GET"]}}],"collection":[{"href":"https:\/\/aktivtuteliv.se\/vasteras\/wp-json\/wp\/v2\/product"}],"about":[{"href":"https:\/\/aktivtuteliv.se\/vasteras\/wp-json\/wp\/v2\/types\/product"}],"wp:featuredmedia":[{"embeddable":true,"href":"https:\/\/aktivtuteliv.se\/vasteras\/wp-json\/wp\/v2\/media\/79056"}],"wp:attachment":[{"href":"https:\/\/aktivtuteliv.se\/vasteras\/wp-json\/wp\/v2\/media?parent=74380"}],"wp:term":[{"taxonomy":"product_cat","embeddable":true,"href":"https:\/\/aktivtuteliv.se\/vasteras\/wp-json\/wp\/v2\/product_cat?post=74380"},{"taxonomy":"product_tag","embeddable":true,"href":"https:\/\/aktivtuteliv.se\/vasteras\/wp-json\/wp\/v2\/product_tag?post=74380"},{"taxonomy":"er_categories","embeddable":true,"href":"https:\/\/aktivtuteliv.se\/vasteras\/wp-json\/wp\/v2\/er_categories?post=74380"},{"taxonomy":"er_brands","embeddable":true,"href":"https:\/\/aktivtuteliv.se\/vasteras\/wp-json\/wp\/v2\/er_brands?post=74380"},{"taxonomy":"er_seasons","embeddable":true,"href":"https:\/\/aktivtuteliv.se\/vasteras\/wp-json\/wp\/v2\/er_seasons?post=74380"}],"curies":[{"name":"wp","href":"https:\/\/api.w.org\/{rel}","templated":true}]}}