{"id":74400,"date":"2024-11-05T11:56:34","date_gmt":"2024-11-05T11:56:34","guid":{"rendered":"https:\/\/aktivtuteliv.se\/vasteras\/?post_type=product&#038;p=74400"},"modified":"2026-04-17T16:19:40","modified_gmt":"2026-04-17T14:19:40","slug":"outlife-spannband-35-m","status":"publish","type":"product","link":"https:\/\/aktivtuteliv.se\/vasteras\/produkt\/outlife-spannband-35-m\/","title":{"rendered":"Outlife Sp\u00e4nnband 3,5 m"},"content":{"rendered":"<p>Outlife Sp\u00e4nnband g\u00f6r att du kan sp\u00e4nna fast kajaken p\u00e5 taket p\u00e5 ett s\u00e4kert s\u00e4tt. L\u00e4ngden p\u00e5 3,5 meter \u00e4r tillr\u00e4cklig \u00e4ven f\u00f6r breda kajaker som st\u00e5r p\u00e5 h\u00f6gkant. Sp\u00e4nnet \u00e4r utrustat med dubbla fj\u00e4drar f\u00f6r dubbel s\u00e4kerhet. Det finns ett skyddstyg p\u00e5 baksidan av metallsp\u00e4nnet f\u00f6r att skydda kajaken mot repor under transporten. Mot kajaken \u00e4r det en glatt yta s\u00e5 att den glider bra n\u00e4r man sp\u00e4nner \u00e5t. \u00c4nden av remmen \u00e4r kapad snett med br\u00e4nnst\u00e5l s\u00e5 den \u00e4r l\u00e4tt att tr\u00e4 genom sp\u00e4nnet och s\u00e5 den ej ska flika upp sig.<\/p>\n<p>&nbsp;<\/p>\n<p><strong>Specifikation<\/strong><\/p>\n<ul>\n<li>L\u00e4ngd:\u00a03,5 m<\/li>\n<li>Bredd: 25 mm<\/li>\n<li>Levereras i 2-pack.<\/li>\n<\/ul>\n","protected":false},"excerpt":{"rendered":"<p>Outlife Sp\u00e4nnband g\u00f6r att du kan sp\u00e4nna fast kajaken p\u00e5 taket p\u00e5 ett s\u00e4kert s\u00e4tt. L\u00e4ngden p\u00e5 3,5 meter \u00e4r tillr\u00e4cklig \u00e4ven f\u00f6r breda kajaker som st\u00e5r p\u00e5 h\u00f6gkant. Sp\u00e4nnet [&hellip;]<\/p>\n","protected":false},"featured_media":61849,"template":"","meta":{"_acf_changed":false},"product_cat":[754,755],"product_tag":[],"er_categories":[],"er_brands":[],"er_seasons":[],"class_list":{"0":"post-74400","1":"product","2":"type-product","3":"status-publish","4":"has-post-thumbnail","6":"product_cat-kajak","7":"product_cat-tillbehor-kajak","8":"pa_marke-outlife","9":"pa_sasong-1279","11":"first","12":"instock","13":"taxable","14":"shipping-taxable","15":"purchasable","16":"product-type-simple"},"acf":[],"yoast_head":"<!-- This site is optimized with the Yoast SEO plugin v23.0 - https:\/\/yoast.com\/wordpress\/plugins\/seo\/ -->\n<title>Outlife Sp\u00e4nnband 3,5 m - V\u00e4ster\u00e5s<\/title>\n<meta name=\"robots\" content=\"index, follow, max-snippet:-1, max-image-preview:large, max-video-preview:-1\" \/>\n<link rel=\"canonical\" href=\"https:\/\/aktivtuteliv.se\/vasteras\/produkt\/outlife-spannband-35-m\/\" \/>\n<meta property=\"og:locale\" content=\"sv_SE\" \/>\n<meta property=\"og:type\" content=\"article\" \/>\n<meta property=\"og:title\" content=\"Outlife Sp\u00e4nnband 3,5 m - V\u00e4ster\u00e5s\" \/>\n<meta property=\"og:description\" content=\"Outlife Sp\u00e4nnband g\u00f6r att du kan sp\u00e4nna fast kajaken p\u00e5 taket p\u00e5 ett s\u00e4kert s\u00e4tt. L\u00e4ngden p\u00e5 3,5 meter \u00e4r tillr\u00e4cklig \u00e4ven f\u00f6r breda kajaker som st\u00e5r p\u00e5 h\u00f6gkant. Sp\u00e4nnet [&hellip;]\" \/>\n<meta property=\"og:url\" content=\"https:\/\/aktivtuteliv.se\/vasteras\/produkt\/outlife-spannband-35-m\/\" \/>\n<meta property=\"og:site_name\" content=\"V\u00e4ster\u00e5s\" \/>\n<meta property=\"article:publisher\" content=\"https:\/\/www.facebook.com\/aktivtutelivbjornogarden\" \/>\n<meta property=\"article:modified_time\" content=\"2026-04-17T14:19:40+00:00\" \/>\n<meta property=\"og:image\" content=\"https:\/\/aktivtuteliv.se\/vasteras\/wp-content\/uploads\/sites\/4\/2021\/08\/outlife-spannband-25mm-300x300-1.jpg\" \/>\n\t<meta property=\"og:image:width\" content=\"300\" \/>\n\t<meta property=\"og:image:height\" content=\"300\" \/>\n\t<meta property=\"og:image:type\" content=\"image\/jpeg\" \/>\n<meta name=\"twitter:card\" content=\"summary_large_image\" \/>\n<meta name=\"twitter:site\" content=\"@aktivtuteliv\" \/>\n<meta name=\"twitter:label1\" content=\"Ber\u00e4knad l\u00e4stid\" \/>\n\t<meta name=\"twitter:data1\" content=\"1 minut\" \/>\n<script type=\"application\/ld+json\" class=\"yoast-schema-graph\">{\"@context\":\"https:\/\/schema.org\",\"@graph\":[{\"@type\":\"WebPage\",\"@id\":\"https:\/\/aktivtuteliv.se\/vasteras\/produkt\/outlife-spannband-35-m\/\",\"url\":\"https:\/\/aktivtuteliv.se\/vasteras\/produkt\/outlife-spannband-35-m\/\",\"name\":\"Outlife Sp\u00e4nnband 3,5 m - V\u00e4ster\u00e5s\",\"isPartOf\":{\"@id\":\"https:\/\/aktivtuteliv.se\/vasteras\/#website\"},\"primaryImageOfPage\":{\"@id\":\"https:\/\/aktivtuteliv.se\/vasteras\/produkt\/outlife-spannband-35-m\/#primaryimage\"},\"image\":{\"@id\":\"https:\/\/aktivtuteliv.se\/vasteras\/produkt\/outlife-spannband-35-m\/#primaryimage\"},\"thumbnailUrl\":\"https:\/\/e5gp8rwuod7.exactdn.com\/vasteras\/wp-content\/uploads\/sites\/4\/2021\/08\/outlife-spannband-25mm-300x300-1.jpg?strip=all&lossy=1&ssl=1\",\"datePublished\":\"2024-11-05T11:56:34+00:00\",\"dateModified\":\"2026-04-17T14:19:40+00:00\",\"breadcrumb\":{\"@id\":\"https:\/\/aktivtuteliv.se\/vasteras\/produkt\/outlife-spannband-35-m\/#breadcrumb\"},\"inLanguage\":\"sv-SE\",\"potentialAction\":[{\"@type\":\"ReadAction\",\"target\":[\"https:\/\/aktivtuteliv.se\/vasteras\/produkt\/outlife-spannband-35-m\/\"]}]},{\"@type\":\"ImageObject\",\"inLanguage\":\"sv-SE\",\"@id\":\"https:\/\/aktivtuteliv.se\/vasteras\/produkt\/outlife-spannband-35-m\/#primaryimage\",\"url\":\"https:\/\/e5gp8rwuod7.exactdn.com\/vasteras\/wp-content\/uploads\/sites\/4\/2021\/08\/outlife-spannband-25mm-300x300-1.jpg?strip=all&lossy=1&ssl=1\",\"contentUrl\":\"https:\/\/e5gp8rwuod7.exactdn.com\/vasteras\/wp-content\/uploads\/sites\/4\/2021\/08\/outlife-spannband-25mm-300x300-1.jpg?strip=all&lossy=1&ssl=1\",\"width\":300,\"height\":300},{\"@type\":\"BreadcrumbList\",\"@id\":\"https:\/\/aktivtuteliv.se\/vasteras\/produkt\/outlife-spannband-35-m\/#breadcrumb\",\"itemListElement\":[{\"@type\":\"ListItem\",\"position\":1,\"name\":\"Home\",\"item\":\"https:\/\/aktivtuteliv.se\/vasteras\/\"},{\"@type\":\"ListItem\",\"position\":2,\"name\":\"Webbutik\",\"item\":\"https:\/\/aktivtuteliv.se\/vasteras\/butik\/\"},{\"@type\":\"ListItem\",\"position\":3,\"name\":\"Outlife Sp\u00e4nnband 3,5 m\"}]},{\"@type\":\"WebSite\",\"@id\":\"https:\/\/aktivtuteliv.se\/vasteras\/#website\",\"url\":\"https:\/\/aktivtuteliv.se\/vasteras\/\",\"name\":\"Aktivt Uteliv Bj\u00f6rn\u00f6g\u00e5rden\",\"description\":\"Ett friluftscenter i V\u00e4ster\u00e5s\",\"publisher\":{\"@id\":\"https:\/\/aktivtuteliv.se\/vasteras\/#organization\"},\"potentialAction\":[{\"@type\":\"SearchAction\",\"target\":{\"@type\":\"EntryPoint\",\"urlTemplate\":\"https:\/\/aktivtuteliv.se\/vasteras\/?s={search_term_string}\"},\"query-input\":\"required name=search_term_string\"}],\"inLanguage\":\"sv-SE\"},{\"@type\":\"Organization\",\"@id\":\"https:\/\/aktivtuteliv.se\/vasteras\/#organization\",\"name\":\"Aktivt Uteliv Bj\u00f6rn\u00f6g\u00e5rden\",\"url\":\"https:\/\/aktivtuteliv.se\/vasteras\/\",\"logo\":{\"@type\":\"ImageObject\",\"inLanguage\":\"sv-SE\",\"@id\":\"https:\/\/aktivtuteliv.se\/vasteras\/#\/schema\/logo\/image\/\",\"url\":\"https:\/\/e5gp8rwuod7.exactdn.com\/vasteras\/wp-content\/uploads\/sites\/4\/2025\/01\/AUB-pms.png?strip=all&lossy=1&ssl=1\",\"contentUrl\":\"https:\/\/e5gp8rwuod7.exactdn.com\/vasteras\/wp-content\/uploads\/sites\/4\/2025\/01\/AUB-pms.png?strip=all&lossy=1&ssl=1\",\"width\":1894,\"height\":1165,\"caption\":\"Aktivt Uteliv Bj\u00f6rn\u00f6g\u00e5rden\"},\"image\":{\"@id\":\"https:\/\/aktivtuteliv.se\/vasteras\/#\/schema\/logo\/image\/\"},\"sameAs\":[\"https:\/\/www.facebook.com\/aktivtutelivbjornogarden\",\"https:\/\/x.com\/aktivtuteliv\",\"https:\/\/www.instagram.com\/aktivtuteliv_bjornogarden\"]}]}<\/script>\n<!-- \/ Yoast SEO plugin. -->","yoast_head_json":{"title":"Outlife Sp\u00e4nnband 3,5 m - V\u00e4ster\u00e5s","robots":{"index":"index","follow":"follow","max-snippet":"max-snippet:-1","max-image-preview":"max-image-preview:large","max-video-preview":"max-video-preview:-1"},"canonical":"https:\/\/aktivtuteliv.se\/vasteras\/produkt\/outlife-spannband-35-m\/","og_locale":"sv_SE","og_type":"article","og_title":"Outlife Sp\u00e4nnband 3,5 m - V\u00e4ster\u00e5s","og_description":"Outlife Sp\u00e4nnband g\u00f6r att du kan sp\u00e4nna fast kajaken p\u00e5 taket p\u00e5 ett s\u00e4kert s\u00e4tt. L\u00e4ngden p\u00e5 3,5 meter \u00e4r tillr\u00e4cklig \u00e4ven f\u00f6r breda kajaker som st\u00e5r p\u00e5 h\u00f6gkant. Sp\u00e4nnet [&hellip;]","og_url":"https:\/\/aktivtuteliv.se\/vasteras\/produkt\/outlife-spannband-35-m\/","og_site_name":"V\u00e4ster\u00e5s","article_publisher":"https:\/\/www.facebook.com\/aktivtutelivbjornogarden","article_modified_time":"2026-04-17T14:19:40+00:00","og_image":[{"width":300,"height":300,"url":"https:\/\/aktivtuteliv.se\/vasteras\/wp-content\/uploads\/sites\/4\/2021\/08\/outlife-spannband-25mm-300x300-1.jpg","type":"image\/jpeg"}],"twitter_card":"summary_large_image","twitter_site":"@aktivtuteliv","twitter_misc":{"Ber\u00e4knad l\u00e4stid":"1 minut"},"schema":{"@context":"https:\/\/schema.org","@graph":[{"@type":"WebPage","@id":"https:\/\/aktivtuteliv.se\/vasteras\/produkt\/outlife-spannband-35-m\/","url":"https:\/\/aktivtuteliv.se\/vasteras\/produkt\/outlife-spannband-35-m\/","name":"Outlife Sp\u00e4nnband 3,5 m - V\u00e4ster\u00e5s","isPartOf":{"@id":"https:\/\/aktivtuteliv.se\/vasteras\/#website"},"primaryImageOfPage":{"@id":"https:\/\/aktivtuteliv.se\/vasteras\/produkt\/outlife-spannband-35-m\/#primaryimage"},"image":{"@id":"https:\/\/aktivtuteliv.se\/vasteras\/produkt\/outlife-spannband-35-m\/#primaryimage"},"thumbnailUrl":"https:\/\/e5gp8rwuod7.exactdn.com\/vasteras\/wp-content\/uploads\/sites\/4\/2021\/08\/outlife-spannband-25mm-300x300-1.jpg?strip=all&lossy=1&ssl=1","datePublished":"2024-11-05T11:56:34+00:00","dateModified":"2026-04-17T14:19:40+00:00","breadcrumb":{"@id":"https:\/\/aktivtuteliv.se\/vasteras\/produkt\/outlife-spannband-35-m\/#breadcrumb"},"inLanguage":"sv-SE","potentialAction":[{"@type":"ReadAction","target":["https:\/\/aktivtuteliv.se\/vasteras\/produkt\/outlife-spannband-35-m\/"]}]},{"@type":"ImageObject","inLanguage":"sv-SE","@id":"https:\/\/aktivtuteliv.se\/vasteras\/produkt\/outlife-spannband-35-m\/#primaryimage","url":"https:\/\/e5gp8rwuod7.exactdn.com\/vasteras\/wp-content\/uploads\/sites\/4\/2021\/08\/outlife-spannband-25mm-300x300-1.jpg?strip=all&lossy=1&ssl=1","contentUrl":"https:\/\/e5gp8rwuod7.exactdn.com\/vasteras\/wp-content\/uploads\/sites\/4\/2021\/08\/outlife-spannband-25mm-300x300-1.jpg?strip=all&lossy=1&ssl=1","width":300,"height":300},{"@type":"BreadcrumbList","@id":"https:\/\/aktivtuteliv.se\/vasteras\/produkt\/outlife-spannband-35-m\/#breadcrumb","itemListElement":[{"@type":"ListItem","position":1,"name":"Home","item":"https:\/\/aktivtuteliv.se\/vasteras\/"},{"@type":"ListItem","position":2,"name":"Webbutik","item":"https:\/\/aktivtuteliv.se\/vasteras\/butik\/"},{"@type":"ListItem","position":3,"name":"Outlife Sp\u00e4nnband 3,5 m"}]},{"@type":"WebSite","@id":"https:\/\/aktivtuteliv.se\/vasteras\/#website","url":"https:\/\/aktivtuteliv.se\/vasteras\/","name":"Aktivt Uteliv Bj\u00f6rn\u00f6g\u00e5rden","description":"Ett friluftscenter i V\u00e4ster\u00e5s","publisher":{"@id":"https:\/\/aktivtuteliv.se\/vasteras\/#organization"},"potentialAction":[{"@type":"SearchAction","target":{"@type":"EntryPoint","urlTemplate":"https:\/\/aktivtuteliv.se\/vasteras\/?s={search_term_string}"},"query-input":"required name=search_term_string"}],"inLanguage":"sv-SE"},{"@type":"Organization","@id":"https:\/\/aktivtuteliv.se\/vasteras\/#organization","name":"Aktivt Uteliv Bj\u00f6rn\u00f6g\u00e5rden","url":"https:\/\/aktivtuteliv.se\/vasteras\/","logo":{"@type":"ImageObject","inLanguage":"sv-SE","@id":"https:\/\/aktivtuteliv.se\/vasteras\/#\/schema\/logo\/image\/","url":"https:\/\/e5gp8rwuod7.exactdn.com\/vasteras\/wp-content\/uploads\/sites\/4\/2025\/01\/AUB-pms.png?strip=all&lossy=1&ssl=1","contentUrl":"https:\/\/e5gp8rwuod7.exactdn.com\/vasteras\/wp-content\/uploads\/sites\/4\/2025\/01\/AUB-pms.png?strip=all&lossy=1&ssl=1","width":1894,"height":1165,"caption":"Aktivt Uteliv Bj\u00f6rn\u00f6g\u00e5rden"},"image":{"@id":"https:\/\/aktivtuteliv.se\/vasteras\/#\/schema\/logo\/image\/"},"sameAs":["https:\/\/www.facebook.com\/aktivtutelivbjornogarden","https:\/\/x.com\/aktivtuteliv","https:\/\/www.instagram.com\/aktivtuteliv_bjornogarden"]}]}},"_links":{"self":[{"href":"https:\/\/aktivtuteliv.se\/vasteras\/wp-json\/wp\/v2\/product\/74400","targetHints":{"allow":["GET"]}}],"collection":[{"href":"https:\/\/aktivtuteliv.se\/vasteras\/wp-json\/wp\/v2\/product"}],"about":[{"href":"https:\/\/aktivtuteliv.se\/vasteras\/wp-json\/wp\/v2\/types\/product"}],"wp:featuredmedia":[{"embeddable":true,"href":"https:\/\/aktivtuteliv.se\/vasteras\/wp-json\/wp\/v2\/media\/61849"}],"wp:attachment":[{"href":"https:\/\/aktivtuteliv.se\/vasteras\/wp-json\/wp\/v2\/media?parent=74400"}],"wp:term":[{"taxonomy":"product_cat","embeddable":true,"href":"https:\/\/aktivtuteliv.se\/vasteras\/wp-json\/wp\/v2\/product_cat?post=74400"},{"taxonomy":"product_tag","embeddable":true,"href":"https:\/\/aktivtuteliv.se\/vasteras\/wp-json\/wp\/v2\/product_tag?post=74400"},{"taxonomy":"er_categories","embeddable":true,"href":"https:\/\/aktivtuteliv.se\/vasteras\/wp-json\/wp\/v2\/er_categories?post=74400"},{"taxonomy":"er_brands","embeddable":true,"href":"https:\/\/aktivtuteliv.se\/vasteras\/wp-json\/wp\/v2\/er_brands?post=74400"},{"taxonomy":"er_seasons","embeddable":true,"href":"https:\/\/aktivtuteliv.se\/vasteras\/wp-json\/wp\/v2\/er_seasons?post=74400"}],"curies":[{"name":"wp","href":"https:\/\/api.w.org\/{rel}","templated":true}]}}