{"id":74797,"date":"2024-11-05T11:58:49","date_gmt":"2024-11-05T11:58:49","guid":{"rendered":"https:\/\/aktivtuteliv.se\/vasteras\/?post_type=product&#038;p=74797"},"modified":"2025-10-18T06:40:46","modified_gmt":"2025-10-18T04:40:46","slug":"ostergotlands-basta-skridskovatten","status":"publish","type":"product","link":"https:\/\/aktivtuteliv.se\/vasteras\/produkt\/ostergotlands-basta-skridskovatten\/","title":{"rendered":"\u00d6sterg\u00f6tlands b\u00e4sta skridskovatten"},"content":{"rendered":"<p>M\u00f6jligheterna till fantastiska skridskoupplevelser \u00e4r n\u00e4stan obegr\u00e4nsade i \u00d6sterg\u00f6tland. H\u00e4r kan du ta ut sv\u00e4ngarna p\u00e5 storsj\u00f6ar som Tisnaren, Sommen eller kristallklara V\u00e4ttern. Du kan glida fram genom svensk industrihistoria p\u00e5 n\u00e5gon av kanalerna eller leta dig ut till avl\u00e4gsna sk\u00e4r i Europas mest finskurna sk\u00e4rg\u00e5rd.<\/p>\n<p>Den stora variationen av skridskovatten g\u00f6r att \u00e5ks\u00e4songen kan str\u00e4cka sig fr\u00e5n november till april. Med andra ord har du b\u00e4sta m\u00f6jliga f\u00f6ruts\u00e4ttningar att lyckas pricka in dina dr\u00f6mturer. Blir det Glotternrundan eller en tur till Jungfrun i vinter?<\/p>\n<p>I boken f\u00e5r du mer \u00e4n 40 f\u00f6rslag p\u00e5 turer, beskrivna i detalj med kartor, information om svaga omr\u00e5den, tips p\u00e5 sev\u00e4rdheter och alternativa f\u00e4rdv\u00e4gar.<\/p>\n<p>Boken \u00e4r skriven av fotografen och f\u00f6rfattaren Fredrik Nereg\u00e5rd som skrivit flera popul\u00e4ra guideb\u00f6cker om bland annat Sarek, Kungsleden och Padjelanta.<\/p>\n","protected":false},"excerpt":{"rendered":"<p>M\u00f6jligheterna till fantastiska skridskoupplevelser \u00e4r n\u00e4stan obegr\u00e4nsade i \u00d6sterg\u00f6tland. H\u00e4r kan du ta ut sv\u00e4ngarna p\u00e5 storsj\u00f6ar som Tisnaren, Sommen eller kristallklara V\u00e4ttern. Du kan glida fram genom svensk industrihistoria [&hellip;]<\/p>\n","protected":false},"featured_media":69501,"template":"","meta":{"_acf_changed":false},"product_cat":[762,991,750],"product_tag":[],"er_categories":[],"er_brands":[],"er_seasons":[],"class_list":{"0":"post-74797","1":"product","2":"type-product","3":"status-publish","4":"has-post-thumbnail","6":"product_cat-friluftsliv","7":"product_cat-kartor-bocker","8":"product_cat-tillbehor","9":"product_shipping_class-normal","10":"pa_marke-calazo","11":"pa_sasong-1279","13":"first","14":"instock","15":"taxable","16":"shipping-taxable","17":"purchasable","18":"product-type-simple"},"acf":[],"yoast_head":"<!-- This site is optimized with the Yoast SEO plugin v23.0 - https:\/\/yoast.com\/wordpress\/plugins\/seo\/ -->\n<title>\u00d6sterg\u00f6tlands b\u00e4sta skridskovatten - V\u00e4ster\u00e5s<\/title>\n<meta name=\"robots\" content=\"index, follow, max-snippet:-1, max-image-preview:large, max-video-preview:-1\" \/>\n<link rel=\"canonical\" href=\"https:\/\/aktivtuteliv.se\/vasteras\/produkt\/ostergotlands-basta-skridskovatten\/\" \/>\n<meta property=\"og:locale\" content=\"sv_SE\" \/>\n<meta property=\"og:type\" content=\"article\" \/>\n<meta property=\"og:title\" content=\"\u00d6sterg\u00f6tlands b\u00e4sta skridskovatten - V\u00e4ster\u00e5s\" \/>\n<meta property=\"og:description\" content=\"M\u00f6jligheterna till fantastiska skridskoupplevelser \u00e4r n\u00e4stan obegr\u00e4nsade i \u00d6sterg\u00f6tland. H\u00e4r kan du ta ut sv\u00e4ngarna p\u00e5 storsj\u00f6ar som Tisnaren, Sommen eller kristallklara V\u00e4ttern. Du kan glida fram genom svensk industrihistoria [&hellip;]\" \/>\n<meta property=\"og:url\" content=\"https:\/\/aktivtuteliv.se\/vasteras\/produkt\/ostergotlands-basta-skridskovatten\/\" \/>\n<meta property=\"og:site_name\" content=\"V\u00e4ster\u00e5s\" \/>\n<meta property=\"article:publisher\" content=\"https:\/\/www.facebook.com\/aktivtutelivbjornogarden\" \/>\n<meta property=\"article:modified_time\" content=\"2025-10-18T04:40:46+00:00\" \/>\n<meta property=\"og:image\" content=\"https:\/\/aktivtuteliv.se\/vasteras\/wp-content\/uploads\/sites\/4\/2023\/11\/bok-ostergotaland.jpg\" \/>\n\t<meta property=\"og:image:width\" content=\"1080\" \/>\n\t<meta property=\"og:image:height\" content=\"1080\" \/>\n\t<meta property=\"og:image:type\" content=\"image\/jpeg\" \/>\n<meta name=\"twitter:card\" content=\"summary_large_image\" \/>\n<meta name=\"twitter:site\" content=\"@aktivtuteliv\" \/>\n<meta name=\"twitter:label1\" content=\"Ber\u00e4knad l\u00e4stid\" \/>\n\t<meta name=\"twitter:data1\" content=\"1 minut\" \/>\n<script type=\"application\/ld+json\" class=\"yoast-schema-graph\">{\"@context\":\"https:\/\/schema.org\",\"@graph\":[{\"@type\":\"WebPage\",\"@id\":\"https:\/\/aktivtuteliv.se\/vasteras\/produkt\/ostergotlands-basta-skridskovatten\/\",\"url\":\"https:\/\/aktivtuteliv.se\/vasteras\/produkt\/ostergotlands-basta-skridskovatten\/\",\"name\":\"\u00d6sterg\u00f6tlands b\u00e4sta skridskovatten - V\u00e4ster\u00e5s\",\"isPartOf\":{\"@id\":\"https:\/\/aktivtuteliv.se\/vasteras\/#website\"},\"primaryImageOfPage\":{\"@id\":\"https:\/\/aktivtuteliv.se\/vasteras\/produkt\/ostergotlands-basta-skridskovatten\/#primaryimage\"},\"image\":{\"@id\":\"https:\/\/aktivtuteliv.se\/vasteras\/produkt\/ostergotlands-basta-skridskovatten\/#primaryimage\"},\"thumbnailUrl\":\"https:\/\/e5gp8rwuod7.exactdn.com\/vasteras\/wp-content\/uploads\/sites\/4\/2023\/11\/bok-ostergotaland.jpg?strip=all&lossy=1&ssl=1\",\"datePublished\":\"2024-11-05T11:58:49+00:00\",\"dateModified\":\"2025-10-18T04:40:46+00:00\",\"breadcrumb\":{\"@id\":\"https:\/\/aktivtuteliv.se\/vasteras\/produkt\/ostergotlands-basta-skridskovatten\/#breadcrumb\"},\"inLanguage\":\"sv-SE\",\"potentialAction\":[{\"@type\":\"ReadAction\",\"target\":[\"https:\/\/aktivtuteliv.se\/vasteras\/produkt\/ostergotlands-basta-skridskovatten\/\"]}]},{\"@type\":\"ImageObject\",\"inLanguage\":\"sv-SE\",\"@id\":\"https:\/\/aktivtuteliv.se\/vasteras\/produkt\/ostergotlands-basta-skridskovatten\/#primaryimage\",\"url\":\"https:\/\/e5gp8rwuod7.exactdn.com\/vasteras\/wp-content\/uploads\/sites\/4\/2023\/11\/bok-ostergotaland.jpg?strip=all&lossy=1&ssl=1\",\"contentUrl\":\"https:\/\/e5gp8rwuod7.exactdn.com\/vasteras\/wp-content\/uploads\/sites\/4\/2023\/11\/bok-ostergotaland.jpg?strip=all&lossy=1&ssl=1\",\"width\":1080,\"height\":1080},{\"@type\":\"BreadcrumbList\",\"@id\":\"https:\/\/aktivtuteliv.se\/vasteras\/produkt\/ostergotlands-basta-skridskovatten\/#breadcrumb\",\"itemListElement\":[{\"@type\":\"ListItem\",\"position\":1,\"name\":\"Home\",\"item\":\"https:\/\/aktivtuteliv.se\/vasteras\/\"},{\"@type\":\"ListItem\",\"position\":2,\"name\":\"Webbutik\",\"item\":\"https:\/\/aktivtuteliv.se\/vasteras\/butik\/\"},{\"@type\":\"ListItem\",\"position\":3,\"name\":\"\u00d6sterg\u00f6tlands b\u00e4sta skridskovatten\"}]},{\"@type\":\"WebSite\",\"@id\":\"https:\/\/aktivtuteliv.se\/vasteras\/#website\",\"url\":\"https:\/\/aktivtuteliv.se\/vasteras\/\",\"name\":\"Aktivt Uteliv Bj\u00f6rn\u00f6g\u00e5rden\",\"description\":\"Ett friluftscenter i V\u00e4ster\u00e5s\",\"publisher\":{\"@id\":\"https:\/\/aktivtuteliv.se\/vasteras\/#organization\"},\"potentialAction\":[{\"@type\":\"SearchAction\",\"target\":{\"@type\":\"EntryPoint\",\"urlTemplate\":\"https:\/\/aktivtuteliv.se\/vasteras\/?s={search_term_string}\"},\"query-input\":\"required name=search_term_string\"}],\"inLanguage\":\"sv-SE\"},{\"@type\":\"Organization\",\"@id\":\"https:\/\/aktivtuteliv.se\/vasteras\/#organization\",\"name\":\"Aktivt Uteliv Bj\u00f6rn\u00f6g\u00e5rden\",\"url\":\"https:\/\/aktivtuteliv.se\/vasteras\/\",\"logo\":{\"@type\":\"ImageObject\",\"inLanguage\":\"sv-SE\",\"@id\":\"https:\/\/aktivtuteliv.se\/vasteras\/#\/schema\/logo\/image\/\",\"url\":\"https:\/\/e5gp8rwuod7.exactdn.com\/vasteras\/wp-content\/uploads\/sites\/4\/2025\/01\/AUB-pms.png?strip=all&lossy=1&ssl=1\",\"contentUrl\":\"https:\/\/e5gp8rwuod7.exactdn.com\/vasteras\/wp-content\/uploads\/sites\/4\/2025\/01\/AUB-pms.png?strip=all&lossy=1&ssl=1\",\"width\":1894,\"height\":1165,\"caption\":\"Aktivt Uteliv Bj\u00f6rn\u00f6g\u00e5rden\"},\"image\":{\"@id\":\"https:\/\/aktivtuteliv.se\/vasteras\/#\/schema\/logo\/image\/\"},\"sameAs\":[\"https:\/\/www.facebook.com\/aktivtutelivbjornogarden\",\"https:\/\/x.com\/aktivtuteliv\",\"https:\/\/www.instagram.com\/aktivtuteliv_bjornogarden\"]}]}<\/script>\n<!-- \/ Yoast SEO plugin. -->","yoast_head_json":{"title":"\u00d6sterg\u00f6tlands b\u00e4sta skridskovatten - V\u00e4ster\u00e5s","robots":{"index":"index","follow":"follow","max-snippet":"max-snippet:-1","max-image-preview":"max-image-preview:large","max-video-preview":"max-video-preview:-1"},"canonical":"https:\/\/aktivtuteliv.se\/vasteras\/produkt\/ostergotlands-basta-skridskovatten\/","og_locale":"sv_SE","og_type":"article","og_title":"\u00d6sterg\u00f6tlands b\u00e4sta skridskovatten - V\u00e4ster\u00e5s","og_description":"M\u00f6jligheterna till fantastiska skridskoupplevelser \u00e4r n\u00e4stan obegr\u00e4nsade i \u00d6sterg\u00f6tland. H\u00e4r kan du ta ut sv\u00e4ngarna p\u00e5 storsj\u00f6ar som Tisnaren, Sommen eller kristallklara V\u00e4ttern. Du kan glida fram genom svensk industrihistoria [&hellip;]","og_url":"https:\/\/aktivtuteliv.se\/vasteras\/produkt\/ostergotlands-basta-skridskovatten\/","og_site_name":"V\u00e4ster\u00e5s","article_publisher":"https:\/\/www.facebook.com\/aktivtutelivbjornogarden","article_modified_time":"2025-10-18T04:40:46+00:00","og_image":[{"width":1080,"height":1080,"url":"https:\/\/aktivtuteliv.se\/vasteras\/wp-content\/uploads\/sites\/4\/2023\/11\/bok-ostergotaland.jpg","type":"image\/jpeg"}],"twitter_card":"summary_large_image","twitter_site":"@aktivtuteliv","twitter_misc":{"Ber\u00e4knad l\u00e4stid":"1 minut"},"schema":{"@context":"https:\/\/schema.org","@graph":[{"@type":"WebPage","@id":"https:\/\/aktivtuteliv.se\/vasteras\/produkt\/ostergotlands-basta-skridskovatten\/","url":"https:\/\/aktivtuteliv.se\/vasteras\/produkt\/ostergotlands-basta-skridskovatten\/","name":"\u00d6sterg\u00f6tlands b\u00e4sta skridskovatten - V\u00e4ster\u00e5s","isPartOf":{"@id":"https:\/\/aktivtuteliv.se\/vasteras\/#website"},"primaryImageOfPage":{"@id":"https:\/\/aktivtuteliv.se\/vasteras\/produkt\/ostergotlands-basta-skridskovatten\/#primaryimage"},"image":{"@id":"https:\/\/aktivtuteliv.se\/vasteras\/produkt\/ostergotlands-basta-skridskovatten\/#primaryimage"},"thumbnailUrl":"https:\/\/e5gp8rwuod7.exactdn.com\/vasteras\/wp-content\/uploads\/sites\/4\/2023\/11\/bok-ostergotaland.jpg?strip=all&lossy=1&ssl=1","datePublished":"2024-11-05T11:58:49+00:00","dateModified":"2025-10-18T04:40:46+00:00","breadcrumb":{"@id":"https:\/\/aktivtuteliv.se\/vasteras\/produkt\/ostergotlands-basta-skridskovatten\/#breadcrumb"},"inLanguage":"sv-SE","potentialAction":[{"@type":"ReadAction","target":["https:\/\/aktivtuteliv.se\/vasteras\/produkt\/ostergotlands-basta-skridskovatten\/"]}]},{"@type":"ImageObject","inLanguage":"sv-SE","@id":"https:\/\/aktivtuteliv.se\/vasteras\/produkt\/ostergotlands-basta-skridskovatten\/#primaryimage","url":"https:\/\/e5gp8rwuod7.exactdn.com\/vasteras\/wp-content\/uploads\/sites\/4\/2023\/11\/bok-ostergotaland.jpg?strip=all&lossy=1&ssl=1","contentUrl":"https:\/\/e5gp8rwuod7.exactdn.com\/vasteras\/wp-content\/uploads\/sites\/4\/2023\/11\/bok-ostergotaland.jpg?strip=all&lossy=1&ssl=1","width":1080,"height":1080},{"@type":"BreadcrumbList","@id":"https:\/\/aktivtuteliv.se\/vasteras\/produkt\/ostergotlands-basta-skridskovatten\/#breadcrumb","itemListElement":[{"@type":"ListItem","position":1,"name":"Home","item":"https:\/\/aktivtuteliv.se\/vasteras\/"},{"@type":"ListItem","position":2,"name":"Webbutik","item":"https:\/\/aktivtuteliv.se\/vasteras\/butik\/"},{"@type":"ListItem","position":3,"name":"\u00d6sterg\u00f6tlands b\u00e4sta skridskovatten"}]},{"@type":"WebSite","@id":"https:\/\/aktivtuteliv.se\/vasteras\/#website","url":"https:\/\/aktivtuteliv.se\/vasteras\/","name":"Aktivt Uteliv Bj\u00f6rn\u00f6g\u00e5rden","description":"Ett friluftscenter i V\u00e4ster\u00e5s","publisher":{"@id":"https:\/\/aktivtuteliv.se\/vasteras\/#organization"},"potentialAction":[{"@type":"SearchAction","target":{"@type":"EntryPoint","urlTemplate":"https:\/\/aktivtuteliv.se\/vasteras\/?s={search_term_string}"},"query-input":"required name=search_term_string"}],"inLanguage":"sv-SE"},{"@type":"Organization","@id":"https:\/\/aktivtuteliv.se\/vasteras\/#organization","name":"Aktivt Uteliv Bj\u00f6rn\u00f6g\u00e5rden","url":"https:\/\/aktivtuteliv.se\/vasteras\/","logo":{"@type":"ImageObject","inLanguage":"sv-SE","@id":"https:\/\/aktivtuteliv.se\/vasteras\/#\/schema\/logo\/image\/","url":"https:\/\/e5gp8rwuod7.exactdn.com\/vasteras\/wp-content\/uploads\/sites\/4\/2025\/01\/AUB-pms.png?strip=all&lossy=1&ssl=1","contentUrl":"https:\/\/e5gp8rwuod7.exactdn.com\/vasteras\/wp-content\/uploads\/sites\/4\/2025\/01\/AUB-pms.png?strip=all&lossy=1&ssl=1","width":1894,"height":1165,"caption":"Aktivt Uteliv Bj\u00f6rn\u00f6g\u00e5rden"},"image":{"@id":"https:\/\/aktivtuteliv.se\/vasteras\/#\/schema\/logo\/image\/"},"sameAs":["https:\/\/www.facebook.com\/aktivtutelivbjornogarden","https:\/\/x.com\/aktivtuteliv","https:\/\/www.instagram.com\/aktivtuteliv_bjornogarden"]}]}},"_links":{"self":[{"href":"https:\/\/aktivtuteliv.se\/vasteras\/wp-json\/wp\/v2\/product\/74797","targetHints":{"allow":["GET"]}}],"collection":[{"href":"https:\/\/aktivtuteliv.se\/vasteras\/wp-json\/wp\/v2\/product"}],"about":[{"href":"https:\/\/aktivtuteliv.se\/vasteras\/wp-json\/wp\/v2\/types\/product"}],"wp:featuredmedia":[{"embeddable":true,"href":"https:\/\/aktivtuteliv.se\/vasteras\/wp-json\/wp\/v2\/media\/69501"}],"wp:attachment":[{"href":"https:\/\/aktivtuteliv.se\/vasteras\/wp-json\/wp\/v2\/media?parent=74797"}],"wp:term":[{"taxonomy":"product_cat","embeddable":true,"href":"https:\/\/aktivtuteliv.se\/vasteras\/wp-json\/wp\/v2\/product_cat?post=74797"},{"taxonomy":"product_tag","embeddable":true,"href":"https:\/\/aktivtuteliv.se\/vasteras\/wp-json\/wp\/v2\/product_tag?post=74797"},{"taxonomy":"er_categories","embeddable":true,"href":"https:\/\/aktivtuteliv.se\/vasteras\/wp-json\/wp\/v2\/er_categories?post=74797"},{"taxonomy":"er_brands","embeddable":true,"href":"https:\/\/aktivtuteliv.se\/vasteras\/wp-json\/wp\/v2\/er_brands?post=74797"},{"taxonomy":"er_seasons","embeddable":true,"href":"https:\/\/aktivtuteliv.se\/vasteras\/wp-json\/wp\/v2\/er_seasons?post=74797"}],"curies":[{"name":"wp","href":"https:\/\/api.w.org\/{rel}","templated":true}]}}