{"id":74810,"date":"2024-11-05T11:58:54","date_gmt":"2024-11-05T11:58:54","guid":{"rendered":"https:\/\/aktivtuteliv.se\/vasteras\/?post_type=product&#038;p=74810"},"modified":"2026-04-20T13:15:41","modified_gmt":"2026-04-20T11:15:41","slug":"prijon-seayak-500","status":"publish","type":"product","link":"https:\/\/aktivtuteliv.se\/vasteras\/produkt\/prijon-seayak-500\/","title":{"rendered":"Prijon Seayak 500"},"content":{"rendered":"<p>Seayak 500 \u00e4r en mycket efterl\u00e4ngtad modell. Den \u00e4r utformad f\u00f6r den mindre paddlaren som s\u00f6ker efter en h\u00f6gpresterande l\u00e5ngf\u00e4rdskajak med lite underh\u00e5ll. Seayak 500 \u00e4r en snabb, stabil och relativt l\u00e4ttman\u00f6vrerad kajak med bra kursstabilitet.<\/p>\n<p>&nbsp;<\/p>\n<p>Som alla Prijons kajakmodeller \u00e4r sitsen vadderad och justerbar, liksom benst\u00f6den. Den g\u00e5r utan bekymmer att packa f\u00f6r en veckotur i sk\u00e4rg\u00e5rden och den st\u00e5r pall f\u00f6r tuffa utmaningar. Kajaken levereras med Prijons Luxus-roder som standard.<\/p>\n<p>&nbsp;<\/p>\n<p>Prijon \u00e4r tyska kajaker k\u00e4nda f\u00f6r sin h\u00e5llbarhet och komfort. Med tysk ingenj\u00f6rskonst och \u00f6ga f\u00f6r detaljer har de sedan starten f\u00f6r 50 \u00e5r sedan tillverkats i Rosenheim i s\u00f6dra Bayern.<\/p>\n<p>&nbsp;<\/p>\n<p>Hyr, testa, k\u00f6p inneb\u00e4r att du kan hyra produkten, testa det under valfri hyresperiod och sedan f\u00e5r du dra av hyran n\u00e4r du k\u00f6per ett ny, motsvarande produkt fr\u00e5n oss.<\/p>\n<p><iframe loading=\"lazy\" title=\"YouTube video player\" src=\"https:\/\/www.youtube.com\/embed\/n-8p4aztUxc\" width=\"560\" height=\"315\" frameborder=\"0\" allowfullscreen=\"allowfullscreen\"><\/iframe><\/p>\n<p><strong>PRIJON SEAYAK 500<\/strong><\/p>\n<p><strong>Optimal f\u00f6r paddlare:<\/strong> 50-70 kg<\/p>\n<p><strong>Lastkapacitet:<\/strong> max 100 kg<\/p>\n<p><strong>L\u00e4ngd:<\/strong> 500 cm<\/p>\n<p><strong>Bredd:<\/strong> 56,5 cm<\/p>\n<p><strong>Vikt:<\/strong> ca 26 kg<\/p>\n<p><strong>Sittbrunn:<\/strong> 86 x 44 kg<\/p>\n<p><strong>Material:<\/strong> bl\u00e5smodulerad plast (HTP)<\/p>\n<p><strong>Packvolym:<\/strong> 36 L + 72 L<\/p>\n<p><strong>F\u00e4rg:<\/strong> lime, r\u00f6d eller gul<\/p>\n<div style=\"display: inline-block; max-width: 100%; background: #ffffff; border-top: 4px solid #005CB9; border-radius: 16px; padding: 30px; margin: 30px 0; box-shadow: 0 6px 18px rgba(0, 92, 185, 0.15);\">\n<p style=\"font-size: 22px; font-weight: bold; margin: 0 0 15px 0; color: #005cb9;\">Fyra anledningar att k\u00f6pa kajak hos oss:<\/p>\n<p style=\"margin: 0 0 10px 0; font-size: 18px; line-height: 1.6; color: #000000;\"><strong style=\"color: #005cb9;\">1.<\/strong> Hos oss kan du alltid testa kajaken innan k\u00f6pet. <a href=\"https:\/\/aktivtuteliv.se\/vasteras\/kajaktest\/\">Boka en provpaddling<\/a> och f\u00e5 personlig hj\u00e4lp att hitta r\u00e4tt modell.<\/p>\n<p style=\"margin: 0 0 10px 0; font-size: 18px; line-height: 1.6; color: #000000;\"><strong style=\"color: #005cb9;\">2.<\/strong> Vi har l\u00e5ng erfarenhet av paddling, SM-medaljer i sprintpaddling och redaktionell bakgrund fr\u00e5n tidningen.<\/p>\n<p style=\"margin: 0 0 10px 0; font-size: 18px; line-height: 1.6; color: #000000;\"><strong style=\"color: #005cb9;\">3.<\/strong> Vi har har \u00f6ppet alla dagar i veckan \u00e5ret runt, vilket g\u00f6r det enkelt f\u00f6r dig att f\u00e5 hj\u00e4lp n\u00e4r det passar dig.<\/p>\n<p style=\"margin: 0; font-size: 18px; line-height: 1.6; color: #000000;\"><strong style=\"color: #005cb9;\">4.<\/strong> Vi har ett brett sortiment av kajaktillbeh\u00f6r och erbjuder 20 % rabatt p\u00e5 all utrustning som du k\u00f6per samtidigt med kajaken.<\/p>\n<\/div>\n","protected":false},"excerpt":{"rendered":"<p>Seayak 500 \u00e4r en mycket efterl\u00e4ngtad modell. Den \u00e4r utformad f\u00f6r den mindre paddlaren som s\u00f6ker efter en h\u00f6gpresterande l\u00e5ngf\u00e4rdskajak med lite underh\u00e5ll. Seayak 500 \u00e4r en snabb, stabil och [&hellip;]<\/p>\n","protected":false},"featured_media":66023,"template":"","meta":{"_acf_changed":false},"product_cat":[754,1074],"product_tag":[],"er_categories":[],"er_brands":[],"er_seasons":[],"class_list":{"0":"post-74810","1":"product","2":"type-product","3":"status-publish","4":"has-post-thumbnail","6":"product_cat-kajak","7":"product_cat-kajaker","8":"product_shipping_class-kajak","9":"pa_marke-prijon","10":"pa_sasong-753","12":"first","13":"instock","14":"sale","15":"taxable","16":"shipping-taxable","17":"purchasable","18":"product-type-variable"},"acf":[],"yoast_head":"<!-- This site is optimized with the Yoast SEO plugin v23.0 - https:\/\/yoast.com\/wordpress\/plugins\/seo\/ -->\n<title>Prijon Seayak 500 - V\u00e4ster\u00e5s<\/title>\n<meta name=\"robots\" content=\"index, follow, max-snippet:-1, max-image-preview:large, max-video-preview:-1\" \/>\n<link rel=\"canonical\" href=\"https:\/\/aktivtuteliv.se\/vasteras\/produkt\/prijon-seayak-500\/\" \/>\n<meta property=\"og:locale\" content=\"sv_SE\" \/>\n<meta property=\"og:type\" content=\"article\" \/>\n<meta property=\"og:title\" content=\"Prijon Seayak 500 - V\u00e4ster\u00e5s\" \/>\n<meta property=\"og:description\" content=\"Seayak 500 \u00e4r en mycket efterl\u00e4ngtad modell. Den \u00e4r utformad f\u00f6r den mindre paddlaren som s\u00f6ker efter en h\u00f6gpresterande l\u00e5ngf\u00e4rdskajak med lite underh\u00e5ll. Seayak 500 \u00e4r en snabb, stabil och [&hellip;]\" \/>\n<meta property=\"og:url\" content=\"https:\/\/aktivtuteliv.se\/vasteras\/produkt\/prijon-seayak-500\/\" \/>\n<meta property=\"og:site_name\" content=\"V\u00e4ster\u00e5s\" \/>\n<meta property=\"article:publisher\" content=\"https:\/\/www.facebook.com\/aktivtutelivbjornogarden\" \/>\n<meta property=\"article:modified_time\" content=\"2026-04-20T11:15:41+00:00\" \/>\n<meta property=\"og:image\" content=\"https:\/\/aktivtuteliv.se\/vasteras\/wp-content\/uploads\/sites\/4\/2022\/05\/Prijon-Seayak-500-rod.jpg\" \/>\n\t<meta property=\"og:image:width\" content=\"1080\" \/>\n\t<meta property=\"og:image:height\" content=\"1080\" \/>\n\t<meta property=\"og:image:type\" content=\"image\/jpeg\" \/>\n<meta name=\"twitter:card\" content=\"summary_large_image\" \/>\n<meta name=\"twitter:site\" content=\"@aktivtuteliv\" \/>\n<meta name=\"twitter:label1\" content=\"Ber\u00e4knad l\u00e4stid\" \/>\n\t<meta name=\"twitter:data1\" content=\"2 minuter\" \/>\n<script type=\"application\/ld+json\" class=\"yoast-schema-graph\">{\"@context\":\"https:\/\/schema.org\",\"@graph\":[{\"@type\":\"WebPage\",\"@id\":\"https:\/\/aktivtuteliv.se\/vasteras\/produkt\/prijon-seayak-500\/\",\"url\":\"https:\/\/aktivtuteliv.se\/vasteras\/produkt\/prijon-seayak-500\/\",\"name\":\"Prijon Seayak 500 - V\u00e4ster\u00e5s\",\"isPartOf\":{\"@id\":\"https:\/\/aktivtuteliv.se\/vasteras\/#website\"},\"primaryImageOfPage\":{\"@id\":\"https:\/\/aktivtuteliv.se\/vasteras\/produkt\/prijon-seayak-500\/#primaryimage\"},\"image\":{\"@id\":\"https:\/\/aktivtuteliv.se\/vasteras\/produkt\/prijon-seayak-500\/#primaryimage\"},\"thumbnailUrl\":\"https:\/\/e5gp8rwuod7.exactdn.com\/vasteras\/wp-content\/uploads\/sites\/4\/2022\/05\/Prijon-Seayak-500-rod.jpg?strip=all&lossy=1&ssl=1\",\"datePublished\":\"2024-11-05T11:58:54+00:00\",\"dateModified\":\"2026-04-20T11:15:41+00:00\",\"breadcrumb\":{\"@id\":\"https:\/\/aktivtuteliv.se\/vasteras\/produkt\/prijon-seayak-500\/#breadcrumb\"},\"inLanguage\":\"sv-SE\",\"potentialAction\":[{\"@type\":\"ReadAction\",\"target\":[\"https:\/\/aktivtuteliv.se\/vasteras\/produkt\/prijon-seayak-500\/\"]}]},{\"@type\":\"ImageObject\",\"inLanguage\":\"sv-SE\",\"@id\":\"https:\/\/aktivtuteliv.se\/vasteras\/produkt\/prijon-seayak-500\/#primaryimage\",\"url\":\"https:\/\/e5gp8rwuod7.exactdn.com\/vasteras\/wp-content\/uploads\/sites\/4\/2022\/05\/Prijon-Seayak-500-rod.jpg?strip=all&lossy=1&ssl=1\",\"contentUrl\":\"https:\/\/e5gp8rwuod7.exactdn.com\/vasteras\/wp-content\/uploads\/sites\/4\/2022\/05\/Prijon-Seayak-500-rod.jpg?strip=all&lossy=1&ssl=1\",\"width\":1080,\"height\":1080,\"caption\":\"Prijon Seayak 500\"},{\"@type\":\"BreadcrumbList\",\"@id\":\"https:\/\/aktivtuteliv.se\/vasteras\/produkt\/prijon-seayak-500\/#breadcrumb\",\"itemListElement\":[{\"@type\":\"ListItem\",\"position\":1,\"name\":\"Home\",\"item\":\"https:\/\/aktivtuteliv.se\/vasteras\/\"},{\"@type\":\"ListItem\",\"position\":2,\"name\":\"Webbutik\",\"item\":\"https:\/\/aktivtuteliv.se\/vasteras\/butik\/\"},{\"@type\":\"ListItem\",\"position\":3,\"name\":\"Prijon Seayak 500\"}]},{\"@type\":\"WebSite\",\"@id\":\"https:\/\/aktivtuteliv.se\/vasteras\/#website\",\"url\":\"https:\/\/aktivtuteliv.se\/vasteras\/\",\"name\":\"Aktivt Uteliv Bj\u00f6rn\u00f6g\u00e5rden\",\"description\":\"Ett friluftscenter i V\u00e4ster\u00e5s\",\"publisher\":{\"@id\":\"https:\/\/aktivtuteliv.se\/vasteras\/#organization\"},\"potentialAction\":[{\"@type\":\"SearchAction\",\"target\":{\"@type\":\"EntryPoint\",\"urlTemplate\":\"https:\/\/aktivtuteliv.se\/vasteras\/?s={search_term_string}\"},\"query-input\":\"required name=search_term_string\"}],\"inLanguage\":\"sv-SE\"},{\"@type\":\"Organization\",\"@id\":\"https:\/\/aktivtuteliv.se\/vasteras\/#organization\",\"name\":\"Aktivt Uteliv Bj\u00f6rn\u00f6g\u00e5rden\",\"url\":\"https:\/\/aktivtuteliv.se\/vasteras\/\",\"logo\":{\"@type\":\"ImageObject\",\"inLanguage\":\"sv-SE\",\"@id\":\"https:\/\/aktivtuteliv.se\/vasteras\/#\/schema\/logo\/image\/\",\"url\":\"https:\/\/e5gp8rwuod7.exactdn.com\/vasteras\/wp-content\/uploads\/sites\/4\/2025\/01\/AUB-pms.png?strip=all&lossy=1&ssl=1\",\"contentUrl\":\"https:\/\/e5gp8rwuod7.exactdn.com\/vasteras\/wp-content\/uploads\/sites\/4\/2025\/01\/AUB-pms.png?strip=all&lossy=1&ssl=1\",\"width\":1894,\"height\":1165,\"caption\":\"Aktivt Uteliv Bj\u00f6rn\u00f6g\u00e5rden\"},\"image\":{\"@id\":\"https:\/\/aktivtuteliv.se\/vasteras\/#\/schema\/logo\/image\/\"},\"sameAs\":[\"https:\/\/www.facebook.com\/aktivtutelivbjornogarden\",\"https:\/\/x.com\/aktivtuteliv\",\"https:\/\/www.instagram.com\/aktivtuteliv_bjornogarden\"]}]}<\/script>\n<!-- \/ Yoast SEO plugin. -->","yoast_head_json":{"title":"Prijon Seayak 500 - V\u00e4ster\u00e5s","robots":{"index":"index","follow":"follow","max-snippet":"max-snippet:-1","max-image-preview":"max-image-preview:large","max-video-preview":"max-video-preview:-1"},"canonical":"https:\/\/aktivtuteliv.se\/vasteras\/produkt\/prijon-seayak-500\/","og_locale":"sv_SE","og_type":"article","og_title":"Prijon Seayak 500 - V\u00e4ster\u00e5s","og_description":"Seayak 500 \u00e4r en mycket efterl\u00e4ngtad modell. Den \u00e4r utformad f\u00f6r den mindre paddlaren som s\u00f6ker efter en h\u00f6gpresterande l\u00e5ngf\u00e4rdskajak med lite underh\u00e5ll. Seayak 500 \u00e4r en snabb, stabil och [&hellip;]","og_url":"https:\/\/aktivtuteliv.se\/vasteras\/produkt\/prijon-seayak-500\/","og_site_name":"V\u00e4ster\u00e5s","article_publisher":"https:\/\/www.facebook.com\/aktivtutelivbjornogarden","article_modified_time":"2026-04-20T11:15:41+00:00","og_image":[{"width":1080,"height":1080,"url":"https:\/\/aktivtuteliv.se\/vasteras\/wp-content\/uploads\/sites\/4\/2022\/05\/Prijon-Seayak-500-rod.jpg","type":"image\/jpeg"}],"twitter_card":"summary_large_image","twitter_site":"@aktivtuteliv","twitter_misc":{"Ber\u00e4knad l\u00e4stid":"2 minuter"},"schema":{"@context":"https:\/\/schema.org","@graph":[{"@type":"WebPage","@id":"https:\/\/aktivtuteliv.se\/vasteras\/produkt\/prijon-seayak-500\/","url":"https:\/\/aktivtuteliv.se\/vasteras\/produkt\/prijon-seayak-500\/","name":"Prijon Seayak 500 - V\u00e4ster\u00e5s","isPartOf":{"@id":"https:\/\/aktivtuteliv.se\/vasteras\/#website"},"primaryImageOfPage":{"@id":"https:\/\/aktivtuteliv.se\/vasteras\/produkt\/prijon-seayak-500\/#primaryimage"},"image":{"@id":"https:\/\/aktivtuteliv.se\/vasteras\/produkt\/prijon-seayak-500\/#primaryimage"},"thumbnailUrl":"https:\/\/e5gp8rwuod7.exactdn.com\/vasteras\/wp-content\/uploads\/sites\/4\/2022\/05\/Prijon-Seayak-500-rod.jpg?strip=all&lossy=1&ssl=1","datePublished":"2024-11-05T11:58:54+00:00","dateModified":"2026-04-20T11:15:41+00:00","breadcrumb":{"@id":"https:\/\/aktivtuteliv.se\/vasteras\/produkt\/prijon-seayak-500\/#breadcrumb"},"inLanguage":"sv-SE","potentialAction":[{"@type":"ReadAction","target":["https:\/\/aktivtuteliv.se\/vasteras\/produkt\/prijon-seayak-500\/"]}]},{"@type":"ImageObject","inLanguage":"sv-SE","@id":"https:\/\/aktivtuteliv.se\/vasteras\/produkt\/prijon-seayak-500\/#primaryimage","url":"https:\/\/e5gp8rwuod7.exactdn.com\/vasteras\/wp-content\/uploads\/sites\/4\/2022\/05\/Prijon-Seayak-500-rod.jpg?strip=all&lossy=1&ssl=1","contentUrl":"https:\/\/e5gp8rwuod7.exactdn.com\/vasteras\/wp-content\/uploads\/sites\/4\/2022\/05\/Prijon-Seayak-500-rod.jpg?strip=all&lossy=1&ssl=1","width":1080,"height":1080,"caption":"Prijon Seayak 500"},{"@type":"BreadcrumbList","@id":"https:\/\/aktivtuteliv.se\/vasteras\/produkt\/prijon-seayak-500\/#breadcrumb","itemListElement":[{"@type":"ListItem","position":1,"name":"Home","item":"https:\/\/aktivtuteliv.se\/vasteras\/"},{"@type":"ListItem","position":2,"name":"Webbutik","item":"https:\/\/aktivtuteliv.se\/vasteras\/butik\/"},{"@type":"ListItem","position":3,"name":"Prijon Seayak 500"}]},{"@type":"WebSite","@id":"https:\/\/aktivtuteliv.se\/vasteras\/#website","url":"https:\/\/aktivtuteliv.se\/vasteras\/","name":"Aktivt Uteliv Bj\u00f6rn\u00f6g\u00e5rden","description":"Ett friluftscenter i V\u00e4ster\u00e5s","publisher":{"@id":"https:\/\/aktivtuteliv.se\/vasteras\/#organization"},"potentialAction":[{"@type":"SearchAction","target":{"@type":"EntryPoint","urlTemplate":"https:\/\/aktivtuteliv.se\/vasteras\/?s={search_term_string}"},"query-input":"required name=search_term_string"}],"inLanguage":"sv-SE"},{"@type":"Organization","@id":"https:\/\/aktivtuteliv.se\/vasteras\/#organization","name":"Aktivt Uteliv Bj\u00f6rn\u00f6g\u00e5rden","url":"https:\/\/aktivtuteliv.se\/vasteras\/","logo":{"@type":"ImageObject","inLanguage":"sv-SE","@id":"https:\/\/aktivtuteliv.se\/vasteras\/#\/schema\/logo\/image\/","url":"https:\/\/e5gp8rwuod7.exactdn.com\/vasteras\/wp-content\/uploads\/sites\/4\/2025\/01\/AUB-pms.png?strip=all&lossy=1&ssl=1","contentUrl":"https:\/\/e5gp8rwuod7.exactdn.com\/vasteras\/wp-content\/uploads\/sites\/4\/2025\/01\/AUB-pms.png?strip=all&lossy=1&ssl=1","width":1894,"height":1165,"caption":"Aktivt Uteliv Bj\u00f6rn\u00f6g\u00e5rden"},"image":{"@id":"https:\/\/aktivtuteliv.se\/vasteras\/#\/schema\/logo\/image\/"},"sameAs":["https:\/\/www.facebook.com\/aktivtutelivbjornogarden","https:\/\/x.com\/aktivtuteliv","https:\/\/www.instagram.com\/aktivtuteliv_bjornogarden"]}]}},"_links":{"self":[{"href":"https:\/\/aktivtuteliv.se\/vasteras\/wp-json\/wp\/v2\/product\/74810","targetHints":{"allow":["GET"]}}],"collection":[{"href":"https:\/\/aktivtuteliv.se\/vasteras\/wp-json\/wp\/v2\/product"}],"about":[{"href":"https:\/\/aktivtuteliv.se\/vasteras\/wp-json\/wp\/v2\/types\/product"}],"wp:featuredmedia":[{"embeddable":true,"href":"https:\/\/aktivtuteliv.se\/vasteras\/wp-json\/wp\/v2\/media\/66023"}],"wp:attachment":[{"href":"https:\/\/aktivtuteliv.se\/vasteras\/wp-json\/wp\/v2\/media?parent=74810"}],"wp:term":[{"taxonomy":"product_cat","embeddable":true,"href":"https:\/\/aktivtuteliv.se\/vasteras\/wp-json\/wp\/v2\/product_cat?post=74810"},{"taxonomy":"product_tag","embeddable":true,"href":"https:\/\/aktivtuteliv.se\/vasteras\/wp-json\/wp\/v2\/product_tag?post=74810"},{"taxonomy":"er_categories","embeddable":true,"href":"https:\/\/aktivtuteliv.se\/vasteras\/wp-json\/wp\/v2\/er_categories?post=74810"},{"taxonomy":"er_brands","embeddable":true,"href":"https:\/\/aktivtuteliv.se\/vasteras\/wp-json\/wp\/v2\/er_brands?post=74810"},{"taxonomy":"er_seasons","embeddable":true,"href":"https:\/\/aktivtuteliv.se\/vasteras\/wp-json\/wp\/v2\/er_seasons?post=74810"}],"curies":[{"name":"wp","href":"https:\/\/api.w.org\/{rel}","templated":true}]}}