{"id":74821,"date":"2024-11-05T11:58:57","date_gmt":"2024-11-05T11:58:57","guid":{"rendered":"https:\/\/aktivtuteliv.se\/vasteras\/?post_type=product&#038;p=74821"},"modified":"2025-10-18T06:42:58","modified_gmt":"2025-10-18T04:42:58","slug":"giro-artex-mips","status":"publish","type":"product","link":"https:\/\/aktivtuteliv.se\/vasteras\/produkt\/giro-artex-mips\/","title":{"rendered":"Giro Artex Mips"},"content":{"rendered":"<p class=\"p1\"><span class=\"s1\">Artex\u2122 MIPS\u00ae \u00e4r en allround hj\u00e4lm f\u00f6r varierande terr\u00e4ng byggd i kraftig In-Mold polycarbonate med d\u00e4mpning av\u00a0EPS skum. Den kombinerar l\u00e5g vikt med god ventilation genom\u00a025\u00a0Wind Tunnel\u2122\u00a0-kanaler och Roc Loc\u00ae 5+ Air Mips passformsystem. Sk\u00e4rmen \u00e4r avtagbar med Quick Link.<\/span><\/p>\n<p>&nbsp;<\/p>\n<p class=\"p1\"><strong>Specifikation<\/strong><br \/>\n&#8211; EPS In-Mold -konstruktion med\u00a0h\u00e5rt skal av Polycarbonat<br \/>\n&#8211; Integrerad\u00a0MIPS\u00ae<br \/>\n\u200b-\u00a025 Wind Tunnel\u2122 Vents &#8211;\u00a0ventilation med interna kanaler<br \/>\n&#8211;\u00a0Avtagbar sk\u00e4rm med Quick Link<br \/>\n&#8211;\u00a0Coolfit\u2122 d\u00e4mpmaterial med behandling som motverkar bakterier<\/p>\n<p>&nbsp;<\/p>\n<p class=\"p1\"><strong>Super Fit\u2122 Sizes<\/strong><br \/>\nS 52\u201355cm<br \/>\nM 55\u201359cm<br \/>\nL 59\u201362cm<br \/>\nXL 62\u201365 cm<\/p>\n<p>&nbsp;<\/p>\n<p class=\"p1\"><strong>Roc Loc\u00ae 5+ Air Mips<\/strong><\/p>\n<p class=\"p1\">Revolutionerande passformsystem som f\u00f6rb\u00e4ttrar kyla, passform och stabilitet. Roc Loc\u00ae 5+ Air Mips anv\u00e4nder en patenterad design som lyfter hj\u00e4lmen en liten bit vilket medger luftfl\u00f6det att passera direkt \u00f6ver huvudet. Det \u00f6kar ventilationsf\u00f6rm\u00e5gan och den inre kanalen ventilerar ut den varma luften fr\u00e5n hj\u00e4lmen. P\u00e5 samma s\u00e4tt som Roc Loc\u00ae 5 s\u00e5 kan sp\u00e4nning och lutning justeras p\u00e5 n\u00e5gra sekunder med enhandsfattning.<\/p>\n<p>&nbsp;<\/p>\n<p><strong>MIPS\u00ae Multi-directional Impact Protection System<\/strong><\/p>\n<p>Hj\u00e4lmen har integrerat\u00a0MIPS\u00ae\u00a0&#8211; Multi-directional Impact Protection System &#8211; som skyddar hj\u00e4rnan mot den rotation som uppst\u00e5r vid en krasch. Rotationsv\u00e5ldet mot hj\u00e4rnan kan orsaka de mest allvarliga hj\u00e4rnskadorna. Med\u00a0MIPS\u00ae\u00a0kan ytterdel och innerdel glida relativt mot varandra, reducera rotationen och motverka skador p\u00e5 huvudet och hj\u00e4rnan. Tester och studier visar att MIPS reducerar kraften avsev\u00e4rt och minskar risken f\u00f6r en allvarlig hj\u00e4rnskada.<\/p>\n<p>&nbsp;<\/p>\n<p>Hj\u00e4lmen ska i regel bytas ut efter en yttre p\u00e5verkan, s\u00e5som en cykelolycka.<\/p>\n","protected":false},"excerpt":{"rendered":"<p>Artex\u2122 MIPS\u00ae \u00e4r en allround hj\u00e4lm f\u00f6r varierande terr\u00e4ng byggd i kraftig In-Mold polycarbonate med d\u00e4mpning av\u00a0EPS skum. Den kombinerar l\u00e5g vikt med god ventilation genom\u00a025\u00a0Wind Tunnel\u2122\u00a0-kanaler och Roc Loc\u00ae [&hellip;]<\/p>\n","protected":false},"featured_media":67535,"template":"","meta":{"_acf_changed":false},"product_cat":[771,1318],"product_tag":[],"er_categories":[],"er_brands":[],"er_seasons":[],"class_list":{"0":"post-74821","1":"product","2":"type-product","3":"status-publish","4":"has-post-thumbnail","6":"product_cat-cykel","7":"product_cat-hjalm-cykel","8":"product_shipping_class-normal","9":"pa_marke-giro","11":"first","12":"instock","13":"taxable","14":"shipping-taxable","15":"purchasable","16":"product-type-variable"},"acf":[],"yoast_head":"<!-- This site is optimized with the Yoast SEO plugin v23.0 - https:\/\/yoast.com\/wordpress\/plugins\/seo\/ -->\n<title>Giro Artex Mips - V\u00e4ster\u00e5s<\/title>\n<meta name=\"robots\" content=\"index, follow, max-snippet:-1, max-image-preview:large, max-video-preview:-1\" \/>\n<link rel=\"canonical\" href=\"https:\/\/aktivtuteliv.se\/vasteras\/produkt\/giro-artex-mips\/\" \/>\n<meta property=\"og:locale\" content=\"sv_SE\" \/>\n<meta property=\"og:type\" content=\"article\" \/>\n<meta property=\"og:title\" content=\"Giro Artex Mips - V\u00e4ster\u00e5s\" \/>\n<meta property=\"og:description\" content=\"Artex\u2122 MIPS\u00ae \u00e4r en allround hj\u00e4lm f\u00f6r varierande terr\u00e4ng byggd i kraftig In-Mold polycarbonate med d\u00e4mpning av\u00a0EPS skum. Den kombinerar l\u00e5g vikt med god ventilation genom\u00a025\u00a0Wind Tunnel\u2122\u00a0-kanaler och Roc Loc\u00ae [&hellip;]\" \/>\n<meta property=\"og:url\" content=\"https:\/\/aktivtuteliv.se\/vasteras\/produkt\/giro-artex-mips\/\" \/>\n<meta property=\"og:site_name\" content=\"V\u00e4ster\u00e5s\" \/>\n<meta property=\"article:publisher\" content=\"https:\/\/www.facebook.com\/aktivtutelivbjornogarden\" \/>\n<meta property=\"article:modified_time\" content=\"2025-10-18T04:42:58+00:00\" \/>\n<meta property=\"og:image\" content=\"https:\/\/aktivtuteliv.se\/vasteras\/wp-content\/uploads\/sites\/4\/2023\/04\/giro-artex-mips-dirt-helmet-matte-white-black-hero.jpg\" \/>\n\t<meta property=\"og:image:width\" content=\"500\" \/>\n\t<meta property=\"og:image:height\" content=\"500\" \/>\n\t<meta property=\"og:image:type\" content=\"image\/jpeg\" \/>\n<meta name=\"twitter:card\" content=\"summary_large_image\" \/>\n<meta name=\"twitter:site\" content=\"@aktivtuteliv\" \/>\n<meta name=\"twitter:label1\" content=\"Ber\u00e4knad l\u00e4stid\" \/>\n\t<meta name=\"twitter:data1\" content=\"1 minut\" \/>\n<script type=\"application\/ld+json\" class=\"yoast-schema-graph\">{\"@context\":\"https:\/\/schema.org\",\"@graph\":[{\"@type\":\"WebPage\",\"@id\":\"https:\/\/aktivtuteliv.se\/vasteras\/produkt\/giro-artex-mips\/\",\"url\":\"https:\/\/aktivtuteliv.se\/vasteras\/produkt\/giro-artex-mips\/\",\"name\":\"Giro Artex Mips - V\u00e4ster\u00e5s\",\"isPartOf\":{\"@id\":\"https:\/\/aktivtuteliv.se\/vasteras\/#website\"},\"primaryImageOfPage\":{\"@id\":\"https:\/\/aktivtuteliv.se\/vasteras\/produkt\/giro-artex-mips\/#primaryimage\"},\"image\":{\"@id\":\"https:\/\/aktivtuteliv.se\/vasteras\/produkt\/giro-artex-mips\/#primaryimage\"},\"thumbnailUrl\":\"https:\/\/e5gp8rwuod7.exactdn.com\/vasteras\/wp-content\/uploads\/sites\/4\/2023\/04\/giro-artex-mips-dirt-helmet-matte-white-black-hero.jpg?strip=all&lossy=1&ssl=1\",\"datePublished\":\"2024-11-05T11:58:57+00:00\",\"dateModified\":\"2025-10-18T04:42:58+00:00\",\"breadcrumb\":{\"@id\":\"https:\/\/aktivtuteliv.se\/vasteras\/produkt\/giro-artex-mips\/#breadcrumb\"},\"inLanguage\":\"sv-SE\",\"potentialAction\":[{\"@type\":\"ReadAction\",\"target\":[\"https:\/\/aktivtuteliv.se\/vasteras\/produkt\/giro-artex-mips\/\"]}]},{\"@type\":\"ImageObject\",\"inLanguage\":\"sv-SE\",\"@id\":\"https:\/\/aktivtuteliv.se\/vasteras\/produkt\/giro-artex-mips\/#primaryimage\",\"url\":\"https:\/\/e5gp8rwuod7.exactdn.com\/vasteras\/wp-content\/uploads\/sites\/4\/2023\/04\/giro-artex-mips-dirt-helmet-matte-white-black-hero.jpg?strip=all&lossy=1&ssl=1\",\"contentUrl\":\"https:\/\/e5gp8rwuod7.exactdn.com\/vasteras\/wp-content\/uploads\/sites\/4\/2023\/04\/giro-artex-mips-dirt-helmet-matte-white-black-hero.jpg?strip=all&lossy=1&ssl=1\",\"width\":500,\"height\":500},{\"@type\":\"BreadcrumbList\",\"@id\":\"https:\/\/aktivtuteliv.se\/vasteras\/produkt\/giro-artex-mips\/#breadcrumb\",\"itemListElement\":[{\"@type\":\"ListItem\",\"position\":1,\"name\":\"Home\",\"item\":\"https:\/\/aktivtuteliv.se\/vasteras\/\"},{\"@type\":\"ListItem\",\"position\":2,\"name\":\"Webbutik\",\"item\":\"https:\/\/aktivtuteliv.se\/vasteras\/butik\/\"},{\"@type\":\"ListItem\",\"position\":3,\"name\":\"Giro Artex Mips\"}]},{\"@type\":\"WebSite\",\"@id\":\"https:\/\/aktivtuteliv.se\/vasteras\/#website\",\"url\":\"https:\/\/aktivtuteliv.se\/vasteras\/\",\"name\":\"Aktivt Uteliv Bj\u00f6rn\u00f6g\u00e5rden\",\"description\":\"Ett friluftscenter i V\u00e4ster\u00e5s\",\"publisher\":{\"@id\":\"https:\/\/aktivtuteliv.se\/vasteras\/#organization\"},\"potentialAction\":[{\"@type\":\"SearchAction\",\"target\":{\"@type\":\"EntryPoint\",\"urlTemplate\":\"https:\/\/aktivtuteliv.se\/vasteras\/?s={search_term_string}\"},\"query-input\":\"required name=search_term_string\"}],\"inLanguage\":\"sv-SE\"},{\"@type\":\"Organization\",\"@id\":\"https:\/\/aktivtuteliv.se\/vasteras\/#organization\",\"name\":\"Aktivt Uteliv Bj\u00f6rn\u00f6g\u00e5rden\",\"url\":\"https:\/\/aktivtuteliv.se\/vasteras\/\",\"logo\":{\"@type\":\"ImageObject\",\"inLanguage\":\"sv-SE\",\"@id\":\"https:\/\/aktivtuteliv.se\/vasteras\/#\/schema\/logo\/image\/\",\"url\":\"https:\/\/e5gp8rwuod7.exactdn.com\/vasteras\/wp-content\/uploads\/sites\/4\/2025\/01\/AUB-pms.png?strip=all&lossy=1&ssl=1\",\"contentUrl\":\"https:\/\/e5gp8rwuod7.exactdn.com\/vasteras\/wp-content\/uploads\/sites\/4\/2025\/01\/AUB-pms.png?strip=all&lossy=1&ssl=1\",\"width\":1894,\"height\":1165,\"caption\":\"Aktivt Uteliv Bj\u00f6rn\u00f6g\u00e5rden\"},\"image\":{\"@id\":\"https:\/\/aktivtuteliv.se\/vasteras\/#\/schema\/logo\/image\/\"},\"sameAs\":[\"https:\/\/www.facebook.com\/aktivtutelivbjornogarden\",\"https:\/\/x.com\/aktivtuteliv\",\"https:\/\/www.instagram.com\/aktivtuteliv_bjornogarden\"]}]}<\/script>\n<!-- \/ Yoast SEO plugin. -->","yoast_head_json":{"title":"Giro Artex Mips - V\u00e4ster\u00e5s","robots":{"index":"index","follow":"follow","max-snippet":"max-snippet:-1","max-image-preview":"max-image-preview:large","max-video-preview":"max-video-preview:-1"},"canonical":"https:\/\/aktivtuteliv.se\/vasteras\/produkt\/giro-artex-mips\/","og_locale":"sv_SE","og_type":"article","og_title":"Giro Artex Mips - V\u00e4ster\u00e5s","og_description":"Artex\u2122 MIPS\u00ae \u00e4r en allround hj\u00e4lm f\u00f6r varierande terr\u00e4ng byggd i kraftig In-Mold polycarbonate med d\u00e4mpning av\u00a0EPS skum. Den kombinerar l\u00e5g vikt med god ventilation genom\u00a025\u00a0Wind Tunnel\u2122\u00a0-kanaler och Roc Loc\u00ae [&hellip;]","og_url":"https:\/\/aktivtuteliv.se\/vasteras\/produkt\/giro-artex-mips\/","og_site_name":"V\u00e4ster\u00e5s","article_publisher":"https:\/\/www.facebook.com\/aktivtutelivbjornogarden","article_modified_time":"2025-10-18T04:42:58+00:00","og_image":[{"width":500,"height":500,"url":"https:\/\/aktivtuteliv.se\/vasteras\/wp-content\/uploads\/sites\/4\/2023\/04\/giro-artex-mips-dirt-helmet-matte-white-black-hero.jpg","type":"image\/jpeg"}],"twitter_card":"summary_large_image","twitter_site":"@aktivtuteliv","twitter_misc":{"Ber\u00e4knad l\u00e4stid":"1 minut"},"schema":{"@context":"https:\/\/schema.org","@graph":[{"@type":"WebPage","@id":"https:\/\/aktivtuteliv.se\/vasteras\/produkt\/giro-artex-mips\/","url":"https:\/\/aktivtuteliv.se\/vasteras\/produkt\/giro-artex-mips\/","name":"Giro Artex Mips - V\u00e4ster\u00e5s","isPartOf":{"@id":"https:\/\/aktivtuteliv.se\/vasteras\/#website"},"primaryImageOfPage":{"@id":"https:\/\/aktivtuteliv.se\/vasteras\/produkt\/giro-artex-mips\/#primaryimage"},"image":{"@id":"https:\/\/aktivtuteliv.se\/vasteras\/produkt\/giro-artex-mips\/#primaryimage"},"thumbnailUrl":"https:\/\/e5gp8rwuod7.exactdn.com\/vasteras\/wp-content\/uploads\/sites\/4\/2023\/04\/giro-artex-mips-dirt-helmet-matte-white-black-hero.jpg?strip=all&lossy=1&ssl=1","datePublished":"2024-11-05T11:58:57+00:00","dateModified":"2025-10-18T04:42:58+00:00","breadcrumb":{"@id":"https:\/\/aktivtuteliv.se\/vasteras\/produkt\/giro-artex-mips\/#breadcrumb"},"inLanguage":"sv-SE","potentialAction":[{"@type":"ReadAction","target":["https:\/\/aktivtuteliv.se\/vasteras\/produkt\/giro-artex-mips\/"]}]},{"@type":"ImageObject","inLanguage":"sv-SE","@id":"https:\/\/aktivtuteliv.se\/vasteras\/produkt\/giro-artex-mips\/#primaryimage","url":"https:\/\/e5gp8rwuod7.exactdn.com\/vasteras\/wp-content\/uploads\/sites\/4\/2023\/04\/giro-artex-mips-dirt-helmet-matte-white-black-hero.jpg?strip=all&lossy=1&ssl=1","contentUrl":"https:\/\/e5gp8rwuod7.exactdn.com\/vasteras\/wp-content\/uploads\/sites\/4\/2023\/04\/giro-artex-mips-dirt-helmet-matte-white-black-hero.jpg?strip=all&lossy=1&ssl=1","width":500,"height":500},{"@type":"BreadcrumbList","@id":"https:\/\/aktivtuteliv.se\/vasteras\/produkt\/giro-artex-mips\/#breadcrumb","itemListElement":[{"@type":"ListItem","position":1,"name":"Home","item":"https:\/\/aktivtuteliv.se\/vasteras\/"},{"@type":"ListItem","position":2,"name":"Webbutik","item":"https:\/\/aktivtuteliv.se\/vasteras\/butik\/"},{"@type":"ListItem","position":3,"name":"Giro Artex Mips"}]},{"@type":"WebSite","@id":"https:\/\/aktivtuteliv.se\/vasteras\/#website","url":"https:\/\/aktivtuteliv.se\/vasteras\/","name":"Aktivt Uteliv Bj\u00f6rn\u00f6g\u00e5rden","description":"Ett friluftscenter i V\u00e4ster\u00e5s","publisher":{"@id":"https:\/\/aktivtuteliv.se\/vasteras\/#organization"},"potentialAction":[{"@type":"SearchAction","target":{"@type":"EntryPoint","urlTemplate":"https:\/\/aktivtuteliv.se\/vasteras\/?s={search_term_string}"},"query-input":"required name=search_term_string"}],"inLanguage":"sv-SE"},{"@type":"Organization","@id":"https:\/\/aktivtuteliv.se\/vasteras\/#organization","name":"Aktivt Uteliv Bj\u00f6rn\u00f6g\u00e5rden","url":"https:\/\/aktivtuteliv.se\/vasteras\/","logo":{"@type":"ImageObject","inLanguage":"sv-SE","@id":"https:\/\/aktivtuteliv.se\/vasteras\/#\/schema\/logo\/image\/","url":"https:\/\/e5gp8rwuod7.exactdn.com\/vasteras\/wp-content\/uploads\/sites\/4\/2025\/01\/AUB-pms.png?strip=all&lossy=1&ssl=1","contentUrl":"https:\/\/e5gp8rwuod7.exactdn.com\/vasteras\/wp-content\/uploads\/sites\/4\/2025\/01\/AUB-pms.png?strip=all&lossy=1&ssl=1","width":1894,"height":1165,"caption":"Aktivt Uteliv Bj\u00f6rn\u00f6g\u00e5rden"},"image":{"@id":"https:\/\/aktivtuteliv.se\/vasteras\/#\/schema\/logo\/image\/"},"sameAs":["https:\/\/www.facebook.com\/aktivtutelivbjornogarden","https:\/\/x.com\/aktivtuteliv","https:\/\/www.instagram.com\/aktivtuteliv_bjornogarden"]}]}},"_links":{"self":[{"href":"https:\/\/aktivtuteliv.se\/vasteras\/wp-json\/wp\/v2\/product\/74821","targetHints":{"allow":["GET"]}}],"collection":[{"href":"https:\/\/aktivtuteliv.se\/vasteras\/wp-json\/wp\/v2\/product"}],"about":[{"href":"https:\/\/aktivtuteliv.se\/vasteras\/wp-json\/wp\/v2\/types\/product"}],"wp:featuredmedia":[{"embeddable":true,"href":"https:\/\/aktivtuteliv.se\/vasteras\/wp-json\/wp\/v2\/media\/67535"}],"wp:attachment":[{"href":"https:\/\/aktivtuteliv.se\/vasteras\/wp-json\/wp\/v2\/media?parent=74821"}],"wp:term":[{"taxonomy":"product_cat","embeddable":true,"href":"https:\/\/aktivtuteliv.se\/vasteras\/wp-json\/wp\/v2\/product_cat?post=74821"},{"taxonomy":"product_tag","embeddable":true,"href":"https:\/\/aktivtuteliv.se\/vasteras\/wp-json\/wp\/v2\/product_tag?post=74821"},{"taxonomy":"er_categories","embeddable":true,"href":"https:\/\/aktivtuteliv.se\/vasteras\/wp-json\/wp\/v2\/er_categories?post=74821"},{"taxonomy":"er_brands","embeddable":true,"href":"https:\/\/aktivtuteliv.se\/vasteras\/wp-json\/wp\/v2\/er_brands?post=74821"},{"taxonomy":"er_seasons","embeddable":true,"href":"https:\/\/aktivtuteliv.se\/vasteras\/wp-json\/wp\/v2\/er_seasons?post=74821"}],"curies":[{"name":"wp","href":"https:\/\/api.w.org\/{rel}","templated":true}]}}