{"id":75165,"date":"2024-11-05T13:00:45","date_gmt":"2024-11-05T12:00:45","guid":{"rendered":"https:\/\/aktivtuteliv.se\/vasteras\/?post_type=product&#038;p=75165"},"modified":"2026-04-20T13:04:19","modified_gmt":"2026-04-20T11:04:19","slug":"design-kayaks-awsome","status":"publish","type":"product","link":"https:\/\/aktivtuteliv.se\/vasteras\/produkt\/design-kayaks-awsome\/","title":{"rendered":"Design Kayaks Awesome"},"content":{"rendered":"<div>Awesome \u00e4r en havskajak som \u00e4r designad f\u00f6r att prestera i v\u00e5gor och surf. Den \u00e4r det sj\u00e4lvklara valet f\u00f6r lekfulla paddlare och instrukt\u00f6rer som beh\u00f6ver en smidig och l\u00e4ttman\u00f6vrerad havskajak. Awesome \u00e4r en f\u00f6rh\u00e5llandevis kort havkajak som ger ultimat kontroll och man\u00f6vrerbarhet i v\u00e5gor och vind. Med en l\u00e4ngd p\u00e5 endast 475 cm och en tydlig rocker \u00e4r den otroligt l\u00e4tt att hantera \u00e4ven under sv\u00e5ra f\u00f6rh\u00e5llanden. Den \u00e4r designad med cutaways som ger utrymme f\u00f6r kraftfulla paddeltag i br\u00e4nningarna. Framd\u00e4cket \u00e4r volumin\u00f6st och rymligt f\u00f6r ge f\u00f6ren god b\u00e4righet \u00f6ver v\u00e5gorna och ge dig gott om r\u00f6relseutrymme n\u00e4r det verkligen kr\u00e4vs.<\/div>\n<p>&nbsp;<\/p>\n<div>&#8211; Ultimat kontroll och extrem styrka f\u00f6r extrema f\u00f6rh\u00e5llanden. Awesome har en 3-lagers sandwich-konstruktion som \u00e4r l\u00e4tt och styv. Det yttersta lagret \u00e4r f\u00f6rst\u00e4rkt f\u00f6r att s\u00e4kerst\u00e4lla extrem styrka f\u00f6r extrema f\u00f6rh\u00e5llanden. Kajaken har en l\u00e4tt och superstark kolfibersits med m\u00f6jlighet att justera ryggst\u00f6det via ett unikt klicksystem, k\u00e4nt fr\u00e5n forspaddling. L\u00e5rst\u00f6den \u00e4r extra breda f\u00f6r att du alltid ska ha b\u00e4sta m\u00f6jliga kontakt med din kajak.<\/div>\n<p>&nbsp;<\/p>\n<div>&#8211; Perfekt f\u00f6r den lekfulla paddlaren och den seri\u00f6sa instrukt\u00f6ren. Med sin platta botten och tydliga, mjukt rundade, slag imponerar Awesome n\u00e4r det g\u00e4ller lekfullhet, man\u00f6vrering eller teknisk paddling. Den svarar imponerande v\u00e4l p\u00e5 kantning och med sitt l\u00e5ga akterd\u00e4ck \u00e4r den en dr\u00f6m att rolla med. Kajaken \u00e4r utrustad med bogser\u00f6gla och en stor oval packlucka baktill, vilket g\u00f6r den perfekt f\u00f6r lite l\u00e4ngre turer i utmanande vatten.<\/div>\n<div style=\"max-width: 100%; margin: 30px 0;\"><\/div>\n<p><iframe loading=\"lazy\" title=\"YouTube video player\" src=\"https:\/\/www.youtube.com\/embed\/H-npNVhijbs?si=FengvOlUbejB_-kn\" width=\"560\" height=\"315\" frameborder=\"0\" allowfullscreen=\"allowfullscreen\"><\/iframe><\/p>\n<p>&nbsp;<\/p>\n<p><strong>Skapa din egen stil p\u00e5 vattnet<\/strong><br \/>\nVem sa att utseende inte spelar roll? Sj\u00e4lvklart spelar det roll! Med ett litet pristill\u00e4gg kan du v\u00e4lja att byta f\u00e4rg p\u00e5 luckor, d\u00e4ckslinor och gummisnoddar f\u00f6r att skapa ett eget unikt utseende p\u00e5 kajaken utifr\u00e5n n\u00e5gon av de sex grundf\u00e4rgerna som sj\u00e4lva kajaken kommer i.<\/p>\n<p>&nbsp;<\/p>\n<p>Om du beh\u00f6ver en extra f\u00f6rvaringsfack p\u00e5 fr\u00e4mre d\u00e4cket kan du f\u00e5 en 3,5 liters Day Box fr\u00e5n KajakSport monterad som tillval. Det \u00e4r ocks\u00e5 m\u00f6jligt att l\u00e4gga till ett r\u00e4ddningssystem med YKK-sp\u00e4nnen f\u00f6r att h\u00e5lla din paddel s\u00e4krad vid sj\u00e4lvr\u00e4ddning. Om det beh\u00f6vs kan vi montera en rostfri l\u00e5sbygel f\u00f6r att g\u00f6ra din nya kajak mindre intressant f\u00f6r potentiella tjuvar.<\/p>\n<p>&nbsp;<\/p>\n<div><\/div>\n<div><strong>Storleksguide<\/strong><\/div>\n<div>Awesome finns i en storlek. Din l\u00e4ngd, vikt och m\u00e5tt runt l\u00e5r och h\u00f6fter \u00e4r det som avg\u00f6r om du sitter bra i Awesome. Som riktm\u00e4rke kan du utg\u00e5 fr\u00e5n f\u00f6ljande rekommendationer:<\/div>\n<div><\/div>\n<div><strong>L\u00e4ngd:<\/strong> fr\u00e5n 175 till 210 cm.<\/div>\n<div><strong>Vikt:<\/strong> fr\u00e5n 70 till 120 kg.<\/div>\n<p>&nbsp;<\/p>\n<div><\/div>\n<div><\/div>\n<div style=\"display: block; max-width: 100%; background: #ffffff; border-top: 4px solid #005CB9; border-radius: 16px; padding: 30px; margin: 30px 0; box-shadow: 0 6px 18px rgba(0, 92, 185, 0.15);\">\n<p style=\"font-size: 22px; font-weight: bold; margin: 0 0 15px 0; color: #005cb9;\">Fyra anledningar att k\u00f6pa kajak hos oss:<\/p>\n<p style=\"margin: 0 0 10px 0; font-size: 18px; line-height: 1.6; color: #000000;\"><strong style=\"color: #005cb9;\">1.<\/strong> Hos oss kan du alltid testa kajaken innan k\u00f6pet. <a href=\"https:\/\/aktivtuteliv.se\/vasteras\/kajaktest\/\">Boka en provpaddling<\/a> och f\u00e5 personlig hj\u00e4lp att hitta r\u00e4tt modell.<\/p>\n<p style=\"margin: 0 0 10px 0; font-size: 18px; line-height: 1.6; color: #000000;\"><strong style=\"color: #005cb9;\">2.<\/strong> Vi har l\u00e5ng erfarenhet av paddling, SM-medaljer i sprintpaddling och redaktionell bakgrund fr\u00e5n tidningen.<\/p>\n<p style=\"margin: 0 0 10px 0; font-size: 18px; line-height: 1.6; color: #000000;\"><strong style=\"color: #005cb9;\">3.<\/strong> Vi har har \u00f6ppet alla dagar i veckan \u00e5ret runt, vilket g\u00f6r det enkelt f\u00f6r dig att f\u00e5 hj\u00e4lp n\u00e4r det passar dig.<\/p>\n<p style=\"margin: 0; font-size: 18px; line-height: 1.6; color: #000000;\"><strong style=\"color: #005cb9;\">4.<\/strong> Vi har ett brett sortiment av kajaktillbeh\u00f6r och erbjuder 20 % rabatt p\u00e5 all utrustning som du k\u00f6per samtidigt med kajaken.<\/p>\n<\/div>\n","protected":false},"excerpt":{"rendered":"<h3><strong>Hyr, testa och k\u00f6p!<\/strong><\/h3>\n<p>Den h\u00e4r modellen finns i v\u00e5r uthyrning vilket g\u00f6r att du kan hyra och testa kajaken innan du k\u00f6per den. Hyran f\u00e5r du sedan dra av n\u00e4r du k\u00f6per en ny, likadan kajak av oss.<\/p>\n<p>&nbsp;<\/p>\n<p>N\u00e4r du k\u00f6per en kajak fr\u00e5n oss f\u00e5r du en\u00a0<strong>grundkurs i havskajak\u00a0<\/strong>p\u00e5 k\u00f6pet,\u00a0<a href=\"https:\/\/aktivtuteliv.se\/vasteras\/event\/grundkurs-i-havskajak\/\">l\u00e4s mer om kursen h\u00e4r<\/a>!<\/p>\n","protected":false},"featured_media":67653,"template":"","meta":{"_acf_changed":false},"product_cat":[754,1074],"product_tag":[],"er_categories":[],"er_brands":[],"er_seasons":[],"class_list":{"0":"post-75165","1":"product","2":"type-product","3":"status-publish","4":"has-post-thumbnail","6":"product_cat-kajak","7":"product_cat-kajaker","8":"product_shipping_class-kajak","9":"pa_marke-design-kayaks","10":"pa_sasong-766","12":"first","13":"instock","14":"taxable","15":"shipping-taxable","16":"purchasable","17":"product-type-variable"},"acf":[],"yoast_head":"<!-- This site is optimized with the Yoast SEO plugin v23.0 - https:\/\/yoast.com\/wordpress\/plugins\/seo\/ -->\n<title>Design Kayaks Awesome - V\u00e4ster\u00e5s<\/title>\n<meta name=\"robots\" content=\"index, follow, max-snippet:-1, max-image-preview:large, max-video-preview:-1\" \/>\n<link rel=\"canonical\" href=\"https:\/\/aktivtuteliv.se\/vasteras\/produkt\/design-kayaks-awsome\/\" \/>\n<meta property=\"og:locale\" content=\"sv_SE\" \/>\n<meta property=\"og:type\" content=\"article\" \/>\n<meta property=\"og:title\" content=\"Design Kayaks Awesome - V\u00e4ster\u00e5s\" \/>\n<meta property=\"og:description\" content=\"Hyr, testa och k\u00f6p! Den h\u00e4r modellen finns i v\u00e5r uthyrning vilket g\u00f6r att du kan hyra och testa kajaken innan du k\u00f6per den. Hyran f\u00e5r du sedan dra av n\u00e4r du k\u00f6per en ny, likadan kajak av oss.  &nbsp;  N\u00e4r du k\u00f6per en kajak fr\u00e5n oss f\u00e5r du en\u00a0grundkurs i havskajak\u00a0p\u00e5 k\u00f6pet,\u00a0l\u00e4s mer om kursen h\u00e4r!\" \/>\n<meta property=\"og:url\" content=\"https:\/\/aktivtuteliv.se\/vasteras\/produkt\/design-kayaks-awsome\/\" \/>\n<meta property=\"og:site_name\" content=\"V\u00e4ster\u00e5s\" \/>\n<meta property=\"article:publisher\" content=\"https:\/\/www.facebook.com\/aktivtutelivbjornogarden\" \/>\n<meta property=\"article:modified_time\" content=\"2026-04-20T11:04:19+00:00\" \/>\n<meta property=\"og:image\" content=\"https:\/\/aktivtuteliv.se\/vasteras\/wp-content\/uploads\/sites\/4\/2023\/05\/aws-top-juicyorange-1000x1000-web-1.jpg\" \/>\n\t<meta property=\"og:image:width\" content=\"1000\" \/>\n\t<meta property=\"og:image:height\" content=\"1000\" \/>\n\t<meta property=\"og:image:type\" content=\"image\/jpeg\" \/>\n<meta name=\"twitter:card\" content=\"summary_large_image\" \/>\n<meta name=\"twitter:site\" content=\"@aktivtuteliv\" \/>\n<meta name=\"twitter:label1\" content=\"Ber\u00e4knad l\u00e4stid\" \/>\n\t<meta name=\"twitter:data1\" content=\"3 minuter\" \/>\n<script type=\"application\/ld+json\" class=\"yoast-schema-graph\">{\"@context\":\"https:\/\/schema.org\",\"@graph\":[{\"@type\":\"WebPage\",\"@id\":\"https:\/\/aktivtuteliv.se\/vasteras\/produkt\/design-kayaks-awsome\/\",\"url\":\"https:\/\/aktivtuteliv.se\/vasteras\/produkt\/design-kayaks-awsome\/\",\"name\":\"Design Kayaks Awesome - V\u00e4ster\u00e5s\",\"isPartOf\":{\"@id\":\"https:\/\/aktivtuteliv.se\/vasteras\/#website\"},\"primaryImageOfPage\":{\"@id\":\"https:\/\/aktivtuteliv.se\/vasteras\/produkt\/design-kayaks-awsome\/#primaryimage\"},\"image\":{\"@id\":\"https:\/\/aktivtuteliv.se\/vasteras\/produkt\/design-kayaks-awsome\/#primaryimage\"},\"thumbnailUrl\":\"https:\/\/e5gp8rwuod7.exactdn.com\/vasteras\/wp-content\/uploads\/sites\/4\/2023\/05\/aws-top-juicyorange-1000x1000-web-1.jpg?strip=all&lossy=1&ssl=1\",\"datePublished\":\"2024-11-05T12:00:45+00:00\",\"dateModified\":\"2026-04-20T11:04:19+00:00\",\"breadcrumb\":{\"@id\":\"https:\/\/aktivtuteliv.se\/vasteras\/produkt\/design-kayaks-awsome\/#breadcrumb\"},\"inLanguage\":\"sv-SE\",\"potentialAction\":[{\"@type\":\"ReadAction\",\"target\":[\"https:\/\/aktivtuteliv.se\/vasteras\/produkt\/design-kayaks-awsome\/\"]}]},{\"@type\":\"ImageObject\",\"inLanguage\":\"sv-SE\",\"@id\":\"https:\/\/aktivtuteliv.se\/vasteras\/produkt\/design-kayaks-awsome\/#primaryimage\",\"url\":\"https:\/\/e5gp8rwuod7.exactdn.com\/vasteras\/wp-content\/uploads\/sites\/4\/2023\/05\/aws-top-juicyorange-1000x1000-web-1.jpg?strip=all&lossy=1&ssl=1\",\"contentUrl\":\"https:\/\/e5gp8rwuod7.exactdn.com\/vasteras\/wp-content\/uploads\/sites\/4\/2023\/05\/aws-top-juicyorange-1000x1000-web-1.jpg?strip=all&lossy=1&ssl=1\",\"width\":1000,\"height\":1000},{\"@type\":\"BreadcrumbList\",\"@id\":\"https:\/\/aktivtuteliv.se\/vasteras\/produkt\/design-kayaks-awsome\/#breadcrumb\",\"itemListElement\":[{\"@type\":\"ListItem\",\"position\":1,\"name\":\"Home\",\"item\":\"https:\/\/aktivtuteliv.se\/vasteras\/\"},{\"@type\":\"ListItem\",\"position\":2,\"name\":\"Webbutik\",\"item\":\"https:\/\/aktivtuteliv.se\/vasteras\/butik\/\"},{\"@type\":\"ListItem\",\"position\":3,\"name\":\"Design Kayaks Awesome\"}]},{\"@type\":\"WebSite\",\"@id\":\"https:\/\/aktivtuteliv.se\/vasteras\/#website\",\"url\":\"https:\/\/aktivtuteliv.se\/vasteras\/\",\"name\":\"Aktivt Uteliv Bj\u00f6rn\u00f6g\u00e5rden\",\"description\":\"Ett friluftscenter i V\u00e4ster\u00e5s\",\"publisher\":{\"@id\":\"https:\/\/aktivtuteliv.se\/vasteras\/#organization\"},\"potentialAction\":[{\"@type\":\"SearchAction\",\"target\":{\"@type\":\"EntryPoint\",\"urlTemplate\":\"https:\/\/aktivtuteliv.se\/vasteras\/?s={search_term_string}\"},\"query-input\":\"required name=search_term_string\"}],\"inLanguage\":\"sv-SE\"},{\"@type\":\"Organization\",\"@id\":\"https:\/\/aktivtuteliv.se\/vasteras\/#organization\",\"name\":\"Aktivt Uteliv Bj\u00f6rn\u00f6g\u00e5rden\",\"url\":\"https:\/\/aktivtuteliv.se\/vasteras\/\",\"logo\":{\"@type\":\"ImageObject\",\"inLanguage\":\"sv-SE\",\"@id\":\"https:\/\/aktivtuteliv.se\/vasteras\/#\/schema\/logo\/image\/\",\"url\":\"https:\/\/e5gp8rwuod7.exactdn.com\/vasteras\/wp-content\/uploads\/sites\/4\/2025\/01\/AUB-pms.png?strip=all&lossy=1&ssl=1\",\"contentUrl\":\"https:\/\/e5gp8rwuod7.exactdn.com\/vasteras\/wp-content\/uploads\/sites\/4\/2025\/01\/AUB-pms.png?strip=all&lossy=1&ssl=1\",\"width\":1894,\"height\":1165,\"caption\":\"Aktivt Uteliv Bj\u00f6rn\u00f6g\u00e5rden\"},\"image\":{\"@id\":\"https:\/\/aktivtuteliv.se\/vasteras\/#\/schema\/logo\/image\/\"},\"sameAs\":[\"https:\/\/www.facebook.com\/aktivtutelivbjornogarden\",\"https:\/\/x.com\/aktivtuteliv\",\"https:\/\/www.instagram.com\/aktivtuteliv_bjornogarden\"]}]}<\/script>\n<!-- \/ Yoast SEO plugin. -->","yoast_head_json":{"title":"Design Kayaks Awesome - V\u00e4ster\u00e5s","robots":{"index":"index","follow":"follow","max-snippet":"max-snippet:-1","max-image-preview":"max-image-preview:large","max-video-preview":"max-video-preview:-1"},"canonical":"https:\/\/aktivtuteliv.se\/vasteras\/produkt\/design-kayaks-awsome\/","og_locale":"sv_SE","og_type":"article","og_title":"Design Kayaks Awesome - V\u00e4ster\u00e5s","og_description":"Hyr, testa och k\u00f6p! Den h\u00e4r modellen finns i v\u00e5r uthyrning vilket g\u00f6r att du kan hyra och testa kajaken innan du k\u00f6per den. Hyran f\u00e5r du sedan dra av n\u00e4r du k\u00f6per en ny, likadan kajak av oss.  &nbsp;  N\u00e4r du k\u00f6per en kajak fr\u00e5n oss f\u00e5r du en\u00a0grundkurs i havskajak\u00a0p\u00e5 k\u00f6pet,\u00a0l\u00e4s mer om kursen h\u00e4r!","og_url":"https:\/\/aktivtuteliv.se\/vasteras\/produkt\/design-kayaks-awsome\/","og_site_name":"V\u00e4ster\u00e5s","article_publisher":"https:\/\/www.facebook.com\/aktivtutelivbjornogarden","article_modified_time":"2026-04-20T11:04:19+00:00","og_image":[{"width":1000,"height":1000,"url":"https:\/\/aktivtuteliv.se\/vasteras\/wp-content\/uploads\/sites\/4\/2023\/05\/aws-top-juicyorange-1000x1000-web-1.jpg","type":"image\/jpeg"}],"twitter_card":"summary_large_image","twitter_site":"@aktivtuteliv","twitter_misc":{"Ber\u00e4knad l\u00e4stid":"3 minuter"},"schema":{"@context":"https:\/\/schema.org","@graph":[{"@type":"WebPage","@id":"https:\/\/aktivtuteliv.se\/vasteras\/produkt\/design-kayaks-awsome\/","url":"https:\/\/aktivtuteliv.se\/vasteras\/produkt\/design-kayaks-awsome\/","name":"Design Kayaks Awesome - V\u00e4ster\u00e5s","isPartOf":{"@id":"https:\/\/aktivtuteliv.se\/vasteras\/#website"},"primaryImageOfPage":{"@id":"https:\/\/aktivtuteliv.se\/vasteras\/produkt\/design-kayaks-awsome\/#primaryimage"},"image":{"@id":"https:\/\/aktivtuteliv.se\/vasteras\/produkt\/design-kayaks-awsome\/#primaryimage"},"thumbnailUrl":"https:\/\/e5gp8rwuod7.exactdn.com\/vasteras\/wp-content\/uploads\/sites\/4\/2023\/05\/aws-top-juicyorange-1000x1000-web-1.jpg?strip=all&lossy=1&ssl=1","datePublished":"2024-11-05T12:00:45+00:00","dateModified":"2026-04-20T11:04:19+00:00","breadcrumb":{"@id":"https:\/\/aktivtuteliv.se\/vasteras\/produkt\/design-kayaks-awsome\/#breadcrumb"},"inLanguage":"sv-SE","potentialAction":[{"@type":"ReadAction","target":["https:\/\/aktivtuteliv.se\/vasteras\/produkt\/design-kayaks-awsome\/"]}]},{"@type":"ImageObject","inLanguage":"sv-SE","@id":"https:\/\/aktivtuteliv.se\/vasteras\/produkt\/design-kayaks-awsome\/#primaryimage","url":"https:\/\/e5gp8rwuod7.exactdn.com\/vasteras\/wp-content\/uploads\/sites\/4\/2023\/05\/aws-top-juicyorange-1000x1000-web-1.jpg?strip=all&lossy=1&ssl=1","contentUrl":"https:\/\/e5gp8rwuod7.exactdn.com\/vasteras\/wp-content\/uploads\/sites\/4\/2023\/05\/aws-top-juicyorange-1000x1000-web-1.jpg?strip=all&lossy=1&ssl=1","width":1000,"height":1000},{"@type":"BreadcrumbList","@id":"https:\/\/aktivtuteliv.se\/vasteras\/produkt\/design-kayaks-awsome\/#breadcrumb","itemListElement":[{"@type":"ListItem","position":1,"name":"Home","item":"https:\/\/aktivtuteliv.se\/vasteras\/"},{"@type":"ListItem","position":2,"name":"Webbutik","item":"https:\/\/aktivtuteliv.se\/vasteras\/butik\/"},{"@type":"ListItem","position":3,"name":"Design Kayaks Awesome"}]},{"@type":"WebSite","@id":"https:\/\/aktivtuteliv.se\/vasteras\/#website","url":"https:\/\/aktivtuteliv.se\/vasteras\/","name":"Aktivt Uteliv Bj\u00f6rn\u00f6g\u00e5rden","description":"Ett friluftscenter i V\u00e4ster\u00e5s","publisher":{"@id":"https:\/\/aktivtuteliv.se\/vasteras\/#organization"},"potentialAction":[{"@type":"SearchAction","target":{"@type":"EntryPoint","urlTemplate":"https:\/\/aktivtuteliv.se\/vasteras\/?s={search_term_string}"},"query-input":"required name=search_term_string"}],"inLanguage":"sv-SE"},{"@type":"Organization","@id":"https:\/\/aktivtuteliv.se\/vasteras\/#organization","name":"Aktivt Uteliv Bj\u00f6rn\u00f6g\u00e5rden","url":"https:\/\/aktivtuteliv.se\/vasteras\/","logo":{"@type":"ImageObject","inLanguage":"sv-SE","@id":"https:\/\/aktivtuteliv.se\/vasteras\/#\/schema\/logo\/image\/","url":"https:\/\/e5gp8rwuod7.exactdn.com\/vasteras\/wp-content\/uploads\/sites\/4\/2025\/01\/AUB-pms.png?strip=all&lossy=1&ssl=1","contentUrl":"https:\/\/e5gp8rwuod7.exactdn.com\/vasteras\/wp-content\/uploads\/sites\/4\/2025\/01\/AUB-pms.png?strip=all&lossy=1&ssl=1","width":1894,"height":1165,"caption":"Aktivt Uteliv Bj\u00f6rn\u00f6g\u00e5rden"},"image":{"@id":"https:\/\/aktivtuteliv.se\/vasteras\/#\/schema\/logo\/image\/"},"sameAs":["https:\/\/www.facebook.com\/aktivtutelivbjornogarden","https:\/\/x.com\/aktivtuteliv","https:\/\/www.instagram.com\/aktivtuteliv_bjornogarden"]}]}},"_links":{"self":[{"href":"https:\/\/aktivtuteliv.se\/vasteras\/wp-json\/wp\/v2\/product\/75165","targetHints":{"allow":["GET"]}}],"collection":[{"href":"https:\/\/aktivtuteliv.se\/vasteras\/wp-json\/wp\/v2\/product"}],"about":[{"href":"https:\/\/aktivtuteliv.se\/vasteras\/wp-json\/wp\/v2\/types\/product"}],"wp:featuredmedia":[{"embeddable":true,"href":"https:\/\/aktivtuteliv.se\/vasteras\/wp-json\/wp\/v2\/media\/67653"}],"wp:attachment":[{"href":"https:\/\/aktivtuteliv.se\/vasteras\/wp-json\/wp\/v2\/media?parent=75165"}],"wp:term":[{"taxonomy":"product_cat","embeddable":true,"href":"https:\/\/aktivtuteliv.se\/vasteras\/wp-json\/wp\/v2\/product_cat?post=75165"},{"taxonomy":"product_tag","embeddable":true,"href":"https:\/\/aktivtuteliv.se\/vasteras\/wp-json\/wp\/v2\/product_tag?post=75165"},{"taxonomy":"er_categories","embeddable":true,"href":"https:\/\/aktivtuteliv.se\/vasteras\/wp-json\/wp\/v2\/er_categories?post=75165"},{"taxonomy":"er_brands","embeddable":true,"href":"https:\/\/aktivtuteliv.se\/vasteras\/wp-json\/wp\/v2\/er_brands?post=75165"},{"taxonomy":"er_seasons","embeddable":true,"href":"https:\/\/aktivtuteliv.se\/vasteras\/wp-json\/wp\/v2\/er_seasons?post=75165"}],"curies":[{"name":"wp","href":"https:\/\/api.w.org\/{rel}","templated":true}]}}