{"id":75168,"date":"2024-11-05T12:00:46","date_gmt":"2024-11-05T12:00:46","guid":{"rendered":"https:\/\/aktivtuteliv.se\/vasteras\/?post_type=product&#038;p=75168"},"modified":"2026-04-28T17:23:56","modified_gmt":"2026-04-28T15:23:56","slug":"design-kayaks-endless","status":"publish","type":"product","link":"https:\/\/aktivtuteliv.se\/vasteras\/produkt\/design-kayaks-endless\/","title":{"rendered":"Design Kayaks Endless"},"content":{"rendered":"<p>Med sin l\u00e5nga och smala design \u00e4r Endless en snabb kajak som \u00e4r perfekt f\u00f6r stora \u00e4ventyr. Endless \u00e4r utformad med en blixtsnabb skrovform och \u00e4r tillverkad i XDPE-plast med en ultrasl\u00e4t yta. Den har l\u00e5gt f\u00f6r- och akterd\u00e4ck vilket g\u00f6r den ok\u00e4nslig f\u00f6r vind och ger den utm\u00e4rkt kursstabilitet. Med en vattenlinje som utg\u00f6r 92% av den totala l\u00e4ngden, tillsammans med en minimal rocker, \u00e4r Endless en av de snabbaste plastkajakerna p\u00e5 marknaden.<\/p>\n<p>&nbsp;<\/p>\n<p>Endless har tv\u00e5 ovala packluckor och gott om f\u00f6rvaringsutrymme vilket g\u00f6r den perfekt f\u00f6r l\u00e4ngre turer. Vi har arbetat h\u00e5rt f\u00f6r att ge dig en kompromissl\u00f6s komfort och en l\u00e4ttman\u00f6vrerad, robust och vacker l\u00e5ngf\u00e4rdskajak till ett \u00f6verkomligt pris.<\/p>\n<p>&nbsp;<\/p>\n<p><iframe loading=\"lazy\" title=\"YouTube video player\" src=\"https:\/\/www.youtube.com\/embed\/b8IUk6VbKio?si=evw3_UubJB9DJMjJ\" width=\"560\" height=\"315\" frameborder=\"0\" allowfullscreen=\"allowfullscreen\"><\/iframe><\/p>\n<p>&nbsp;<\/p>\n<p><strong>Kolfibersits med kompromissl\u00f6s komfort<\/strong><br \/>\nDen ergonomiska kolfibersitsen levereras med fast sittdyna och ett justerbart ryggst\u00f6d som kan anpassas direkt fr\u00e5n sittbrunnen med hj\u00e4lp av det unika klicksystemet. Detta garanterar maximal komfort och m\u00f6jligheten att kontinuerligt justera din sittst\u00e4llning n\u00e4r du tillbringar m\u00e5nga timmar i kajaken. Vi designade l\u00e5rst\u00f6den med inspiration fr\u00e5n forskajaker, vilket ger extra benutrymme trots det l\u00e5ga f\u00f6rd\u00e4cket.<\/p>\n<p>&nbsp;<\/p>\n<p><strong>V\u00e4l genomt\u00e4nkt f\u00f6r- och akterd\u00e4ck<br \/>\n<\/strong>P\u00e5 Endless \u00e4r alla beslag f\u00f6rst\u00e4rkta med glasfiber och f\u00f6rs\u00e4nkta f\u00f6r att klara h\u00e5rd belastning vid r\u00e4ddning p\u00e5 vattnet. Detta minimerar ocks\u00e5 risken f\u00f6r skador p\u00e5 h\u00e4nderna om du sl\u00e5r i f\u00f6rd\u00e4ck n\u00e4r du paddlar. Det l\u00e5ga bakd\u00e4cket g\u00f6r det l\u00e4tt att ta sig upp i kajaken igen och g\u00f6r \u00e4ven Endless till en rolig kajak att rolla med.<\/p>\n<p>&nbsp;<\/p>\n<p>Kanten runt sittbrunnen \u00e4r extra djup f\u00f6r att g\u00f6ra det l\u00e4ttare att s\u00e4tta p\u00e5 sittbrunnskapellet och f\u00f6r att det ska sitta ordentligt p\u00e5 plats. F\u00f6rutom den professionella layouten av linor och gummisnoddar har vi ocks\u00e5 monterat en kula p\u00e5 fr\u00e4mre d\u00e4ckslinan f\u00f6r att det ska vara enkelt och s\u00e4kert att l\u00e4gga ifr\u00e5n sig paddeln n\u00e4r du tar en paus eller g\u00f6r kamratr\u00e4ddning.<\/p>\n<p>&nbsp;<\/p>\n<p><strong>S\u00e4tt ditt personliga pr\u00e4gel p\u00e5 kajaken<\/strong><\/p>\n<p>Vem sa att utseende inte spelar roll? Sj\u00e4lvklart spelar det roll, s\u00e4rskilt eftersom alla grundl\u00e4ggande egenskaper hos kajaken \u00e4r perfekta. Med ett litet pristill\u00e4gg kan du v\u00e4lja att byta f\u00e4rg p\u00e5 luckor, d\u00e4ckslinor och gummisnoddar f\u00f6r att skapa ett eget unikt utseende p\u00e5 kajaken utifr\u00e5n n\u00e5gon av de sex grundf\u00e4rgerna som sj\u00e4lva kajaken kommer i.<\/p>\n<p>&nbsp;<\/p>\n<p>Om du beh\u00f6ver en extra f\u00f6rvaringsfack p\u00e5 fr\u00e4mre d\u00e4cket kan du f\u00e5 en 3,5 liters Day Box fr\u00e5n KajakSport monterad som tillval. Det \u00e4r ocks\u00e5 m\u00f6jligt att l\u00e4gga till ett r\u00e4ddningssystem med YKK-sp\u00e4nnen f\u00f6r att h\u00e5lla din paddel s\u00e4krad vid sj\u00e4lvr\u00e4ddning. F\u00f6r att h\u00e5lla kursen b\u00e4ttre kan du l\u00e4gga till en Silva P70-kompass som \u00e4r monterad precis framf\u00f6r frontluckan. Om det beh\u00f6vs kan vi \u00e4ven montera en l\u00e5sanordning av rostfritt st\u00e5l f\u00f6r att g\u00f6ra din nya kajak mindre intressant f\u00f6r potentiella tjuvar.<\/p>\n<p>&nbsp;<\/p>\n<p><strong>Storleksguide<br \/>\n<\/strong>Kajaken finns i tv\u00e5 storlekar: Regular och Large. Din l\u00e4ngd, vikt och speciellt omkretsen runt dina l\u00e5r och h\u00f6fter avg\u00f6r om du passar i en regular eller large.<\/p>\n<p>&nbsp;<\/p>\n<p><strong>Regular:<\/strong> passar dig som \u00e4r 160-179 cm och v\u00e4ger cirka 55-80 kg.<br \/>\n<strong>Large:<\/strong> passar dig som \u00e4r 180-210 cm och v\u00e4ger cirka 80-110 kg.<br \/>\n(Om du v\u00e4ger mer \u00e4n 110 kg kan du uppleva att sittbrunnen \u00e4r f\u00f6r tr\u00e5ng)<\/p>\n<p>&nbsp;<\/p>\n<p>\u00c4r du os\u00e4ker p\u00e5 vilken storlek du ska v\u00e4lja eller om du vill prova kajaken, tveka inte att skriva till oss eller ringa oss.<\/p>\n<div style=\"display: block; max-width: 100%; background: #ffffff; border-top: 4px solid #005CB9; border-radius: 16px; padding: 30px; margin: 30px 0; box-shadow: 0 6px 18px rgba(0, 92, 185, 0.15);\">\n<p style=\"font-size: 22px; font-weight: bold; margin: 0 0 15px 0; color: #005cb9;\">Fyra anledningar att k\u00f6pa kajak hos oss:<\/p>\n<p style=\"margin: 0 0 10px 0; font-size: 18px; line-height: 1.6; color: #000000;\"><strong style=\"color: #005cb9;\">1.<\/strong> Hos oss kan du alltid testa kajaken innan k\u00f6pet. <a href=\"https:\/\/aktivtuteliv.se\/vasteras\/kajaktest\/\">Boka en provpaddling<\/a> och f\u00e5 personlig hj\u00e4lp att hitta r\u00e4tt modell.<\/p>\n<p style=\"margin: 0 0 10px 0; font-size: 18px; line-height: 1.6; color: #000000;\"><strong style=\"color: #005cb9;\">2.<\/strong> Vi har l\u00e5ng erfarenhet av paddling, SM-medaljer i sprintpaddling och redaktionell bakgrund fr\u00e5n tidningen.<\/p>\n<p style=\"margin: 0 0 10px 0; font-size: 18px; line-height: 1.6; color: #000000;\"><strong style=\"color: #005cb9;\">3.<\/strong> Vi har har \u00f6ppet alla dagar i veckan \u00e5ret runt, vilket g\u00f6r det enkelt f\u00f6r dig att f\u00e5 hj\u00e4lp n\u00e4r det passar dig.<\/p>\n<p style=\"margin: 0; font-size: 18px; line-height: 1.6; color: #000000;\"><strong style=\"color: #005cb9;\">4.<\/strong> Vi har ett brett sortiment av kajaktillbeh\u00f6r och erbjuder 20 % rabatt p\u00e5 all utrustning som du k\u00f6per samtidigt med kajaken.<\/p>\n<\/div>\n","protected":false},"excerpt":{"rendered":"<h3><strong>Hyr, testa och k\u00f6p!<\/strong><\/h3>\n<p>Den h\u00e4r modellen finns i v\u00e5r uthyrning vilket g\u00f6r att du kan hyra och testa kajaken innan du k\u00f6per den. Hyran f\u00e5r du sedan dra av n\u00e4r du k\u00f6per en ny, likadan kajak av oss.<\/p>\n<p>&nbsp;<\/p>\n<p>N\u00e4r du k\u00f6per en kajak fr\u00e5n oss f\u00e5r du en\u00a0<strong>grundkurs i havskajak\u00a0<\/strong>p\u00e5 k\u00f6pet,\u00a0<a href=\"https:\/\/aktivtuteliv.se\/vasteras\/event\/grundkurs-i-havskajak\/\">l\u00e4s mer om kursen h\u00e4r<\/a>!<\/p>\n","protected":false},"featured_media":67631,"template":"","meta":{"_acf_changed":false},"product_cat":[754,1074],"product_tag":[],"er_categories":[],"er_brands":[],"er_seasons":[],"class_list":{"0":"post-75168","1":"product","2":"type-product","3":"status-publish","4":"has-post-thumbnail","6":"product_cat-kajak","7":"product_cat-kajaker","8":"product_shipping_class-kajak","9":"pa_marke-design-kayaks","10":"pa_sasong-766","12":"first","13":"instock","14":"taxable","15":"shipping-taxable","16":"purchasable","17":"product-type-variable"},"acf":[],"yoast_head":"<!-- This site is optimized with the Yoast SEO plugin v23.0 - https:\/\/yoast.com\/wordpress\/plugins\/seo\/ -->\n<title>Design Kayaks Endless - V\u00e4ster\u00e5s<\/title>\n<meta name=\"robots\" content=\"index, follow, max-snippet:-1, max-image-preview:large, max-video-preview:-1\" \/>\n<link rel=\"canonical\" href=\"https:\/\/aktivtuteliv.se\/vasteras\/produkt\/design-kayaks-endless\/\" \/>\n<meta property=\"og:locale\" content=\"sv_SE\" \/>\n<meta property=\"og:type\" content=\"article\" \/>\n<meta property=\"og:title\" content=\"Design Kayaks Endless - V\u00e4ster\u00e5s\" \/>\n<meta property=\"og:description\" content=\"Hyr, testa och k\u00f6p! Den h\u00e4r modellen finns i v\u00e5r uthyrning vilket g\u00f6r att du kan hyra och testa kajaken innan du k\u00f6per den. Hyran f\u00e5r du sedan dra av n\u00e4r du k\u00f6per en ny, likadan kajak av oss.  &nbsp;  N\u00e4r du k\u00f6per en kajak fr\u00e5n oss f\u00e5r du en\u00a0grundkurs i havskajak\u00a0p\u00e5 k\u00f6pet,\u00a0l\u00e4s mer om kursen h\u00e4r!\" \/>\n<meta property=\"og:url\" content=\"https:\/\/aktivtuteliv.se\/vasteras\/produkt\/design-kayaks-endless\/\" \/>\n<meta property=\"og:site_name\" content=\"V\u00e4ster\u00e5s\" \/>\n<meta property=\"article:publisher\" content=\"https:\/\/www.facebook.com\/aktivtutelivbjornogarden\" \/>\n<meta property=\"article:modified_time\" content=\"2026-04-28T15:23:56+00:00\" \/>\n<meta property=\"og:image\" content=\"https:\/\/aktivtuteliv.se\/vasteras\/wp-content\/uploads\/sites\/4\/2023\/05\/end-top-purpledune-1000x1000-web.jpg\" \/>\n\t<meta property=\"og:image:width\" content=\"1000\" \/>\n\t<meta property=\"og:image:height\" content=\"1000\" \/>\n\t<meta property=\"og:image:type\" content=\"image\/jpeg\" \/>\n<meta name=\"twitter:card\" content=\"summary_large_image\" \/>\n<meta name=\"twitter:site\" content=\"@aktivtuteliv\" \/>\n<meta name=\"twitter:label1\" content=\"Ber\u00e4knad l\u00e4stid\" \/>\n\t<meta name=\"twitter:data1\" content=\"4 minuter\" \/>\n<script type=\"application\/ld+json\" class=\"yoast-schema-graph\">{\"@context\":\"https:\/\/schema.org\",\"@graph\":[{\"@type\":\"WebPage\",\"@id\":\"https:\/\/aktivtuteliv.se\/vasteras\/produkt\/design-kayaks-endless\/\",\"url\":\"https:\/\/aktivtuteliv.se\/vasteras\/produkt\/design-kayaks-endless\/\",\"name\":\"Design Kayaks Endless - V\u00e4ster\u00e5s\",\"isPartOf\":{\"@id\":\"https:\/\/aktivtuteliv.se\/vasteras\/#website\"},\"primaryImageOfPage\":{\"@id\":\"https:\/\/aktivtuteliv.se\/vasteras\/produkt\/design-kayaks-endless\/#primaryimage\"},\"image\":{\"@id\":\"https:\/\/aktivtuteliv.se\/vasteras\/produkt\/design-kayaks-endless\/#primaryimage\"},\"thumbnailUrl\":\"https:\/\/e5gp8rwuod7.exactdn.com\/vasteras\/wp-content\/uploads\/sites\/4\/2023\/05\/end-top-purpledune-1000x1000-web.jpg?strip=all&lossy=1&ssl=1\",\"datePublished\":\"2024-11-05T12:00:46+00:00\",\"dateModified\":\"2026-04-28T15:23:56+00:00\",\"breadcrumb\":{\"@id\":\"https:\/\/aktivtuteliv.se\/vasteras\/produkt\/design-kayaks-endless\/#breadcrumb\"},\"inLanguage\":\"sv-SE\",\"potentialAction\":[{\"@type\":\"ReadAction\",\"target\":[\"https:\/\/aktivtuteliv.se\/vasteras\/produkt\/design-kayaks-endless\/\"]}]},{\"@type\":\"ImageObject\",\"inLanguage\":\"sv-SE\",\"@id\":\"https:\/\/aktivtuteliv.se\/vasteras\/produkt\/design-kayaks-endless\/#primaryimage\",\"url\":\"https:\/\/e5gp8rwuod7.exactdn.com\/vasteras\/wp-content\/uploads\/sites\/4\/2023\/05\/end-top-purpledune-1000x1000-web.jpg?strip=all&lossy=1&ssl=1\",\"contentUrl\":\"https:\/\/e5gp8rwuod7.exactdn.com\/vasteras\/wp-content\/uploads\/sites\/4\/2023\/05\/end-top-purpledune-1000x1000-web.jpg?strip=all&lossy=1&ssl=1\",\"width\":1000,\"height\":1000,\"caption\":\"DesignKayaks Endless\"},{\"@type\":\"BreadcrumbList\",\"@id\":\"https:\/\/aktivtuteliv.se\/vasteras\/produkt\/design-kayaks-endless\/#breadcrumb\",\"itemListElement\":[{\"@type\":\"ListItem\",\"position\":1,\"name\":\"Home\",\"item\":\"https:\/\/aktivtuteliv.se\/vasteras\/\"},{\"@type\":\"ListItem\",\"position\":2,\"name\":\"Webbutik\",\"item\":\"https:\/\/aktivtuteliv.se\/vasteras\/butik\/\"},{\"@type\":\"ListItem\",\"position\":3,\"name\":\"Design Kayaks Endless\"}]},{\"@type\":\"WebSite\",\"@id\":\"https:\/\/aktivtuteliv.se\/vasteras\/#website\",\"url\":\"https:\/\/aktivtuteliv.se\/vasteras\/\",\"name\":\"Aktivt Uteliv Bj\u00f6rn\u00f6g\u00e5rden\",\"description\":\"Ett friluftscenter i V\u00e4ster\u00e5s\",\"publisher\":{\"@id\":\"https:\/\/aktivtuteliv.se\/vasteras\/#organization\"},\"potentialAction\":[{\"@type\":\"SearchAction\",\"target\":{\"@type\":\"EntryPoint\",\"urlTemplate\":\"https:\/\/aktivtuteliv.se\/vasteras\/?s={search_term_string}\"},\"query-input\":\"required name=search_term_string\"}],\"inLanguage\":\"sv-SE\"},{\"@type\":\"Organization\",\"@id\":\"https:\/\/aktivtuteliv.se\/vasteras\/#organization\",\"name\":\"Aktivt Uteliv Bj\u00f6rn\u00f6g\u00e5rden\",\"url\":\"https:\/\/aktivtuteliv.se\/vasteras\/\",\"logo\":{\"@type\":\"ImageObject\",\"inLanguage\":\"sv-SE\",\"@id\":\"https:\/\/aktivtuteliv.se\/vasteras\/#\/schema\/logo\/image\/\",\"url\":\"https:\/\/e5gp8rwuod7.exactdn.com\/vasteras\/wp-content\/uploads\/sites\/4\/2025\/01\/AUB-pms.png?strip=all&lossy=1&ssl=1\",\"contentUrl\":\"https:\/\/e5gp8rwuod7.exactdn.com\/vasteras\/wp-content\/uploads\/sites\/4\/2025\/01\/AUB-pms.png?strip=all&lossy=1&ssl=1\",\"width\":1894,\"height\":1165,\"caption\":\"Aktivt Uteliv Bj\u00f6rn\u00f6g\u00e5rden\"},\"image\":{\"@id\":\"https:\/\/aktivtuteliv.se\/vasteras\/#\/schema\/logo\/image\/\"},\"sameAs\":[\"https:\/\/www.facebook.com\/aktivtutelivbjornogarden\",\"https:\/\/x.com\/aktivtuteliv\",\"https:\/\/www.instagram.com\/aktivtuteliv_bjornogarden\"]}]}<\/script>\n<!-- \/ Yoast SEO plugin. -->","yoast_head_json":{"title":"Design Kayaks Endless - V\u00e4ster\u00e5s","robots":{"index":"index","follow":"follow","max-snippet":"max-snippet:-1","max-image-preview":"max-image-preview:large","max-video-preview":"max-video-preview:-1"},"canonical":"https:\/\/aktivtuteliv.se\/vasteras\/produkt\/design-kayaks-endless\/","og_locale":"sv_SE","og_type":"article","og_title":"Design Kayaks Endless - V\u00e4ster\u00e5s","og_description":"Hyr, testa och k\u00f6p! Den h\u00e4r modellen finns i v\u00e5r uthyrning vilket g\u00f6r att du kan hyra och testa kajaken innan du k\u00f6per den. Hyran f\u00e5r du sedan dra av n\u00e4r du k\u00f6per en ny, likadan kajak av oss.  &nbsp;  N\u00e4r du k\u00f6per en kajak fr\u00e5n oss f\u00e5r du en\u00a0grundkurs i havskajak\u00a0p\u00e5 k\u00f6pet,\u00a0l\u00e4s mer om kursen h\u00e4r!","og_url":"https:\/\/aktivtuteliv.se\/vasteras\/produkt\/design-kayaks-endless\/","og_site_name":"V\u00e4ster\u00e5s","article_publisher":"https:\/\/www.facebook.com\/aktivtutelivbjornogarden","article_modified_time":"2026-04-28T15:23:56+00:00","og_image":[{"width":1000,"height":1000,"url":"https:\/\/aktivtuteliv.se\/vasteras\/wp-content\/uploads\/sites\/4\/2023\/05\/end-top-purpledune-1000x1000-web.jpg","type":"image\/jpeg"}],"twitter_card":"summary_large_image","twitter_site":"@aktivtuteliv","twitter_misc":{"Ber\u00e4knad l\u00e4stid":"4 minuter"},"schema":{"@context":"https:\/\/schema.org","@graph":[{"@type":"WebPage","@id":"https:\/\/aktivtuteliv.se\/vasteras\/produkt\/design-kayaks-endless\/","url":"https:\/\/aktivtuteliv.se\/vasteras\/produkt\/design-kayaks-endless\/","name":"Design Kayaks Endless - V\u00e4ster\u00e5s","isPartOf":{"@id":"https:\/\/aktivtuteliv.se\/vasteras\/#website"},"primaryImageOfPage":{"@id":"https:\/\/aktivtuteliv.se\/vasteras\/produkt\/design-kayaks-endless\/#primaryimage"},"image":{"@id":"https:\/\/aktivtuteliv.se\/vasteras\/produkt\/design-kayaks-endless\/#primaryimage"},"thumbnailUrl":"https:\/\/e5gp8rwuod7.exactdn.com\/vasteras\/wp-content\/uploads\/sites\/4\/2023\/05\/end-top-purpledune-1000x1000-web.jpg?strip=all&lossy=1&ssl=1","datePublished":"2024-11-05T12:00:46+00:00","dateModified":"2026-04-28T15:23:56+00:00","breadcrumb":{"@id":"https:\/\/aktivtuteliv.se\/vasteras\/produkt\/design-kayaks-endless\/#breadcrumb"},"inLanguage":"sv-SE","potentialAction":[{"@type":"ReadAction","target":["https:\/\/aktivtuteliv.se\/vasteras\/produkt\/design-kayaks-endless\/"]}]},{"@type":"ImageObject","inLanguage":"sv-SE","@id":"https:\/\/aktivtuteliv.se\/vasteras\/produkt\/design-kayaks-endless\/#primaryimage","url":"https:\/\/e5gp8rwuod7.exactdn.com\/vasteras\/wp-content\/uploads\/sites\/4\/2023\/05\/end-top-purpledune-1000x1000-web.jpg?strip=all&lossy=1&ssl=1","contentUrl":"https:\/\/e5gp8rwuod7.exactdn.com\/vasteras\/wp-content\/uploads\/sites\/4\/2023\/05\/end-top-purpledune-1000x1000-web.jpg?strip=all&lossy=1&ssl=1","width":1000,"height":1000,"caption":"DesignKayaks Endless"},{"@type":"BreadcrumbList","@id":"https:\/\/aktivtuteliv.se\/vasteras\/produkt\/design-kayaks-endless\/#breadcrumb","itemListElement":[{"@type":"ListItem","position":1,"name":"Home","item":"https:\/\/aktivtuteliv.se\/vasteras\/"},{"@type":"ListItem","position":2,"name":"Webbutik","item":"https:\/\/aktivtuteliv.se\/vasteras\/butik\/"},{"@type":"ListItem","position":3,"name":"Design Kayaks Endless"}]},{"@type":"WebSite","@id":"https:\/\/aktivtuteliv.se\/vasteras\/#website","url":"https:\/\/aktivtuteliv.se\/vasteras\/","name":"Aktivt Uteliv Bj\u00f6rn\u00f6g\u00e5rden","description":"Ett friluftscenter i V\u00e4ster\u00e5s","publisher":{"@id":"https:\/\/aktivtuteliv.se\/vasteras\/#organization"},"potentialAction":[{"@type":"SearchAction","target":{"@type":"EntryPoint","urlTemplate":"https:\/\/aktivtuteliv.se\/vasteras\/?s={search_term_string}"},"query-input":"required name=search_term_string"}],"inLanguage":"sv-SE"},{"@type":"Organization","@id":"https:\/\/aktivtuteliv.se\/vasteras\/#organization","name":"Aktivt Uteliv Bj\u00f6rn\u00f6g\u00e5rden","url":"https:\/\/aktivtuteliv.se\/vasteras\/","logo":{"@type":"ImageObject","inLanguage":"sv-SE","@id":"https:\/\/aktivtuteliv.se\/vasteras\/#\/schema\/logo\/image\/","url":"https:\/\/e5gp8rwuod7.exactdn.com\/vasteras\/wp-content\/uploads\/sites\/4\/2025\/01\/AUB-pms.png?strip=all&lossy=1&ssl=1","contentUrl":"https:\/\/e5gp8rwuod7.exactdn.com\/vasteras\/wp-content\/uploads\/sites\/4\/2025\/01\/AUB-pms.png?strip=all&lossy=1&ssl=1","width":1894,"height":1165,"caption":"Aktivt Uteliv Bj\u00f6rn\u00f6g\u00e5rden"},"image":{"@id":"https:\/\/aktivtuteliv.se\/vasteras\/#\/schema\/logo\/image\/"},"sameAs":["https:\/\/www.facebook.com\/aktivtutelivbjornogarden","https:\/\/x.com\/aktivtuteliv","https:\/\/www.instagram.com\/aktivtuteliv_bjornogarden"]}]}},"_links":{"self":[{"href":"https:\/\/aktivtuteliv.se\/vasteras\/wp-json\/wp\/v2\/product\/75168","targetHints":{"allow":["GET"]}}],"collection":[{"href":"https:\/\/aktivtuteliv.se\/vasteras\/wp-json\/wp\/v2\/product"}],"about":[{"href":"https:\/\/aktivtuteliv.se\/vasteras\/wp-json\/wp\/v2\/types\/product"}],"wp:featuredmedia":[{"embeddable":true,"href":"https:\/\/aktivtuteliv.se\/vasteras\/wp-json\/wp\/v2\/media\/67631"}],"wp:attachment":[{"href":"https:\/\/aktivtuteliv.se\/vasteras\/wp-json\/wp\/v2\/media?parent=75168"}],"wp:term":[{"taxonomy":"product_cat","embeddable":true,"href":"https:\/\/aktivtuteliv.se\/vasteras\/wp-json\/wp\/v2\/product_cat?post=75168"},{"taxonomy":"product_tag","embeddable":true,"href":"https:\/\/aktivtuteliv.se\/vasteras\/wp-json\/wp\/v2\/product_tag?post=75168"},{"taxonomy":"er_categories","embeddable":true,"href":"https:\/\/aktivtuteliv.se\/vasteras\/wp-json\/wp\/v2\/er_categories?post=75168"},{"taxonomy":"er_brands","embeddable":true,"href":"https:\/\/aktivtuteliv.se\/vasteras\/wp-json\/wp\/v2\/er_brands?post=75168"},{"taxonomy":"er_seasons","embeddable":true,"href":"https:\/\/aktivtuteliv.se\/vasteras\/wp-json\/wp\/v2\/er_seasons?post=75168"}],"curies":[{"name":"wp","href":"https:\/\/api.w.org\/{rel}","templated":true}]}}