{"id":75278,"date":"2024-11-05T13:01:29","date_gmt":"2024-11-05T12:01:29","guid":{"rendered":"https:\/\/aktivtuteliv.se\/vasteras\/?post_type=product&#038;p=75278"},"modified":"2026-04-20T13:11:23","modified_gmt":"2026-04-20T11:11:23","slug":"design-kayaks-x-carbonology-surfski","status":"publish","type":"product","link":"https:\/\/aktivtuteliv.se\/vasteras\/produkt\/design-kayaks-x-carbonology-surfski\/","title":{"rendered":"Design Kayaks Breez PE Surfski"},"content":{"rendered":"<div>\n<p><strong>Surfski<\/strong><\/p>\n<p>Bland klubbar, skolor och privatpersoner har vi upplevt en \u00f6kande efterfr\u00e5gan p\u00e5 en surfski som riktar sig till nyb\u00f6rjare utan att vara tr\u00e5kig. Och den ska naturligtvis vara robust och h\u00e5llbar. Baserat p\u00e5 Carbonologys Cruze RT har vi skapat en unik ski med alla de v\u00e4lk\u00e4nda funktionerna fr\u00e5n high-end-marknaden. Det b\u00e4sta \u00e4r att den \u00e4r skapad i en helt ny trelagers plastversion.<\/p>\n<p>&nbsp;<\/p>\n<p><strong>DesignKayaks X Carbonology<\/strong><\/p>\n<p>Carbonology Sport har sedan 2006 varit bland de v\u00e4rldsledande p\u00e5 surfski-marknaden. De har levererat b\u00e5tar till ett otal segrar i t\u00e4vlingar v\u00e4rlden \u00f6ver. F\u00f6retaget \u00e4r, likt flera k\u00e4nda surfskibrands, bel\u00e4get i Sydafrika. Carbonology har egen produktion och drivs och leds av tv\u00e5 passionerade elitpaddlare. Samarbetet mellan DesignKayaks och Carbonology \u00e4r f\u00f6rankrat i produktionen av deras plastmodell Cruze RT. DesignKayaks har varit med och f\u00e4rdigutvecklat och optimerat b\u00e5ten p\u00e5 v\u00e5r avancerade plastst\u00f6pmaskin under h\u00f6sten 2022.<\/p>\n<p>&nbsp;<\/p>\n<p><strong>Vad \u00e4r en surfski<\/strong><\/p>\n<p>Surfski \u00e4r en extremt snabb och \u00f6ppen havskajak. Den skapades ursprungligen f\u00f6r &#8221;DownWind&#8221;-surfing p\u00e5 de stora oceanv\u00e5gorna. I l\u00e4nder som Sydafrika, Australien, Hawaii och Portugal, d\u00e4r de r\u00e4tta f\u00f6rh\u00e5llandena finns, har surfskin varit k\u00e4nd och anv\u00e4nd f\u00f6r t\u00e4vlingar sedan 70-talet. I resten av v\u00e4rlden har surfski vunnit mark bland m\u00e5nga roddare de senaste 10 \u00e5ren. Den passar perfekt f\u00f6r dem som vill ha en snabb kajak som samtidigt ocks\u00e5 \u00e4r rolig att anv\u00e4nda p\u00e5 havet \u00e5ret runt.<\/p>\n<p>&nbsp;<\/p>\n<p><strong>En l\u00e4tt surfski i plast<\/strong><\/p>\n<p>De flesta surfski \u00e4r gjorda i glasfiber eller kolfiber, med de f\u00f6rdelar och nackdelar det inneb\u00e4r. Endast ett f\u00e5tal tillverkare erbjuder surfski i plast, och \u00e4nnu f\u00e4rre har kn\u00e4ckt koden f\u00f6r att skapa en l\u00e4tt och styv konstruktion i plast. Just av denna anledning har Carbonology valt DesignKayaks som partner i utvecklingen av Cruze RT som produceras med samma teknologi som v\u00e5ra l\u00e4tta och styva trelagers kajaker. Dessutom ger plastkonstruktionen en robust och h\u00e5llbar surfski, som \u00e4r perfekt f\u00f6r klubbanv\u00e4ndning och uthyrning.<\/p>\n<\/div>\n<p>&nbsp;<\/p>\n<div style=\"display: block; max-width: 100%; background: #ffffff; border-top: 4px solid #005CB9; border-radius: 16px; padding: 30px; margin: 30px 0; box-shadow: 0 6px 18px rgba(0, 92, 185, 0.15);\">\n<p style=\"font-size: 22px; font-weight: bold; margin: 0 0 15px 0; color: #005cb9;\">Fyra anledningar att k\u00f6pa kajak hos oss:<\/p>\n<p style=\"margin: 0 0 10px 0; font-size: 18px; line-height: 1.6; color: #000000;\"><strong style=\"color: #005cb9;\">1.<\/strong> Hos oss kan du alltid testa kajaken innan k\u00f6pet. <a href=\"https:\/\/aktivtuteliv.se\/vasteras\/kajaktest\/\">Boka en provpaddling<\/a> och f\u00e5 personlig hj\u00e4lp att hitta r\u00e4tt modell.<\/p>\n<p style=\"margin: 0 0 10px 0; font-size: 18px; line-height: 1.6; color: #000000;\"><strong style=\"color: #005cb9;\">2.<\/strong> Vi har l\u00e5ng erfarenhet av paddling, SM-medaljer i sprintpaddling och redaktionell bakgrund fr\u00e5n tidningen.<\/p>\n<p style=\"margin: 0 0 10px 0; font-size: 18px; line-height: 1.6; color: #000000;\"><strong style=\"color: #005cb9;\">3.<\/strong> Vi har har \u00f6ppet alla dagar i veckan \u00e5ret runt, vilket g\u00f6r det enkelt f\u00f6r dig att f\u00e5 hj\u00e4lp n\u00e4r det passar dig.<\/p>\n<p style=\"margin: 0; font-size: 18px; line-height: 1.6; color: #000000;\"><strong style=\"color: #005cb9;\">4.<\/strong> Vi har ett brett sortiment av kajaktillbeh\u00f6r och erbjuder 20 % rabatt p\u00e5 all utrustning som du k\u00f6per samtidigt med kajaken.<\/p>\n<\/div>\n","protected":false},"excerpt":{"rendered":"<h3><strong>Hyr, testa och k\u00f6p!<\/strong><\/h3>\n<p>Den h\u00e4r modellen finns i v\u00e5r uthyrning vilket g\u00f6r att du kan hyra och testa kajaken innan du k\u00f6per den. Hyran f\u00e5r du sedan dra av n\u00e4r du k\u00f6per en ny, likadan kajak av oss.<\/p>\n<p>&nbsp;<\/p>\n<p>N\u00e4r du k\u00f6per en kajak fr\u00e5n oss f\u00e5r du en\u00a0<strong>grundkurs i havskajak\u00a0<\/strong>p\u00e5 k\u00f6pet,\u00a0<a href=\"https:\/\/aktivtuteliv.se\/vasteras\/event\/grundkurs-i-havskajak\/\">l\u00e4s mer om kursen h\u00e4r<\/a>!<\/p>\n","protected":false},"featured_media":72430,"template":"","meta":{"_acf_changed":false},"product_cat":[754,1074],"product_tag":[],"er_categories":[],"er_brands":[],"er_seasons":[],"class_list":{"0":"post-75278","1":"product","2":"type-product","3":"status-publish","4":"has-post-thumbnail","6":"product_cat-kajak","7":"product_cat-kajaker","8":"product_shipping_class-kajak","9":"pa_marke-design-kayaks","10":"pa_sasong-766","12":"first","13":"instock","14":"taxable","15":"shipping-taxable","16":"purchasable","17":"product-type-simple"},"acf":[],"yoast_head":"<!-- This site is optimized with the Yoast SEO plugin v23.0 - https:\/\/yoast.com\/wordpress\/plugins\/seo\/ -->\n<title>Design Kayaks Breez PE Surfski - V\u00e4ster\u00e5s<\/title>\n<meta name=\"robots\" content=\"index, follow, max-snippet:-1, max-image-preview:large, max-video-preview:-1\" \/>\n<link rel=\"canonical\" href=\"https:\/\/aktivtuteliv.se\/vasteras\/produkt\/design-kayaks-x-carbonology-surfski\/\" \/>\n<meta property=\"og:locale\" content=\"sv_SE\" \/>\n<meta property=\"og:type\" content=\"article\" \/>\n<meta property=\"og:title\" content=\"Design Kayaks Breez PE Surfski - V\u00e4ster\u00e5s\" \/>\n<meta property=\"og:description\" content=\"Hyr, testa och k\u00f6p! Den h\u00e4r modellen finns i v\u00e5r uthyrning vilket g\u00f6r att du kan hyra och testa kajaken innan du k\u00f6per den. Hyran f\u00e5r du sedan dra av n\u00e4r du k\u00f6per en ny, likadan kajak av oss.  &nbsp;  N\u00e4r du k\u00f6per en kajak fr\u00e5n oss f\u00e5r du en\u00a0grundkurs i havskajak\u00a0p\u00e5 k\u00f6pet,\u00a0l\u00e4s mer om kursen h\u00e4r!\" \/>\n<meta property=\"og:url\" content=\"https:\/\/aktivtuteliv.se\/vasteras\/produkt\/design-kayaks-x-carbonology-surfski\/\" \/>\n<meta property=\"og:site_name\" content=\"V\u00e4ster\u00e5s\" \/>\n<meta property=\"article:publisher\" content=\"https:\/\/www.facebook.com\/aktivtutelivbjornogarden\" \/>\n<meta property=\"article:modified_time\" content=\"2026-04-20T11:11:23+00:00\" \/>\n<meta property=\"og:image\" content=\"https:\/\/aktivtuteliv.se\/vasteras\/wp-content\/uploads\/sites\/4\/2024\/06\/surfski-designkayaks-topview-1000x1000-1-768x768-1.jpg\" \/>\n\t<meta property=\"og:image:width\" content=\"768\" \/>\n\t<meta property=\"og:image:height\" content=\"768\" \/>\n\t<meta property=\"og:image:type\" content=\"image\/jpeg\" \/>\n<meta name=\"twitter:card\" content=\"summary_large_image\" \/>\n<meta name=\"twitter:site\" content=\"@aktivtuteliv\" \/>\n<meta name=\"twitter:label1\" content=\"Ber\u00e4knad l\u00e4stid\" \/>\n\t<meta name=\"twitter:data1\" content=\"3 minuter\" \/>\n<script type=\"application\/ld+json\" class=\"yoast-schema-graph\">{\"@context\":\"https:\/\/schema.org\",\"@graph\":[{\"@type\":\"WebPage\",\"@id\":\"https:\/\/aktivtuteliv.se\/vasteras\/produkt\/design-kayaks-x-carbonology-surfski\/\",\"url\":\"https:\/\/aktivtuteliv.se\/vasteras\/produkt\/design-kayaks-x-carbonology-surfski\/\",\"name\":\"Design Kayaks Breez PE Surfski - V\u00e4ster\u00e5s\",\"isPartOf\":{\"@id\":\"https:\/\/aktivtuteliv.se\/vasteras\/#website\"},\"primaryImageOfPage\":{\"@id\":\"https:\/\/aktivtuteliv.se\/vasteras\/produkt\/design-kayaks-x-carbonology-surfski\/#primaryimage\"},\"image\":{\"@id\":\"https:\/\/aktivtuteliv.se\/vasteras\/produkt\/design-kayaks-x-carbonology-surfski\/#primaryimage\"},\"thumbnailUrl\":\"https:\/\/e5gp8rwuod7.exactdn.com\/vasteras\/wp-content\/uploads\/sites\/4\/2024\/06\/surfski-designkayaks-topview-1000x1000-1-768x768-1.jpg?strip=all&lossy=1&ssl=1\",\"datePublished\":\"2024-11-05T12:01:29+00:00\",\"dateModified\":\"2026-04-20T11:11:23+00:00\",\"breadcrumb\":{\"@id\":\"https:\/\/aktivtuteliv.se\/vasteras\/produkt\/design-kayaks-x-carbonology-surfski\/#breadcrumb\"},\"inLanguage\":\"sv-SE\",\"potentialAction\":[{\"@type\":\"ReadAction\",\"target\":[\"https:\/\/aktivtuteliv.se\/vasteras\/produkt\/design-kayaks-x-carbonology-surfski\/\"]}]},{\"@type\":\"ImageObject\",\"inLanguage\":\"sv-SE\",\"@id\":\"https:\/\/aktivtuteliv.se\/vasteras\/produkt\/design-kayaks-x-carbonology-surfski\/#primaryimage\",\"url\":\"https:\/\/e5gp8rwuod7.exactdn.com\/vasteras\/wp-content\/uploads\/sites\/4\/2024\/06\/surfski-designkayaks-topview-1000x1000-1-768x768-1.jpg?strip=all&lossy=1&ssl=1\",\"contentUrl\":\"https:\/\/e5gp8rwuod7.exactdn.com\/vasteras\/wp-content\/uploads\/sites\/4\/2024\/06\/surfski-designkayaks-topview-1000x1000-1-768x768-1.jpg?strip=all&lossy=1&ssl=1\",\"width\":768,\"height\":768},{\"@type\":\"BreadcrumbList\",\"@id\":\"https:\/\/aktivtuteliv.se\/vasteras\/produkt\/design-kayaks-x-carbonology-surfski\/#breadcrumb\",\"itemListElement\":[{\"@type\":\"ListItem\",\"position\":1,\"name\":\"Home\",\"item\":\"https:\/\/aktivtuteliv.se\/vasteras\/\"},{\"@type\":\"ListItem\",\"position\":2,\"name\":\"Webbutik\",\"item\":\"https:\/\/aktivtuteliv.se\/vasteras\/butik\/\"},{\"@type\":\"ListItem\",\"position\":3,\"name\":\"Design Kayaks Breez PE Surfski\"}]},{\"@type\":\"WebSite\",\"@id\":\"https:\/\/aktivtuteliv.se\/vasteras\/#website\",\"url\":\"https:\/\/aktivtuteliv.se\/vasteras\/\",\"name\":\"Aktivt Uteliv Bj\u00f6rn\u00f6g\u00e5rden\",\"description\":\"Ett friluftscenter i V\u00e4ster\u00e5s\",\"publisher\":{\"@id\":\"https:\/\/aktivtuteliv.se\/vasteras\/#organization\"},\"potentialAction\":[{\"@type\":\"SearchAction\",\"target\":{\"@type\":\"EntryPoint\",\"urlTemplate\":\"https:\/\/aktivtuteliv.se\/vasteras\/?s={search_term_string}\"},\"query-input\":\"required name=search_term_string\"}],\"inLanguage\":\"sv-SE\"},{\"@type\":\"Organization\",\"@id\":\"https:\/\/aktivtuteliv.se\/vasteras\/#organization\",\"name\":\"Aktivt Uteliv Bj\u00f6rn\u00f6g\u00e5rden\",\"url\":\"https:\/\/aktivtuteliv.se\/vasteras\/\",\"logo\":{\"@type\":\"ImageObject\",\"inLanguage\":\"sv-SE\",\"@id\":\"https:\/\/aktivtuteliv.se\/vasteras\/#\/schema\/logo\/image\/\",\"url\":\"https:\/\/e5gp8rwuod7.exactdn.com\/vasteras\/wp-content\/uploads\/sites\/4\/2025\/01\/AUB-pms.png?strip=all&lossy=1&ssl=1\",\"contentUrl\":\"https:\/\/e5gp8rwuod7.exactdn.com\/vasteras\/wp-content\/uploads\/sites\/4\/2025\/01\/AUB-pms.png?strip=all&lossy=1&ssl=1\",\"width\":1894,\"height\":1165,\"caption\":\"Aktivt Uteliv Bj\u00f6rn\u00f6g\u00e5rden\"},\"image\":{\"@id\":\"https:\/\/aktivtuteliv.se\/vasteras\/#\/schema\/logo\/image\/\"},\"sameAs\":[\"https:\/\/www.facebook.com\/aktivtutelivbjornogarden\",\"https:\/\/x.com\/aktivtuteliv\",\"https:\/\/www.instagram.com\/aktivtuteliv_bjornogarden\"]}]}<\/script>\n<!-- \/ Yoast SEO plugin. -->","yoast_head_json":{"title":"Design Kayaks Breez PE Surfski - V\u00e4ster\u00e5s","robots":{"index":"index","follow":"follow","max-snippet":"max-snippet:-1","max-image-preview":"max-image-preview:large","max-video-preview":"max-video-preview:-1"},"canonical":"https:\/\/aktivtuteliv.se\/vasteras\/produkt\/design-kayaks-x-carbonology-surfski\/","og_locale":"sv_SE","og_type":"article","og_title":"Design Kayaks Breez PE Surfski - V\u00e4ster\u00e5s","og_description":"Hyr, testa och k\u00f6p! Den h\u00e4r modellen finns i v\u00e5r uthyrning vilket g\u00f6r att du kan hyra och testa kajaken innan du k\u00f6per den. Hyran f\u00e5r du sedan dra av n\u00e4r du k\u00f6per en ny, likadan kajak av oss.  &nbsp;  N\u00e4r du k\u00f6per en kajak fr\u00e5n oss f\u00e5r du en\u00a0grundkurs i havskajak\u00a0p\u00e5 k\u00f6pet,\u00a0l\u00e4s mer om kursen h\u00e4r!","og_url":"https:\/\/aktivtuteliv.se\/vasteras\/produkt\/design-kayaks-x-carbonology-surfski\/","og_site_name":"V\u00e4ster\u00e5s","article_publisher":"https:\/\/www.facebook.com\/aktivtutelivbjornogarden","article_modified_time":"2026-04-20T11:11:23+00:00","og_image":[{"width":768,"height":768,"url":"https:\/\/aktivtuteliv.se\/vasteras\/wp-content\/uploads\/sites\/4\/2024\/06\/surfski-designkayaks-topview-1000x1000-1-768x768-1.jpg","type":"image\/jpeg"}],"twitter_card":"summary_large_image","twitter_site":"@aktivtuteliv","twitter_misc":{"Ber\u00e4knad l\u00e4stid":"3 minuter"},"schema":{"@context":"https:\/\/schema.org","@graph":[{"@type":"WebPage","@id":"https:\/\/aktivtuteliv.se\/vasteras\/produkt\/design-kayaks-x-carbonology-surfski\/","url":"https:\/\/aktivtuteliv.se\/vasteras\/produkt\/design-kayaks-x-carbonology-surfski\/","name":"Design Kayaks Breez PE Surfski - V\u00e4ster\u00e5s","isPartOf":{"@id":"https:\/\/aktivtuteliv.se\/vasteras\/#website"},"primaryImageOfPage":{"@id":"https:\/\/aktivtuteliv.se\/vasteras\/produkt\/design-kayaks-x-carbonology-surfski\/#primaryimage"},"image":{"@id":"https:\/\/aktivtuteliv.se\/vasteras\/produkt\/design-kayaks-x-carbonology-surfski\/#primaryimage"},"thumbnailUrl":"https:\/\/e5gp8rwuod7.exactdn.com\/vasteras\/wp-content\/uploads\/sites\/4\/2024\/06\/surfski-designkayaks-topview-1000x1000-1-768x768-1.jpg?strip=all&lossy=1&ssl=1","datePublished":"2024-11-05T12:01:29+00:00","dateModified":"2026-04-20T11:11:23+00:00","breadcrumb":{"@id":"https:\/\/aktivtuteliv.se\/vasteras\/produkt\/design-kayaks-x-carbonology-surfski\/#breadcrumb"},"inLanguage":"sv-SE","potentialAction":[{"@type":"ReadAction","target":["https:\/\/aktivtuteliv.se\/vasteras\/produkt\/design-kayaks-x-carbonology-surfski\/"]}]},{"@type":"ImageObject","inLanguage":"sv-SE","@id":"https:\/\/aktivtuteliv.se\/vasteras\/produkt\/design-kayaks-x-carbonology-surfski\/#primaryimage","url":"https:\/\/e5gp8rwuod7.exactdn.com\/vasteras\/wp-content\/uploads\/sites\/4\/2024\/06\/surfski-designkayaks-topview-1000x1000-1-768x768-1.jpg?strip=all&lossy=1&ssl=1","contentUrl":"https:\/\/e5gp8rwuod7.exactdn.com\/vasteras\/wp-content\/uploads\/sites\/4\/2024\/06\/surfski-designkayaks-topview-1000x1000-1-768x768-1.jpg?strip=all&lossy=1&ssl=1","width":768,"height":768},{"@type":"BreadcrumbList","@id":"https:\/\/aktivtuteliv.se\/vasteras\/produkt\/design-kayaks-x-carbonology-surfski\/#breadcrumb","itemListElement":[{"@type":"ListItem","position":1,"name":"Home","item":"https:\/\/aktivtuteliv.se\/vasteras\/"},{"@type":"ListItem","position":2,"name":"Webbutik","item":"https:\/\/aktivtuteliv.se\/vasteras\/butik\/"},{"@type":"ListItem","position":3,"name":"Design Kayaks Breez PE Surfski"}]},{"@type":"WebSite","@id":"https:\/\/aktivtuteliv.se\/vasteras\/#website","url":"https:\/\/aktivtuteliv.se\/vasteras\/","name":"Aktivt Uteliv Bj\u00f6rn\u00f6g\u00e5rden","description":"Ett friluftscenter i V\u00e4ster\u00e5s","publisher":{"@id":"https:\/\/aktivtuteliv.se\/vasteras\/#organization"},"potentialAction":[{"@type":"SearchAction","target":{"@type":"EntryPoint","urlTemplate":"https:\/\/aktivtuteliv.se\/vasteras\/?s={search_term_string}"},"query-input":"required name=search_term_string"}],"inLanguage":"sv-SE"},{"@type":"Organization","@id":"https:\/\/aktivtuteliv.se\/vasteras\/#organization","name":"Aktivt Uteliv Bj\u00f6rn\u00f6g\u00e5rden","url":"https:\/\/aktivtuteliv.se\/vasteras\/","logo":{"@type":"ImageObject","inLanguage":"sv-SE","@id":"https:\/\/aktivtuteliv.se\/vasteras\/#\/schema\/logo\/image\/","url":"https:\/\/e5gp8rwuod7.exactdn.com\/vasteras\/wp-content\/uploads\/sites\/4\/2025\/01\/AUB-pms.png?strip=all&lossy=1&ssl=1","contentUrl":"https:\/\/e5gp8rwuod7.exactdn.com\/vasteras\/wp-content\/uploads\/sites\/4\/2025\/01\/AUB-pms.png?strip=all&lossy=1&ssl=1","width":1894,"height":1165,"caption":"Aktivt Uteliv Bj\u00f6rn\u00f6g\u00e5rden"},"image":{"@id":"https:\/\/aktivtuteliv.se\/vasteras\/#\/schema\/logo\/image\/"},"sameAs":["https:\/\/www.facebook.com\/aktivtutelivbjornogarden","https:\/\/x.com\/aktivtuteliv","https:\/\/www.instagram.com\/aktivtuteliv_bjornogarden"]}]}},"_links":{"self":[{"href":"https:\/\/aktivtuteliv.se\/vasteras\/wp-json\/wp\/v2\/product\/75278","targetHints":{"allow":["GET"]}}],"collection":[{"href":"https:\/\/aktivtuteliv.se\/vasteras\/wp-json\/wp\/v2\/product"}],"about":[{"href":"https:\/\/aktivtuteliv.se\/vasteras\/wp-json\/wp\/v2\/types\/product"}],"wp:featuredmedia":[{"embeddable":true,"href":"https:\/\/aktivtuteliv.se\/vasteras\/wp-json\/wp\/v2\/media\/72430"}],"wp:attachment":[{"href":"https:\/\/aktivtuteliv.se\/vasteras\/wp-json\/wp\/v2\/media?parent=75278"}],"wp:term":[{"taxonomy":"product_cat","embeddable":true,"href":"https:\/\/aktivtuteliv.se\/vasteras\/wp-json\/wp\/v2\/product_cat?post=75278"},{"taxonomy":"product_tag","embeddable":true,"href":"https:\/\/aktivtuteliv.se\/vasteras\/wp-json\/wp\/v2\/product_tag?post=75278"},{"taxonomy":"er_categories","embeddable":true,"href":"https:\/\/aktivtuteliv.se\/vasteras\/wp-json\/wp\/v2\/er_categories?post=75278"},{"taxonomy":"er_brands","embeddable":true,"href":"https:\/\/aktivtuteliv.se\/vasteras\/wp-json\/wp\/v2\/er_brands?post=75278"},{"taxonomy":"er_seasons","embeddable":true,"href":"https:\/\/aktivtuteliv.se\/vasteras\/wp-json\/wp\/v2\/er_seasons?post=75278"}],"curies":[{"name":"wp","href":"https:\/\/api.w.org\/{rel}","templated":true}]}}