{"id":75291,"date":"2024-11-05T12:01:36","date_gmt":"2024-11-05T12:01:36","guid":{"rendered":"https:\/\/aktivtuteliv.se\/vasteras\/?post_type=product&#038;p=75291"},"modified":"2026-03-30T16:22:54","modified_gmt":"2026-03-30T14:22:54","slug":"hestra-leather-balm","status":"publish","type":"product","link":"https:\/\/aktivtuteliv.se\/vasteras\/produkt\/hestra-leather-balm\/","title":{"rendered":"Hestra Leather Balm"},"content":{"rendered":"<p>Ta hand om dina handskar s\u00e5 h\u00e5ller de l\u00e4ngre. Hestras l\u00e4derbalsam inneh\u00e5ller naturliga ingredienser \u2013 bland annat bivax och lanolin \u2013\u00a0som bevarar l\u00e4drets smidighet, slitstyrka och vattenavst\u00f6tande egenskaper. Passar till Hestras sport- och skidhandskar i getskinn och n\u00f6tnappa.<\/p>\n","protected":false},"excerpt":{"rendered":"<p>Ta hand om dina handskar s\u00e5 h\u00e5ller de l\u00e4ngre. Hestras l\u00e4derbalsam inneh\u00e5ller naturliga ingredienser \u2013 bland annat bivax och lanolin \u2013\u00a0som bevarar l\u00e4drets smidighet, slitstyrka och vattenavst\u00f6tande egenskaper. Passar till [&hellip;]<\/p>\n","protected":false},"featured_media":0,"template":"","meta":{"_acf_changed":false},"product_cat":[762,834],"product_tag":[],"er_categories":[],"er_brands":[],"er_seasons":[],"class_list":{"0":"post-75291","1":"product","2":"type-product","3":"status-publish","5":"product_cat-friluftsliv","6":"product_cat-klader","7":"product_shipping_class-normal","8":"pa_marke-hestra","9":"pa_sasong-1279","11":"first","12":"instock","13":"taxable","14":"shipping-taxable","15":"purchasable","16":"product-type-simple"},"acf":[],"yoast_head":"<!-- This site is optimized with the Yoast SEO plugin v23.0 - https:\/\/yoast.com\/wordpress\/plugins\/seo\/ -->\n<title>Hestra Leather Balm - V\u00e4ster\u00e5s<\/title>\n<meta name=\"robots\" content=\"index, follow, max-snippet:-1, max-image-preview:large, max-video-preview:-1\" \/>\n<link rel=\"canonical\" href=\"https:\/\/aktivtuteliv.se\/vasteras\/produkt\/hestra-leather-balm\/\" \/>\n<meta property=\"og:locale\" content=\"sv_SE\" \/>\n<meta property=\"og:type\" content=\"article\" \/>\n<meta property=\"og:title\" content=\"Hestra Leather Balm - V\u00e4ster\u00e5s\" \/>\n<meta property=\"og:description\" content=\"Ta hand om dina handskar s\u00e5 h\u00e5ller de l\u00e4ngre. Hestras l\u00e4derbalsam inneh\u00e5ller naturliga ingredienser \u2013 bland annat bivax och lanolin \u2013\u00a0som bevarar l\u00e4drets smidighet, slitstyrka och vattenavst\u00f6tande egenskaper. Passar till [&hellip;]\" \/>\n<meta property=\"og:url\" content=\"https:\/\/aktivtuteliv.se\/vasteras\/produkt\/hestra-leather-balm\/\" \/>\n<meta property=\"og:site_name\" content=\"V\u00e4ster\u00e5s\" \/>\n<meta property=\"article:publisher\" content=\"https:\/\/www.facebook.com\/aktivtutelivbjornogarden\" \/>\n<meta property=\"article:modified_time\" content=\"2026-03-30T14:22:54+00:00\" \/>\n<meta name=\"twitter:card\" content=\"summary_large_image\" \/>\n<meta name=\"twitter:site\" content=\"@aktivtuteliv\" \/>\n<meta name=\"twitter:label1\" content=\"Ber\u00e4knad l\u00e4stid\" \/>\n\t<meta name=\"twitter:data1\" content=\"1 minut\" \/>\n<script type=\"application\/ld+json\" class=\"yoast-schema-graph\">{\"@context\":\"https:\/\/schema.org\",\"@graph\":[{\"@type\":\"WebPage\",\"@id\":\"https:\/\/aktivtuteliv.se\/vasteras\/produkt\/hestra-leather-balm\/\",\"url\":\"https:\/\/aktivtuteliv.se\/vasteras\/produkt\/hestra-leather-balm\/\",\"name\":\"Hestra Leather Balm - V\u00e4ster\u00e5s\",\"isPartOf\":{\"@id\":\"https:\/\/aktivtuteliv.se\/vasteras\/#website\"},\"datePublished\":\"2024-11-05T12:01:36+00:00\",\"dateModified\":\"2026-03-30T14:22:54+00:00\",\"breadcrumb\":{\"@id\":\"https:\/\/aktivtuteliv.se\/vasteras\/produkt\/hestra-leather-balm\/#breadcrumb\"},\"inLanguage\":\"sv-SE\",\"potentialAction\":[{\"@type\":\"ReadAction\",\"target\":[\"https:\/\/aktivtuteliv.se\/vasteras\/produkt\/hestra-leather-balm\/\"]}]},{\"@type\":\"BreadcrumbList\",\"@id\":\"https:\/\/aktivtuteliv.se\/vasteras\/produkt\/hestra-leather-balm\/#breadcrumb\",\"itemListElement\":[{\"@type\":\"ListItem\",\"position\":1,\"name\":\"Home\",\"item\":\"https:\/\/aktivtuteliv.se\/vasteras\/\"},{\"@type\":\"ListItem\",\"position\":2,\"name\":\"Webbutik\",\"item\":\"https:\/\/aktivtuteliv.se\/vasteras\/butik\/\"},{\"@type\":\"ListItem\",\"position\":3,\"name\":\"Hestra Leather Balm\"}]},{\"@type\":\"WebSite\",\"@id\":\"https:\/\/aktivtuteliv.se\/vasteras\/#website\",\"url\":\"https:\/\/aktivtuteliv.se\/vasteras\/\",\"name\":\"Aktivt Uteliv Bj\u00f6rn\u00f6g\u00e5rden\",\"description\":\"Ett friluftscenter i V\u00e4ster\u00e5s\",\"publisher\":{\"@id\":\"https:\/\/aktivtuteliv.se\/vasteras\/#organization\"},\"potentialAction\":[{\"@type\":\"SearchAction\",\"target\":{\"@type\":\"EntryPoint\",\"urlTemplate\":\"https:\/\/aktivtuteliv.se\/vasteras\/?s={search_term_string}\"},\"query-input\":\"required name=search_term_string\"}],\"inLanguage\":\"sv-SE\"},{\"@type\":\"Organization\",\"@id\":\"https:\/\/aktivtuteliv.se\/vasteras\/#organization\",\"name\":\"Aktivt Uteliv Bj\u00f6rn\u00f6g\u00e5rden\",\"url\":\"https:\/\/aktivtuteliv.se\/vasteras\/\",\"logo\":{\"@type\":\"ImageObject\",\"inLanguage\":\"sv-SE\",\"@id\":\"https:\/\/aktivtuteliv.se\/vasteras\/#\/schema\/logo\/image\/\",\"url\":\"https:\/\/e5gp8rwuod7.exactdn.com\/vasteras\/wp-content\/uploads\/sites\/4\/2025\/01\/AUB-pms.png?strip=all&lossy=1&ssl=1\",\"contentUrl\":\"https:\/\/e5gp8rwuod7.exactdn.com\/vasteras\/wp-content\/uploads\/sites\/4\/2025\/01\/AUB-pms.png?strip=all&lossy=1&ssl=1\",\"width\":1894,\"height\":1165,\"caption\":\"Aktivt Uteliv Bj\u00f6rn\u00f6g\u00e5rden\"},\"image\":{\"@id\":\"https:\/\/aktivtuteliv.se\/vasteras\/#\/schema\/logo\/image\/\"},\"sameAs\":[\"https:\/\/www.facebook.com\/aktivtutelivbjornogarden\",\"https:\/\/x.com\/aktivtuteliv\",\"https:\/\/www.instagram.com\/aktivtuteliv_bjornogarden\"]}]}<\/script>\n<!-- \/ Yoast SEO plugin. -->","yoast_head_json":{"title":"Hestra Leather Balm - V\u00e4ster\u00e5s","robots":{"index":"index","follow":"follow","max-snippet":"max-snippet:-1","max-image-preview":"max-image-preview:large","max-video-preview":"max-video-preview:-1"},"canonical":"https:\/\/aktivtuteliv.se\/vasteras\/produkt\/hestra-leather-balm\/","og_locale":"sv_SE","og_type":"article","og_title":"Hestra Leather Balm - V\u00e4ster\u00e5s","og_description":"Ta hand om dina handskar s\u00e5 h\u00e5ller de l\u00e4ngre. Hestras l\u00e4derbalsam inneh\u00e5ller naturliga ingredienser \u2013 bland annat bivax och lanolin \u2013\u00a0som bevarar l\u00e4drets smidighet, slitstyrka och vattenavst\u00f6tande egenskaper. Passar till [&hellip;]","og_url":"https:\/\/aktivtuteliv.se\/vasteras\/produkt\/hestra-leather-balm\/","og_site_name":"V\u00e4ster\u00e5s","article_publisher":"https:\/\/www.facebook.com\/aktivtutelivbjornogarden","article_modified_time":"2026-03-30T14:22:54+00:00","twitter_card":"summary_large_image","twitter_site":"@aktivtuteliv","twitter_misc":{"Ber\u00e4knad l\u00e4stid":"1 minut"},"schema":{"@context":"https:\/\/schema.org","@graph":[{"@type":"WebPage","@id":"https:\/\/aktivtuteliv.se\/vasteras\/produkt\/hestra-leather-balm\/","url":"https:\/\/aktivtuteliv.se\/vasteras\/produkt\/hestra-leather-balm\/","name":"Hestra Leather Balm - V\u00e4ster\u00e5s","isPartOf":{"@id":"https:\/\/aktivtuteliv.se\/vasteras\/#website"},"datePublished":"2024-11-05T12:01:36+00:00","dateModified":"2026-03-30T14:22:54+00:00","breadcrumb":{"@id":"https:\/\/aktivtuteliv.se\/vasteras\/produkt\/hestra-leather-balm\/#breadcrumb"},"inLanguage":"sv-SE","potentialAction":[{"@type":"ReadAction","target":["https:\/\/aktivtuteliv.se\/vasteras\/produkt\/hestra-leather-balm\/"]}]},{"@type":"BreadcrumbList","@id":"https:\/\/aktivtuteliv.se\/vasteras\/produkt\/hestra-leather-balm\/#breadcrumb","itemListElement":[{"@type":"ListItem","position":1,"name":"Home","item":"https:\/\/aktivtuteliv.se\/vasteras\/"},{"@type":"ListItem","position":2,"name":"Webbutik","item":"https:\/\/aktivtuteliv.se\/vasteras\/butik\/"},{"@type":"ListItem","position":3,"name":"Hestra Leather Balm"}]},{"@type":"WebSite","@id":"https:\/\/aktivtuteliv.se\/vasteras\/#website","url":"https:\/\/aktivtuteliv.se\/vasteras\/","name":"Aktivt Uteliv Bj\u00f6rn\u00f6g\u00e5rden","description":"Ett friluftscenter i V\u00e4ster\u00e5s","publisher":{"@id":"https:\/\/aktivtuteliv.se\/vasteras\/#organization"},"potentialAction":[{"@type":"SearchAction","target":{"@type":"EntryPoint","urlTemplate":"https:\/\/aktivtuteliv.se\/vasteras\/?s={search_term_string}"},"query-input":"required name=search_term_string"}],"inLanguage":"sv-SE"},{"@type":"Organization","@id":"https:\/\/aktivtuteliv.se\/vasteras\/#organization","name":"Aktivt Uteliv Bj\u00f6rn\u00f6g\u00e5rden","url":"https:\/\/aktivtuteliv.se\/vasteras\/","logo":{"@type":"ImageObject","inLanguage":"sv-SE","@id":"https:\/\/aktivtuteliv.se\/vasteras\/#\/schema\/logo\/image\/","url":"https:\/\/e5gp8rwuod7.exactdn.com\/vasteras\/wp-content\/uploads\/sites\/4\/2025\/01\/AUB-pms.png?strip=all&lossy=1&ssl=1","contentUrl":"https:\/\/e5gp8rwuod7.exactdn.com\/vasteras\/wp-content\/uploads\/sites\/4\/2025\/01\/AUB-pms.png?strip=all&lossy=1&ssl=1","width":1894,"height":1165,"caption":"Aktivt Uteliv Bj\u00f6rn\u00f6g\u00e5rden"},"image":{"@id":"https:\/\/aktivtuteliv.se\/vasteras\/#\/schema\/logo\/image\/"},"sameAs":["https:\/\/www.facebook.com\/aktivtutelivbjornogarden","https:\/\/x.com\/aktivtuteliv","https:\/\/www.instagram.com\/aktivtuteliv_bjornogarden"]}]}},"_links":{"self":[{"href":"https:\/\/aktivtuteliv.se\/vasteras\/wp-json\/wp\/v2\/product\/75291","targetHints":{"allow":["GET"]}}],"collection":[{"href":"https:\/\/aktivtuteliv.se\/vasteras\/wp-json\/wp\/v2\/product"}],"about":[{"href":"https:\/\/aktivtuteliv.se\/vasteras\/wp-json\/wp\/v2\/types\/product"}],"wp:attachment":[{"href":"https:\/\/aktivtuteliv.se\/vasteras\/wp-json\/wp\/v2\/media?parent=75291"}],"wp:term":[{"taxonomy":"product_cat","embeddable":true,"href":"https:\/\/aktivtuteliv.se\/vasteras\/wp-json\/wp\/v2\/product_cat?post=75291"},{"taxonomy":"product_tag","embeddable":true,"href":"https:\/\/aktivtuteliv.se\/vasteras\/wp-json\/wp\/v2\/product_tag?post=75291"},{"taxonomy":"er_categories","embeddable":true,"href":"https:\/\/aktivtuteliv.se\/vasteras\/wp-json\/wp\/v2\/er_categories?post=75291"},{"taxonomy":"er_brands","embeddable":true,"href":"https:\/\/aktivtuteliv.se\/vasteras\/wp-json\/wp\/v2\/er_brands?post=75291"},{"taxonomy":"er_seasons","embeddable":true,"href":"https:\/\/aktivtuteliv.se\/vasteras\/wp-json\/wp\/v2\/er_seasons?post=75291"}],"curies":[{"name":"wp","href":"https:\/\/api.w.org\/{rel}","templated":true}]}}