{"id":75502,"date":"2024-11-12T14:49:16","date_gmt":"2024-11-12T13:49:16","guid":{"rendered":"https:\/\/aktivtuteliv.se\/vasteras\/?post_type=product&#038;p=75502"},"modified":"2025-10-18T06:39:34","modified_gmt":"2025-10-18T04:39:34","slug":"outlife-hoglastare-2","status":"publish","type":"product","link":"https:\/\/aktivtuteliv.se\/vasteras\/produkt\/outlife-hoglastare-2\/","title":{"rendered":"Outlife H\u00f6glastare"},"content":{"rendered":"<p>Outlife H\u00f6glastare f\u00e4ster du p\u00e5 takr\u00e4cket f\u00f6r att kunna l\u00e4gga kajakerna p\u00e5 sidan p\u00e5 taket n\u00e4r du transporterar dem, p\u00e5 s\u00e5 vis \u00e4r det l\u00e4ttare att f\u00e5 plats med tv\u00e5, eller fler, kajaker p\u00e5 bilen. H\u00f6glastarna \u00e4r vadderad med cellskum som \u00e4r skyddat av en kraftig polyesterv\u00e4v. Pulverlackade i gr\u00e5tt och monteras l\u00e4tt f\u00f6r hand. H\u00f6glastare \u00e4r ett j\u00e4ttebra komplement till\u00a0<a href=\"https:\/\/aktivtuteliv.nu\/produkt\/outlife-skumblock\/\">Outlifes skumblock<\/a>.<\/p>\n<p>&nbsp;<\/p>\n<p>De 8-formade monteringsh\u00e5len g\u00f6r att Outlife H\u00f6glastare passar flera olika takr\u00e4cken. Alltifr\u00e5n ving-, oval- till fyrkantsprofil.<\/p>\n<p>Det sitter tv\u00e5 \u00f6glor p\u00e5 toppen f\u00f6r att kunna sp\u00e4nna remmar \u00e5t b\u00e5da h\u00e5llen utan att de l\u00e5ser varandra.<\/p>\n<p>&nbsp;<\/p>\n<p><strong>Specifikationer<\/strong><\/p>\n<ul>\n<li>8-formade monteringsh\u00e5l<\/li>\n<li>Tv\u00e5 \u00f6glor p\u00e5 toppen<\/li>\n<li>S\u00e4ljs i par<\/li>\n<\/ul>\n","protected":false},"excerpt":{"rendered":"<p>Outlife H\u00f6glastare f\u00e4ster du p\u00e5 takr\u00e4cket f\u00f6r att kunna l\u00e4gga kajakerna p\u00e5 sidan p\u00e5 taket n\u00e4r du transporterar dem, p\u00e5 s\u00e5 vis \u00e4r det l\u00e4ttare att f\u00e5 plats med tv\u00e5, [&hellip;]<\/p>\n","protected":false},"featured_media":63938,"template":"","meta":{"_acf_changed":false},"product_cat":[754,755],"product_tag":[],"er_categories":[],"er_brands":[],"er_seasons":[],"class_list":{"0":"post-75502","1":"product","2":"type-product","3":"status-publish","4":"has-post-thumbnail","6":"product_cat-kajak","7":"product_cat-tillbehor-kajak","8":"product_shipping_class-normal","9":"pa_marke-outlife","10":"pa_sasong-1279","12":"first","13":"instock","14":"taxable","15":"shipping-taxable","16":"purchasable","17":"product-type-simple"},"acf":[],"yoast_head":"<!-- This site is optimized with the Yoast SEO plugin v23.0 - https:\/\/yoast.com\/wordpress\/plugins\/seo\/ -->\n<title>Outlife H\u00f6glastare - V\u00e4ster\u00e5s<\/title>\n<meta name=\"robots\" content=\"index, follow, max-snippet:-1, max-image-preview:large, max-video-preview:-1\" \/>\n<link rel=\"canonical\" href=\"https:\/\/aktivtuteliv.se\/vasteras\/produkt\/outlife-hoglastare-2\/\" \/>\n<meta property=\"og:locale\" content=\"sv_SE\" \/>\n<meta property=\"og:type\" content=\"article\" \/>\n<meta property=\"og:title\" content=\"Outlife H\u00f6glastare - V\u00e4ster\u00e5s\" \/>\n<meta property=\"og:description\" content=\"Outlife H\u00f6glastare f\u00e4ster du p\u00e5 takr\u00e4cket f\u00f6r att kunna l\u00e4gga kajakerna p\u00e5 sidan p\u00e5 taket n\u00e4r du transporterar dem, p\u00e5 s\u00e5 vis \u00e4r det l\u00e4ttare att f\u00e5 plats med tv\u00e5, [&hellip;]\" \/>\n<meta property=\"og:url\" content=\"https:\/\/aktivtuteliv.se\/vasteras\/produkt\/outlife-hoglastare-2\/\" \/>\n<meta property=\"og:site_name\" content=\"V\u00e4ster\u00e5s\" \/>\n<meta property=\"article:publisher\" content=\"https:\/\/www.facebook.com\/aktivtutelivbjornogarden\" \/>\n<meta property=\"article:modified_time\" content=\"2025-10-18T04:39:34+00:00\" \/>\n<meta property=\"og:image\" content=\"https:\/\/aktivtuteliv.se\/vasteras\/wp-content\/uploads\/sites\/4\/2022\/05\/outlife-hoglastare-2-300x300-1.jpg\" \/>\n\t<meta property=\"og:image:width\" content=\"300\" \/>\n\t<meta property=\"og:image:height\" content=\"300\" \/>\n\t<meta property=\"og:image:type\" content=\"image\/jpeg\" \/>\n<meta name=\"twitter:card\" content=\"summary_large_image\" \/>\n<meta name=\"twitter:site\" content=\"@aktivtuteliv\" \/>\n<meta name=\"twitter:label1\" content=\"Ber\u00e4knad l\u00e4stid\" \/>\n\t<meta name=\"twitter:data1\" content=\"1 minut\" \/>\n<script type=\"application\/ld+json\" class=\"yoast-schema-graph\">{\"@context\":\"https:\/\/schema.org\",\"@graph\":[{\"@type\":\"WebPage\",\"@id\":\"https:\/\/aktivtuteliv.se\/vasteras\/produkt\/outlife-hoglastare-2\/\",\"url\":\"https:\/\/aktivtuteliv.se\/vasteras\/produkt\/outlife-hoglastare-2\/\",\"name\":\"Outlife H\u00f6glastare - V\u00e4ster\u00e5s\",\"isPartOf\":{\"@id\":\"https:\/\/aktivtuteliv.se\/vasteras\/#website\"},\"primaryImageOfPage\":{\"@id\":\"https:\/\/aktivtuteliv.se\/vasteras\/produkt\/outlife-hoglastare-2\/#primaryimage\"},\"image\":{\"@id\":\"https:\/\/aktivtuteliv.se\/vasteras\/produkt\/outlife-hoglastare-2\/#primaryimage\"},\"thumbnailUrl\":\"https:\/\/e5gp8rwuod7.exactdn.com\/vasteras\/wp-content\/uploads\/sites\/4\/2022\/05\/outlife-hoglastare-2-300x300-1.jpg?strip=all&lossy=1&ssl=1\",\"datePublished\":\"2024-11-12T13:49:16+00:00\",\"dateModified\":\"2025-10-18T04:39:34+00:00\",\"breadcrumb\":{\"@id\":\"https:\/\/aktivtuteliv.se\/vasteras\/produkt\/outlife-hoglastare-2\/#breadcrumb\"},\"inLanguage\":\"sv-SE\",\"potentialAction\":[{\"@type\":\"ReadAction\",\"target\":[\"https:\/\/aktivtuteliv.se\/vasteras\/produkt\/outlife-hoglastare-2\/\"]}]},{\"@type\":\"ImageObject\",\"inLanguage\":\"sv-SE\",\"@id\":\"https:\/\/aktivtuteliv.se\/vasteras\/produkt\/outlife-hoglastare-2\/#primaryimage\",\"url\":\"https:\/\/e5gp8rwuod7.exactdn.com\/vasteras\/wp-content\/uploads\/sites\/4\/2022\/05\/outlife-hoglastare-2-300x300-1.jpg?strip=all&lossy=1&ssl=1\",\"contentUrl\":\"https:\/\/e5gp8rwuod7.exactdn.com\/vasteras\/wp-content\/uploads\/sites\/4\/2022\/05\/outlife-hoglastare-2-300x300-1.jpg?strip=all&lossy=1&ssl=1\",\"width\":300,\"height\":300},{\"@type\":\"BreadcrumbList\",\"@id\":\"https:\/\/aktivtuteliv.se\/vasteras\/produkt\/outlife-hoglastare-2\/#breadcrumb\",\"itemListElement\":[{\"@type\":\"ListItem\",\"position\":1,\"name\":\"Home\",\"item\":\"https:\/\/aktivtuteliv.se\/vasteras\/\"},{\"@type\":\"ListItem\",\"position\":2,\"name\":\"Webbutik\",\"item\":\"https:\/\/aktivtuteliv.se\/vasteras\/butik\/\"},{\"@type\":\"ListItem\",\"position\":3,\"name\":\"Outlife H\u00f6glastare\"}]},{\"@type\":\"WebSite\",\"@id\":\"https:\/\/aktivtuteliv.se\/vasteras\/#website\",\"url\":\"https:\/\/aktivtuteliv.se\/vasteras\/\",\"name\":\"Aktivt Uteliv Bj\u00f6rn\u00f6g\u00e5rden\",\"description\":\"Ett friluftscenter i V\u00e4ster\u00e5s\",\"publisher\":{\"@id\":\"https:\/\/aktivtuteliv.se\/vasteras\/#organization\"},\"potentialAction\":[{\"@type\":\"SearchAction\",\"target\":{\"@type\":\"EntryPoint\",\"urlTemplate\":\"https:\/\/aktivtuteliv.se\/vasteras\/?s={search_term_string}\"},\"query-input\":\"required name=search_term_string\"}],\"inLanguage\":\"sv-SE\"},{\"@type\":\"Organization\",\"@id\":\"https:\/\/aktivtuteliv.se\/vasteras\/#organization\",\"name\":\"Aktivt Uteliv Bj\u00f6rn\u00f6g\u00e5rden\",\"url\":\"https:\/\/aktivtuteliv.se\/vasteras\/\",\"logo\":{\"@type\":\"ImageObject\",\"inLanguage\":\"sv-SE\",\"@id\":\"https:\/\/aktivtuteliv.se\/vasteras\/#\/schema\/logo\/image\/\",\"url\":\"https:\/\/e5gp8rwuod7.exactdn.com\/vasteras\/wp-content\/uploads\/sites\/4\/2025\/01\/AUB-pms.png?strip=all&lossy=1&ssl=1\",\"contentUrl\":\"https:\/\/e5gp8rwuod7.exactdn.com\/vasteras\/wp-content\/uploads\/sites\/4\/2025\/01\/AUB-pms.png?strip=all&lossy=1&ssl=1\",\"width\":1894,\"height\":1165,\"caption\":\"Aktivt Uteliv Bj\u00f6rn\u00f6g\u00e5rden\"},\"image\":{\"@id\":\"https:\/\/aktivtuteliv.se\/vasteras\/#\/schema\/logo\/image\/\"},\"sameAs\":[\"https:\/\/www.facebook.com\/aktivtutelivbjornogarden\",\"https:\/\/x.com\/aktivtuteliv\",\"https:\/\/www.instagram.com\/aktivtuteliv_bjornogarden\"]}]}<\/script>\n<!-- \/ Yoast SEO plugin. -->","yoast_head_json":{"title":"Outlife H\u00f6glastare - V\u00e4ster\u00e5s","robots":{"index":"index","follow":"follow","max-snippet":"max-snippet:-1","max-image-preview":"max-image-preview:large","max-video-preview":"max-video-preview:-1"},"canonical":"https:\/\/aktivtuteliv.se\/vasteras\/produkt\/outlife-hoglastare-2\/","og_locale":"sv_SE","og_type":"article","og_title":"Outlife H\u00f6glastare - V\u00e4ster\u00e5s","og_description":"Outlife H\u00f6glastare f\u00e4ster du p\u00e5 takr\u00e4cket f\u00f6r att kunna l\u00e4gga kajakerna p\u00e5 sidan p\u00e5 taket n\u00e4r du transporterar dem, p\u00e5 s\u00e5 vis \u00e4r det l\u00e4ttare att f\u00e5 plats med tv\u00e5, [&hellip;]","og_url":"https:\/\/aktivtuteliv.se\/vasteras\/produkt\/outlife-hoglastare-2\/","og_site_name":"V\u00e4ster\u00e5s","article_publisher":"https:\/\/www.facebook.com\/aktivtutelivbjornogarden","article_modified_time":"2025-10-18T04:39:34+00:00","og_image":[{"width":300,"height":300,"url":"https:\/\/aktivtuteliv.se\/vasteras\/wp-content\/uploads\/sites\/4\/2022\/05\/outlife-hoglastare-2-300x300-1.jpg","type":"image\/jpeg"}],"twitter_card":"summary_large_image","twitter_site":"@aktivtuteliv","twitter_misc":{"Ber\u00e4knad l\u00e4stid":"1 minut"},"schema":{"@context":"https:\/\/schema.org","@graph":[{"@type":"WebPage","@id":"https:\/\/aktivtuteliv.se\/vasteras\/produkt\/outlife-hoglastare-2\/","url":"https:\/\/aktivtuteliv.se\/vasteras\/produkt\/outlife-hoglastare-2\/","name":"Outlife H\u00f6glastare - V\u00e4ster\u00e5s","isPartOf":{"@id":"https:\/\/aktivtuteliv.se\/vasteras\/#website"},"primaryImageOfPage":{"@id":"https:\/\/aktivtuteliv.se\/vasteras\/produkt\/outlife-hoglastare-2\/#primaryimage"},"image":{"@id":"https:\/\/aktivtuteliv.se\/vasteras\/produkt\/outlife-hoglastare-2\/#primaryimage"},"thumbnailUrl":"https:\/\/e5gp8rwuod7.exactdn.com\/vasteras\/wp-content\/uploads\/sites\/4\/2022\/05\/outlife-hoglastare-2-300x300-1.jpg?strip=all&lossy=1&ssl=1","datePublished":"2024-11-12T13:49:16+00:00","dateModified":"2025-10-18T04:39:34+00:00","breadcrumb":{"@id":"https:\/\/aktivtuteliv.se\/vasteras\/produkt\/outlife-hoglastare-2\/#breadcrumb"},"inLanguage":"sv-SE","potentialAction":[{"@type":"ReadAction","target":["https:\/\/aktivtuteliv.se\/vasteras\/produkt\/outlife-hoglastare-2\/"]}]},{"@type":"ImageObject","inLanguage":"sv-SE","@id":"https:\/\/aktivtuteliv.se\/vasteras\/produkt\/outlife-hoglastare-2\/#primaryimage","url":"https:\/\/e5gp8rwuod7.exactdn.com\/vasteras\/wp-content\/uploads\/sites\/4\/2022\/05\/outlife-hoglastare-2-300x300-1.jpg?strip=all&lossy=1&ssl=1","contentUrl":"https:\/\/e5gp8rwuod7.exactdn.com\/vasteras\/wp-content\/uploads\/sites\/4\/2022\/05\/outlife-hoglastare-2-300x300-1.jpg?strip=all&lossy=1&ssl=1","width":300,"height":300},{"@type":"BreadcrumbList","@id":"https:\/\/aktivtuteliv.se\/vasteras\/produkt\/outlife-hoglastare-2\/#breadcrumb","itemListElement":[{"@type":"ListItem","position":1,"name":"Home","item":"https:\/\/aktivtuteliv.se\/vasteras\/"},{"@type":"ListItem","position":2,"name":"Webbutik","item":"https:\/\/aktivtuteliv.se\/vasteras\/butik\/"},{"@type":"ListItem","position":3,"name":"Outlife H\u00f6glastare"}]},{"@type":"WebSite","@id":"https:\/\/aktivtuteliv.se\/vasteras\/#website","url":"https:\/\/aktivtuteliv.se\/vasteras\/","name":"Aktivt Uteliv Bj\u00f6rn\u00f6g\u00e5rden","description":"Ett friluftscenter i V\u00e4ster\u00e5s","publisher":{"@id":"https:\/\/aktivtuteliv.se\/vasteras\/#organization"},"potentialAction":[{"@type":"SearchAction","target":{"@type":"EntryPoint","urlTemplate":"https:\/\/aktivtuteliv.se\/vasteras\/?s={search_term_string}"},"query-input":"required name=search_term_string"}],"inLanguage":"sv-SE"},{"@type":"Organization","@id":"https:\/\/aktivtuteliv.se\/vasteras\/#organization","name":"Aktivt Uteliv Bj\u00f6rn\u00f6g\u00e5rden","url":"https:\/\/aktivtuteliv.se\/vasteras\/","logo":{"@type":"ImageObject","inLanguage":"sv-SE","@id":"https:\/\/aktivtuteliv.se\/vasteras\/#\/schema\/logo\/image\/","url":"https:\/\/e5gp8rwuod7.exactdn.com\/vasteras\/wp-content\/uploads\/sites\/4\/2025\/01\/AUB-pms.png?strip=all&lossy=1&ssl=1","contentUrl":"https:\/\/e5gp8rwuod7.exactdn.com\/vasteras\/wp-content\/uploads\/sites\/4\/2025\/01\/AUB-pms.png?strip=all&lossy=1&ssl=1","width":1894,"height":1165,"caption":"Aktivt Uteliv Bj\u00f6rn\u00f6g\u00e5rden"},"image":{"@id":"https:\/\/aktivtuteliv.se\/vasteras\/#\/schema\/logo\/image\/"},"sameAs":["https:\/\/www.facebook.com\/aktivtutelivbjornogarden","https:\/\/x.com\/aktivtuteliv","https:\/\/www.instagram.com\/aktivtuteliv_bjornogarden"]}]}},"_links":{"self":[{"href":"https:\/\/aktivtuteliv.se\/vasteras\/wp-json\/wp\/v2\/product\/75502","targetHints":{"allow":["GET"]}}],"collection":[{"href":"https:\/\/aktivtuteliv.se\/vasteras\/wp-json\/wp\/v2\/product"}],"about":[{"href":"https:\/\/aktivtuteliv.se\/vasteras\/wp-json\/wp\/v2\/types\/product"}],"wp:featuredmedia":[{"embeddable":true,"href":"https:\/\/aktivtuteliv.se\/vasteras\/wp-json\/wp\/v2\/media\/63938"}],"wp:attachment":[{"href":"https:\/\/aktivtuteliv.se\/vasteras\/wp-json\/wp\/v2\/media?parent=75502"}],"wp:term":[{"taxonomy":"product_cat","embeddable":true,"href":"https:\/\/aktivtuteliv.se\/vasteras\/wp-json\/wp\/v2\/product_cat?post=75502"},{"taxonomy":"product_tag","embeddable":true,"href":"https:\/\/aktivtuteliv.se\/vasteras\/wp-json\/wp\/v2\/product_tag?post=75502"},{"taxonomy":"er_categories","embeddable":true,"href":"https:\/\/aktivtuteliv.se\/vasteras\/wp-json\/wp\/v2\/er_categories?post=75502"},{"taxonomy":"er_brands","embeddable":true,"href":"https:\/\/aktivtuteliv.se\/vasteras\/wp-json\/wp\/v2\/er_brands?post=75502"},{"taxonomy":"er_seasons","embeddable":true,"href":"https:\/\/aktivtuteliv.se\/vasteras\/wp-json\/wp\/v2\/er_seasons?post=75502"}],"curies":[{"name":"wp","href":"https:\/\/api.w.org\/{rel}","templated":true}]}}