{"id":77715,"date":"2025-03-24T14:22:18","date_gmt":"2025-03-24T13:22:18","guid":{"rendered":"https:\/\/aktivtuteliv.se\/vasteras\/?post_type=product&#038;p=77715"},"modified":"2026-04-20T13:16:47","modified_gmt":"2026-04-20T11:16:47","slug":"wk-540-expedition","status":"publish","type":"product","link":"https:\/\/aktivtuteliv.se\/vasteras\/produkt\/wk-540-expedition\/","title":{"rendered":"Wk 540 Expedition"},"content":{"rendered":"<p>WK540 Expedition \u00e4r en rymlig och snabbpaddlad havskajak i glasfiber som blev rej\u00e4lt uppdaterad 2022. Skrovet har f\u00e5tt en l\u00e4tt rocker f\u00f6r att kajaken ska g\u00e5 b\u00e4ttre i sj\u00f6g\u00e5ng och bli mer l\u00e4ttsv\u00e4ngd, f\u00f6ren har blivit rundad f\u00f6r att m\u00f6ta v\u00e5gor b\u00e4ttre och den har \u00e4ven f\u00e5tt en vattent\u00e4t tillbeh\u00f6rskopp framf\u00f6r sittbrunnen. Kajaken \u00e4r trygg och stabil f\u00f6r nyb\u00f6rjare, men \u00e4r samtidigt l\u00e4ttdriven och kan paddlas med h\u00f6g marschfart f\u00f6r erfarna paddlare. De gener\u00f6sa packutrymmena g\u00f6r den till en p\u00e5litlig och l\u00e4ttpackad turkajak f\u00f6r alla typer av vatten.<\/p>\n<p>&nbsp;<\/p>\n<p>Kajakens l\u00e5nga, raka k\u00f6llinje g\u00f6r det till en typisk roderkajak och i sittbrunnen sitter roderpedalerna mer centrerade \u00e4n vad de vanligtvis sitter i havskajaker vilket g\u00f6r att du kan jobba med kraftfulla paddeltag och tydligt benarbete. WK540 passar dig som \u00e4r stor och l\u00e5ng med en ungef\u00e4rlig vikt p\u00e5 70-100 kg.<\/p>\n<p>&nbsp;<\/p>\n<p>World of Kayaks byggs i Estland och levererar sina kajaker med en rad smarta detaljer som du vanligtvis bara hittar p\u00e5 dyrare kajaker, t.ex. en fast l\u00e5s\u00f6gla och f\u00e4sten f\u00f6r paddeln bakom sittbrunnen som kan anv\u00e4ndas vid flott\u00f6rr\u00e4ddning. Kajakerna har l\u00e5nat mycket av sin design och funktion fr\u00e5n t\u00e4vlings- och racingkajaker vilket inbjuder till energieffektiv och tekniskt riktig paddling, trots att det \u00e4r havskajaker.<\/p>\n<p>&nbsp;<\/p>\n<p><iframe loading=\"lazy\" title=\"YouTube video player\" src=\"https:\/\/www.youtube.com\/embed\/3ZYrASF3m0c\" width=\"560\" height=\"315\" frameborder=\"0\" allowfullscreen=\"allowfullscreen\" data-mce-fragment=\"1\"><\/iframe><\/p>\n<p>&nbsp;<\/p>\n<p><strong>WK540 EXPEDITION<\/strong><\/p>\n<p>Optimal f\u00f6r paddlare 70-100 kg<\/p>\n<p>L\u00e4ngd: 540 cm<\/p>\n<p>Bredd: 59 cm<\/p>\n<p>Sittbrunn: 80 x 43 cm (h\u00f6jd 32,5 cm)<\/p>\n<p>Packutrymmen: N\/A<\/p>\n<p>Vikt: ca 25 kg<\/p>\n<p>F\u00e4rg: vitt eller svart skrov\/d\u00e4ck med accentf\u00e4rg i bl\u00e5 eller gul.<\/p>\n<p>&nbsp;<\/p>\n<div style=\"display: inline-block; max-width: 100%; background: #ffffff; border-top: 4px solid #005CB9; border-radius: 16px; padding: 30px; margin: 30px 0; box-shadow: 0 6px 18px rgba(0, 92, 185, 0.15);\">\n<p style=\"font-size: 22px; font-weight: bold; margin: 0 0 15px 0; color: #005cb9;\">Fyra anledningar att k\u00f6pa kajak hos oss:<\/p>\n<p style=\"margin: 0 0 10px 0; font-size: 18px; line-height: 1.6; color: #000000;\"><strong style=\"color: #005cb9;\">1.<\/strong> Hos oss kan du alltid testa kajaken innan k\u00f6pet. <a href=\"https:\/\/aktivtuteliv.se\/vasteras\/kajaktest\/\">Boka en provpaddling<\/a> och f\u00e5 personlig hj\u00e4lp att hitta r\u00e4tt modell.<\/p>\n<p style=\"margin: 0 0 10px 0; font-size: 18px; line-height: 1.6; color: #000000;\"><strong style=\"color: #005cb9;\">2.<\/strong> Vi har l\u00e5ng erfarenhet av paddling, SM-medaljer i sprintpaddling och redaktionell bakgrund fr\u00e5n tidningen.<\/p>\n<p style=\"margin: 0 0 10px 0; font-size: 18px; line-height: 1.6; color: #000000;\"><strong style=\"color: #005cb9;\">3.<\/strong> Vi har har \u00f6ppet alla dagar i veckan \u00e5ret runt, vilket g\u00f6r det enkelt f\u00f6r dig att f\u00e5 hj\u00e4lp n\u00e4r det passar dig.<\/p>\n<p style=\"margin: 0; font-size: 18px; line-height: 1.6; color: #000000;\"><strong style=\"color: #005cb9;\">4.<\/strong> Vi har ett brett sortiment av kajaktillbeh\u00f6r och erbjuder 20 % rabatt p\u00e5 all utrustning som du k\u00f6per samtidigt med kajaken.<\/p>\n<\/div>\n","protected":false},"excerpt":{"rendered":"<p>Denna produkt kan inte skickas utan h\u00e4mtas endast i butiken i V\u00e4ster\u00e5s.<\/p>\n","protected":false},"featured_media":61744,"template":"","meta":{"_acf_changed":false},"product_cat":[754,1074],"product_tag":[],"er_categories":[],"er_brands":[],"er_seasons":[],"class_list":{"0":"post-77715","1":"product","2":"type-product","3":"status-publish","4":"has-post-thumbnail","6":"product_cat-kajak","7":"product_cat-kajaker","8":"product_shipping_class-butik","9":"pa_marke-world-of-kayaks","10":"pa_sasong-753","12":"first","13":"instock","14":"sale","15":"taxable","16":"shipping-taxable","17":"purchasable","18":"product-type-variable","19":"has-default-attributes"},"acf":[],"yoast_head":"<!-- This site is optimized with the Yoast SEO plugin v23.0 - https:\/\/yoast.com\/wordpress\/plugins\/seo\/ -->\n<title>Wk 540 Expedition - V\u00e4ster\u00e5s<\/title>\n<meta name=\"robots\" content=\"index, follow, max-snippet:-1, max-image-preview:large, max-video-preview:-1\" \/>\n<link rel=\"canonical\" href=\"https:\/\/aktivtuteliv.se\/vasteras\/produkt\/wk-540-expedition\/\" \/>\n<meta property=\"og:locale\" content=\"sv_SE\" \/>\n<meta property=\"og:type\" content=\"article\" \/>\n<meta property=\"og:title\" content=\"Wk 540 Expedition - V\u00e4ster\u00e5s\" \/>\n<meta property=\"og:description\" content=\"Denna produkt kan inte skickas utan h\u00e4mtas endast i butiken i V\u00e4ster\u00e5s.\" \/>\n<meta property=\"og:url\" content=\"https:\/\/aktivtuteliv.se\/vasteras\/produkt\/wk-540-expedition\/\" \/>\n<meta property=\"og:site_name\" content=\"V\u00e4ster\u00e5s\" \/>\n<meta property=\"article:publisher\" content=\"https:\/\/www.facebook.com\/aktivtutelivbjornogarden\" \/>\n<meta property=\"article:modified_time\" content=\"2026-04-20T11:16:47+00:00\" \/>\n<meta property=\"og:image\" content=\"https:\/\/aktivtuteliv.se\/vasteras\/wp-content\/uploads\/sites\/4\/2021\/08\/WK540_Expedition-1-300x300-1.jpg\" \/>\n\t<meta property=\"og:image:width\" content=\"300\" \/>\n\t<meta property=\"og:image:height\" content=\"300\" \/>\n\t<meta property=\"og:image:type\" content=\"image\/jpeg\" \/>\n<meta name=\"twitter:card\" content=\"summary_large_image\" \/>\n<meta name=\"twitter:site\" content=\"@aktivtuteliv\" \/>\n<meta name=\"twitter:label1\" content=\"Ber\u00e4knad l\u00e4stid\" \/>\n\t<meta name=\"twitter:data1\" content=\"2 minuter\" \/>\n<script type=\"application\/ld+json\" class=\"yoast-schema-graph\">{\"@context\":\"https:\/\/schema.org\",\"@graph\":[{\"@type\":\"WebPage\",\"@id\":\"https:\/\/aktivtuteliv.se\/vasteras\/produkt\/wk-540-expedition\/\",\"url\":\"https:\/\/aktivtuteliv.se\/vasteras\/produkt\/wk-540-expedition\/\",\"name\":\"Wk 540 Expedition - V\u00e4ster\u00e5s\",\"isPartOf\":{\"@id\":\"https:\/\/aktivtuteliv.se\/vasteras\/#website\"},\"primaryImageOfPage\":{\"@id\":\"https:\/\/aktivtuteliv.se\/vasteras\/produkt\/wk-540-expedition\/#primaryimage\"},\"image\":{\"@id\":\"https:\/\/aktivtuteliv.se\/vasteras\/produkt\/wk-540-expedition\/#primaryimage\"},\"thumbnailUrl\":\"https:\/\/e5gp8rwuod7.exactdn.com\/vasteras\/wp-content\/uploads\/sites\/4\/2021\/08\/WK540_Expedition-1-300x300-1.jpg?strip=all&lossy=1&ssl=1\",\"datePublished\":\"2025-03-24T13:22:18+00:00\",\"dateModified\":\"2026-04-20T11:16:47+00:00\",\"breadcrumb\":{\"@id\":\"https:\/\/aktivtuteliv.se\/vasteras\/produkt\/wk-540-expedition\/#breadcrumb\"},\"inLanguage\":\"sv-SE\",\"potentialAction\":[{\"@type\":\"ReadAction\",\"target\":[\"https:\/\/aktivtuteliv.se\/vasteras\/produkt\/wk-540-expedition\/\"]}]},{\"@type\":\"ImageObject\",\"inLanguage\":\"sv-SE\",\"@id\":\"https:\/\/aktivtuteliv.se\/vasteras\/produkt\/wk-540-expedition\/#primaryimage\",\"url\":\"https:\/\/e5gp8rwuod7.exactdn.com\/vasteras\/wp-content\/uploads\/sites\/4\/2021\/08\/WK540_Expedition-1-300x300-1.jpg?strip=all&lossy=1&ssl=1\",\"contentUrl\":\"https:\/\/e5gp8rwuod7.exactdn.com\/vasteras\/wp-content\/uploads\/sites\/4\/2021\/08\/WK540_Expedition-1-300x300-1.jpg?strip=all&lossy=1&ssl=1\",\"width\":300,\"height\":300},{\"@type\":\"BreadcrumbList\",\"@id\":\"https:\/\/aktivtuteliv.se\/vasteras\/produkt\/wk-540-expedition\/#breadcrumb\",\"itemListElement\":[{\"@type\":\"ListItem\",\"position\":1,\"name\":\"Home\",\"item\":\"https:\/\/aktivtuteliv.se\/vasteras\/\"},{\"@type\":\"ListItem\",\"position\":2,\"name\":\"Webbutik\",\"item\":\"https:\/\/aktivtuteliv.se\/vasteras\/butik\/\"},{\"@type\":\"ListItem\",\"position\":3,\"name\":\"Wk 540 Expedition\"}]},{\"@type\":\"WebSite\",\"@id\":\"https:\/\/aktivtuteliv.se\/vasteras\/#website\",\"url\":\"https:\/\/aktivtuteliv.se\/vasteras\/\",\"name\":\"Aktivt Uteliv Bj\u00f6rn\u00f6g\u00e5rden\",\"description\":\"Ett friluftscenter i V\u00e4ster\u00e5s\",\"publisher\":{\"@id\":\"https:\/\/aktivtuteliv.se\/vasteras\/#organization\"},\"potentialAction\":[{\"@type\":\"SearchAction\",\"target\":{\"@type\":\"EntryPoint\",\"urlTemplate\":\"https:\/\/aktivtuteliv.se\/vasteras\/?s={search_term_string}\"},\"query-input\":\"required name=search_term_string\"}],\"inLanguage\":\"sv-SE\"},{\"@type\":\"Organization\",\"@id\":\"https:\/\/aktivtuteliv.se\/vasteras\/#organization\",\"name\":\"Aktivt Uteliv Bj\u00f6rn\u00f6g\u00e5rden\",\"url\":\"https:\/\/aktivtuteliv.se\/vasteras\/\",\"logo\":{\"@type\":\"ImageObject\",\"inLanguage\":\"sv-SE\",\"@id\":\"https:\/\/aktivtuteliv.se\/vasteras\/#\/schema\/logo\/image\/\",\"url\":\"https:\/\/e5gp8rwuod7.exactdn.com\/vasteras\/wp-content\/uploads\/sites\/4\/2025\/01\/AUB-pms.png?strip=all&lossy=1&ssl=1\",\"contentUrl\":\"https:\/\/e5gp8rwuod7.exactdn.com\/vasteras\/wp-content\/uploads\/sites\/4\/2025\/01\/AUB-pms.png?strip=all&lossy=1&ssl=1\",\"width\":1894,\"height\":1165,\"caption\":\"Aktivt Uteliv Bj\u00f6rn\u00f6g\u00e5rden\"},\"image\":{\"@id\":\"https:\/\/aktivtuteliv.se\/vasteras\/#\/schema\/logo\/image\/\"},\"sameAs\":[\"https:\/\/www.facebook.com\/aktivtutelivbjornogarden\",\"https:\/\/x.com\/aktivtuteliv\",\"https:\/\/www.instagram.com\/aktivtuteliv_bjornogarden\"]}]}<\/script>\n<!-- \/ Yoast SEO plugin. -->","yoast_head_json":{"title":"Wk 540 Expedition - V\u00e4ster\u00e5s","robots":{"index":"index","follow":"follow","max-snippet":"max-snippet:-1","max-image-preview":"max-image-preview:large","max-video-preview":"max-video-preview:-1"},"canonical":"https:\/\/aktivtuteliv.se\/vasteras\/produkt\/wk-540-expedition\/","og_locale":"sv_SE","og_type":"article","og_title":"Wk 540 Expedition - V\u00e4ster\u00e5s","og_description":"Denna produkt kan inte skickas utan h\u00e4mtas endast i butiken i V\u00e4ster\u00e5s.","og_url":"https:\/\/aktivtuteliv.se\/vasteras\/produkt\/wk-540-expedition\/","og_site_name":"V\u00e4ster\u00e5s","article_publisher":"https:\/\/www.facebook.com\/aktivtutelivbjornogarden","article_modified_time":"2026-04-20T11:16:47+00:00","og_image":[{"width":300,"height":300,"url":"https:\/\/aktivtuteliv.se\/vasteras\/wp-content\/uploads\/sites\/4\/2021\/08\/WK540_Expedition-1-300x300-1.jpg","type":"image\/jpeg"}],"twitter_card":"summary_large_image","twitter_site":"@aktivtuteliv","twitter_misc":{"Ber\u00e4knad l\u00e4stid":"2 minuter"},"schema":{"@context":"https:\/\/schema.org","@graph":[{"@type":"WebPage","@id":"https:\/\/aktivtuteliv.se\/vasteras\/produkt\/wk-540-expedition\/","url":"https:\/\/aktivtuteliv.se\/vasteras\/produkt\/wk-540-expedition\/","name":"Wk 540 Expedition - V\u00e4ster\u00e5s","isPartOf":{"@id":"https:\/\/aktivtuteliv.se\/vasteras\/#website"},"primaryImageOfPage":{"@id":"https:\/\/aktivtuteliv.se\/vasteras\/produkt\/wk-540-expedition\/#primaryimage"},"image":{"@id":"https:\/\/aktivtuteliv.se\/vasteras\/produkt\/wk-540-expedition\/#primaryimage"},"thumbnailUrl":"https:\/\/e5gp8rwuod7.exactdn.com\/vasteras\/wp-content\/uploads\/sites\/4\/2021\/08\/WK540_Expedition-1-300x300-1.jpg?strip=all&lossy=1&ssl=1","datePublished":"2025-03-24T13:22:18+00:00","dateModified":"2026-04-20T11:16:47+00:00","breadcrumb":{"@id":"https:\/\/aktivtuteliv.se\/vasteras\/produkt\/wk-540-expedition\/#breadcrumb"},"inLanguage":"sv-SE","potentialAction":[{"@type":"ReadAction","target":["https:\/\/aktivtuteliv.se\/vasteras\/produkt\/wk-540-expedition\/"]}]},{"@type":"ImageObject","inLanguage":"sv-SE","@id":"https:\/\/aktivtuteliv.se\/vasteras\/produkt\/wk-540-expedition\/#primaryimage","url":"https:\/\/e5gp8rwuod7.exactdn.com\/vasteras\/wp-content\/uploads\/sites\/4\/2021\/08\/WK540_Expedition-1-300x300-1.jpg?strip=all&lossy=1&ssl=1","contentUrl":"https:\/\/e5gp8rwuod7.exactdn.com\/vasteras\/wp-content\/uploads\/sites\/4\/2021\/08\/WK540_Expedition-1-300x300-1.jpg?strip=all&lossy=1&ssl=1","width":300,"height":300},{"@type":"BreadcrumbList","@id":"https:\/\/aktivtuteliv.se\/vasteras\/produkt\/wk-540-expedition\/#breadcrumb","itemListElement":[{"@type":"ListItem","position":1,"name":"Home","item":"https:\/\/aktivtuteliv.se\/vasteras\/"},{"@type":"ListItem","position":2,"name":"Webbutik","item":"https:\/\/aktivtuteliv.se\/vasteras\/butik\/"},{"@type":"ListItem","position":3,"name":"Wk 540 Expedition"}]},{"@type":"WebSite","@id":"https:\/\/aktivtuteliv.se\/vasteras\/#website","url":"https:\/\/aktivtuteliv.se\/vasteras\/","name":"Aktivt Uteliv Bj\u00f6rn\u00f6g\u00e5rden","description":"Ett friluftscenter i V\u00e4ster\u00e5s","publisher":{"@id":"https:\/\/aktivtuteliv.se\/vasteras\/#organization"},"potentialAction":[{"@type":"SearchAction","target":{"@type":"EntryPoint","urlTemplate":"https:\/\/aktivtuteliv.se\/vasteras\/?s={search_term_string}"},"query-input":"required name=search_term_string"}],"inLanguage":"sv-SE"},{"@type":"Organization","@id":"https:\/\/aktivtuteliv.se\/vasteras\/#organization","name":"Aktivt Uteliv Bj\u00f6rn\u00f6g\u00e5rden","url":"https:\/\/aktivtuteliv.se\/vasteras\/","logo":{"@type":"ImageObject","inLanguage":"sv-SE","@id":"https:\/\/aktivtuteliv.se\/vasteras\/#\/schema\/logo\/image\/","url":"https:\/\/e5gp8rwuod7.exactdn.com\/vasteras\/wp-content\/uploads\/sites\/4\/2025\/01\/AUB-pms.png?strip=all&lossy=1&ssl=1","contentUrl":"https:\/\/e5gp8rwuod7.exactdn.com\/vasteras\/wp-content\/uploads\/sites\/4\/2025\/01\/AUB-pms.png?strip=all&lossy=1&ssl=1","width":1894,"height":1165,"caption":"Aktivt Uteliv Bj\u00f6rn\u00f6g\u00e5rden"},"image":{"@id":"https:\/\/aktivtuteliv.se\/vasteras\/#\/schema\/logo\/image\/"},"sameAs":["https:\/\/www.facebook.com\/aktivtutelivbjornogarden","https:\/\/x.com\/aktivtuteliv","https:\/\/www.instagram.com\/aktivtuteliv_bjornogarden"]}]}},"_links":{"self":[{"href":"https:\/\/aktivtuteliv.se\/vasteras\/wp-json\/wp\/v2\/product\/77715","targetHints":{"allow":["GET"]}}],"collection":[{"href":"https:\/\/aktivtuteliv.se\/vasteras\/wp-json\/wp\/v2\/product"}],"about":[{"href":"https:\/\/aktivtuteliv.se\/vasteras\/wp-json\/wp\/v2\/types\/product"}],"wp:featuredmedia":[{"embeddable":true,"href":"https:\/\/aktivtuteliv.se\/vasteras\/wp-json\/wp\/v2\/media\/61744"}],"wp:attachment":[{"href":"https:\/\/aktivtuteliv.se\/vasteras\/wp-json\/wp\/v2\/media?parent=77715"}],"wp:term":[{"taxonomy":"product_cat","embeddable":true,"href":"https:\/\/aktivtuteliv.se\/vasteras\/wp-json\/wp\/v2\/product_cat?post=77715"},{"taxonomy":"product_tag","embeddable":true,"href":"https:\/\/aktivtuteliv.se\/vasteras\/wp-json\/wp\/v2\/product_tag?post=77715"},{"taxonomy":"er_categories","embeddable":true,"href":"https:\/\/aktivtuteliv.se\/vasteras\/wp-json\/wp\/v2\/er_categories?post=77715"},{"taxonomy":"er_brands","embeddable":true,"href":"https:\/\/aktivtuteliv.se\/vasteras\/wp-json\/wp\/v2\/er_brands?post=77715"},{"taxonomy":"er_seasons","embeddable":true,"href":"https:\/\/aktivtuteliv.se\/vasteras\/wp-json\/wp\/v2\/er_seasons?post=77715"}],"curies":[{"name":"wp","href":"https:\/\/api.w.org\/{rel}","templated":true}]}}