{"id":78537,"date":"2025-05-06T13:58:04","date_gmt":"2025-05-06T11:58:04","guid":{"rendered":"https:\/\/aktivtuteliv.se\/vasteras\/?post_type=product&#038;p=78537"},"modified":"2026-04-16T15:37:18","modified_gmt":"2026-04-16T13:37:18","slug":"trangia-27-1","status":"publish","type":"product","link":"https:\/\/aktivtuteliv.se\/vasteras\/produkt\/trangia-27-1\/","title":{"rendered":"Trangia 27-1"},"content":{"rendered":"<p>27 serien best\u00e5r av k\u00f6k som passar f\u00f6r en eller tv\u00e5 personer. Kokk\u00e4rlen \u00e4r mindre. Ett litet, kompakt k\u00f6k som kr\u00e4ver minimalt utrymme i ryggs\u00e4cken.\u00a0K\u00f6ket kan\u00a0kompletteras med st\u00f6rre l\u00e4gerkittlar som kan st\u00e4llas p\u00e5 de uppf\u00e4llda h\u00e5llarna i det \u00f6vre vindskyddet.<\/p>\n<p><strong>Specifikation<\/strong><br \/>\n&#8211;\u00a0Kittel 1 liter inre\u00a0UL<br \/>\n&#8211;\u00a0Kittel 1 liter yttre\u00a0UL<br \/>\n&#8211;\u00a0Stekpanna \u00d8180 mm\u00a0UL<br \/>\n&#8211;\u00a0Vindskydd \u00f6vre &amp; undre\u00a0UL<br \/>\n&#8211;\u00a0Spritbr\u00e4nnare med sparring &amp; lock<br \/>\n&#8211;\u00a0Rem 61 cm ing\u00e5r<br \/>\n&#8211;\u00a0T\u00e5ng ing\u00e5r<br \/>\n&#8211; Br\u00e4nsle:\u00a0sprit<br \/>\n&#8211; Effekt:\u00a01000W<strong><br \/>\n<\/strong><\/p>\n<p><strong>M\u00e5tt ihoppackat<\/strong><br \/>\n&#8211; Diameter\u00a0\u00d8185<br \/>\n&#8211; H\u00f6jd\u00a0100 mm<br \/>\n&#8211; Vikt:\u00a0690\u00a0gram<\/p>\n<p><strong>Ultralight \/UL<br \/>\n<\/strong>Trangias avancerade basmaterial. Aluminium \u00e4r ett l\u00e4ttviktsmaterial med god\u00a0v\u00e4rmeledningsf\u00f6m\u00e5ga. Ultralight aluminium (UL), en legering som kallas 5005 som \u00e4r 50% starkare \u00e4n vanlig aluminium och tack vara det kan materialet g\u00f6ras tunnare och k\u00f6ken blir l\u00e4ttare. Alla delar i k\u00f6ket g\u00f6rs i UL utom kaffepannan som tillverkas i vanlig aluminium.<\/p>\n","protected":false},"excerpt":{"rendered":"<p>27 serien best\u00e5r av k\u00f6k som passar f\u00f6r en eller tv\u00e5 personer. Kokk\u00e4rlen \u00e4r mindre. Ett litet, kompakt k\u00f6k som kr\u00e4ver minimalt utrymme i ryggs\u00e4cken.\u00a0K\u00f6ket kan\u00a0kompletteras med st\u00f6rre l\u00e4gerkittlar som [&hellip;]<\/p>\n","protected":false},"featured_media":78588,"template":"","meta":{"_acf_changed":false},"product_cat":[762,763],"product_tag":[],"er_categories":[],"er_brands":[],"er_seasons":[],"class_list":{"0":"post-78537","1":"product","2":"type-product","3":"status-publish","4":"has-post-thumbnail","6":"product_cat-friluftsliv","7":"product_cat-utrustning","8":"product_shipping_class-normal","9":"pa_marke-trangia","10":"pa_sasong-1454","12":"first","13":"instock","14":"taxable","15":"shipping-taxable","16":"purchasable","17":"product-type-simple"},"acf":[],"yoast_head":"<!-- This site is optimized with the Yoast SEO plugin v23.0 - https:\/\/yoast.com\/wordpress\/plugins\/seo\/ -->\n<title>Trangia 27-1 - V\u00e4ster\u00e5s<\/title>\n<meta name=\"robots\" content=\"index, follow, max-snippet:-1, max-image-preview:large, max-video-preview:-1\" \/>\n<link rel=\"canonical\" href=\"https:\/\/aktivtuteliv.se\/vasteras\/produkt\/trangia-27-1\/\" \/>\n<meta property=\"og:locale\" content=\"sv_SE\" \/>\n<meta property=\"og:type\" content=\"article\" \/>\n<meta property=\"og:title\" content=\"Trangia 27-1 - V\u00e4ster\u00e5s\" \/>\n<meta property=\"og:description\" content=\"27 serien best\u00e5r av k\u00f6k som passar f\u00f6r en eller tv\u00e5 personer. Kokk\u00e4rlen \u00e4r mindre. Ett litet, kompakt k\u00f6k som kr\u00e4ver minimalt utrymme i ryggs\u00e4cken.\u00a0K\u00f6ket kan\u00a0kompletteras med st\u00f6rre l\u00e4gerkittlar som [&hellip;]\" \/>\n<meta property=\"og:url\" content=\"https:\/\/aktivtuteliv.se\/vasteras\/produkt\/trangia-27-1\/\" \/>\n<meta property=\"og:site_name\" content=\"V\u00e4ster\u00e5s\" \/>\n<meta property=\"article:publisher\" content=\"https:\/\/www.facebook.com\/aktivtutelivbjornogarden\" \/>\n<meta property=\"article:modified_time\" content=\"2026-04-16T13:37:18+00:00\" \/>\n<meta property=\"og:image\" content=\"https:\/\/aktivtuteliv.se\/vasteras\/wp-content\/uploads\/sites\/4\/2025\/05\/Trangia-27-1.jpg\" \/>\n\t<meta property=\"og:image:width\" content=\"2440\" \/>\n\t<meta property=\"og:image:height\" content=\"2440\" \/>\n\t<meta property=\"og:image:type\" content=\"image\/jpeg\" \/>\n<meta name=\"twitter:card\" content=\"summary_large_image\" \/>\n<meta name=\"twitter:site\" content=\"@aktivtuteliv\" \/>\n<meta name=\"twitter:label1\" content=\"Ber\u00e4knad l\u00e4stid\" \/>\n\t<meta name=\"twitter:data1\" content=\"1 minut\" \/>\n<script type=\"application\/ld+json\" class=\"yoast-schema-graph\">{\"@context\":\"https:\/\/schema.org\",\"@graph\":[{\"@type\":\"WebPage\",\"@id\":\"https:\/\/aktivtuteliv.se\/vasteras\/produkt\/trangia-27-1\/\",\"url\":\"https:\/\/aktivtuteliv.se\/vasteras\/produkt\/trangia-27-1\/\",\"name\":\"Trangia 27-1 - V\u00e4ster\u00e5s\",\"isPartOf\":{\"@id\":\"https:\/\/aktivtuteliv.se\/vasteras\/#website\"},\"primaryImageOfPage\":{\"@id\":\"https:\/\/aktivtuteliv.se\/vasteras\/produkt\/trangia-27-1\/#primaryimage\"},\"image\":{\"@id\":\"https:\/\/aktivtuteliv.se\/vasteras\/produkt\/trangia-27-1\/#primaryimage\"},\"thumbnailUrl\":\"https:\/\/e5gp8rwuod7.exactdn.com\/vasteras\/wp-content\/uploads\/sites\/4\/2025\/05\/Trangia-27-1.jpg?strip=all&lossy=1&ssl=1\",\"datePublished\":\"2025-05-06T11:58:04+00:00\",\"dateModified\":\"2026-04-16T13:37:18+00:00\",\"breadcrumb\":{\"@id\":\"https:\/\/aktivtuteliv.se\/vasteras\/produkt\/trangia-27-1\/#breadcrumb\"},\"inLanguage\":\"sv-SE\",\"potentialAction\":[{\"@type\":\"ReadAction\",\"target\":[\"https:\/\/aktivtuteliv.se\/vasteras\/produkt\/trangia-27-1\/\"]}]},{\"@type\":\"ImageObject\",\"inLanguage\":\"sv-SE\",\"@id\":\"https:\/\/aktivtuteliv.se\/vasteras\/produkt\/trangia-27-1\/#primaryimage\",\"url\":\"https:\/\/e5gp8rwuod7.exactdn.com\/vasteras\/wp-content\/uploads\/sites\/4\/2025\/05\/Trangia-27-1.jpg?strip=all&lossy=1&ssl=1\",\"contentUrl\":\"https:\/\/e5gp8rwuod7.exactdn.com\/vasteras\/wp-content\/uploads\/sites\/4\/2025\/05\/Trangia-27-1.jpg?strip=all&lossy=1&ssl=1\",\"width\":2440,\"height\":2440},{\"@type\":\"BreadcrumbList\",\"@id\":\"https:\/\/aktivtuteliv.se\/vasteras\/produkt\/trangia-27-1\/#breadcrumb\",\"itemListElement\":[{\"@type\":\"ListItem\",\"position\":1,\"name\":\"Home\",\"item\":\"https:\/\/aktivtuteliv.se\/vasteras\/\"},{\"@type\":\"ListItem\",\"position\":2,\"name\":\"Webbutik\",\"item\":\"https:\/\/aktivtuteliv.se\/vasteras\/butik\/\"},{\"@type\":\"ListItem\",\"position\":3,\"name\":\"Trangia 27-1\"}]},{\"@type\":\"WebSite\",\"@id\":\"https:\/\/aktivtuteliv.se\/vasteras\/#website\",\"url\":\"https:\/\/aktivtuteliv.se\/vasteras\/\",\"name\":\"Aktivt Uteliv Bj\u00f6rn\u00f6g\u00e5rden\",\"description\":\"Ett friluftscenter i V\u00e4ster\u00e5s\",\"publisher\":{\"@id\":\"https:\/\/aktivtuteliv.se\/vasteras\/#organization\"},\"potentialAction\":[{\"@type\":\"SearchAction\",\"target\":{\"@type\":\"EntryPoint\",\"urlTemplate\":\"https:\/\/aktivtuteliv.se\/vasteras\/?s={search_term_string}\"},\"query-input\":\"required name=search_term_string\"}],\"inLanguage\":\"sv-SE\"},{\"@type\":\"Organization\",\"@id\":\"https:\/\/aktivtuteliv.se\/vasteras\/#organization\",\"name\":\"Aktivt Uteliv Bj\u00f6rn\u00f6g\u00e5rden\",\"url\":\"https:\/\/aktivtuteliv.se\/vasteras\/\",\"logo\":{\"@type\":\"ImageObject\",\"inLanguage\":\"sv-SE\",\"@id\":\"https:\/\/aktivtuteliv.se\/vasteras\/#\/schema\/logo\/image\/\",\"url\":\"https:\/\/e5gp8rwuod7.exactdn.com\/vasteras\/wp-content\/uploads\/sites\/4\/2025\/01\/AUB-pms.png?strip=all&lossy=1&ssl=1\",\"contentUrl\":\"https:\/\/e5gp8rwuod7.exactdn.com\/vasteras\/wp-content\/uploads\/sites\/4\/2025\/01\/AUB-pms.png?strip=all&lossy=1&ssl=1\",\"width\":1894,\"height\":1165,\"caption\":\"Aktivt Uteliv Bj\u00f6rn\u00f6g\u00e5rden\"},\"image\":{\"@id\":\"https:\/\/aktivtuteliv.se\/vasteras\/#\/schema\/logo\/image\/\"},\"sameAs\":[\"https:\/\/www.facebook.com\/aktivtutelivbjornogarden\",\"https:\/\/x.com\/aktivtuteliv\",\"https:\/\/www.instagram.com\/aktivtuteliv_bjornogarden\"]}]}<\/script>\n<!-- \/ Yoast SEO plugin. -->","yoast_head_json":{"title":"Trangia 27-1 - V\u00e4ster\u00e5s","robots":{"index":"index","follow":"follow","max-snippet":"max-snippet:-1","max-image-preview":"max-image-preview:large","max-video-preview":"max-video-preview:-1"},"canonical":"https:\/\/aktivtuteliv.se\/vasteras\/produkt\/trangia-27-1\/","og_locale":"sv_SE","og_type":"article","og_title":"Trangia 27-1 - V\u00e4ster\u00e5s","og_description":"27 serien best\u00e5r av k\u00f6k som passar f\u00f6r en eller tv\u00e5 personer. Kokk\u00e4rlen \u00e4r mindre. Ett litet, kompakt k\u00f6k som kr\u00e4ver minimalt utrymme i ryggs\u00e4cken.\u00a0K\u00f6ket kan\u00a0kompletteras med st\u00f6rre l\u00e4gerkittlar som [&hellip;]","og_url":"https:\/\/aktivtuteliv.se\/vasteras\/produkt\/trangia-27-1\/","og_site_name":"V\u00e4ster\u00e5s","article_publisher":"https:\/\/www.facebook.com\/aktivtutelivbjornogarden","article_modified_time":"2026-04-16T13:37:18+00:00","og_image":[{"width":2440,"height":2440,"url":"https:\/\/aktivtuteliv.se\/vasteras\/wp-content\/uploads\/sites\/4\/2025\/05\/Trangia-27-1.jpg","type":"image\/jpeg"}],"twitter_card":"summary_large_image","twitter_site":"@aktivtuteliv","twitter_misc":{"Ber\u00e4knad l\u00e4stid":"1 minut"},"schema":{"@context":"https:\/\/schema.org","@graph":[{"@type":"WebPage","@id":"https:\/\/aktivtuteliv.se\/vasteras\/produkt\/trangia-27-1\/","url":"https:\/\/aktivtuteliv.se\/vasteras\/produkt\/trangia-27-1\/","name":"Trangia 27-1 - V\u00e4ster\u00e5s","isPartOf":{"@id":"https:\/\/aktivtuteliv.se\/vasteras\/#website"},"primaryImageOfPage":{"@id":"https:\/\/aktivtuteliv.se\/vasteras\/produkt\/trangia-27-1\/#primaryimage"},"image":{"@id":"https:\/\/aktivtuteliv.se\/vasteras\/produkt\/trangia-27-1\/#primaryimage"},"thumbnailUrl":"https:\/\/e5gp8rwuod7.exactdn.com\/vasteras\/wp-content\/uploads\/sites\/4\/2025\/05\/Trangia-27-1.jpg?strip=all&lossy=1&ssl=1","datePublished":"2025-05-06T11:58:04+00:00","dateModified":"2026-04-16T13:37:18+00:00","breadcrumb":{"@id":"https:\/\/aktivtuteliv.se\/vasteras\/produkt\/trangia-27-1\/#breadcrumb"},"inLanguage":"sv-SE","potentialAction":[{"@type":"ReadAction","target":["https:\/\/aktivtuteliv.se\/vasteras\/produkt\/trangia-27-1\/"]}]},{"@type":"ImageObject","inLanguage":"sv-SE","@id":"https:\/\/aktivtuteliv.se\/vasteras\/produkt\/trangia-27-1\/#primaryimage","url":"https:\/\/e5gp8rwuod7.exactdn.com\/vasteras\/wp-content\/uploads\/sites\/4\/2025\/05\/Trangia-27-1.jpg?strip=all&lossy=1&ssl=1","contentUrl":"https:\/\/e5gp8rwuod7.exactdn.com\/vasteras\/wp-content\/uploads\/sites\/4\/2025\/05\/Trangia-27-1.jpg?strip=all&lossy=1&ssl=1","width":2440,"height":2440},{"@type":"BreadcrumbList","@id":"https:\/\/aktivtuteliv.se\/vasteras\/produkt\/trangia-27-1\/#breadcrumb","itemListElement":[{"@type":"ListItem","position":1,"name":"Home","item":"https:\/\/aktivtuteliv.se\/vasteras\/"},{"@type":"ListItem","position":2,"name":"Webbutik","item":"https:\/\/aktivtuteliv.se\/vasteras\/butik\/"},{"@type":"ListItem","position":3,"name":"Trangia 27-1"}]},{"@type":"WebSite","@id":"https:\/\/aktivtuteliv.se\/vasteras\/#website","url":"https:\/\/aktivtuteliv.se\/vasteras\/","name":"Aktivt Uteliv Bj\u00f6rn\u00f6g\u00e5rden","description":"Ett friluftscenter i V\u00e4ster\u00e5s","publisher":{"@id":"https:\/\/aktivtuteliv.se\/vasteras\/#organization"},"potentialAction":[{"@type":"SearchAction","target":{"@type":"EntryPoint","urlTemplate":"https:\/\/aktivtuteliv.se\/vasteras\/?s={search_term_string}"},"query-input":"required name=search_term_string"}],"inLanguage":"sv-SE"},{"@type":"Organization","@id":"https:\/\/aktivtuteliv.se\/vasteras\/#organization","name":"Aktivt Uteliv Bj\u00f6rn\u00f6g\u00e5rden","url":"https:\/\/aktivtuteliv.se\/vasteras\/","logo":{"@type":"ImageObject","inLanguage":"sv-SE","@id":"https:\/\/aktivtuteliv.se\/vasteras\/#\/schema\/logo\/image\/","url":"https:\/\/e5gp8rwuod7.exactdn.com\/vasteras\/wp-content\/uploads\/sites\/4\/2025\/01\/AUB-pms.png?strip=all&lossy=1&ssl=1","contentUrl":"https:\/\/e5gp8rwuod7.exactdn.com\/vasteras\/wp-content\/uploads\/sites\/4\/2025\/01\/AUB-pms.png?strip=all&lossy=1&ssl=1","width":1894,"height":1165,"caption":"Aktivt Uteliv Bj\u00f6rn\u00f6g\u00e5rden"},"image":{"@id":"https:\/\/aktivtuteliv.se\/vasteras\/#\/schema\/logo\/image\/"},"sameAs":["https:\/\/www.facebook.com\/aktivtutelivbjornogarden","https:\/\/x.com\/aktivtuteliv","https:\/\/www.instagram.com\/aktivtuteliv_bjornogarden"]}]}},"_links":{"self":[{"href":"https:\/\/aktivtuteliv.se\/vasteras\/wp-json\/wp\/v2\/product\/78537","targetHints":{"allow":["GET"]}}],"collection":[{"href":"https:\/\/aktivtuteliv.se\/vasteras\/wp-json\/wp\/v2\/product"}],"about":[{"href":"https:\/\/aktivtuteliv.se\/vasteras\/wp-json\/wp\/v2\/types\/product"}],"wp:featuredmedia":[{"embeddable":true,"href":"https:\/\/aktivtuteliv.se\/vasteras\/wp-json\/wp\/v2\/media\/78588"}],"wp:attachment":[{"href":"https:\/\/aktivtuteliv.se\/vasteras\/wp-json\/wp\/v2\/media?parent=78537"}],"wp:term":[{"taxonomy":"product_cat","embeddable":true,"href":"https:\/\/aktivtuteliv.se\/vasteras\/wp-json\/wp\/v2\/product_cat?post=78537"},{"taxonomy":"product_tag","embeddable":true,"href":"https:\/\/aktivtuteliv.se\/vasteras\/wp-json\/wp\/v2\/product_tag?post=78537"},{"taxonomy":"er_categories","embeddable":true,"href":"https:\/\/aktivtuteliv.se\/vasteras\/wp-json\/wp\/v2\/er_categories?post=78537"},{"taxonomy":"er_brands","embeddable":true,"href":"https:\/\/aktivtuteliv.se\/vasteras\/wp-json\/wp\/v2\/er_brands?post=78537"},{"taxonomy":"er_seasons","embeddable":true,"href":"https:\/\/aktivtuteliv.se\/vasteras\/wp-json\/wp\/v2\/er_seasons?post=78537"}],"curies":[{"name":"wp","href":"https:\/\/api.w.org\/{rel}","templated":true}]}}