{"id":78928,"date":"2025-05-21T12:11:57","date_gmt":"2025-05-21T10:11:57","guid":{"rendered":"https:\/\/aktivtuteliv.se\/vasteras\/?post_type=product&#038;p=78928"},"modified":"2026-03-13T15:28:04","modified_gmt":"2026-03-13T14:28:04","slug":"2117-ultevis-3-ext","status":"publish","type":"product","link":"https:\/\/aktivtuteliv.se\/vasteras\/produkt\/2117-ultevis-3-ext\/","title":{"rendered":"2117 Ultevis 3 Ext"},"content":{"rendered":"<p data-start=\"152\" data-end=\"513\">Ultevis EXT 3P \u00e4r ett l\u00e4tt och slitstarkt tunnelt\u00e4lt designat f\u00f6r tre personer \u2013 perfekt f\u00f6r vandring, camping och l\u00e4ngre turer. T\u00e4ltet har en rymlig absid f\u00f6r packning eller matlagning i skyddat utrymme. Tillverkat med h\u00f6gkvalitativa, PFC-fria material och robusta t\u00e4ltst\u00e4nger i aluminium f\u00f6r att ge b\u00e5de komfort och p\u00e5litlighet i varierande v\u00e4derf\u00f6rh\u00e5llanden.<\/p>\n<h4 data-start=\"515\" data-end=\"535\"><strong data-start=\"520\" data-end=\"535\">Egenskaper:<\/strong><\/h4>\n<ul data-start=\"536\" data-end=\"869\">\n<li data-start=\"536\" data-end=\"564\">\n<p data-start=\"538\" data-end=\"564\"><strong data-start=\"538\" data-end=\"562\">Plats f\u00f6r 3 personer<\/strong><\/p>\n<\/li>\n<li data-start=\"565\" data-end=\"634\">\n<p data-start=\"567\" data-end=\"634\"><strong data-start=\"567\" data-end=\"583\">Rymlig absid<\/strong> f\u00f6r extra utrymme till packning eller matlagning<\/p>\n<\/li>\n<li data-start=\"635\" data-end=\"691\">\n<p data-start=\"637\" data-end=\"691\"><strong data-start=\"637\" data-end=\"650\">L\u00e5g vikt:<\/strong> Endast 3050 g \u2013 idealiskt f\u00f6r vandring<\/p>\n<\/li>\n<li data-start=\"692\" data-end=\"730\">\n<p data-start=\"694\" data-end=\"730\"><strong data-start=\"694\" data-end=\"707\">PFC-fritt<\/strong> \u2013 milj\u00f6v\u00e4nligare val<\/p>\n<\/li>\n<li data-start=\"731\" data-end=\"798\">\n<p data-start=\"733\" data-end=\"798\"><strong data-start=\"733\" data-end=\"749\">H\u00f6g kvalitet<\/strong> p\u00e5 detaljer som YKK-dragkedjor och UTX-sp\u00e4nnen<\/p>\n<\/li>\n<li data-start=\"799\" data-end=\"869\">\n<p data-start=\"801\" data-end=\"869\"><strong data-start=\"801\" data-end=\"837\">Reflekterande Dyneema-stormlinor<\/strong> f\u00f6r \u00f6kad synlighet och s\u00e4kerhet<\/p>\n<\/li>\n<\/ul>\n<h4 data-start=\"871\" data-end=\"889\"><strong data-start=\"876\" data-end=\"889\">Material:<\/strong><\/h4>\n<ul data-start=\"890\" data-end=\"1275\">\n<li data-start=\"890\" data-end=\"988\">\n<p data-start=\"892\" data-end=\"988\"><strong data-start=\"892\" data-end=\"906\">Yttert\u00e4lt:<\/strong> 20D\/380T polyamid ripstop, silikonbelagd + PU-bel\u00e4ggning (3000 mm vattenpelare)<\/p>\n<\/li>\n<li data-start=\"989\" data-end=\"1045\">\n<p data-start=\"991\" data-end=\"1045\"><strong data-start=\"991\" data-end=\"1005\">Innert\u00e4lt:<\/strong> Andningsbar 20D\/380T polyamid ripstop<\/p>\n<\/li>\n<li data-start=\"1046\" data-end=\"1139\">\n<p data-start=\"1048\" data-end=\"1139\"><strong data-start=\"1048\" data-end=\"1057\">Golv:<\/strong> 20D\/380T polyamid ripstop, silikonbelagd + PU-bel\u00e4ggning (5000 mm vattenpelare)<\/p>\n<\/li>\n<li data-start=\"1140\" data-end=\"1184\">\n<p data-start=\"1142\" data-end=\"1184\"><strong data-start=\"1142\" data-end=\"1154\">St\u00e4nger:<\/strong> 7001 T6 aluminium, \u00d8 8,5 mm<\/p>\n<\/li>\n<li data-start=\"1185\" data-end=\"1275\">\n<p data-start=\"1187\" data-end=\"1275\"><strong data-start=\"1187\" data-end=\"1201\">Tillbeh\u00f6r:<\/strong> T\u00e4ltpinnar i aluminium, Dyneema-stormlinor, YKK-dragkedjor, UTX-sp\u00e4nnen<\/p>\n<\/li>\n<\/ul>\n<h4 data-start=\"1277\" data-end=\"1294\"><strong data-start=\"1282\" data-end=\"1294\">Storlek:<\/strong><\/h4>\n<ul data-start=\"1295\" data-end=\"1406\">\n<li data-start=\"1295\" data-end=\"1327\">\n<p data-start=\"1297\" data-end=\"1327\">M\u00e5tt: <strong data-start=\"1303\" data-end=\"1325\">450 x 205 x 125 cm<\/strong><\/p>\n<\/li>\n<\/ul>\n","protected":false},"excerpt":{"rendered":"<p>L\u00e4ttviktst\u00e4lt f\u00f6r 3 personer med extra absid<\/p>\n","protected":false},"featured_media":78930,"template":"","meta":{"_acf_changed":false},"product_cat":[762,763],"product_tag":[665],"er_categories":[],"er_brands":[],"er_seasons":[],"class_list":{"0":"post-78928","1":"product","2":"type-product","3":"status-publish","4":"has-post-thumbnail","6":"product_cat-friluftsliv","7":"product_cat-utrustning","8":"product_tag-665","9":"product_shipping_class-normal","10":"pa_marke-937","11":"pa_sasong-1279","13":"first","14":"outofstock","15":"taxable","16":"shipping-taxable","17":"purchasable","18":"product-type-simple"},"acf":[],"yoast_head":"<!-- This site is optimized with the Yoast SEO plugin v23.0 - https:\/\/yoast.com\/wordpress\/plugins\/seo\/ -->\n<title>2117 Ultevis 3 Ext - V\u00e4ster\u00e5s<\/title>\n<meta name=\"robots\" content=\"index, follow, max-snippet:-1, max-image-preview:large, max-video-preview:-1\" \/>\n<link rel=\"canonical\" href=\"https:\/\/aktivtuteliv.se\/vasteras\/produkt\/2117-ultevis-3-ext\/\" \/>\n<meta property=\"og:locale\" content=\"sv_SE\" \/>\n<meta property=\"og:type\" content=\"article\" \/>\n<meta property=\"og:title\" content=\"2117 Ultevis 3 Ext - V\u00e4ster\u00e5s\" \/>\n<meta property=\"og:description\" content=\"L\u00e4ttviktst\u00e4lt f\u00f6r 3 personer med extra absid\" \/>\n<meta property=\"og:url\" content=\"https:\/\/aktivtuteliv.se\/vasteras\/produkt\/2117-ultevis-3-ext\/\" \/>\n<meta property=\"og:site_name\" content=\"V\u00e4ster\u00e5s\" \/>\n<meta property=\"article:publisher\" content=\"https:\/\/www.facebook.com\/aktivtutelivbjornogarden\" \/>\n<meta property=\"article:modified_time\" content=\"2026-03-13T14:28:04+00:00\" \/>\n<meta property=\"og:image\" content=\"https:\/\/aktivtuteliv.se\/vasteras\/wp-content\/uploads\/sites\/4\/2025\/05\/2117-Utevis-EXT-3_1.png\" \/>\n\t<meta property=\"og:image:width\" content=\"708\" \/>\n\t<meta property=\"og:image:height\" content=\"708\" \/>\n\t<meta property=\"og:image:type\" content=\"image\/png\" \/>\n<meta name=\"twitter:card\" content=\"summary_large_image\" \/>\n<meta name=\"twitter:site\" content=\"@aktivtuteliv\" \/>\n<meta name=\"twitter:label1\" content=\"Ber\u00e4knad l\u00e4stid\" \/>\n\t<meta name=\"twitter:data1\" content=\"1 minut\" \/>\n<script type=\"application\/ld+json\" class=\"yoast-schema-graph\">{\"@context\":\"https:\/\/schema.org\",\"@graph\":[{\"@type\":\"WebPage\",\"@id\":\"https:\/\/aktivtuteliv.se\/vasteras\/produkt\/2117-ultevis-3-ext\/\",\"url\":\"https:\/\/aktivtuteliv.se\/vasteras\/produkt\/2117-ultevis-3-ext\/\",\"name\":\"2117 Ultevis 3 Ext - V\u00e4ster\u00e5s\",\"isPartOf\":{\"@id\":\"https:\/\/aktivtuteliv.se\/vasteras\/#website\"},\"primaryImageOfPage\":{\"@id\":\"https:\/\/aktivtuteliv.se\/vasteras\/produkt\/2117-ultevis-3-ext\/#primaryimage\"},\"image\":{\"@id\":\"https:\/\/aktivtuteliv.se\/vasteras\/produkt\/2117-ultevis-3-ext\/#primaryimage\"},\"thumbnailUrl\":\"https:\/\/e5gp8rwuod7.exactdn.com\/vasteras\/wp-content\/uploads\/sites\/4\/2025\/05\/2117-Utevis-EXT-3_1.png?strip=all&lossy=1&ssl=1\",\"datePublished\":\"2025-05-21T10:11:57+00:00\",\"dateModified\":\"2026-03-13T14:28:04+00:00\",\"breadcrumb\":{\"@id\":\"https:\/\/aktivtuteliv.se\/vasteras\/produkt\/2117-ultevis-3-ext\/#breadcrumb\"},\"inLanguage\":\"sv-SE\",\"potentialAction\":[{\"@type\":\"ReadAction\",\"target\":[\"https:\/\/aktivtuteliv.se\/vasteras\/produkt\/2117-ultevis-3-ext\/\"]}]},{\"@type\":\"ImageObject\",\"inLanguage\":\"sv-SE\",\"@id\":\"https:\/\/aktivtuteliv.se\/vasteras\/produkt\/2117-ultevis-3-ext\/#primaryimage\",\"url\":\"https:\/\/e5gp8rwuod7.exactdn.com\/vasteras\/wp-content\/uploads\/sites\/4\/2025\/05\/2117-Utevis-EXT-3_1.png?strip=all&lossy=1&ssl=1\",\"contentUrl\":\"https:\/\/e5gp8rwuod7.exactdn.com\/vasteras\/wp-content\/uploads\/sites\/4\/2025\/05\/2117-Utevis-EXT-3_1.png?strip=all&lossy=1&ssl=1\",\"width\":708,\"height\":708},{\"@type\":\"BreadcrumbList\",\"@id\":\"https:\/\/aktivtuteliv.se\/vasteras\/produkt\/2117-ultevis-3-ext\/#breadcrumb\",\"itemListElement\":[{\"@type\":\"ListItem\",\"position\":1,\"name\":\"Home\",\"item\":\"https:\/\/aktivtuteliv.se\/vasteras\/\"},{\"@type\":\"ListItem\",\"position\":2,\"name\":\"Webbutik\",\"item\":\"https:\/\/aktivtuteliv.se\/vasteras\/butik\/\"},{\"@type\":\"ListItem\",\"position\":3,\"name\":\"2117 Ultevis 3 Ext\"}]},{\"@type\":\"WebSite\",\"@id\":\"https:\/\/aktivtuteliv.se\/vasteras\/#website\",\"url\":\"https:\/\/aktivtuteliv.se\/vasteras\/\",\"name\":\"Aktivt Uteliv Bj\u00f6rn\u00f6g\u00e5rden\",\"description\":\"Ett friluftscenter i V\u00e4ster\u00e5s\",\"publisher\":{\"@id\":\"https:\/\/aktivtuteliv.se\/vasteras\/#organization\"},\"potentialAction\":[{\"@type\":\"SearchAction\",\"target\":{\"@type\":\"EntryPoint\",\"urlTemplate\":\"https:\/\/aktivtuteliv.se\/vasteras\/?s={search_term_string}\"},\"query-input\":\"required name=search_term_string\"}],\"inLanguage\":\"sv-SE\"},{\"@type\":\"Organization\",\"@id\":\"https:\/\/aktivtuteliv.se\/vasteras\/#organization\",\"name\":\"Aktivt Uteliv Bj\u00f6rn\u00f6g\u00e5rden\",\"url\":\"https:\/\/aktivtuteliv.se\/vasteras\/\",\"logo\":{\"@type\":\"ImageObject\",\"inLanguage\":\"sv-SE\",\"@id\":\"https:\/\/aktivtuteliv.se\/vasteras\/#\/schema\/logo\/image\/\",\"url\":\"https:\/\/e5gp8rwuod7.exactdn.com\/vasteras\/wp-content\/uploads\/sites\/4\/2025\/01\/AUB-pms.png?strip=all&lossy=1&ssl=1\",\"contentUrl\":\"https:\/\/e5gp8rwuod7.exactdn.com\/vasteras\/wp-content\/uploads\/sites\/4\/2025\/01\/AUB-pms.png?strip=all&lossy=1&ssl=1\",\"width\":1894,\"height\":1165,\"caption\":\"Aktivt Uteliv Bj\u00f6rn\u00f6g\u00e5rden\"},\"image\":{\"@id\":\"https:\/\/aktivtuteliv.se\/vasteras\/#\/schema\/logo\/image\/\"},\"sameAs\":[\"https:\/\/www.facebook.com\/aktivtutelivbjornogarden\",\"https:\/\/x.com\/aktivtuteliv\",\"https:\/\/www.instagram.com\/aktivtuteliv_bjornogarden\"]}]}<\/script>\n<!-- \/ Yoast SEO plugin. -->","yoast_head_json":{"title":"2117 Ultevis 3 Ext - V\u00e4ster\u00e5s","robots":{"index":"index","follow":"follow","max-snippet":"max-snippet:-1","max-image-preview":"max-image-preview:large","max-video-preview":"max-video-preview:-1"},"canonical":"https:\/\/aktivtuteliv.se\/vasteras\/produkt\/2117-ultevis-3-ext\/","og_locale":"sv_SE","og_type":"article","og_title":"2117 Ultevis 3 Ext - V\u00e4ster\u00e5s","og_description":"L\u00e4ttviktst\u00e4lt f\u00f6r 3 personer med extra absid","og_url":"https:\/\/aktivtuteliv.se\/vasteras\/produkt\/2117-ultevis-3-ext\/","og_site_name":"V\u00e4ster\u00e5s","article_publisher":"https:\/\/www.facebook.com\/aktivtutelivbjornogarden","article_modified_time":"2026-03-13T14:28:04+00:00","og_image":[{"width":708,"height":708,"url":"https:\/\/aktivtuteliv.se\/vasteras\/wp-content\/uploads\/sites\/4\/2025\/05\/2117-Utevis-EXT-3_1.png","type":"image\/png"}],"twitter_card":"summary_large_image","twitter_site":"@aktivtuteliv","twitter_misc":{"Ber\u00e4knad l\u00e4stid":"1 minut"},"schema":{"@context":"https:\/\/schema.org","@graph":[{"@type":"WebPage","@id":"https:\/\/aktivtuteliv.se\/vasteras\/produkt\/2117-ultevis-3-ext\/","url":"https:\/\/aktivtuteliv.se\/vasteras\/produkt\/2117-ultevis-3-ext\/","name":"2117 Ultevis 3 Ext - V\u00e4ster\u00e5s","isPartOf":{"@id":"https:\/\/aktivtuteliv.se\/vasteras\/#website"},"primaryImageOfPage":{"@id":"https:\/\/aktivtuteliv.se\/vasteras\/produkt\/2117-ultevis-3-ext\/#primaryimage"},"image":{"@id":"https:\/\/aktivtuteliv.se\/vasteras\/produkt\/2117-ultevis-3-ext\/#primaryimage"},"thumbnailUrl":"https:\/\/e5gp8rwuod7.exactdn.com\/vasteras\/wp-content\/uploads\/sites\/4\/2025\/05\/2117-Utevis-EXT-3_1.png?strip=all&lossy=1&ssl=1","datePublished":"2025-05-21T10:11:57+00:00","dateModified":"2026-03-13T14:28:04+00:00","breadcrumb":{"@id":"https:\/\/aktivtuteliv.se\/vasteras\/produkt\/2117-ultevis-3-ext\/#breadcrumb"},"inLanguage":"sv-SE","potentialAction":[{"@type":"ReadAction","target":["https:\/\/aktivtuteliv.se\/vasteras\/produkt\/2117-ultevis-3-ext\/"]}]},{"@type":"ImageObject","inLanguage":"sv-SE","@id":"https:\/\/aktivtuteliv.se\/vasteras\/produkt\/2117-ultevis-3-ext\/#primaryimage","url":"https:\/\/e5gp8rwuod7.exactdn.com\/vasteras\/wp-content\/uploads\/sites\/4\/2025\/05\/2117-Utevis-EXT-3_1.png?strip=all&lossy=1&ssl=1","contentUrl":"https:\/\/e5gp8rwuod7.exactdn.com\/vasteras\/wp-content\/uploads\/sites\/4\/2025\/05\/2117-Utevis-EXT-3_1.png?strip=all&lossy=1&ssl=1","width":708,"height":708},{"@type":"BreadcrumbList","@id":"https:\/\/aktivtuteliv.se\/vasteras\/produkt\/2117-ultevis-3-ext\/#breadcrumb","itemListElement":[{"@type":"ListItem","position":1,"name":"Home","item":"https:\/\/aktivtuteliv.se\/vasteras\/"},{"@type":"ListItem","position":2,"name":"Webbutik","item":"https:\/\/aktivtuteliv.se\/vasteras\/butik\/"},{"@type":"ListItem","position":3,"name":"2117 Ultevis 3 Ext"}]},{"@type":"WebSite","@id":"https:\/\/aktivtuteliv.se\/vasteras\/#website","url":"https:\/\/aktivtuteliv.se\/vasteras\/","name":"Aktivt Uteliv Bj\u00f6rn\u00f6g\u00e5rden","description":"Ett friluftscenter i V\u00e4ster\u00e5s","publisher":{"@id":"https:\/\/aktivtuteliv.se\/vasteras\/#organization"},"potentialAction":[{"@type":"SearchAction","target":{"@type":"EntryPoint","urlTemplate":"https:\/\/aktivtuteliv.se\/vasteras\/?s={search_term_string}"},"query-input":"required name=search_term_string"}],"inLanguage":"sv-SE"},{"@type":"Organization","@id":"https:\/\/aktivtuteliv.se\/vasteras\/#organization","name":"Aktivt Uteliv Bj\u00f6rn\u00f6g\u00e5rden","url":"https:\/\/aktivtuteliv.se\/vasteras\/","logo":{"@type":"ImageObject","inLanguage":"sv-SE","@id":"https:\/\/aktivtuteliv.se\/vasteras\/#\/schema\/logo\/image\/","url":"https:\/\/e5gp8rwuod7.exactdn.com\/vasteras\/wp-content\/uploads\/sites\/4\/2025\/01\/AUB-pms.png?strip=all&lossy=1&ssl=1","contentUrl":"https:\/\/e5gp8rwuod7.exactdn.com\/vasteras\/wp-content\/uploads\/sites\/4\/2025\/01\/AUB-pms.png?strip=all&lossy=1&ssl=1","width":1894,"height":1165,"caption":"Aktivt Uteliv Bj\u00f6rn\u00f6g\u00e5rden"},"image":{"@id":"https:\/\/aktivtuteliv.se\/vasteras\/#\/schema\/logo\/image\/"},"sameAs":["https:\/\/www.facebook.com\/aktivtutelivbjornogarden","https:\/\/x.com\/aktivtuteliv","https:\/\/www.instagram.com\/aktivtuteliv_bjornogarden"]}]}},"_links":{"self":[{"href":"https:\/\/aktivtuteliv.se\/vasteras\/wp-json\/wp\/v2\/product\/78928","targetHints":{"allow":["GET"]}}],"collection":[{"href":"https:\/\/aktivtuteliv.se\/vasteras\/wp-json\/wp\/v2\/product"}],"about":[{"href":"https:\/\/aktivtuteliv.se\/vasteras\/wp-json\/wp\/v2\/types\/product"}],"wp:featuredmedia":[{"embeddable":true,"href":"https:\/\/aktivtuteliv.se\/vasteras\/wp-json\/wp\/v2\/media\/78930"}],"wp:attachment":[{"href":"https:\/\/aktivtuteliv.se\/vasteras\/wp-json\/wp\/v2\/media?parent=78928"}],"wp:term":[{"taxonomy":"product_cat","embeddable":true,"href":"https:\/\/aktivtuteliv.se\/vasteras\/wp-json\/wp\/v2\/product_cat?post=78928"},{"taxonomy":"product_tag","embeddable":true,"href":"https:\/\/aktivtuteliv.se\/vasteras\/wp-json\/wp\/v2\/product_tag?post=78928"},{"taxonomy":"er_categories","embeddable":true,"href":"https:\/\/aktivtuteliv.se\/vasteras\/wp-json\/wp\/v2\/er_categories?post=78928"},{"taxonomy":"er_brands","embeddable":true,"href":"https:\/\/aktivtuteliv.se\/vasteras\/wp-json\/wp\/v2\/er_brands?post=78928"},{"taxonomy":"er_seasons","embeddable":true,"href":"https:\/\/aktivtuteliv.se\/vasteras\/wp-json\/wp\/v2\/er_seasons?post=78928"}],"curies":[{"name":"wp","href":"https:\/\/api.w.org\/{rel}","templated":true}]}}