{"id":81336,"date":"2025-10-02T15:43:54","date_gmt":"2025-10-02T13:43:54","guid":{"rendered":"https:\/\/aktivtuteliv.se\/vasteras\/?post_type=product&#038;p=81336"},"modified":"2025-12-30T13:52:48","modified_gmt":"2025-12-30T12:52:48","slug":"laga-mat-i-faltugn","status":"publish","type":"product","link":"https:\/\/aktivtuteliv.se\/vasteras\/produkt\/laga-mat-i-faltugn\/","title":{"rendered":"Laga mat i f\u00e4ltugn"},"content":{"rendered":"<p data-start=\"182\" data-end=\"552\">Den tyska utg\u00e5van av denna bok \u2013 <em data-start=\"215\" data-end=\"262\">Dutch Oven \u2013 Rezepte ohne viel Schnickschnack<\/em> (Heel Verlag) \u2013 uts\u00e5gs till <strong data-start=\"291\" data-end=\"323\">\u00c5rets b\u00e4sta \u00f6versatta kokbok<\/strong> i <em data-start=\"326\" data-end=\"362\">International Gourmand Awards 2025<\/em>. Det prestigefyllda priset \u00e4r ett resultat av det lyckade samarbetet mellan f\u00f6rfattaren Elle Nikishkova, fotograferna Forrest och Indiana D\u2019Andreae samt Calazos formgivare Richard Olofsson.<\/p>\n<p data-start=\"554\" data-end=\"787\"><strong data-start=\"554\" data-end=\"567\">F\u00e4ltugnen<\/strong>, eller <em data-start=\"575\" data-end=\"587\">dutch oven<\/em>, \u00e4r ett av de mest m\u00e5ngsidiga redskap en utekock kan \u00e4ga. Med den kan du tillaga allt fr\u00e5n mustiga grytor och friterade gr\u00f6nsaker till pulled pork, br\u00f6d och bullar \u2013 m\u00f6jligheterna \u00e4r n\u00e4stan o\u00e4ndliga.<\/p>\n<p data-start=\"789\" data-end=\"1179\">Detta \u00e4r <strong data-start=\"798\" data-end=\"826\">den f\u00f6rsta svenska boken<\/strong> som p\u00e5 djupet utforskar f\u00e4ltugnen och dess stora potential. H\u00e4r f\u00e5r du en grundlig genomg\u00e5ng av olika typer av f\u00e4ltugnar, hur du hanterar v\u00e4rme och gl\u00f6d p\u00e5 r\u00e4tt s\u00e4tt samt vilka tekniker som l\u00e4mpar sig f\u00f6r olika typer av matlagning. Dessutom ing\u00e5r <strong data-start=\"1074\" data-end=\"1087\">40 recept<\/strong> som hj\u00e4lper dig att komma ig\u00e5ng och inspirerar till vidare experimenterande ute i det fria.<\/p>\n<p data-start=\"1181\" data-end=\"1493\">F\u00f6rfattaren Elle Nikishkova \u00e4r en av Sveriges mest efterfr\u00e5gade utekockar och syns ofta i tv. Hennes matlagning h\u00e4mtar influenser fr\u00e5n hela v\u00e4rlden, och hon \u00e4r tidigare k\u00e4nd f\u00f6r b\u00f6ckerna <em data-start=\"1368\" data-end=\"1390\">Laga mat p\u00e5 stekh\u00e4ll<\/em> och <em data-start=\"1395\" data-end=\"1420\">Svampbok f\u00f6r mat\u00e4lskare<\/em>. Bokens st\u00e4mningsfulla bilder \u00e4r tagna av Forrest och Indiana D\u2019Andreae.<\/p>\n","protected":false},"excerpt":{"rendered":"<p>Prisbel\u00f6nt kokbok som visar hur du maxar f\u00e4ltugnen \u2013 med tekniker, tips och 40 recept fr\u00e5n utekocken Elle Nikishkova.<\/p>\n","protected":false},"featured_media":94845,"template":"","meta":{"_acf_changed":false},"product_cat":[762,991],"product_tag":[],"er_categories":[],"er_brands":[],"er_seasons":[],"class_list":{"0":"post-81336","1":"product","2":"type-product","3":"status-publish","4":"has-post-thumbnail","6":"product_cat-friluftsliv","7":"product_cat-kartor-bocker","8":"product_shipping_class-normal","9":"pa_marke-calazo","10":"pa_sasong-1279","12":"first","13":"instock","14":"taxable","15":"shipping-taxable","16":"purchasable","17":"product-type-simple"},"acf":[],"yoast_head":"<!-- This site is optimized with the Yoast SEO plugin v23.0 - https:\/\/yoast.com\/wordpress\/plugins\/seo\/ -->\n<title>Laga mat i f\u00e4ltugn - V\u00e4ster\u00e5s<\/title>\n<meta name=\"robots\" content=\"index, follow, max-snippet:-1, max-image-preview:large, max-video-preview:-1\" \/>\n<link rel=\"canonical\" href=\"https:\/\/aktivtuteliv.se\/vasteras\/produkt\/laga-mat-i-faltugn\/\" \/>\n<meta property=\"og:locale\" content=\"sv_SE\" \/>\n<meta property=\"og:type\" content=\"article\" \/>\n<meta property=\"og:title\" content=\"Laga mat i f\u00e4ltugn - V\u00e4ster\u00e5s\" \/>\n<meta property=\"og:description\" content=\"Prisbel\u00f6nt kokbok som visar hur du maxar f\u00e4ltugnen \u2013 med tekniker, tips och 40 recept fr\u00e5n utekocken Elle Nikishkova.\" \/>\n<meta property=\"og:url\" content=\"https:\/\/aktivtuteliv.se\/vasteras\/produkt\/laga-mat-i-faltugn\/\" \/>\n<meta property=\"og:site_name\" content=\"V\u00e4ster\u00e5s\" \/>\n<meta property=\"article:publisher\" content=\"https:\/\/www.facebook.com\/aktivtutelivbjornogarden\" \/>\n<meta property=\"article:modified_time\" content=\"2025-12-30T12:52:48+00:00\" \/>\n<meta property=\"og:image\" content=\"https:\/\/aktivtuteliv.se\/vasteras\/wp-content\/uploads\/sites\/4\/2025\/10\/laga_mat_i_faltugn_3d_low.jpg\" \/>\n\t<meta property=\"og:image:width\" content=\"976\" \/>\n\t<meta property=\"og:image:height\" content=\"1200\" \/>\n\t<meta property=\"og:image:type\" content=\"image\/jpeg\" \/>\n<meta name=\"twitter:card\" content=\"summary_large_image\" \/>\n<meta name=\"twitter:site\" content=\"@aktivtuteliv\" \/>\n<meta name=\"twitter:label1\" content=\"Ber\u00e4knad l\u00e4stid\" \/>\n\t<meta name=\"twitter:data1\" content=\"2 minuter\" \/>\n<script type=\"application\/ld+json\" class=\"yoast-schema-graph\">{\"@context\":\"https:\/\/schema.org\",\"@graph\":[{\"@type\":\"WebPage\",\"@id\":\"https:\/\/aktivtuteliv.se\/vasteras\/produkt\/laga-mat-i-faltugn\/\",\"url\":\"https:\/\/aktivtuteliv.se\/vasteras\/produkt\/laga-mat-i-faltugn\/\",\"name\":\"Laga mat i f\u00e4ltugn - V\u00e4ster\u00e5s\",\"isPartOf\":{\"@id\":\"https:\/\/aktivtuteliv.se\/vasteras\/#website\"},\"primaryImageOfPage\":{\"@id\":\"https:\/\/aktivtuteliv.se\/vasteras\/produkt\/laga-mat-i-faltugn\/#primaryimage\"},\"image\":{\"@id\":\"https:\/\/aktivtuteliv.se\/vasteras\/produkt\/laga-mat-i-faltugn\/#primaryimage\"},\"thumbnailUrl\":\"https:\/\/e5gp8rwuod7.exactdn.com\/vasteras\/wp-content\/uploads\/sites\/4\/2025\/10\/laga_mat_i_faltugn_3d_low.jpg?strip=all&lossy=1&ssl=1\",\"datePublished\":\"2025-10-02T13:43:54+00:00\",\"dateModified\":\"2025-12-30T12:52:48+00:00\",\"breadcrumb\":{\"@id\":\"https:\/\/aktivtuteliv.se\/vasteras\/produkt\/laga-mat-i-faltugn\/#breadcrumb\"},\"inLanguage\":\"sv-SE\",\"potentialAction\":[{\"@type\":\"ReadAction\",\"target\":[\"https:\/\/aktivtuteliv.se\/vasteras\/produkt\/laga-mat-i-faltugn\/\"]}]},{\"@type\":\"ImageObject\",\"inLanguage\":\"sv-SE\",\"@id\":\"https:\/\/aktivtuteliv.se\/vasteras\/produkt\/laga-mat-i-faltugn\/#primaryimage\",\"url\":\"https:\/\/e5gp8rwuod7.exactdn.com\/vasteras\/wp-content\/uploads\/sites\/4\/2025\/10\/laga_mat_i_faltugn_3d_low.jpg?strip=all&lossy=1&ssl=1\",\"contentUrl\":\"https:\/\/e5gp8rwuod7.exactdn.com\/vasteras\/wp-content\/uploads\/sites\/4\/2025\/10\/laga_mat_i_faltugn_3d_low.jpg?strip=all&lossy=1&ssl=1\",\"width\":976,\"height\":1200},{\"@type\":\"BreadcrumbList\",\"@id\":\"https:\/\/aktivtuteliv.se\/vasteras\/produkt\/laga-mat-i-faltugn\/#breadcrumb\",\"itemListElement\":[{\"@type\":\"ListItem\",\"position\":1,\"name\":\"Home\",\"item\":\"https:\/\/aktivtuteliv.se\/vasteras\/\"},{\"@type\":\"ListItem\",\"position\":2,\"name\":\"Webbutik\",\"item\":\"https:\/\/aktivtuteliv.se\/vasteras\/butik\/\"},{\"@type\":\"ListItem\",\"position\":3,\"name\":\"Laga mat i f\u00e4ltugn\"}]},{\"@type\":\"WebSite\",\"@id\":\"https:\/\/aktivtuteliv.se\/vasteras\/#website\",\"url\":\"https:\/\/aktivtuteliv.se\/vasteras\/\",\"name\":\"Aktivt Uteliv Bj\u00f6rn\u00f6g\u00e5rden\",\"description\":\"Ett friluftscenter i V\u00e4ster\u00e5s\",\"publisher\":{\"@id\":\"https:\/\/aktivtuteliv.se\/vasteras\/#organization\"},\"potentialAction\":[{\"@type\":\"SearchAction\",\"target\":{\"@type\":\"EntryPoint\",\"urlTemplate\":\"https:\/\/aktivtuteliv.se\/vasteras\/?s={search_term_string}\"},\"query-input\":\"required name=search_term_string\"}],\"inLanguage\":\"sv-SE\"},{\"@type\":\"Organization\",\"@id\":\"https:\/\/aktivtuteliv.se\/vasteras\/#organization\",\"name\":\"Aktivt Uteliv Bj\u00f6rn\u00f6g\u00e5rden\",\"url\":\"https:\/\/aktivtuteliv.se\/vasteras\/\",\"logo\":{\"@type\":\"ImageObject\",\"inLanguage\":\"sv-SE\",\"@id\":\"https:\/\/aktivtuteliv.se\/vasteras\/#\/schema\/logo\/image\/\",\"url\":\"https:\/\/e5gp8rwuod7.exactdn.com\/vasteras\/wp-content\/uploads\/sites\/4\/2025\/01\/AUB-pms.png?strip=all&lossy=1&ssl=1\",\"contentUrl\":\"https:\/\/e5gp8rwuod7.exactdn.com\/vasteras\/wp-content\/uploads\/sites\/4\/2025\/01\/AUB-pms.png?strip=all&lossy=1&ssl=1\",\"width\":1894,\"height\":1165,\"caption\":\"Aktivt Uteliv Bj\u00f6rn\u00f6g\u00e5rden\"},\"image\":{\"@id\":\"https:\/\/aktivtuteliv.se\/vasteras\/#\/schema\/logo\/image\/\"},\"sameAs\":[\"https:\/\/www.facebook.com\/aktivtutelivbjornogarden\",\"https:\/\/x.com\/aktivtuteliv\",\"https:\/\/www.instagram.com\/aktivtuteliv_bjornogarden\"]}]}<\/script>\n<!-- \/ Yoast SEO plugin. -->","yoast_head_json":{"title":"Laga mat i f\u00e4ltugn - V\u00e4ster\u00e5s","robots":{"index":"index","follow":"follow","max-snippet":"max-snippet:-1","max-image-preview":"max-image-preview:large","max-video-preview":"max-video-preview:-1"},"canonical":"https:\/\/aktivtuteliv.se\/vasteras\/produkt\/laga-mat-i-faltugn\/","og_locale":"sv_SE","og_type":"article","og_title":"Laga mat i f\u00e4ltugn - V\u00e4ster\u00e5s","og_description":"Prisbel\u00f6nt kokbok som visar hur du maxar f\u00e4ltugnen \u2013 med tekniker, tips och 40 recept fr\u00e5n utekocken Elle Nikishkova.","og_url":"https:\/\/aktivtuteliv.se\/vasteras\/produkt\/laga-mat-i-faltugn\/","og_site_name":"V\u00e4ster\u00e5s","article_publisher":"https:\/\/www.facebook.com\/aktivtutelivbjornogarden","article_modified_time":"2025-12-30T12:52:48+00:00","og_image":[{"width":976,"height":1200,"url":"https:\/\/aktivtuteliv.se\/vasteras\/wp-content\/uploads\/sites\/4\/2025\/10\/laga_mat_i_faltugn_3d_low.jpg","type":"image\/jpeg"}],"twitter_card":"summary_large_image","twitter_site":"@aktivtuteliv","twitter_misc":{"Ber\u00e4knad l\u00e4stid":"2 minuter"},"schema":{"@context":"https:\/\/schema.org","@graph":[{"@type":"WebPage","@id":"https:\/\/aktivtuteliv.se\/vasteras\/produkt\/laga-mat-i-faltugn\/","url":"https:\/\/aktivtuteliv.se\/vasteras\/produkt\/laga-mat-i-faltugn\/","name":"Laga mat i f\u00e4ltugn - V\u00e4ster\u00e5s","isPartOf":{"@id":"https:\/\/aktivtuteliv.se\/vasteras\/#website"},"primaryImageOfPage":{"@id":"https:\/\/aktivtuteliv.se\/vasteras\/produkt\/laga-mat-i-faltugn\/#primaryimage"},"image":{"@id":"https:\/\/aktivtuteliv.se\/vasteras\/produkt\/laga-mat-i-faltugn\/#primaryimage"},"thumbnailUrl":"https:\/\/e5gp8rwuod7.exactdn.com\/vasteras\/wp-content\/uploads\/sites\/4\/2025\/10\/laga_mat_i_faltugn_3d_low.jpg?strip=all&lossy=1&ssl=1","datePublished":"2025-10-02T13:43:54+00:00","dateModified":"2025-12-30T12:52:48+00:00","breadcrumb":{"@id":"https:\/\/aktivtuteliv.se\/vasteras\/produkt\/laga-mat-i-faltugn\/#breadcrumb"},"inLanguage":"sv-SE","potentialAction":[{"@type":"ReadAction","target":["https:\/\/aktivtuteliv.se\/vasteras\/produkt\/laga-mat-i-faltugn\/"]}]},{"@type":"ImageObject","inLanguage":"sv-SE","@id":"https:\/\/aktivtuteliv.se\/vasteras\/produkt\/laga-mat-i-faltugn\/#primaryimage","url":"https:\/\/e5gp8rwuod7.exactdn.com\/vasteras\/wp-content\/uploads\/sites\/4\/2025\/10\/laga_mat_i_faltugn_3d_low.jpg?strip=all&lossy=1&ssl=1","contentUrl":"https:\/\/e5gp8rwuod7.exactdn.com\/vasteras\/wp-content\/uploads\/sites\/4\/2025\/10\/laga_mat_i_faltugn_3d_low.jpg?strip=all&lossy=1&ssl=1","width":976,"height":1200},{"@type":"BreadcrumbList","@id":"https:\/\/aktivtuteliv.se\/vasteras\/produkt\/laga-mat-i-faltugn\/#breadcrumb","itemListElement":[{"@type":"ListItem","position":1,"name":"Home","item":"https:\/\/aktivtuteliv.se\/vasteras\/"},{"@type":"ListItem","position":2,"name":"Webbutik","item":"https:\/\/aktivtuteliv.se\/vasteras\/butik\/"},{"@type":"ListItem","position":3,"name":"Laga mat i f\u00e4ltugn"}]},{"@type":"WebSite","@id":"https:\/\/aktivtuteliv.se\/vasteras\/#website","url":"https:\/\/aktivtuteliv.se\/vasteras\/","name":"Aktivt Uteliv Bj\u00f6rn\u00f6g\u00e5rden","description":"Ett friluftscenter i V\u00e4ster\u00e5s","publisher":{"@id":"https:\/\/aktivtuteliv.se\/vasteras\/#organization"},"potentialAction":[{"@type":"SearchAction","target":{"@type":"EntryPoint","urlTemplate":"https:\/\/aktivtuteliv.se\/vasteras\/?s={search_term_string}"},"query-input":"required name=search_term_string"}],"inLanguage":"sv-SE"},{"@type":"Organization","@id":"https:\/\/aktivtuteliv.se\/vasteras\/#organization","name":"Aktivt Uteliv Bj\u00f6rn\u00f6g\u00e5rden","url":"https:\/\/aktivtuteliv.se\/vasteras\/","logo":{"@type":"ImageObject","inLanguage":"sv-SE","@id":"https:\/\/aktivtuteliv.se\/vasteras\/#\/schema\/logo\/image\/","url":"https:\/\/e5gp8rwuod7.exactdn.com\/vasteras\/wp-content\/uploads\/sites\/4\/2025\/01\/AUB-pms.png?strip=all&lossy=1&ssl=1","contentUrl":"https:\/\/e5gp8rwuod7.exactdn.com\/vasteras\/wp-content\/uploads\/sites\/4\/2025\/01\/AUB-pms.png?strip=all&lossy=1&ssl=1","width":1894,"height":1165,"caption":"Aktivt Uteliv Bj\u00f6rn\u00f6g\u00e5rden"},"image":{"@id":"https:\/\/aktivtuteliv.se\/vasteras\/#\/schema\/logo\/image\/"},"sameAs":["https:\/\/www.facebook.com\/aktivtutelivbjornogarden","https:\/\/x.com\/aktivtuteliv","https:\/\/www.instagram.com\/aktivtuteliv_bjornogarden"]}]}},"_links":{"self":[{"href":"https:\/\/aktivtuteliv.se\/vasteras\/wp-json\/wp\/v2\/product\/81336","targetHints":{"allow":["GET"]}}],"collection":[{"href":"https:\/\/aktivtuteliv.se\/vasteras\/wp-json\/wp\/v2\/product"}],"about":[{"href":"https:\/\/aktivtuteliv.se\/vasteras\/wp-json\/wp\/v2\/types\/product"}],"wp:featuredmedia":[{"embeddable":true,"href":"https:\/\/aktivtuteliv.se\/vasteras\/wp-json\/wp\/v2\/media\/94845"}],"wp:attachment":[{"href":"https:\/\/aktivtuteliv.se\/vasteras\/wp-json\/wp\/v2\/media?parent=81336"}],"wp:term":[{"taxonomy":"product_cat","embeddable":true,"href":"https:\/\/aktivtuteliv.se\/vasteras\/wp-json\/wp\/v2\/product_cat?post=81336"},{"taxonomy":"product_tag","embeddable":true,"href":"https:\/\/aktivtuteliv.se\/vasteras\/wp-json\/wp\/v2\/product_tag?post=81336"},{"taxonomy":"er_categories","embeddable":true,"href":"https:\/\/aktivtuteliv.se\/vasteras\/wp-json\/wp\/v2\/er_categories?post=81336"},{"taxonomy":"er_brands","embeddable":true,"href":"https:\/\/aktivtuteliv.se\/vasteras\/wp-json\/wp\/v2\/er_brands?post=81336"},{"taxonomy":"er_seasons","embeddable":true,"href":"https:\/\/aktivtuteliv.se\/vasteras\/wp-json\/wp\/v2\/er_seasons?post=81336"}],"curies":[{"name":"wp","href":"https:\/\/api.w.org\/{rel}","templated":true}]}}